{"id":10943,"date":"2025-05-13T06:34:18","date_gmt":"2025-05-13T09:34:18","guid":{"rendered":"https:\/\/oduz.etc.br\/?page_id=10943"},"modified":"2026-03-04T15:54:25","modified_gmt":"2026-03-04T18:54:25","slug":"dimensao-ambiental","status":"publish","type":"page","link":"https:\/\/benditoser.com.br\/en\/dimensao-ambiental\/","title":{"rendered":"Biopsicoenergetica Ambiental"},"content":{"rendered":"<div class=\"wpb-content-wrapper\"><div class=\"vc_row wpb_row vc_row-fluid\"><div class=\"wpb_column vc_column_container vc_col-sm-12\"><div class=\"vc_column-inner\"><div class=\"wpb_wrapper\"><div class=\"vc_empty_space\"   style=\"height: 50px\"><span class=\"vc_empty_space_inner\"><\/span><\/div>\n\t<div  class=\"wpb_single_image wpb_content_element vc_align_center wpb_content_element\">\n\t\t\n\t\t<figure class=\"wpb_wrapper vc_figure\">\n\t\t\t<div class=\"vc_single_image-wrapper   vc_box_border_grey\"><img loading=\"lazy\" decoding=\"async\" class=\"vc_single_image-img\" src=\"https:\/\/benditoser.com.br\/wp-content\/uploads\/2024\/11\/tratamento-ambiental-holistico-apometria-oduz-400x400.jpg\" width=\"400\" height=\"400\" alt=\"Tratamento Ambiental\" title=\"tratamento-ambiental-holistico-apometria-oduz\" \/><\/div>\n\t\t<\/figure>\n\t<\/div>\n\n\t<div class=\"wpb_text_column wpb_content_element\" >\n\t\t<div class=\"wpb_wrapper\">\n\t\t\t<h3 style=\"text-align: center;\">O espa\u00e7o influencia o campo ps\u00edquico<\/h3>\n\n\t\t<\/div>\n\t<\/div>\n<h1 style=\"color: #7993A4;text-align: center;font-family:ABeeZee;font-weight:400;font-style:normal\" class=\"vc_custom_heading vc_do_custom_heading\" >Dimens\u00e3o Ambiental<\/h1><div class=\"vc_empty_space\"   style=\"height: 50px\"><span class=\"vc_empty_space_inner\"><\/span><\/div>\n\t<div class=\"wpb_text_column wpb_content_element\" >\n\t\t<div class=\"wpb_wrapper\">\n\t\t\t<p style=\"text-align: center;\" data-start=\"549\" data-end=\"575\">Ambientes n\u00e3o s\u00e3o neutros.<\/p>\n<p style=\"text-align: center;\" data-start=\"577\" data-end=\"779\">Casas, empresas e consult\u00f3rios acumulam registros emocionais, padr\u00f5es de uso, tens\u00f5es eletromagn\u00e9ticas e desorganiza\u00e7\u00f5es espaciais que impactam diretamente comportamento, sono, produtividade e rela\u00e7\u00f5es.<\/p>\n<p style=\"text-align: center;\" data-start=\"781\" data-end=\"872\">Mesmo ap\u00f3s mudan\u00e7as internas, um ambiente desorganizado pode manter padr\u00f5es antigos ativos.<\/p>\n<p style=\"text-align: center;\" data-start=\"874\" data-end=\"935\">A Dimens\u00e3o Ambiental reorganiza o campo onde a vida acontece.<\/p>\n\n\t\t<\/div>\n\t<\/div>\n<div class=\"vc_empty_space\"   style=\"height: 50px\"><span class=\"vc_empty_space_inner\"><\/span><\/div><h2 style=\"color: #7993A4;text-align: center;font-family:ABeeZee;font-weight:400;font-style:normal\" class=\"vc_custom_heading vc_do_custom_heading\" >O que trabalhamos nessa dimens\u00e3o:<\/h2>\n\t<div class=\"wpb_text_column wpb_content_element\" >\n\t\t<div class=\"wpb_wrapper\">\n\t\t\t<h4 style=\"text-align: center;\" data-start=\"968\" data-end=\"1012\">Hist\u00f3rico energ\u00e9tico e simb\u00f3lico do im\u00f3vel<\/h4>\n<h4 style=\"text-align: center;\" data-start=\"1015\" data-end=\"1057\">Padr\u00f5es repetitivos associados ao espa\u00e7o<\/h4>\n<h4 style=\"text-align: center;\" data-start=\"1060\" data-end=\"1105\">Geopatias e interfer\u00eancias eletromagn\u00e9ticas<\/h4>\n<h4 style=\"text-align: center;\" data-start=\"1108\" data-end=\"1152\">Desorganiza\u00e7\u00f5es no fluxo vital do ambiente<\/h4>\n<h4 style=\"text-align: center;\" data-start=\"1155\" data-end=\"1213\">Incompatibilidade entre espa\u00e7o e prop\u00f3sito dos ocupantes<\/h4>\n<p style=\"text-align: center;\" data-start=\"1215\" data-end=\"1304\">N\u00e3o se trata de \u201ctirar energia ruim\u201d.<br data-start=\"1252\" data-end=\"1255\" \/>Trata-se de ajustar o campo estrutural do espa\u00e7o.<\/p>\n\n\t\t<\/div>\n\t<\/div>\n<div class=\"vc_empty_space\"   style=\"height: 50px\"><span class=\"vc_empty_space_inner\"><\/span><\/div><h2 style=\"color: #7993A4;text-align: center;font-family:ABeeZee;font-weight:400;font-style:normal\" class=\"vc_custom_heading vc_do_custom_heading\" >Abordagem<\/h2>\n\t<div class=\"wpb_text_column wpb_content_element\" >\n\t\t<div class=\"wpb_wrapper\">\n\t\t\t<p style=\"text-align: center;\"><strong data-start=\"1325\" data-end=\"1357\">Biopsicoenerg\u00e9tica Ambiental<\/strong><\/p>\n<p style=\"text-align: center;\">Integra:<\/p>\n<h4 style=\"text-align: center;\" data-start=\"1371\" data-end=\"1384\">Geobiologia<\/h4>\n<h4 style=\"text-align: center;\" data-start=\"1387\" data-end=\"1422\">Organiza\u00e7\u00e3o vibracional do espa\u00e7o<\/h4>\n<h4 style=\"text-align: center;\" data-start=\"1425\" data-end=\"1477\">Ajustes de fluxo (Feng Shui aplicado com crit\u00e9rio)<\/h4>\n<h4 style=\"text-align: center;\" data-start=\"1480\" data-end=\"1509\">Harmoniza\u00e7\u00e3o fitoenerg\u00e9tica<\/h4>\n<h4 style=\"text-align: center;\" data-start=\"1512\" data-end=\"1555\">Interven\u00e7\u00f5es energ\u00e9ticas quando indicadas<\/h4>\n<p style=\"text-align: center;\">O ambiente \u00e9 tratado como extens\u00e3o do campo ps\u00edquico dos ocupantes.<br \/>\nA reorganiza\u00e7\u00e3o \u00e9 t\u00e9cnica. N\u00e3o ritual\u00edstica.<\/p>\n\n\t\t<\/div>\n\t<\/div>\n\n\t<div class=\"wpb_text_column wpb_content_element\" >\n\t\t<div class=\"wpb_wrapper\">\n\t\t\t<h4 style=\"text-align: center;\">Acreditamos que um espa\u00e7o limpo e alinhado \u00e9 um aliado essencial na sua jornada de cura e transforma\u00e7\u00e3o. O ambiente onde voc\u00ea vive e trabalha deve nutrir voc\u00ea, n\u00e3o drenar.<\/h4>\n\n\t\t<\/div>\n\t<\/div>\n<\/div><\/div><\/div><\/div><div class=\"vc_row wpb_row vc_row-fluid\"><div class=\"wpb_column vc_column_container vc_col-sm-12\"><div class=\"vc_column-inner\"><div class=\"wpb_wrapper\"><div class=\"vc_empty_space\"   style=\"height: 80px\"><span class=\"vc_empty_space_inner\"><\/span><\/div><h2 style=\"color: #7993A4;text-align: center;font-family:ABeeZee;font-weight:400;font-style:normal\" class=\"vc_custom_heading vc_do_custom_heading\" >Etapas do Processo<\/h2>\n\t<div class=\"wpb_text_column wpb_content_element\" >\n\t\t<div class=\"wpb_wrapper\">\n\t\t\t<p style=\"text-align: center;\" data-start=\"2013\" data-end=\"2097\"><strong data-start=\"2013\" data-end=\"2041\">1. Diagn\u00f3stico Ambiental<\/strong><br data-start=\"2041\" data-end=\"2044\" \/>An\u00e1lise estrutural, energ\u00e9tica e funcional do im\u00f3vel.<\/p>\n<p style=\"text-align: center;\" data-start=\"2099\" data-end=\"2210\"><strong data-start=\"2099\" data-end=\"2134\">2. Mapeamento de Desequil\u00edbrios<\/strong><br data-start=\"2134\" data-end=\"2137\" \/>Identifica\u00e7\u00e3o de interfer\u00eancias f\u00edsicas, eletromagn\u00e9ticas e vibracionais.<\/p>\n<p style=\"text-align: center;\" data-start=\"2212\" data-end=\"2289\"><strong data-start=\"2212\" data-end=\"2240\">3. Compreens\u00e3o Sist\u00eamica<\/strong><br data-start=\"2240\" data-end=\"2243\" \/>Leitura da intera\u00e7\u00e3o entre espa\u00e7o e ocupantes.<\/p>\n<p style=\"text-align: center;\" data-start=\"2291\" data-end=\"2368\"><strong data-start=\"2291\" data-end=\"2320\">4. Plano de Reorganiza\u00e7\u00e3o<\/strong><br data-start=\"2320\" data-end=\"2323\" \/>Defini\u00e7\u00e3o de ajustes t\u00e9cnicos personalizados.<\/p>\n\n\t\t<\/div>\n\t<\/div>\n<\/div><\/div><\/div><\/div><div class=\"vc_row wpb_row vc_row-fluid\"><div class=\"wpb_column vc_column_container vc_col-sm-12\"><div class=\"vc_column-inner\"><div class=\"wpb_wrapper\"><div class=\"vc_empty_space\"   style=\"height: 40px\"><span class=\"vc_empty_space_inner\"><\/span><\/div><h2 style=\"color: #D9A666;text-align: center;font-family:ABeeZee;font-weight:400;font-style:normal\" class=\"vc_custom_heading vc_do_custom_heading\" >T\u00e9cnicas Terap\u00eauticas Complementares<\/h2><div class=\"vc_empty_space\"   style=\"height: 40px\"><span class=\"vc_empty_space_inner\"><\/span><\/div><\/div><\/div><\/div><\/div><div class=\"vc_row wpb_row vc_row-fluid\"><div class=\"wpb_column vc_column_container vc_col-sm-3\"><div class=\"vc_column-inner\"><div class=\"wpb_wrapper\">\n\t<div  class=\"wpb_single_image wpb_content_element vc_align_center wpb_content_element wpb_animate_when_almost_visible wpb_top-to-bottom top-to-bottom\">\n\t\t\n\t\t<figure class=\"wpb_wrapper vc_figure\">\n\t\t\t<a href=\"https:\/\/benditoser.com.br\/en\/ambientes-e-fitoenergia\/arquitetura-biopsicoenergetica\/\" target=\"_self\" class=\"vc_single_image-wrapper   vc_box_border_grey\"><img fetchpriority=\"high\" decoding=\"async\" width=\"1080\" height=\"566\" src=\"https:\/\/benditoser.com.br\/wp-content\/uploads\/2024\/01\/oduz-metodo-para-ambientes-capa-2.jpg\" class=\"vc_single_image-img attachment-full\" alt=\"\" title=\"oduz-metodo-para-ambientes-capa-2\" srcset=\"https:\/\/benditoser.com.br\/wp-content\/uploads\/2024\/01\/oduz-metodo-para-ambientes-capa-2.jpg 1080w, https:\/\/benditoser.com.br\/wp-content\/uploads\/2024\/01\/oduz-metodo-para-ambientes-capa-2-300x157.jpg 300w, https:\/\/benditoser.com.br\/wp-content\/uploads\/2024\/01\/oduz-metodo-para-ambientes-capa-2-600x314.jpg 600w, https:\/\/benditoser.com.br\/wp-content\/uploads\/2024\/01\/oduz-metodo-para-ambientes-capa-2-1024x537.jpg 1024w, https:\/\/benditoser.com.br\/wp-content\/uploads\/2024\/01\/oduz-metodo-para-ambientes-capa-2-768x402.jpg 768w\" sizes=\"(max-width: 1080px) 100vw, 1080px\" \/><\/a>\n\t\t<\/figure>\n\t<\/div>\n<h3 style=\"color: #7993A4;text-align: left;font-family:Open Sans;font-weight:400;font-style:normal\" class=\"vc_custom_heading vc_do_custom_heading\" ><a href=\"https:\/\/benditoser.com.br\/en\/ambientes-e-fitoenergia\/arquitetura-biopsicoenergetica\/\">ARQUITETURA BIOPSICO - ENERG\u00c9TICA<\/a><\/h3><div class=\"vc_empty_space\"   style=\"height: 80px\"><span class=\"vc_empty_space_inner\"><\/span><\/div><\/div><\/div><\/div><div class=\"wpb_column vc_column_container vc_col-sm-3\"><div class=\"vc_column-inner\"><div class=\"wpb_wrapper\">\n\t<div  class=\"wpb_single_image wpb_content_element vc_align_center wpb_content_element wpb_animate_when_almost_visible wpb_top-to-bottom top-to-bottom\">\n\t\t\n\t\t<figure class=\"wpb_wrapper vc_figure\">\n\t\t\t<a href=\"https:\/\/benditoser.com.br\/en\/feng-shui\/\" target=\"_self\" class=\"vc_single_image-wrapper   vc_box_border_grey\"><img decoding=\"async\" width=\"1080\" height=\"566\" src=\"https:\/\/benditoser.com.br\/wp-content\/uploads\/2024\/01\/oduz-metodo-para-ambientes-capa-3.jpg\" class=\"vc_single_image-img attachment-full\" alt=\"\" title=\"oduz-metodo-para-ambientes-capa-3\" srcset=\"https:\/\/benditoser.com.br\/wp-content\/uploads\/2024\/01\/oduz-metodo-para-ambientes-capa-3.jpg 1080w, https:\/\/benditoser.com.br\/wp-content\/uploads\/2024\/01\/oduz-metodo-para-ambientes-capa-3-300x157.jpg 300w, https:\/\/benditoser.com.br\/wp-content\/uploads\/2024\/01\/oduz-metodo-para-ambientes-capa-3-600x314.jpg 600w, https:\/\/benditoser.com.br\/wp-content\/uploads\/2024\/01\/oduz-metodo-para-ambientes-capa-3-1024x537.jpg 1024w, https:\/\/benditoser.com.br\/wp-content\/uploads\/2024\/01\/oduz-metodo-para-ambientes-capa-3-768x402.jpg 768w\" sizes=\"(max-width: 1080px) 100vw, 1080px\" \/><\/a>\n\t\t<\/figure>\n\t<\/div>\n<h3 style=\"color: #7993A4;text-align: left;font-family:Open Sans;font-weight:400;font-style:normal\" class=\"vc_custom_heading vc_do_custom_heading\" ><a href=\"https:\/\/benditoser.com.br\/en\/feng-shui\/\" title=\"Feng Shui\">FENG SHUI<\/a><\/h3><div class=\"vc_empty_space\"   style=\"height: 80px\"><span class=\"vc_empty_space_inner\"><\/span><\/div><\/div><\/div><\/div><div class=\"wpb_column vc_column_container vc_col-sm-3\"><div class=\"vc_column-inner\"><div class=\"wpb_wrapper\">\n\t<div  class=\"wpb_single_image wpb_content_element vc_align_center wpb_content_element wpb_animate_when_almost_visible wpb_top-to-bottom top-to-bottom\">\n\t\t\n\t\t<figure class=\"wpb_wrapper vc_figure\">\n\t\t\t<a href=\"https:\/\/benditoser.com.br\/en\/ambientes-e-fitoenergia\/fitoenergetica\/\" target=\"_self\" class=\"vc_single_image-wrapper   vc_box_border_grey\"><img decoding=\"async\" width=\"1080\" height=\"566\" src=\"https:\/\/benditoser.com.br\/wp-content\/uploads\/2024\/11\/ambientes-e-fitoenergia-larissa-soares-arquitetura.jpg\" class=\"vc_single_image-img attachment-full\" alt=\"\" title=\"ambientes-e-fitoenergia-larissa-soares-arquitetura\" srcset=\"https:\/\/benditoser.com.br\/wp-content\/uploads\/2024\/11\/ambientes-e-fitoenergia-larissa-soares-arquitetura.jpg 1080w, https:\/\/benditoser.com.br\/wp-content\/uploads\/2024\/11\/ambientes-e-fitoenergia-larissa-soares-arquitetura-300x157.jpg 300w, https:\/\/benditoser.com.br\/wp-content\/uploads\/2024\/11\/ambientes-e-fitoenergia-larissa-soares-arquitetura-600x314.jpg 600w, https:\/\/benditoser.com.br\/wp-content\/uploads\/2024\/11\/ambientes-e-fitoenergia-larissa-soares-arquitetura-1024x537.jpg 1024w, https:\/\/benditoser.com.br\/wp-content\/uploads\/2024\/11\/ambientes-e-fitoenergia-larissa-soares-arquitetura-768x402.jpg 768w, https:\/\/benditoser.com.br\/wp-content\/uploads\/2024\/11\/ambientes-e-fitoenergia-larissa-soares-arquitetura-18x9.jpg 18w\" sizes=\"(max-width: 1080px) 100vw, 1080px\" \/><\/a>\n\t\t<\/figure>\n\t<\/div>\n<h3 style=\"color: #7993A4;text-align: left;font-family:Open Sans;font-weight:400;font-style:normal\" class=\"vc_custom_heading vc_do_custom_heading\" ><a href=\"https:\/\/benditoser.com.br\/en\/ambientes-e-fitoenergia\/fitoenergetica\/\">FITOENERG\u00c9TICA<\/a><\/h3><div class=\"vc_empty_space\"   style=\"height: 80px\"><span class=\"vc_empty_space_inner\"><\/span><\/div><\/div><\/div><\/div><div class=\"wpb_column vc_column_container vc_col-sm-3\"><div class=\"vc_column-inner\"><div class=\"wpb_wrapper\">\n\t<div  class=\"wpb_single_image wpb_content_element vc_align_center wpb_content_element wpb_animate_when_almost_visible wpb_top-to-bottom top-to-bottom\">\n\t\t\n\t\t<figure class=\"wpb_wrapper vc_figure\">\n\t\t\t<a href=\"https:\/\/benditoser.com.br\/en\/geobiologia\/\" target=\"_self\" class=\"vc_single_image-wrapper   vc_box_border_grey\"><img loading=\"lazy\" decoding=\"async\" width=\"1080\" height=\"566\" src=\"https:\/\/benditoser.com.br\/wp-content\/uploads\/2024\/11\/geobiologia-larissa-soares-arquitetura.jpg\" class=\"vc_single_image-img attachment-full\" alt=\"\" title=\"geobiologia-larissa-soares-arquitetura\" srcset=\"https:\/\/benditoser.com.br\/wp-content\/uploads\/2024\/11\/geobiologia-larissa-soares-arquitetura.jpg 1080w, https:\/\/benditoser.com.br\/wp-content\/uploads\/2024\/11\/geobiologia-larissa-soares-arquitetura-300x157.jpg 300w, https:\/\/benditoser.com.br\/wp-content\/uploads\/2024\/11\/geobiologia-larissa-soares-arquitetura-600x314.jpg 600w, https:\/\/benditoser.com.br\/wp-content\/uploads\/2024\/11\/geobiologia-larissa-soares-arquitetura-1024x537.jpg 1024w, https:\/\/benditoser.com.br\/wp-content\/uploads\/2024\/11\/geobiologia-larissa-soares-arquitetura-768x402.jpg 768w, https:\/\/benditoser.com.br\/wp-content\/uploads\/2024\/11\/geobiologia-larissa-soares-arquitetura-18x9.jpg 18w\" sizes=\"(max-width: 1080px) 100vw, 1080px\" \/><\/a>\n\t\t<\/figure>\n\t<\/div>\n<h3 style=\"color: #7993A4;text-align: left;font-family:Open Sans;font-weight:400;font-style:normal\" class=\"vc_custom_heading vc_do_custom_heading\" ><a href=\"https:\/\/benditoser.com.br\/en\/geobiologia\/\" title=\"Geobiologia Ambiental\">GEOBIOLOGIA<\/a><\/h3><div class=\"vc_empty_space\"   style=\"height: 80px\"><span class=\"vc_empty_space_inner\"><\/span><\/div><\/div><\/div><\/div><\/div><div class=\"vc_row wpb_row vc_row-fluid\"><div class=\"wpb_column vc_column_container vc_col-sm-12\"><div class=\"vc_column-inner\"><div class=\"wpb_wrapper\"><div class=\"vc_empty_space\"   style=\"height: 40px\"><span class=\"vc_empty_space_inner\"><\/span><\/div><div class=\"vc_empty_space\"   style=\"height: 40px\"><span class=\"vc_empty_space_inner\"><\/span><\/div><\/div><\/div><\/div><\/div><div class=\"vc_row wpb_row vc_row-fluid\"><div class=\"wpb_column vc_column_container vc_col-sm-2\"><div class=\"vc_column-inner\"><div class=\"wpb_wrapper\"><\/div><\/div><\/div><div class=\"wpb_column vc_column_container vc_col-sm-4\"><div class=\"vc_column-inner\"><div class=\"wpb_wrapper\">\n\t<div  class=\"wpb_single_image wpb_content_element vc_align_center wpb_content_element wpb_animate_when_almost_visible wpb_top-to-bottom top-to-bottom\">\n\t\t\n\t\t<figure class=\"wpb_wrapper vc_figure\">\n\t\t\t<div class=\"vc_single_image-wrapper   vc_box_border_grey\"><img loading=\"lazy\" decoding=\"async\" width=\"1400\" height=\"1400\" src=\"https:\/\/benditoser.com.br\/wp-content\/uploads\/2026\/03\/imagem-terapeuta-larissa-soares.jpg\" class=\"vc_single_image-img attachment-full\" alt=\"\" title=\"imagem-terapeuta-larissa-soares\" srcset=\"https:\/\/benditoser.com.br\/wp-content\/uploads\/2026\/03\/imagem-terapeuta-larissa-soares.jpg 1400w, https:\/\/benditoser.com.br\/wp-content\/uploads\/2026\/03\/imagem-terapeuta-larissa-soares-300x300.jpg 300w, https:\/\/benditoser.com.br\/wp-content\/uploads\/2026\/03\/imagem-terapeuta-larissa-soares-1024x1024.jpg 1024w, https:\/\/benditoser.com.br\/wp-content\/uploads\/2026\/03\/imagem-terapeuta-larissa-soares-150x150.jpg 150w, https:\/\/benditoser.com.br\/wp-content\/uploads\/2026\/03\/imagem-terapeuta-larissa-soares-768x768.jpg 768w, https:\/\/benditoser.com.br\/wp-content\/uploads\/2026\/03\/imagem-terapeuta-larissa-soares-12x12.jpg 12w, https:\/\/benditoser.com.br\/wp-content\/uploads\/2026\/03\/imagem-terapeuta-larissa-soares-600x600.jpg 600w, https:\/\/benditoser.com.br\/wp-content\/uploads\/2026\/03\/imagem-terapeuta-larissa-soares-100x100.jpg 100w\" sizes=\"(max-width: 1400px) 100vw, 1400px\" \/><\/div>\n\t\t<\/figure>\n\t<\/div>\n<\/div><\/div><\/div><div class=\"wpb_column vc_column_container vc_col-sm-4\"><div class=\"vc_column-inner\"><div class=\"wpb_wrapper\">\n\t<div class=\"wpb_text_column wpb_content_element\" >\n\t\t<div class=\"wpb_wrapper\">\n\t\t\t<h3 style=\"text-align: left;\"><span style=\"color: #d9a666;\">Terapeuta: Larissa Soares<\/span><\/h3>\n<p>Arquiteta e Terapeuta de Ambientes<\/p>\n<p>Atua na integra\u00e7\u00e3o entre arquitetura, geobiologia e organiza\u00e7\u00e3o energ\u00e9tica de espa\u00e7os, com foco em alinhamento funcional e estabilidade ambiental.<\/p>\n<h3 data-start=\"641\" data-end=\"653\">Forma\u00e7\u00e3o<\/h3>\n<p>Arquitetura e Urbanismo<br \/>\nEspecializa\u00e7\u00e3o em Gest\u00e3o de Projetos<br \/>\nP\u00f3s-Gradua\u00e7\u00e3o em Psican\u00e1lise Cl\u00ednica<br \/>\nForma\u00e7\u00e3o em Geobiologia e Terapias Ambientais<\/p>\n<p>Experi\u00eancia na interface entre estrutura f\u00edsica e campo energ\u00e9tico do espa\u00e7o.<\/p>\n\n\t\t<\/div>\n\t<\/div>\n<\/div><\/div><\/div><div class=\"wpb_column vc_column_container vc_col-sm-2\"><div class=\"vc_column-inner\"><div class=\"wpb_wrapper\"><\/div><\/div><\/div><\/div><div class=\"vc_row wpb_row vc_row-fluid\"><div class=\"wpb_column vc_column_container vc_col-sm-12\"><div class=\"vc_column-inner\"><div class=\"wpb_wrapper\"><div class=\"vc_empty_space\"   style=\"height: 40px\"><span class=\"vc_empty_space_inner\"><\/span><\/div>\n\t<div class=\"wpb_text_column wpb_content_element\" >\n\t\t<div class=\"wpb_wrapper\">\n\t\t\t<h4 style=\"text-align: center;\"><span style=\"color: #808080;\">AGENDAR MINHA CONSULTA DE DIAGN\u00d3STICO<\/span><\/h4>\n\n\t\t<\/div>\n\t<\/div>\n<div class=\"vc_icon_element vc_icon_element-outer vc_do_icon wpb_animate_when_almost_visible wpb_top-to-bottom top-to-bottom vc_icon_element-align-center vc_icon_element-have-style\"><div class=\"vc_icon_element-inner vc_icon_element-color-white vc_icon_element-have-style-inner vc_icon_element-size-xl vc_icon_element-style-rounded-less vc_icon_element-background vc_icon_element-background-color-orange\" ><span class=\"vc_icon_element-icon fab fa-whatsapp\" ><\/span><a class=\"vc_icon_element-link\" href=\"https:\/\/api.whatsapp.com\/send?phone=5585994170593\"  title=\"\" target=\"_blank\"><\/a><\/div><\/div><div class=\"vc_empty_space\"   style=\"height: 40px\"><span class=\"vc_empty_space_inner\"><\/span><\/div><\/div><\/div><\/div><\/div>\n<\/div>","protected":false},"excerpt":{"rendered":"O espa\u00e7o influencia o campo ps\u00edquico Dimens\u00e3o Ambiental Ambientes n\u00e3o s\u00e3o neutros. Casas, empresas e consult\u00f3rios acumulam registros emocionais, padr\u00f5es de uso, tens\u00f5es eletromagn\u00e9ticas e desorganiza\u00e7\u00f5es espaciais que impactam diretamente comportamento, sono, produtividade e rela\u00e7\u00f5es. Mesmo ap\u00f3s mudan\u00e7as internas, um ambiente desorganizado pode manter padr\u00f5es [...]","protected":false},"author":2,"featured_media":0,"parent":0,"menu_order":0,"comment_status":"closed","ping_status":"closed","template":"","meta":{"om_disable_all_campaigns":false,"_monsterinsights_skip_tracking":false,"_uf_show_specific_survey":0,"_uf_disable_surveys":false,"footnotes":""},"class_list":["post-10943","page","type-page","status-publish","hentry"],"yoast_head":"<!-- This site is optimized with the Yoast SEO plugin v28.3 - https:\/\/yoast.com\/product\/yoast-seo-wordpress\/ -->\n<title>Biopsicoenergetica Ambiental - Benditoser<\/title>\n<meta name=\"description\" content=\"An\u00e1lise de padr\u00f5es familiares e heran\u00e7as emocionais inconscientes para interromper ciclos e fortalecer autonomia.\" \/>\n<meta name=\"robots\" content=\"index, follow, max-snippet:-1, max-image-preview:large, max-video-preview:-1\" \/>\n<link rel=\"canonical\" href=\"https:\/\/benditoser.com.br\/en\/dimensao-ambiental\/\" \/>\n<meta property=\"og:locale\" content=\"en_US\" \/>\n<meta property=\"og:type\" content=\"article\" \/>\n<meta property=\"og:title\" content=\"Biopsicoenergetica Ambiental - Benditoser\" \/>\n<meta property=\"og:description\" content=\"An\u00e1lise de padr\u00f5es familiares e heran\u00e7as emocionais inconscientes para interromper ciclos e fortalecer autonomia.\" \/>\n<meta property=\"og:url\" content=\"https:\/\/benditoser.com.br\/en\/dimensao-ambiental\/\" \/>\n<meta property=\"og:site_name\" content=\"Benditoser\" \/>\n<meta property=\"article:publisher\" content=\"https:\/\/www.facebook.com\/benditoser.com.br\" \/>\n<meta property=\"article:modified_time\" content=\"2026-03-04T18:54:25+00:00\" \/>\n<meta name=\"twitter:card\" content=\"summary_large_image\" \/>\n<meta name=\"twitter:label1\" content=\"Est. reading time\" \/>\n\t<meta name=\"twitter:data1\" content=\"3 minutes\" \/>\n<script type=\"application\/ld+json\" class=\"yoast-schema-graph\">{\"@context\":\"https:\\\/\\\/schema.org\",\"@graph\":[{\"@type\":\"WebPage\",\"@id\":\"https:\\\/\\\/benditoser.com.br\\\/dimensao-ambiental\\\/\",\"url\":\"https:\\\/\\\/benditoser.com.br\\\/dimensao-ambiental\\\/\",\"name\":\"Biopsicoenergetica Ambiental - Benditoser\",\"isPartOf\":{\"@id\":\"https:\\\/\\\/benditoser.com.br\\\/#website\"},\"datePublished\":\"2025-05-13T09:34:18+00:00\",\"dateModified\":\"2026-03-04T18:54:25+00:00\",\"description\":\"An\u00e1lise de padr\u00f5es familiares e heran\u00e7as emocionais inconscientes para interromper ciclos e fortalecer autonomia.\",\"breadcrumb\":{\"@id\":\"https:\\\/\\\/benditoser.com.br\\\/dimensao-ambiental\\\/#breadcrumb\"},\"inLanguage\":\"en-US\",\"potentialAction\":[{\"@type\":\"ReadAction\",\"target\":[\"https:\\\/\\\/benditoser.com.br\\\/dimensao-ambiental\\\/\"]}]},{\"@type\":\"BreadcrumbList\",\"@id\":\"https:\\\/\\\/benditoser.com.br\\\/dimensao-ambiental\\\/#breadcrumb\",\"itemListElement\":[{\"@type\":\"ListItem\",\"position\":1,\"name\":\"In\u00edcio\",\"item\":\"https:\\\/\\\/benditoser.com.br\\\/\"},{\"@type\":\"ListItem\",\"position\":2,\"name\":\"Biopsicoenergetica Ambiental\"}]},{\"@type\":\"WebSite\",\"@id\":\"https:\\\/\\\/benditoser.com.br\\\/#website\",\"url\":\"https:\\\/\\\/benditoser.com.br\\\/\",\"name\":\"Benditoser\",\"description\":\"Terapias\",\"publisher\":{\"@id\":\"https:\\\/\\\/benditoser.com.br\\\/#organization\"},\"potentialAction\":[{\"@type\":\"SearchAction\",\"target\":{\"@type\":\"EntryPoint\",\"urlTemplate\":\"https:\\\/\\\/benditoser.com.br\\\/?s={search_term_string}\"},\"query-input\":{\"@type\":\"PropertyValueSpecification\",\"valueRequired\":true,\"valueName\":\"search_term_string\"}}],\"inLanguage\":\"en-US\"},{\"@type\":\"Organization\",\"@id\":\"https:\\\/\\\/benditoser.com.br\\\/#organization\",\"name\":\"Benditoser\",\"url\":\"https:\\\/\\\/benditoser.com.br\\\/\",\"logo\":{\"@type\":\"ImageObject\",\"inLanguage\":\"en-US\",\"@id\":\"https:\\\/\\\/benditoser.com.br\\\/#\\\/schema\\\/logo\\\/image\\\/\",\"url\":\"https:\\\/\\\/benditoser.com.br\\\/wp-content\\\/uploads\\\/2025\\\/05\\\/cropped-logo-bendito-ser-site.png\",\"contentUrl\":\"https:\\\/\\\/benditoser.com.br\\\/wp-content\\\/uploads\\\/2025\\\/05\\\/cropped-logo-bendito-ser-site.png\",\"width\":220,\"height\":44,\"caption\":\"Benditoser\"},\"image\":{\"@id\":\"https:\\\/\\\/benditoser.com.br\\\/#\\\/schema\\\/logo\\\/image\\\/\"},\"sameAs\":[\"https:\\\/\\\/www.facebook.com\\\/benditoser.com.br\",\"https:\\\/\\\/www.instagram.com\\\/benditoser.com.br\\\/\"]}]}<\/script>\n<!-- \/ Yoast SEO plugin. -->","yoast_head_json":{"title":"Biopsicoenergetica Ambiental - Benditoser","description":"An\u00e1lise de padr\u00f5es familiares e heran\u00e7as emocionais inconscientes para interromper ciclos e fortalecer autonomia.","robots":{"index":"index","follow":"follow","max-snippet":"max-snippet:-1","max-image-preview":"max-image-preview:large","max-video-preview":"max-video-preview:-1"},"canonical":"https:\/\/benditoser.com.br\/en\/dimensao-ambiental\/","og_locale":"en_US","og_type":"article","og_title":"Biopsicoenergetica Ambiental - Benditoser","og_description":"An\u00e1lise de padr\u00f5es familiares e heran\u00e7as emocionais inconscientes para interromper ciclos e fortalecer autonomia.","og_url":"https:\/\/benditoser.com.br\/en\/dimensao-ambiental\/","og_site_name":"Benditoser","article_publisher":"https:\/\/www.facebook.com\/benditoser.com.br","article_modified_time":"2026-03-04T18:54:25+00:00","twitter_card":"summary_large_image","twitter_misc":{"Est. reading time":"3 minutes"},"schema":{"@context":"https:\/\/schema.org","@graph":[{"@type":"WebPage","@id":"https:\/\/benditoser.com.br\/dimensao-ambiental\/","url":"https:\/\/benditoser.com.br\/dimensao-ambiental\/","name":"Biopsicoenergetica Ambiental - Benditoser","isPartOf":{"@id":"https:\/\/benditoser.com.br\/#website"},"datePublished":"2025-05-13T09:34:18+00:00","dateModified":"2026-03-04T18:54:25+00:00","description":"An\u00e1lise de padr\u00f5es familiares e heran\u00e7as emocionais inconscientes para interromper ciclos e fortalecer autonomia.","breadcrumb":{"@id":"https:\/\/benditoser.com.br\/dimensao-ambiental\/#breadcrumb"},"inLanguage":"en-US","potentialAction":[{"@type":"ReadAction","target":["https:\/\/benditoser.com.br\/dimensao-ambiental\/"]}]},{"@type":"BreadcrumbList","@id":"https:\/\/benditoser.com.br\/dimensao-ambiental\/#breadcrumb","itemListElement":[{"@type":"ListItem","position":1,"name":"In\u00edcio","item":"https:\/\/benditoser.com.br\/"},{"@type":"ListItem","position":2,"name":"Biopsicoenergetica Ambiental"}]},{"@type":"WebSite","@id":"https:\/\/benditoser.com.br\/#website","url":"https:\/\/benditoser.com.br\/","name":"Benditoser","description":"Terapias","publisher":{"@id":"https:\/\/benditoser.com.br\/#organization"},"potentialAction":[{"@type":"SearchAction","target":{"@type":"EntryPoint","urlTemplate":"https:\/\/benditoser.com.br\/?s={search_term_string}"},"query-input":{"@type":"PropertyValueSpecification","valueRequired":true,"valueName":"search_term_string"}}],"inLanguage":"en-US"},{"@type":"Organization","@id":"https:\/\/benditoser.com.br\/#organization","name":"Benditoser","url":"https:\/\/benditoser.com.br\/","logo":{"@type":"ImageObject","inLanguage":"en-US","@id":"https:\/\/benditoser.com.br\/#\/schema\/logo\/image\/","url":"https:\/\/benditoser.com.br\/wp-content\/uploads\/2025\/05\/cropped-logo-bendito-ser-site.png","contentUrl":"https:\/\/benditoser.com.br\/wp-content\/uploads\/2025\/05\/cropped-logo-bendito-ser-site.png","width":220,"height":44,"caption":"Benditoser"},"image":{"@id":"https:\/\/benditoser.com.br\/#\/schema\/logo\/image\/"},"sameAs":["https:\/\/www.facebook.com\/benditoser.com.br","https:\/\/www.instagram.com\/benditoser.com.br\/"]}]}},"publishpress_future_action":{"enabled":false,"date":"2026-09-07 21:21:01","action":"change-status","newStatus":"draft","terms":[],"taxonomy":"","extraData":[]},"publishpress_future_workflow_manual_trigger":{"enabledWorkflows":[]},"_links":{"self":[{"href":"https:\/\/benditoser.com.br\/en\/wp-json\/wp\/v2\/pages\/10943","targetHints":{"allow":["GET"]}}],"collection":[{"href":"https:\/\/benditoser.com.br\/en\/wp-json\/wp\/v2\/pages"}],"about":[{"href":"https:\/\/benditoser.com.br\/en\/wp-json\/wp\/v2\/types\/page"}],"author":[{"embeddable":true,"href":"https:\/\/benditoser.com.br\/en\/wp-json\/wp\/v2\/users\/2"}],"replies":[{"embeddable":true,"href":"https:\/\/benditoser.com.br\/en\/wp-json\/wp\/v2\/comments?post=10943"}],"version-history":[{"count":37,"href":"https:\/\/benditoser.com.br\/en\/wp-json\/wp\/v2\/pages\/10943\/revisions"}],"predecessor-version":[{"id":11260,"href":"https:\/\/benditoser.com.br\/en\/wp-json\/wp\/v2\/pages\/10943\/revisions\/11260"}],"wp:attachment":[{"href":"https:\/\/benditoser.com.br\/en\/wp-json\/wp\/v2\/media?parent=10943"}],"curies":[{"name":"wp","href":"https:\/\/api.w.org\/{rel}","templated":true}]}}