{"id":11192,"date":"2024-11-04T19:34:30","date_gmt":"2024-11-04T22:34:30","guid":{"rendered":"https:\/\/oduz.etc.br\/?page_id=11192"},"modified":"2026-04-23T22:48:11","modified_gmt":"2026-04-24T01:48:11","slug":"quem-criou","status":"publish","type":"page","link":"https:\/\/benditoser.com.br\/en\/sobre\/quem-criou\/","title":{"rendered":"Quem criou"},"content":{"rendered":"<div class=\"wpb-content-wrapper\"><div class=\"vc_row wpb_row vc_row-fluid\"><div class=\"wpb_column vc_column_container vc_col-sm-12\"><div class=\"vc_column-inner\"><div class=\"wpb_wrapper\"><div class=\"vc_empty_space\"   style=\"height: 60px\"><span class=\"vc_empty_space_inner\"><\/span><\/div><h1 style=\"color: #7993A4;text-align: center;font-family:ABeeZee;font-weight:400;font-style:normal\" class=\"vc_custom_heading vc_do_custom_heading\" >Paulo Vasconcelos<\/h1><div class=\"vc_empty_space\"   style=\"height: 60px\"><span class=\"vc_empty_space_inner\"><\/span><\/div>\n\t<div class=\"wpb_text_column wpb_content_element\" >\n\t\t<div class=\"wpb_wrapper\">\n\t\t\t<p style=\"text-align: center;\">A Cl\u00ednica do Invis\u00edvel nasce da integra\u00e7\u00e3o entre experi\u00eancia espiritual pr\u00e1tica e forma\u00e7\u00e3o cl\u00ednica estruturada.<\/p>\n<p style=\"text-align: center;\">Minha trajet\u00f3ria como terapeuta iniciou formalmente em 2012, mas foi no contato direto com o sofrimento humano \u2014 escutando hist\u00f3rias, padr\u00f5es repetitivos e conflitos n\u00e3o resolvidos \u2014 que compreendi que muitos sintomas ultrapassam a superf\u00edcie psicol\u00f3gica.<\/p>\n<h4 style=\"text-align: center;\">A mediunidade n\u00e3o foi ponto de chegada.<br \/>\nFoi ponto de ruptura.<\/h4>\n<p style=\"text-align: center;\">Ela exigiu revis\u00e3o de cren\u00e7as, aprofundamento te\u00f3rico e responsabilidade.<\/p>\n<p style=\"text-align: center;\">A partir dessa tens\u00e3o entre experi\u00eancia espiritual e investiga\u00e7\u00e3o racional, iniciou-se um processo de integra\u00e7\u00e3o que culminou na estrutura\u00e7\u00e3o de um m\u00e9todo pr\u00f3prio: uma abordagem que une base anal\u00edtica, leitura simb\u00f3lica e amplia\u00e7\u00e3o multidimensional da consci\u00eancia.<\/p>\n\n\t\t<\/div>\n\t<\/div>\n<\/div><\/div><\/div><\/div><div class=\"vc_row wpb_row vc_row-fluid\"><div class=\"wpb_column vc_column_container vc_col-sm-12\"><div class=\"vc_column-inner\"><div class=\"wpb_wrapper\">\n\t<div  class=\"wpb_single_image wpb_content_element vc_align_center wpb_content_element wpb_animate_when_almost_visible wpb_top-to-bottom top-to-bottom\">\n\t\t\n\t\t<figure class=\"wpb_wrapper vc_figure\">\n\t\t\t<div class=\"vc_single_image-wrapper   vc_box_border_grey\"><img loading=\"lazy\" decoding=\"async\" class=\"vc_single_image-img\" src=\"https:\/\/benditoser.com.br\/wp-content\/uploads\/2026\/03\/imagem-terapeuta-paulo-vasconcelos-benditoser-600x600.jpg\" width=\"600\" height=\"600\" alt=\"imagem-terapeuta-paulo-vasconcelos-benditoser\" title=\"imagem-terapeuta-paulo-vasconcelos-benditoser\" \/><\/div>\n\t\t<\/figure>\n\t<\/div>\n<div class=\"vc_empty_space\"   style=\"height: 40px\"><span class=\"vc_empty_space_inner\"><\/span><\/div><\/div><\/div><\/div><\/div><div class=\"vc_row wpb_row vc_row-fluid\"><div class=\"wpb_column vc_column_container vc_col-sm-12\"><div class=\"vc_column-inner\"><div class=\"wpb_wrapper\"><h2 style=\"color: #7993A4;text-align: center;font-family:ABeeZee;font-weight:400;font-style:normal\" class=\"vc_custom_heading vc_do_custom_heading\" >Integra\u00e7\u00e3o entre Estrutura e Campo<\/h2><div class=\"vc_empty_space\"   style=\"height: 20px\"><span class=\"vc_empty_space_inner\"><\/span><\/div>\n\t<div class=\"wpb_text_column wpb_content_element\" >\n\t\t<div class=\"wpb_wrapper\">\n\t\t\t<p style=\"text-align: center;\">Minha forma\u00e7\u00e3o transita entre:<\/p>\n<h4 style=\"text-align: center;\" data-start=\"1342\" data-end=\"1382\">Gradua\u00e7\u00e3o em Pr\u00e1ticas Integrativas e Complementares de Sa\u00fade<\/h4>\n<h4 style=\"text-align: center;\" data-start=\"1385\" data-end=\"1423\">P\u00f3s-Gradua\u00e7\u00e3o em Psican\u00e1lise Cl\u00ednica<\/h4>\n<h4 style=\"text-align: center;\" data-start=\"1426\" data-end=\"1490\">P\u00f3s-Graduando em Psicologia Anal\u00edtica Junguiana<\/h4>\n<p style=\"text-align: center;\">Ao longo dos anos, aprofundei estudos e pr\u00e1ticas em:<\/p>\n<h4 style=\"text-align: center;\" data-start=\"1548\" data-end=\"1592\">Grupo de Estudos e Trabalhos Medi\u00fanicos (espiritismo)<\/h4>\n<h4 style=\"text-align: center;\" data-start=\"1548\" data-end=\"1592\">Apometria (terapeuta e dirigente de grupo)<\/h4>\n<h4 style=\"text-align: center;\" data-start=\"1595\" data-end=\"1636\">Movimentos Sist\u00eamicos e C\u00edrculo da Vida<\/h4>\n<h4 style=\"text-align: center;\">Teologia de Umbanda (Pai Alexandre Cumino)<\/h4>\n<h4 style=\"text-align: center;\" data-start=\"1639\" data-end=\"1665\">Comunica\u00e7\u00e3o N\u00e3o-Violenta<\/h4>\n<h4 style=\"text-align: center;\" data-start=\"1668\" data-end=\"1708\">Mitologia Afro-brasileira e Simbolismo<\/h4>\n<h4 style=\"text-align: center;\" data-start=\"1711\" data-end=\"1749\">Geobiologia e Organiza\u00e7\u00e3o Energ\u00e9tica<\/h4>\n<p style=\"text-align: center;\">Essa trajet\u00f3ria n\u00e3o foi uma sucess\u00e3o de t\u00e9cnicas.<br data-start=\"1800\" data-end=\"1803\" \/>Foi a constru\u00e7\u00e3o de uma arquitetura.<\/p>\n\n\t\t<\/div>\n\t<\/div>\n<\/div><\/div><\/div><\/div><div class=\"vc_row wpb_row vc_row-fluid\"><div class=\"wpb_column vc_column_container vc_col-sm-12\"><div class=\"vc_column-inner\"><div class=\"wpb_wrapper\"><div class=\"vc_empty_space\"   style=\"height: 60px\"><span class=\"vc_empty_space_inner\"><\/span><\/div><\/div><\/div><\/div><\/div><div class=\"vc_row wpb_row vc_row-fluid\"><div class=\"wpb_column vc_column_container vc_col-sm-6\"><div class=\"vc_column-inner\"><div class=\"wpb_wrapper\"><h2 style=\"color: #7993A4;text-align: left;font-family:ABeeZee;font-weight:400;font-style:normal\" class=\"vc_custom_heading vc_do_custom_heading\" >Do \u201cEU ESTOU\u201d ao \u201cEU SOU\u201d<\/h2><div class=\"vc_empty_space\"   style=\"height: 20px\"><span class=\"vc_empty_space_inner\"><\/span><\/div>\n\t<div class=\"wpb_text_column wpb_content_element\" >\n\t\t<div class=\"wpb_wrapper\">\n\t\t\t<p data-start=\"1876\" data-end=\"1922\">A pr\u00e1tica terap\u00eautica exige coer\u00eancia interna.<\/p>\n<p data-start=\"1924\" data-end=\"2080\">Assumir o \u201cEU SOU\u201d significa atuar a partir da pr\u00f3pria consci\u00eancia integrada \u2014 sem fragmenta\u00e7\u00e3o entre espiritualidade e profiss\u00e3o, entre percep\u00e7\u00e3o e m\u00e9todo.<\/p>\n<p data-start=\"2082\" data-end=\"2138\">N\u00e3o trabalho para convencer.<br data-start=\"2110\" data-end=\"2113\" \/>Trabalho para investigar.<\/p>\n<p data-start=\"2140\" data-end=\"2204\">N\u00e3o aplico cren\u00e7as.<br data-start=\"2159\" data-end=\"2162\" \/>Aplico leitura estruturada da consci\u00eancia.<\/p>\n\n\t\t<\/div>\n\t<\/div>\n<\/div><\/div><\/div><div class=\"wpb_column vc_column_container vc_col-sm-6\"><div class=\"vc_column-inner\"><div class=\"wpb_wrapper\"><h2 style=\"color: #7993A4;text-align: left;font-family:ABeeZee;font-weight:400;font-style:normal\" class=\"vc_custom_heading vc_do_custom_heading\" >A Iniciativa Benditoser<\/h2><div class=\"vc_empty_space\"   style=\"height: 20px\"><span class=\"vc_empty_space_inner\"><\/span><\/div>\n\t<div class=\"wpb_text_column wpb_content_element\" >\n\t\t<div class=\"wpb_wrapper\">\n\t\t\t<p>O Benditoser surge como consequ\u00eancia natural desse processo.<\/p>\n<p>Um espa\u00e7o onde:<\/p>\n<h4 data-start=\"2320\" data-end=\"2354\">A psique \u00e9 investigada com rigor<\/h4>\n<h4 data-start=\"2357\" data-end=\"2403\">O espiritual \u00e9 abordado com responsabilidade<\/h4>\n<h4 data-start=\"2406\" data-end=\"2439\">O transgeracional \u00e9 considerado<\/h4>\n<h4 data-start=\"2442\" data-end=\"2462\">O corpo \u00e9 inclu\u00eddo<\/h4>\n<h4 data-start=\"2465\" data-end=\"2492\">O ambiente \u00e9 reorganizado<\/h4>\n<p>Sem dogma. Sem espet\u00e1culo. Com m\u00e9todo.<\/p>\n\n\t\t<\/div>\n\t<\/div>\n<div class=\"vc_empty_space\"   style=\"height: 20px\"><span class=\"vc_empty_space_inner\"><\/span><\/div><div class=\"vc_empty_space\"   style=\"height: 20px\"><span class=\"vc_empty_space_inner\"><\/span><\/div><\/div><\/div><\/div><\/div><div class=\"vc_row wpb_row vc_row-fluid\"><div class=\"wpb_column vc_column_container vc_col-sm-12\"><div class=\"vc_column-inner\"><div class=\"wpb_wrapper\"><h2 style=\"color: #7993A4;text-align: center;font-family:ABeeZee;font-weight:400;font-style:normal\" class=\"vc_custom_heading vc_do_custom_heading\" >T\u00e9cnicas Utilizadas<\/h2><div class=\"vc_empty_space\"   style=\"height: 20px\"><span class=\"vc_empty_space_inner\"><\/span><\/div>\n\t<div class=\"wpb_text_column wpb_content_element\" >\n\t\t<div class=\"wpb_wrapper\">\n\t\t\t<h4 style=\"text-align: center;\">Apometria<\/h4>\n<h4 style=\"text-align: center;\">Leitura de Registros Ak\u00e1shicos<\/h4>\n<h4 style=\"text-align: center;\">C\u00edrculo Sist\u00eamico da Vida<\/h4>\n<h4 style=\"text-align: center;\">Radiestesia<\/h4>\n<h4 style=\"text-align: center;\">Reiki Usui<\/h4>\n<h4 style=\"text-align: center;\">Psicossom\u00e1tica<\/h4>\n<h4 style=\"text-align: center;\">Geobiologia<\/h4>\n<p style=\"text-align: center;\">As t\u00e9cnicas s\u00e3o instrumentos.<br data-start=\"2761\" data-end=\"2764\" \/>O foco \u00e9 a reorganiza\u00e7\u00e3o da consci\u00eancia.<\/p>\n\n\t\t<\/div>\n\t<\/div>\n<div class=\"vc_empty_space\"   style=\"height: 20px\"><span class=\"vc_empty_space_inner\"><\/span><\/div><div class=\"vc_empty_space\"   style=\"height: 20px\"><span class=\"vc_empty_space_inner\"><\/span><\/div><\/div><\/div><\/div><\/div><div class=\"vc_row wpb_row vc_row-fluid\"><div class=\"wpb_column vc_column_container vc_col-sm-12\"><div class=\"vc_column-inner\"><div class=\"wpb_wrapper\">\n\t<div class=\"wpb_text_column wpb_content_element\" >\n\t\t<div class=\"wpb_wrapper\">\n\t\t\t<div class=\"wpb_text_column wpb_content_element\">\n<div class=\"wpb_wrapper\">\n<p style=\"text-align: center;\"><strong>Meu prop\u00f3sito<\/strong><\/p>\n<\/div>\n<\/div>\n\n\t\t<\/div>\n\t<\/div>\n<h2 style=\"color: #7993A4;text-align: center;font-family:ABeeZee;font-weight:400;font-style:normal\" class=\"vc_custom_heading vc_do_custom_heading\" >Conduzir processos que tornem consciente o que atua no invis\u00edvel, interrompam repeti\u00e7\u00f5es e ampliem autonomia. Consci\u00eancias estruturadas constroem futuros mais livres.<\/h2><div class=\"vc_empty_space\"   style=\"height: 60px\"><span class=\"vc_empty_space_inner\"><\/span><\/div><div class=\"vc_icon_element vc_icon_element-outer vc_do_icon vc_icon_element-align-center\"><div class=\"vc_icon_element-inner vc_icon_element-color-vista_blue vc_icon_element-size-lg vc_icon_element-style- vc_icon_element-background-color-grey\" ><span class=\"vc_icon_element-icon fab fa-whatsapp\" ><\/span><a class=\"vc_icon_element-link\" href=\"https:\/\/wa.me\/+5585988486862\"  title=\"\" target=\"_blank\"><\/a><\/div><\/div>\n\t<div class=\"wpb_text_column wpb_content_element\" >\n\t\t<div class=\"wpb_wrapper\">\n\t\t\t<h5 style=\"text-align: center;\">Fale com o terapeuta<\/h5>\n\n\t\t<\/div>\n\t<\/div>\n<\/div><\/div><\/div><\/div>\n<\/div>","protected":false},"excerpt":{"rendered":"Paulo Vasconcelos A Cl\u00ednica do Invis\u00edvel nasce da integra\u00e7\u00e3o entre experi\u00eancia espiritual pr\u00e1tica e forma\u00e7\u00e3o cl\u00ednica estruturada. Minha trajet\u00f3ria como terapeuta iniciou formalmente em 2012, mas foi no contato direto com o sofrimento humano \u2014 escutando hist\u00f3rias, padr\u00f5es repetitivos e conflitos n\u00e3o resolvidos \u2014 que [...]","protected":false},"author":2,"featured_media":0,"parent":274,"menu_order":0,"comment_status":"closed","ping_status":"closed","template":"","meta":{"om_disable_all_campaigns":false,"_monsterinsights_skip_tracking":false,"_uf_show_specific_survey":0,"_uf_disable_surveys":false,"footnotes":""},"class_list":["post-11192","page","type-page","status-publish","hentry"],"yoast_head":"<!-- This site is optimized with the Yoast SEO plugin v28.3 - https:\/\/yoast.com\/product\/yoast-seo-wordpress\/ -->\n<title>Quem criou - Benditoser<\/title>\n<meta name=\"robots\" content=\"index, follow, max-snippet:-1, max-image-preview:large, max-video-preview:-1\" \/>\n<link rel=\"canonical\" href=\"https:\/\/benditoser.com.br\/en\/sobre\/quem-criou\/\" \/>\n<meta property=\"og:locale\" content=\"en_US\" \/>\n<meta property=\"og:type\" content=\"article\" \/>\n<meta property=\"og:title\" content=\"Quem criou - Benditoser\" \/>\n<meta property=\"og:url\" content=\"https:\/\/benditoser.com.br\/en\/sobre\/quem-criou\/\" \/>\n<meta property=\"og:site_name\" content=\"Benditoser\" \/>\n<meta property=\"article:publisher\" content=\"https:\/\/www.facebook.com\/benditoser.com.br\" \/>\n<meta property=\"article:modified_time\" content=\"2026-04-24T01:48:11+00:00\" \/>\n<meta name=\"twitter:card\" content=\"summary_large_image\" \/>\n<meta name=\"twitter:label1\" content=\"Est. reading time\" \/>\n\t<meta name=\"twitter:data1\" content=\"4 minutes\" \/>\n<script type=\"application\/ld+json\" class=\"yoast-schema-graph\">{\"@context\":\"https:\\\/\\\/schema.org\",\"@graph\":[{\"@type\":\"WebPage\",\"@id\":\"https:\\\/\\\/benditoser.com.br\\\/sobre\\\/quem-criou\\\/\",\"url\":\"https:\\\/\\\/benditoser.com.br\\\/sobre\\\/quem-criou\\\/\",\"name\":\"Quem criou - Benditoser\",\"isPartOf\":{\"@id\":\"https:\\\/\\\/benditoser.com.br\\\/#website\"},\"datePublished\":\"2024-11-04T22:34:30+00:00\",\"dateModified\":\"2026-04-24T01:48:11+00:00\",\"breadcrumb\":{\"@id\":\"https:\\\/\\\/benditoser.com.br\\\/sobre\\\/quem-criou\\\/#breadcrumb\"},\"inLanguage\":\"en-US\",\"potentialAction\":[{\"@type\":\"ReadAction\",\"target\":[\"https:\\\/\\\/benditoser.com.br\\\/sobre\\\/quem-criou\\\/\"]}]},{\"@type\":\"BreadcrumbList\",\"@id\":\"https:\\\/\\\/benditoser.com.br\\\/sobre\\\/quem-criou\\\/#breadcrumb\",\"itemListElement\":[{\"@type\":\"ListItem\",\"position\":1,\"name\":\"In\u00edcio\",\"item\":\"https:\\\/\\\/benditoser.com.br\\\/\"},{\"@type\":\"ListItem\",\"position\":2,\"name\":\"sobre\",\"item\":\"https:\\\/\\\/benditoser.com.br\\\/sobre\\\/\"},{\"@type\":\"ListItem\",\"position\":3,\"name\":\"Quem criou\"}]},{\"@type\":\"WebSite\",\"@id\":\"https:\\\/\\\/benditoser.com.br\\\/#website\",\"url\":\"https:\\\/\\\/benditoser.com.br\\\/\",\"name\":\"Benditoser\",\"description\":\"Terapias\",\"publisher\":{\"@id\":\"https:\\\/\\\/benditoser.com.br\\\/#organization\"},\"potentialAction\":[{\"@type\":\"SearchAction\",\"target\":{\"@type\":\"EntryPoint\",\"urlTemplate\":\"https:\\\/\\\/benditoser.com.br\\\/?s={search_term_string}\"},\"query-input\":{\"@type\":\"PropertyValueSpecification\",\"valueRequired\":true,\"valueName\":\"search_term_string\"}}],\"inLanguage\":\"en-US\"},{\"@type\":\"Organization\",\"@id\":\"https:\\\/\\\/benditoser.com.br\\\/#organization\",\"name\":\"Benditoser\",\"url\":\"https:\\\/\\\/benditoser.com.br\\\/\",\"logo\":{\"@type\":\"ImageObject\",\"inLanguage\":\"en-US\",\"@id\":\"https:\\\/\\\/benditoser.com.br\\\/#\\\/schema\\\/logo\\\/image\\\/\",\"url\":\"https:\\\/\\\/benditoser.com.br\\\/wp-content\\\/uploads\\\/2025\\\/05\\\/cropped-logo-bendito-ser-site.png\",\"contentUrl\":\"https:\\\/\\\/benditoser.com.br\\\/wp-content\\\/uploads\\\/2025\\\/05\\\/cropped-logo-bendito-ser-site.png\",\"width\":220,\"height\":44,\"caption\":\"Benditoser\"},\"image\":{\"@id\":\"https:\\\/\\\/benditoser.com.br\\\/#\\\/schema\\\/logo\\\/image\\\/\"},\"sameAs\":[\"https:\\\/\\\/www.facebook.com\\\/benditoser.com.br\",\"https:\\\/\\\/www.instagram.com\\\/benditoser.com.br\\\/\"]}]}<\/script>\n<!-- \/ Yoast SEO plugin. -->","yoast_head_json":{"title":"Quem criou - Benditoser","robots":{"index":"index","follow":"follow","max-snippet":"max-snippet:-1","max-image-preview":"max-image-preview:large","max-video-preview":"max-video-preview:-1"},"canonical":"https:\/\/benditoser.com.br\/en\/sobre\/quem-criou\/","og_locale":"en_US","og_type":"article","og_title":"Quem criou - Benditoser","og_url":"https:\/\/benditoser.com.br\/en\/sobre\/quem-criou\/","og_site_name":"Benditoser","article_publisher":"https:\/\/www.facebook.com\/benditoser.com.br","article_modified_time":"2026-04-24T01:48:11+00:00","twitter_card":"summary_large_image","twitter_misc":{"Est. reading time":"4 minutes"},"schema":{"@context":"https:\/\/schema.org","@graph":[{"@type":"WebPage","@id":"https:\/\/benditoser.com.br\/sobre\/quem-criou\/","url":"https:\/\/benditoser.com.br\/sobre\/quem-criou\/","name":"Quem criou - Benditoser","isPartOf":{"@id":"https:\/\/benditoser.com.br\/#website"},"datePublished":"2024-11-04T22:34:30+00:00","dateModified":"2026-04-24T01:48:11+00:00","breadcrumb":{"@id":"https:\/\/benditoser.com.br\/sobre\/quem-criou\/#breadcrumb"},"inLanguage":"en-US","potentialAction":[{"@type":"ReadAction","target":["https:\/\/benditoser.com.br\/sobre\/quem-criou\/"]}]},{"@type":"BreadcrumbList","@id":"https:\/\/benditoser.com.br\/sobre\/quem-criou\/#breadcrumb","itemListElement":[{"@type":"ListItem","position":1,"name":"In\u00edcio","item":"https:\/\/benditoser.com.br\/"},{"@type":"ListItem","position":2,"name":"sobre","item":"https:\/\/benditoser.com.br\/sobre\/"},{"@type":"ListItem","position":3,"name":"Quem criou"}]},{"@type":"WebSite","@id":"https:\/\/benditoser.com.br\/#website","url":"https:\/\/benditoser.com.br\/","name":"Benditoser","description":"Terapias","publisher":{"@id":"https:\/\/benditoser.com.br\/#organization"},"potentialAction":[{"@type":"SearchAction","target":{"@type":"EntryPoint","urlTemplate":"https:\/\/benditoser.com.br\/?s={search_term_string}"},"query-input":{"@type":"PropertyValueSpecification","valueRequired":true,"valueName":"search_term_string"}}],"inLanguage":"en-US"},{"@type":"Organization","@id":"https:\/\/benditoser.com.br\/#organization","name":"Benditoser","url":"https:\/\/benditoser.com.br\/","logo":{"@type":"ImageObject","inLanguage":"en-US","@id":"https:\/\/benditoser.com.br\/#\/schema\/logo\/image\/","url":"https:\/\/benditoser.com.br\/wp-content\/uploads\/2025\/05\/cropped-logo-bendito-ser-site.png","contentUrl":"https:\/\/benditoser.com.br\/wp-content\/uploads\/2025\/05\/cropped-logo-bendito-ser-site.png","width":220,"height":44,"caption":"Benditoser"},"image":{"@id":"https:\/\/benditoser.com.br\/#\/schema\/logo\/image\/"},"sameAs":["https:\/\/www.facebook.com\/benditoser.com.br","https:\/\/www.instagram.com\/benditoser.com.br\/"]}]}},"publishpress_future_action":{"enabled":false,"date":"2026-09-07 21:20:48","action":"change-status","newStatus":"draft","terms":[],"taxonomy":"","extraData":[]},"publishpress_future_workflow_manual_trigger":{"enabledWorkflows":[]},"_links":{"self":[{"href":"https:\/\/benditoser.com.br\/en\/wp-json\/wp\/v2\/pages\/11192","targetHints":{"allow":["GET"]}}],"collection":[{"href":"https:\/\/benditoser.com.br\/en\/wp-json\/wp\/v2\/pages"}],"about":[{"href":"https:\/\/benditoser.com.br\/en\/wp-json\/wp\/v2\/types\/page"}],"author":[{"embeddable":true,"href":"https:\/\/benditoser.com.br\/en\/wp-json\/wp\/v2\/users\/2"}],"replies":[{"embeddable":true,"href":"https:\/\/benditoser.com.br\/en\/wp-json\/wp\/v2\/comments?post=11192"}],"version-history":[{"count":9,"href":"https:\/\/benditoser.com.br\/en\/wp-json\/wp\/v2\/pages\/11192\/revisions"}],"predecessor-version":[{"id":14903,"href":"https:\/\/benditoser.com.br\/en\/wp-json\/wp\/v2\/pages\/11192\/revisions\/14903"}],"up":[{"embeddable":true,"href":"https:\/\/benditoser.com.br\/en\/wp-json\/wp\/v2\/pages\/274"}],"wp:attachment":[{"href":"https:\/\/benditoser.com.br\/en\/wp-json\/wp\/v2\/media?parent=11192"}],"curies":[{"name":"wp","href":"https:\/\/api.w.org\/{rel}","templated":true}]}}