{"id":11716,"date":"2025-05-08T16:48:17","date_gmt":"2025-05-08T19:48:17","guid":{"rendered":"https:\/\/oduz.etc.br\/?page_id=11716"},"modified":"2026-03-04T15:53:52","modified_gmt":"2026-03-04T18:53:52","slug":"dimensao-espiritual","status":"publish","type":"page","link":"https:\/\/benditoser.com.br\/en\/dimensao-espiritual\/","title":{"rendered":"Apometria Integrativa"},"content":{"rendered":"<div class=\"wpb-content-wrapper\"><div class=\"vc_row wpb_row vc_row-fluid\"><div class=\"wpb_column vc_column_container vc_col-sm-12\"><div class=\"vc_column-inner\"><div class=\"wpb_wrapper\"><div class=\"vc_empty_space\"   style=\"height: 50px\"><span class=\"vc_empty_space_inner\"><\/span><\/div>\n\t<div  class=\"wpb_single_image wpb_content_element vc_align_center wpb_content_element\">\n\t\t\n\t\t<figure class=\"wpb_wrapper vc_figure\">\n\t\t\t<div class=\"vc_single_image-wrapper   vc_box_border_grey\"><img loading=\"lazy\" decoding=\"async\" class=\"vc_single_image-img\" src=\"https:\/\/benditoser.com.br\/wp-content\/uploads\/2024\/11\/tratamento-espiritual-holistico-apometria-oduz-1-400x400.jpg\" width=\"400\" height=\"400\" alt=\"tratamento-espiritual-holistico-apometria-oduz\" title=\"tratamento-espiritual-holistico-apometria-oduz\" \/><\/div>\n\t\t<\/figure>\n\t<\/div>\n\n\t<div class=\"wpb_text_column wpb_content_element\" >\n\t\t<div class=\"wpb_wrapper\">\n\t\t\t<h3 style=\"text-align: center;\">Quando a biografia n\u00e3o \u00e9 suficiente, o campo \u00e9 ampliado.<\/h3>\n\n\t\t<\/div>\n\t<\/div>\n<h1 style=\"color: #7993A4;text-align: center;font-family:ABeeZee;font-weight:400;font-style:normal\" class=\"vc_custom_heading vc_do_custom_heading\" >Dimens\u00e3o Espiritual e de Continuidade<\/h1><div class=\"vc_empty_space\"   style=\"height: 50px\"><span class=\"vc_empty_space_inner\"><\/span><\/div>\n\t<div class=\"wpb_text_column wpb_content_element\" >\n\t\t<div class=\"wpb_wrapper\">\n\t\t\t<p style=\"text-align: center;\" data-start=\"620\" data-end=\"666\">A Cl\u00ednica do Invis\u00edvel parte da base ps\u00edquica.<\/p>\n<p style=\"text-align: center;\" data-start=\"668\" data-end=\"768\">Mas h\u00e1 casos em que a intensidade do sintoma n\u00e3o encontra explica\u00e7\u00e3o suficiente na hist\u00f3ria pessoal.<\/p>\n<p style=\"text-align: center;\" data-start=\"770\" data-end=\"843\">Nesses casos, a investiga\u00e7\u00e3o pode se expandir para a Dimens\u00e3o Espiritual.<\/p>\n<p style=\"text-align: center;\" data-start=\"845\" data-end=\"894\">Sem misticismo. Sem dramatiza\u00e7\u00e3o.<br data-start=\"880\" data-end=\"883\" \/>Com m\u00e9todo.<\/p>\n\n\t\t<\/div>\n\t<\/div>\n<div class=\"vc_empty_space\"   style=\"height: 50px\"><span class=\"vc_empty_space_inner\"><\/span><\/div><h2 style=\"color: #7993A4;text-align: center;font-family:ABeeZee;font-weight:400;font-style:normal\" class=\"vc_custom_heading vc_do_custom_heading\" >O que trabalhamos nessa dimens\u00e3o<\/h2>\n\t<div class=\"wpb_text_column wpb_content_element\" >\n\t\t<div class=\"wpb_wrapper\">\n\t\t\t<h4 style=\"text-align: center;\" data-start=\"927\" data-end=\"962\">Registros transbiogr\u00e1ficos ativos<\/h4>\n<h4 style=\"text-align: center;\" data-start=\"965\" data-end=\"1009\">V\u00ednculos extraf\u00edsicos que mant\u00eam repeti\u00e7\u00e3o<\/h4>\n<h4 style=\"text-align: center;\" data-start=\"1012\" data-end=\"1071\">Influ\u00eancias espirituais quando clinicamente identificadas<\/h4>\n<h4 style=\"text-align: center;\" data-start=\"1074\" data-end=\"1115\">Desorganiza\u00e7\u00f5es no campo da consci\u00eancia<\/h4>\n<h4 style=\"text-align: center;\" data-start=\"1118\" data-end=\"1166\">Padr\u00f5es que ultrapassam a biografia individual<\/h4>\n<p style=\"text-align: center;\" data-start=\"1168\" data-end=\"1260\">N\u00e3o se trata de \u201cculpar o espiritual\u201d.<br data-start=\"1206\" data-end=\"1209\" \/>Trata-se de investigar quando a psique aponta al\u00e9m.<\/p>\n\n\t\t<\/div>\n\t<\/div>\n<div class=\"vc_empty_space\"   style=\"height: 50px\"><span class=\"vc_empty_space_inner\"><\/span><\/div><h2 style=\"color: #7993A4;text-align: center;font-family:ABeeZee;font-weight:400;font-style:normal\" class=\"vc_custom_heading vc_do_custom_heading\" >O foco continua sendo integra\u00e7\u00e3o<\/h2>\n\t<div class=\"wpb_text_column wpb_content_element\" >\n\t\t<div class=\"wpb_wrapper\">\n\t\t\t<p style=\"text-align: center;\" data-start=\"1304\" data-end=\"1418\">Independentemente da origem \u2014 ps\u00edquica ou espiritual \u2014 o padr\u00e3o s\u00f3 perde for\u00e7a quando \u00e9 integrado no presente.<\/p>\n<p style=\"text-align: center;\" data-start=\"1420\" data-end=\"1498\"><strong>A Dimens\u00e3o Espiritual n\u00e3o substitui a an\u00e1lise.<\/strong><br data-start=\"1466\" data-end=\"1469\" \/><strong>Ela amplia quando necess\u00e1rio.<\/strong><\/p>\n<p style=\"text-align: center;\" data-start=\"1500\" data-end=\"1517\">O eixo permanece:<\/p>\n<p style=\"text-align: center;\" data-start=\"1519\" data-end=\"1595\">Consci\u00eancia estruturada. Reorganiza\u00e7\u00e3o real.<br data-start=\"1565\" data-end=\"1568\" \/>Integra\u00e7\u00e3o no aqui e agora.<\/p>\n\n\t\t<\/div>\n\t<\/div>\n<div class=\"vc_empty_space\"   style=\"height: 50px\"><span class=\"vc_empty_space_inner\"><\/span><\/div><h2 style=\"color: #D9A666;text-align: center;font-family:ABeeZee;font-weight:400;font-style:normal\" class=\"vc_custom_heading vc_do_custom_heading\" >Instrumento Central<\/h2>\n\t<div class=\"wpb_text_column wpb_content_element\" >\n\t\t<div class=\"wpb_wrapper\">\n\t\t\t<h4 style=\"text-align: center;\" data-start=\"1626\" data-end=\"1651\"><strong data-start=\"1626\" data-end=\"1651\">Apometria Integrativa<\/strong><\/h4>\n<p style=\"text-align: center;\" data-start=\"1653\" data-end=\"1739\">Utilizada como tecnologia de reorganiza\u00e7\u00e3o da consci\u00eancia quando h\u00e1 indica\u00e7\u00e3o cl\u00ednica.<\/p>\n<p style=\"text-align: center;\" data-start=\"1741\" data-end=\"1812\">N\u00e3o \u00e9 ritual. N\u00e3o \u00e9 espet\u00e1culo.<br data-start=\"1774\" data-end=\"1777\" \/>\u00c9 ferramenta aplicada com crit\u00e9rio.<\/p>\n\n\t\t<\/div>\n\t<\/div>\n<div class=\"vc_empty_space\"   style=\"height: 40px\"><span class=\"vc_empty_space_inner\"><\/span><\/div><h2 style=\"color: #D9A666;text-align: center;font-family:ABeeZee;font-weight:400;font-style:normal\" class=\"vc_custom_heading vc_do_custom_heading\" >T\u00e9cnicas Terap\u00eauticas Complementares<\/h2><div class=\"vc_empty_space\"   style=\"height: 40px\"><span class=\"vc_empty_space_inner\"><\/span><\/div><\/div><\/div><\/div><\/div><div class=\"vc_row wpb_row vc_row-fluid\"><div class=\"wpb_column vc_column_container vc_col-sm-3\"><div class=\"vc_column-inner\"><div class=\"wpb_wrapper\">\n\t<div  class=\"wpb_single_image wpb_content_element vc_align_center wpb_content_element wpb_animate_when_almost_visible wpb_top-to-bottom top-to-bottom\">\n\t\t\n\t\t<figure class=\"wpb_wrapper vc_figure\">\n\t\t\t<a href=\"https:\/\/benditoser.com.br\/en\/apometria\/\" target=\"_self\" class=\"vc_single_image-wrapper   vc_box_border_grey\"><img fetchpriority=\"high\" decoding=\"async\" width=\"640\" height=\"335\" src=\"https:\/\/benditoser.com.br\/wp-content\/uploads\/2024\/11\/apometria-oduz-terapias-banner.jpg\" class=\"vc_single_image-img attachment-full\" alt=\"\" title=\"apometria-oduz-terapias-banner\" srcset=\"https:\/\/benditoser.com.br\/wp-content\/uploads\/2024\/11\/apometria-oduz-terapias-banner.jpg 640w, https:\/\/benditoser.com.br\/wp-content\/uploads\/2024\/11\/apometria-oduz-terapias-banner-300x157.jpg 300w, https:\/\/benditoser.com.br\/wp-content\/uploads\/2024\/11\/apometria-oduz-terapias-banner-600x314.jpg 600w, https:\/\/benditoser.com.br\/wp-content\/uploads\/2024\/11\/apometria-oduz-terapias-banner-18x9.jpg 18w\" sizes=\"(max-width: 640px) 100vw, 640px\" \/><\/a>\n\t\t<\/figure>\n\t<\/div>\n<h3 style=\"color: #7993A4;text-align: left;font-family:Open Sans;font-weight:400;font-style:normal\" class=\"vc_custom_heading vc_do_custom_heading\" ><a href=\"https:\/\/benditoser.com.br\/en\/apometria\/\" title=\"Apometria\">APOMETRIA<\/a><\/h3><div class=\"vc_empty_space\"   style=\"height: 80px\"><span class=\"vc_empty_space_inner\"><\/span><\/div><\/div><\/div><\/div><div class=\"wpb_column vc_column_container vc_col-sm-3\"><div class=\"vc_column-inner\"><div class=\"wpb_wrapper\">\n\t<div  class=\"wpb_single_image wpb_content_element vc_align_center wpb_content_element wpb_animate_when_almost_visible wpb_top-to-bottom top-to-bottom\">\n\t\t\n\t\t<figure class=\"wpb_wrapper vc_figure\">\n\t\t\t<a href=\"https:\/\/benditoser.com.br\/en\/como-fazemos\/para-voce\/geobiologia-espiritual\/\" target=\"_self\" class=\"vc_single_image-wrapper   vc_box_border_grey\"><img decoding=\"async\" width=\"1080\" height=\"566\" src=\"https:\/\/benditoser.com.br\/wp-content\/uploads\/2021\/06\/terapias-oduz-geobiologia-espiritual-capa.jpg\" class=\"vc_single_image-img attachment-full\" alt=\"\" title=\"terapias-oduz-geobiologia-espiritual-capa\" srcset=\"https:\/\/benditoser.com.br\/wp-content\/uploads\/2021\/06\/terapias-oduz-geobiologia-espiritual-capa.jpg 1080w, https:\/\/benditoser.com.br\/wp-content\/uploads\/2021\/06\/terapias-oduz-geobiologia-espiritual-capa-300x157.jpg 300w, https:\/\/benditoser.com.br\/wp-content\/uploads\/2021\/06\/terapias-oduz-geobiologia-espiritual-capa-600x314.jpg 600w, https:\/\/benditoser.com.br\/wp-content\/uploads\/2021\/06\/terapias-oduz-geobiologia-espiritual-capa-1024x537.jpg 1024w, https:\/\/benditoser.com.br\/wp-content\/uploads\/2021\/06\/terapias-oduz-geobiologia-espiritual-capa-768x402.jpg 768w, https:\/\/benditoser.com.br\/wp-content\/uploads\/2021\/06\/terapias-oduz-geobiologia-espiritual-capa-720x377.jpg 720w, https:\/\/benditoser.com.br\/wp-content\/uploads\/2021\/06\/terapias-oduz-geobiologia-espiritual-capa-640x335.jpg 640w, https:\/\/benditoser.com.br\/wp-content\/uploads\/2021\/06\/terapias-oduz-geobiologia-espiritual-capa-400x210.jpg 400w\" sizes=\"(max-width: 1080px) 100vw, 1080px\" \/><\/a>\n\t\t<\/figure>\n\t<\/div>\n<h3 style=\"color: #7993A4;text-align: left;font-family:Open Sans;font-weight:400;font-style:normal\" class=\"vc_custom_heading vc_do_custom_heading\" ><a href=\"https:\/\/benditoser.com.br\/en\/como-fazemos\/para-voce\/geobiologia-espiritual\/\" title=\"Geobiologia Espiritual\">GEOBIOLOGIA ESPIRITUAL<\/a><\/h3><div class=\"vc_empty_space\"   style=\"height: 80px\"><span class=\"vc_empty_space_inner\"><\/span><\/div><\/div><\/div><\/div><div class=\"wpb_column vc_column_container vc_col-sm-3\"><div class=\"vc_column-inner\"><div class=\"wpb_wrapper\">\n\t<div  class=\"wpb_single_image wpb_content_element vc_align_center wpb_content_element wpb_animate_when_almost_visible wpb_top-to-bottom top-to-bottom\">\n\t\t\n\t\t<figure class=\"wpb_wrapper vc_figure\">\n\t\t\t<a href=\"https:\/\/benditoser.com.br\/en\/registros-akashicos\/\" target=\"_self\" class=\"vc_single_image-wrapper   vc_box_border_grey\"><img decoding=\"async\" width=\"1080\" height=\"566\" src=\"https:\/\/benditoser.com.br\/wp-content\/uploads\/2021\/06\/terapias-oduz-registros-akashicos-leitura-capa.jpg\" class=\"vc_single_image-img attachment-full\" alt=\"\" title=\"terapias-oduz-registros-akashicos-leitura-capa\" srcset=\"https:\/\/benditoser.com.br\/wp-content\/uploads\/2021\/06\/terapias-oduz-registros-akashicos-leitura-capa.jpg 1080w, https:\/\/benditoser.com.br\/wp-content\/uploads\/2021\/06\/terapias-oduz-registros-akashicos-leitura-capa-300x157.jpg 300w, https:\/\/benditoser.com.br\/wp-content\/uploads\/2021\/06\/terapias-oduz-registros-akashicos-leitura-capa-600x314.jpg 600w, https:\/\/benditoser.com.br\/wp-content\/uploads\/2021\/06\/terapias-oduz-registros-akashicos-leitura-capa-1024x537.jpg 1024w, https:\/\/benditoser.com.br\/wp-content\/uploads\/2021\/06\/terapias-oduz-registros-akashicos-leitura-capa-768x402.jpg 768w, https:\/\/benditoser.com.br\/wp-content\/uploads\/2021\/06\/terapias-oduz-registros-akashicos-leitura-capa-720x377.jpg 720w, https:\/\/benditoser.com.br\/wp-content\/uploads\/2021\/06\/terapias-oduz-registros-akashicos-leitura-capa-640x335.jpg 640w, https:\/\/benditoser.com.br\/wp-content\/uploads\/2021\/06\/terapias-oduz-registros-akashicos-leitura-capa-400x210.jpg 400w\" sizes=\"(max-width: 1080px) 100vw, 1080px\" \/><\/a>\n\t\t<\/figure>\n\t<\/div>\n<h3 style=\"color: #7993A4;text-align: left;font-family:Open Sans;font-weight:400;font-style:normal\" class=\"vc_custom_heading vc_do_custom_heading\" ><a href=\"https:\/\/benditoser.com.br\/en\/registros-akashicos\/\" title=\"Leitura de Registros Akashicos\">LEITURA DE REGISTROS AKASHICOS<\/a><\/h3><div class=\"vc_empty_space\"   style=\"height: 80px\"><span class=\"vc_empty_space_inner\"><\/span><\/div><\/div><\/div><\/div><div class=\"wpb_column vc_column_container vc_col-sm-3\"><div class=\"vc_column-inner\"><div class=\"wpb_wrapper\">\n\t<div  class=\"wpb_single_image wpb_content_element vc_align_center wpb_content_element wpb_animate_when_almost_visible wpb_top-to-bottom top-to-bottom\">\n\t\t\n\t\t<figure class=\"wpb_wrapper vc_figure\">\n\t\t\t<a href=\"https:\/\/benditoser.com.br\/en\/como-fazemos\/para-voce\/mesa-radionica-apometrica\/\" target=\"_self\" class=\"vc_single_image-wrapper   vc_box_border_grey\"><img loading=\"lazy\" decoding=\"async\" width=\"1080\" height=\"566\" src=\"https:\/\/benditoser.com.br\/wp-content\/uploads\/2021\/06\/terapias-oduz-radionica-mesa-capa.jpg\" class=\"vc_single_image-img attachment-full\" alt=\"\" title=\"terapias-oduz-radionica-mesa-capa\" srcset=\"https:\/\/benditoser.com.br\/wp-content\/uploads\/2021\/06\/terapias-oduz-radionica-mesa-capa.jpg 1080w, https:\/\/benditoser.com.br\/wp-content\/uploads\/2021\/06\/terapias-oduz-radionica-mesa-capa-300x157.jpg 300w, https:\/\/benditoser.com.br\/wp-content\/uploads\/2021\/06\/terapias-oduz-radionica-mesa-capa-600x314.jpg 600w, https:\/\/benditoser.com.br\/wp-content\/uploads\/2021\/06\/terapias-oduz-radionica-mesa-capa-1024x537.jpg 1024w, https:\/\/benditoser.com.br\/wp-content\/uploads\/2021\/06\/terapias-oduz-radionica-mesa-capa-768x402.jpg 768w, https:\/\/benditoser.com.br\/wp-content\/uploads\/2021\/06\/terapias-oduz-radionica-mesa-capa-720x377.jpg 720w, https:\/\/benditoser.com.br\/wp-content\/uploads\/2021\/06\/terapias-oduz-radionica-mesa-capa-640x335.jpg 640w, https:\/\/benditoser.com.br\/wp-content\/uploads\/2021\/06\/terapias-oduz-radionica-mesa-capa-400x210.jpg 400w\" sizes=\"(max-width: 1080px) 100vw, 1080px\" \/><\/a>\n\t\t<\/figure>\n\t<\/div>\n<h3 style=\"color: #7993A4;text-align: left;font-family:Open Sans;font-weight:400;font-style:normal\" class=\"vc_custom_heading vc_do_custom_heading\" ><a href=\"https:\/\/benditoser.com.br\/en\/como-fazemos\/para-voce\/mesa-radionica-apometrica\/\">MESA RADI\u00d4NICA APOM\u00c9TRICA<\/a><\/h3><div class=\"vc_empty_space\"   style=\"height: 80px\"><span class=\"vc_empty_space_inner\"><\/span><\/div><\/div><\/div><\/div><\/div><div class=\"vc_row wpb_row vc_row-fluid\"><div class=\"wpb_column vc_column_container vc_col-sm-12\"><div class=\"vc_column-inner\"><div class=\"wpb_wrapper\"><div class=\"vc_empty_space\"   style=\"height: 40px\"><span class=\"vc_empty_space_inner\"><\/span><\/div><div class=\"vc_empty_space\"   style=\"height: 40px\"><span class=\"vc_empty_space_inner\"><\/span><\/div><\/div><\/div><\/div><\/div><div class=\"vc_row wpb_row vc_row-fluid\"><div class=\"wpb_column vc_column_container vc_col-sm-3\"><div class=\"vc_column-inner\"><div class=\"wpb_wrapper\">\n\t<div  class=\"wpb_single_image wpb_content_element vc_align_center wpb_content_element wpb_animate_when_almost_visible wpb_top-to-bottom top-to-bottom\">\n\t\t\n\t\t<figure class=\"wpb_wrapper vc_figure\">\n\t\t\t<a href=\"https:\/\/benditoser.com.br\/en\/como-fazemos\/para-voce\/radiestesia-e-radionica\/\" target=\"_self\" class=\"vc_single_image-wrapper   vc_box_border_grey\"><img loading=\"lazy\" decoding=\"async\" width=\"1080\" height=\"566\" src=\"https:\/\/benditoser.com.br\/wp-content\/uploads\/2021\/06\/terapias-oduz-radiestesia-e-radionica-capa.jpg\" class=\"vc_single_image-img attachment-full\" alt=\"\" title=\"terapias-oduz-radiestesia-e-radionica-capa\" srcset=\"https:\/\/benditoser.com.br\/wp-content\/uploads\/2021\/06\/terapias-oduz-radiestesia-e-radionica-capa.jpg 1080w, https:\/\/benditoser.com.br\/wp-content\/uploads\/2021\/06\/terapias-oduz-radiestesia-e-radionica-capa-300x157.jpg 300w, https:\/\/benditoser.com.br\/wp-content\/uploads\/2021\/06\/terapias-oduz-radiestesia-e-radionica-capa-600x314.jpg 600w, https:\/\/benditoser.com.br\/wp-content\/uploads\/2021\/06\/terapias-oduz-radiestesia-e-radionica-capa-1024x537.jpg 1024w, https:\/\/benditoser.com.br\/wp-content\/uploads\/2021\/06\/terapias-oduz-radiestesia-e-radionica-capa-768x402.jpg 768w, https:\/\/benditoser.com.br\/wp-content\/uploads\/2021\/06\/terapias-oduz-radiestesia-e-radionica-capa-720x377.jpg 720w, https:\/\/benditoser.com.br\/wp-content\/uploads\/2021\/06\/terapias-oduz-radiestesia-e-radionica-capa-640x335.jpg 640w, https:\/\/benditoser.com.br\/wp-content\/uploads\/2021\/06\/terapias-oduz-radiestesia-e-radionica-capa-400x210.jpg 400w\" sizes=\"(max-width: 1080px) 100vw, 1080px\" \/><\/a>\n\t\t<\/figure>\n\t<\/div>\n<h3 style=\"color: #7993A4;text-align: left;font-family:Open Sans;font-weight:400;font-style:normal\" class=\"vc_custom_heading vc_do_custom_heading\" ><a href=\"https:\/\/benditoser.com.br\/en\/como-fazemos\/para-voce\/radiestesia-e-radionica\/\">RADIESTESIA E RADI\u00d4NICA<\/a><\/h3><div class=\"vc_empty_space\"   style=\"height: 80px\"><span class=\"vc_empty_space_inner\"><\/span><\/div><\/div><\/div><\/div><div class=\"wpb_column vc_column_container vc_col-sm-3\"><div class=\"vc_column-inner\"><div class=\"wpb_wrapper\">\n\t<div  class=\"wpb_single_image wpb_content_element vc_align_center wpb_content_element wpb_animate_when_almost_visible wpb_top-to-bottom top-to-bottom\">\n\t\t\n\t\t<figure class=\"wpb_wrapper vc_figure\">\n\t\t\t<a href=\"https:\/\/benditoser.com.br\/en\/como-fazemos\/para-voce\/terapia-dos-chakras\/\" target=\"_self\" class=\"vc_single_image-wrapper   vc_box_border_grey\"><img loading=\"lazy\" decoding=\"async\" width=\"1080\" height=\"566\" src=\"https:\/\/benditoser.com.br\/wp-content\/uploads\/2021\/06\/terapia-oduz-chakras-capa.jpg\" class=\"vc_single_image-img attachment-full\" alt=\"\" title=\"terapia-oduz-chakras-capa\" srcset=\"https:\/\/benditoser.com.br\/wp-content\/uploads\/2021\/06\/terapia-oduz-chakras-capa.jpg 1080w, https:\/\/benditoser.com.br\/wp-content\/uploads\/2021\/06\/terapia-oduz-chakras-capa-300x157.jpg 300w, https:\/\/benditoser.com.br\/wp-content\/uploads\/2021\/06\/terapia-oduz-chakras-capa-600x314.jpg 600w, https:\/\/benditoser.com.br\/wp-content\/uploads\/2021\/06\/terapia-oduz-chakras-capa-1024x537.jpg 1024w, https:\/\/benditoser.com.br\/wp-content\/uploads\/2021\/06\/terapia-oduz-chakras-capa-768x402.jpg 768w, https:\/\/benditoser.com.br\/wp-content\/uploads\/2021\/06\/terapia-oduz-chakras-capa-720x377.jpg 720w, https:\/\/benditoser.com.br\/wp-content\/uploads\/2021\/06\/terapia-oduz-chakras-capa-640x335.jpg 640w, https:\/\/benditoser.com.br\/wp-content\/uploads\/2021\/06\/terapia-oduz-chakras-capa-400x210.jpg 400w\" sizes=\"(max-width: 1080px) 100vw, 1080px\" \/><\/a>\n\t\t<\/figure>\n\t<\/div>\n<h3 style=\"color: #7993A4;text-align: left;font-family:Open Sans;font-weight:400;font-style:normal\" class=\"vc_custom_heading vc_do_custom_heading\" ><a href=\"https:\/\/benditoser.com.br\/en\/como-fazemos\/para-voce\/terapia-dos-chakras\/\">TERAPIA DOS CHAKRAS<\/a><\/h3><div class=\"vc_empty_space\"   style=\"height: 80px\"><span class=\"vc_empty_space_inner\"><\/span><\/div><\/div><\/div><\/div><div class=\"wpb_column vc_column_container vc_col-sm-3\"><div class=\"vc_column-inner\"><div class=\"wpb_wrapper\">\n\t<div  class=\"wpb_single_image wpb_content_element vc_align_center wpb_content_element wpb_animate_when_almost_visible wpb_top-to-bottom top-to-bottom\">\n\t\t\n\t\t<figure class=\"wpb_wrapper vc_figure\">\n\t\t\t<a href=\"https:\/\/benditoser.com.br\/en\/fitoenergetica-pessoal\/\" target=\"_self\" class=\"vc_single_image-wrapper   vc_box_border_grey\"><img loading=\"lazy\" decoding=\"async\" width=\"800\" height=\"419\" src=\"https:\/\/benditoser.com.br\/wp-content\/uploads\/2024\/11\/tratamento-fitoenergia-holistico-oduz.jpg\" class=\"vc_single_image-img attachment-full\" alt=\"\" title=\"tratamento-fitoenergia-holistico-oduz\" srcset=\"https:\/\/benditoser.com.br\/wp-content\/uploads\/2024\/11\/tratamento-fitoenergia-holistico-oduz.jpg 800w, https:\/\/benditoser.com.br\/wp-content\/uploads\/2024\/11\/tratamento-fitoenergia-holistico-oduz-300x157.jpg 300w, https:\/\/benditoser.com.br\/wp-content\/uploads\/2024\/11\/tratamento-fitoenergia-holistico-oduz-600x314.jpg 600w, https:\/\/benditoser.com.br\/wp-content\/uploads\/2024\/11\/tratamento-fitoenergia-holistico-oduz-768x402.jpg 768w, https:\/\/benditoser.com.br\/wp-content\/uploads\/2024\/11\/tratamento-fitoenergia-holistico-oduz-18x9.jpg 18w\" sizes=\"(max-width: 800px) 100vw, 800px\" \/><\/a>\n\t\t<\/figure>\n\t<\/div>\n<h3 style=\"color: #7993A4;text-align: left;font-family:Open Sans;font-weight:400;font-style:normal\" class=\"vc_custom_heading vc_do_custom_heading\" ><a href=\"https:\/\/benditoser.com.br\/en\/fitoenergetica-pessoal\/\" target=\"_blank\">FITOENERG\u00c9TICA<\/a><\/h3><div class=\"vc_empty_space\"   style=\"height: 80px\"><span class=\"vc_empty_space_inner\"><\/span><\/div><\/div><\/div><\/div><div class=\"wpb_column vc_column_container vc_col-sm-3\"><div class=\"vc_column-inner\"><div class=\"wpb_wrapper\"><\/div><\/div><\/div><\/div><div class=\"vc_row wpb_row vc_row-fluid\"><div class=\"wpb_column vc_column_container vc_col-sm-12\"><div class=\"vc_column-inner\"><div class=\"wpb_wrapper\"><div class=\"vc_empty_space\"   style=\"height: 20px\"><span class=\"vc_empty_space_inner\"><\/span><\/div><h2 style=\"color: #7993A4;text-align: center;font-family:ABeeZee;font-weight:400;font-style:normal\" class=\"vc_custom_heading vc_do_custom_heading\" >O Resultado<\/h2><div class=\"vc_empty_space\"   style=\"height: 20px\"><span class=\"vc_empty_space_inner\"><\/span><\/div>\n\t<div class=\"wpb_text_column wpb_content_element\" >\n\t\t<div class=\"wpb_wrapper\">\n\t\t\t<p style=\"text-align: center;\" data-start=\"2130\" data-end=\"2174\">Sensa\u00e7\u00e3o de leveza e reorganiza\u00e7\u00e3o interna.\u00a0Redu\u00e7\u00e3o de repeti\u00e7\u00f5es associadas a v\u00ednculos n\u00e3o integrados.<\/p>\n<h4 style=\"text-align: center;\" data-start=\"2240\" data-end=\"2267\">Maior clareza existencial<\/h4>\n<h4 style=\"text-align: center;\" data-start=\"2270\" data-end=\"2295\">Estabilidade energ\u00e9tica<\/h4>\n<h4 style=\"text-align: center;\" data-start=\"2298\" data-end=\"2337\">Expans\u00e3o de consci\u00eancia com estrutura<\/h4>\n<p style=\"text-align: center;\" data-start=\"2339\" data-end=\"2393\">A espiritualidade aqui n\u00e3o \u00e9 fuga. \u00c9 aprofundamento.<\/p>\n\n\t\t<\/div>\n\t<\/div>\n<div class=\"vc_empty_space\"   style=\"height: 60px\"><span class=\"vc_empty_space_inner\"><\/span><\/div><div class=\"vc_empty_space\"   style=\"height: 20px\"><span class=\"vc_empty_space_inner\"><\/span><\/div><\/div><\/div><\/div><\/div><div class=\"vc_row wpb_row vc_row-fluid\"><div class=\"wpb_column vc_column_container vc_col-sm-2\"><div class=\"vc_column-inner\"><div class=\"wpb_wrapper\"><\/div><\/div><\/div><div class=\"wpb_column vc_column_container vc_col-sm-4\"><div class=\"vc_column-inner\"><div class=\"wpb_wrapper\">\n\t<div  class=\"wpb_single_image wpb_content_element vc_align_center wpb_content_element wpb_animate_when_almost_visible wpb_top-to-bottom top-to-bottom\">\n\t\t\n\t\t<figure class=\"wpb_wrapper vc_figure\">\n\t\t\t<div class=\"vc_single_image-wrapper   vc_box_border_grey\"><img loading=\"lazy\" decoding=\"async\" width=\"1228\" height=\"1240\" src=\"https:\/\/benditoser.com.br\/wp-content\/uploads\/2026\/03\/imagem-terapeuta-paulo-vasconcelos-benditoser.jpg\" class=\"vc_single_image-img attachment-full\" alt=\"\" title=\"imagem-terapeuta-paulo-vasconcelos-benditoser\" srcset=\"https:\/\/benditoser.com.br\/wp-content\/uploads\/2026\/03\/imagem-terapeuta-paulo-vasconcelos-benditoser.jpg 1228w, https:\/\/benditoser.com.br\/wp-content\/uploads\/2026\/03\/imagem-terapeuta-paulo-vasconcelos-benditoser-297x300.jpg 297w, https:\/\/benditoser.com.br\/wp-content\/uploads\/2026\/03\/imagem-terapeuta-paulo-vasconcelos-benditoser-1014x1024.jpg 1014w, https:\/\/benditoser.com.br\/wp-content\/uploads\/2026\/03\/imagem-terapeuta-paulo-vasconcelos-benditoser-150x150.jpg 150w, https:\/\/benditoser.com.br\/wp-content\/uploads\/2026\/03\/imagem-terapeuta-paulo-vasconcelos-benditoser-768x776.jpg 768w, https:\/\/benditoser.com.br\/wp-content\/uploads\/2026\/03\/imagem-terapeuta-paulo-vasconcelos-benditoser-12x12.jpg 12w, https:\/\/benditoser.com.br\/wp-content\/uploads\/2026\/03\/imagem-terapeuta-paulo-vasconcelos-benditoser-300x303.jpg 300w, https:\/\/benditoser.com.br\/wp-content\/uploads\/2026\/03\/imagem-terapeuta-paulo-vasconcelos-benditoser-600x606.jpg 600w, https:\/\/benditoser.com.br\/wp-content\/uploads\/2026\/03\/imagem-terapeuta-paulo-vasconcelos-benditoser-100x100.jpg 100w\" sizes=\"(max-width: 1228px) 100vw, 1228px\" \/><\/div>\n\t\t<\/figure>\n\t<\/div>\n<\/div><\/div><\/div><div class=\"wpb_column vc_column_container vc_col-sm-4\"><div class=\"vc_column-inner\"><div class=\"wpb_wrapper\">\n\t<div class=\"wpb_text_column wpb_content_element\" >\n\t\t<div class=\"wpb_wrapper\">\n\t\t\t<h3 style=\"text-align: left;\"><span style=\"color: #d9a666;\">Terapeuta: Paulo Vasconcelos<\/span><\/h3>\n<p data-start=\"285\" data-end=\"353\">Criador do M\u00e9todo Cl\u00ednica do Invis\u00edvel<\/p>\n<p data-start=\"355\" data-end=\"430\">Atua na integra\u00e7\u00e3o entre base anal\u00edtica e amplia\u00e7\u00e3o espiritual estruturada.<\/p>\n<p data-start=\"432\" data-end=\"634\">Sua trajet\u00f3ria iniciou no campo espiritual e foi aprofundada por forma\u00e7\u00e3o cl\u00ednica, estruturando uma pr\u00e1tica que une investiga\u00e7\u00e3o rigorosa do inconsciente \u00e0 reorganiza\u00e7\u00e3o multidimensional da consci\u00eancia.<\/p>\n<h3 data-start=\"641\" data-end=\"653\">Forma\u00e7\u00e3o<\/h3>\n<p data-start=\"641\" data-end=\"653\">Forma\u00e7\u00e3o Superior em Pr\u00e1ticas Integrativas e Complementares de Sa\u00fade.<br \/>\nP\u00f3s-Gradua\u00e7\u00e3o em Psican\u00e1lise Cl\u00ednica<br \/>\nP\u00f3s-Graduando em Psicologia Anal\u00edtica Junguiana<\/p>\n<h3 data-start=\"641\" data-end=\"653\">Forma\u00e7\u00e3o Espiritual<\/h3>\n<p data-start=\"657\" data-end=\"727\">GEM, Grupo de Estudos e Trabalho Medi\u00fanico &#8211; GEPE;<br \/>\nApometria &#8211; terapeuta, dirigente de grupo e facilitador;<br \/>\nTeologia de Umbanda;<br \/>\nMitologia Afro-brasileira e Psicologia Anal\u00edtica;<\/p>\n\n\t\t<\/div>\n\t<\/div>\n<\/div><\/div><\/div><div class=\"wpb_column vc_column_container vc_col-sm-2\"><div class=\"vc_column-inner\"><div class=\"wpb_wrapper\"><\/div><\/div><\/div><\/div><div class=\"vc_row wpb_row vc_row-fluid\"><div class=\"wpb_column vc_column_container vc_col-sm-12\"><div class=\"vc_column-inner\"><div class=\"wpb_wrapper\"><div class=\"vc_empty_space\"   style=\"height: 40px\"><span class=\"vc_empty_space_inner\"><\/span><\/div>\n\t<div class=\"wpb_text_column wpb_content_element\" >\n\t\t<div class=\"wpb_wrapper\">\n\t\t\t<h4 style=\"text-align: center;\"><strong><span style=\"color: #808080;\">AGENDAR MINHA CONSULTA DE DIAGN\u00d3STICO<\/span><\/strong><\/h4>\n\n\t\t<\/div>\n\t<\/div>\n<div class=\"vc_icon_element vc_icon_element-outer vc_do_icon wpb_animate_when_almost_visible wpb_top-to-bottom top-to-bottom vc_icon_element-align-center vc_icon_element-have-style\"><div class=\"vc_icon_element-inner vc_icon_element-color-white vc_icon_element-have-style-inner vc_icon_element-size-xl vc_icon_element-style-rounded-less vc_icon_element-background vc_icon_element-background-color-orange\" ><span class=\"vc_icon_element-icon fab fa-whatsapp\" ><\/span><a class=\"vc_icon_element-link\" href=\"https:\/\/api.whatsapp.com\/send?phone=5585988486862\"  title=\"\" target=\"_blank\"><\/a><\/div><\/div><\/div><\/div><\/div><\/div>\n<\/div>","protected":false},"excerpt":{"rendered":"Quando a biografia n\u00e3o \u00e9 suficiente, o campo \u00e9 ampliado. Dimens\u00e3o Espiritual e de Continuidade A Cl\u00ednica do Invis\u00edvel parte da base ps\u00edquica. Mas h\u00e1 casos em que a intensidade do sintoma n\u00e3o encontra explica\u00e7\u00e3o suficiente na hist\u00f3ria pessoal. Nesses casos, a investiga\u00e7\u00e3o pode se [...]","protected":false},"author":2,"featured_media":0,"parent":0,"menu_order":0,"comment_status":"closed","ping_status":"closed","template":"","meta":{"om_disable_all_campaigns":false,"_monsterinsights_skip_tracking":false,"_uf_show_specific_survey":0,"_uf_disable_surveys":false,"footnotes":""},"class_list":["post-11716","page","type-page","status-publish","hentry"],"yoast_head":"<!-- This site is optimized with the Yoast SEO plugin v28.3 - https:\/\/yoast.com\/product\/yoast-seo-wordpress\/ -->\n<title>Apometria Integrativa - Benditoser<\/title>\n<meta name=\"description\" content=\"Amplia\u00e7\u00e3o da investiga\u00e7\u00e3o da consci\u00eancia quando a biografia n\u00e3o explica o sintoma, com abordagem espiritual estruturada.\" \/>\n<meta name=\"robots\" content=\"index, follow, max-snippet:-1, max-image-preview:large, max-video-preview:-1\" \/>\n<link rel=\"canonical\" href=\"https:\/\/benditoser.com.br\/en\/dimensao-espiritual\/\" \/>\n<meta property=\"og:locale\" content=\"en_US\" \/>\n<meta property=\"og:type\" content=\"article\" \/>\n<meta property=\"og:title\" content=\"Apometria Integrativa - Benditoser\" \/>\n<meta property=\"og:description\" content=\"Amplia\u00e7\u00e3o da investiga\u00e7\u00e3o da consci\u00eancia quando a biografia n\u00e3o explica o sintoma, com abordagem espiritual estruturada.\" \/>\n<meta property=\"og:url\" content=\"https:\/\/benditoser.com.br\/en\/dimensao-espiritual\/\" \/>\n<meta property=\"og:site_name\" content=\"Benditoser\" \/>\n<meta property=\"article:publisher\" content=\"https:\/\/www.facebook.com\/benditoser.com.br\" \/>\n<meta property=\"article:modified_time\" content=\"2026-03-04T18:53:52+00:00\" \/>\n<meta name=\"twitter:card\" content=\"summary_large_image\" \/>\n<meta name=\"twitter:label1\" content=\"Est. reading time\" \/>\n\t<meta name=\"twitter:data1\" content=\"3 minutes\" \/>\n<script type=\"application\/ld+json\" class=\"yoast-schema-graph\">{\"@context\":\"https:\\\/\\\/schema.org\",\"@graph\":[{\"@type\":\"WebPage\",\"@id\":\"https:\\\/\\\/benditoser.com.br\\\/dimensao-espiritual\\\/\",\"url\":\"https:\\\/\\\/benditoser.com.br\\\/dimensao-espiritual\\\/\",\"name\":\"Apometria Integrativa - Benditoser\",\"isPartOf\":{\"@id\":\"https:\\\/\\\/benditoser.com.br\\\/#website\"},\"datePublished\":\"2025-05-08T19:48:17+00:00\",\"dateModified\":\"2026-03-04T18:53:52+00:00\",\"description\":\"Amplia\u00e7\u00e3o da investiga\u00e7\u00e3o da consci\u00eancia quando a biografia n\u00e3o explica o sintoma, com abordagem espiritual estruturada.\",\"breadcrumb\":{\"@id\":\"https:\\\/\\\/benditoser.com.br\\\/dimensao-espiritual\\\/#breadcrumb\"},\"inLanguage\":\"en-US\",\"potentialAction\":[{\"@type\":\"ReadAction\",\"target\":[\"https:\\\/\\\/benditoser.com.br\\\/dimensao-espiritual\\\/\"]}]},{\"@type\":\"BreadcrumbList\",\"@id\":\"https:\\\/\\\/benditoser.com.br\\\/dimensao-espiritual\\\/#breadcrumb\",\"itemListElement\":[{\"@type\":\"ListItem\",\"position\":1,\"name\":\"In\u00edcio\",\"item\":\"https:\\\/\\\/benditoser.com.br\\\/\"},{\"@type\":\"ListItem\",\"position\":2,\"name\":\"Apometria Integrativa\"}]},{\"@type\":\"WebSite\",\"@id\":\"https:\\\/\\\/benditoser.com.br\\\/#website\",\"url\":\"https:\\\/\\\/benditoser.com.br\\\/\",\"name\":\"Benditoser\",\"description\":\"Terapias\",\"publisher\":{\"@id\":\"https:\\\/\\\/benditoser.com.br\\\/#organization\"},\"potentialAction\":[{\"@type\":\"SearchAction\",\"target\":{\"@type\":\"EntryPoint\",\"urlTemplate\":\"https:\\\/\\\/benditoser.com.br\\\/?s={search_term_string}\"},\"query-input\":{\"@type\":\"PropertyValueSpecification\",\"valueRequired\":true,\"valueName\":\"search_term_string\"}}],\"inLanguage\":\"en-US\"},{\"@type\":\"Organization\",\"@id\":\"https:\\\/\\\/benditoser.com.br\\\/#organization\",\"name\":\"Benditoser\",\"url\":\"https:\\\/\\\/benditoser.com.br\\\/\",\"logo\":{\"@type\":\"ImageObject\",\"inLanguage\":\"en-US\",\"@id\":\"https:\\\/\\\/benditoser.com.br\\\/#\\\/schema\\\/logo\\\/image\\\/\",\"url\":\"https:\\\/\\\/benditoser.com.br\\\/wp-content\\\/uploads\\\/2025\\\/05\\\/cropped-logo-bendito-ser-site.png\",\"contentUrl\":\"https:\\\/\\\/benditoser.com.br\\\/wp-content\\\/uploads\\\/2025\\\/05\\\/cropped-logo-bendito-ser-site.png\",\"width\":220,\"height\":44,\"caption\":\"Benditoser\"},\"image\":{\"@id\":\"https:\\\/\\\/benditoser.com.br\\\/#\\\/schema\\\/logo\\\/image\\\/\"},\"sameAs\":[\"https:\\\/\\\/www.facebook.com\\\/benditoser.com.br\",\"https:\\\/\\\/www.instagram.com\\\/benditoser.com.br\\\/\"]}]}<\/script>\n<!-- \/ Yoast SEO plugin. -->","yoast_head_json":{"title":"Apometria Integrativa - Benditoser","description":"Amplia\u00e7\u00e3o da investiga\u00e7\u00e3o da consci\u00eancia quando a biografia n\u00e3o explica o sintoma, com abordagem espiritual estruturada.","robots":{"index":"index","follow":"follow","max-snippet":"max-snippet:-1","max-image-preview":"max-image-preview:large","max-video-preview":"max-video-preview:-1"},"canonical":"https:\/\/benditoser.com.br\/en\/dimensao-espiritual\/","og_locale":"en_US","og_type":"article","og_title":"Apometria Integrativa - Benditoser","og_description":"Amplia\u00e7\u00e3o da investiga\u00e7\u00e3o da consci\u00eancia quando a biografia n\u00e3o explica o sintoma, com abordagem espiritual estruturada.","og_url":"https:\/\/benditoser.com.br\/en\/dimensao-espiritual\/","og_site_name":"Benditoser","article_publisher":"https:\/\/www.facebook.com\/benditoser.com.br","article_modified_time":"2026-03-04T18:53:52+00:00","twitter_card":"summary_large_image","twitter_misc":{"Est. reading time":"3 minutes"},"schema":{"@context":"https:\/\/schema.org","@graph":[{"@type":"WebPage","@id":"https:\/\/benditoser.com.br\/dimensao-espiritual\/","url":"https:\/\/benditoser.com.br\/dimensao-espiritual\/","name":"Apometria Integrativa - Benditoser","isPartOf":{"@id":"https:\/\/benditoser.com.br\/#website"},"datePublished":"2025-05-08T19:48:17+00:00","dateModified":"2026-03-04T18:53:52+00:00","description":"Amplia\u00e7\u00e3o da investiga\u00e7\u00e3o da consci\u00eancia quando a biografia n\u00e3o explica o sintoma, com abordagem espiritual estruturada.","breadcrumb":{"@id":"https:\/\/benditoser.com.br\/dimensao-espiritual\/#breadcrumb"},"inLanguage":"en-US","potentialAction":[{"@type":"ReadAction","target":["https:\/\/benditoser.com.br\/dimensao-espiritual\/"]}]},{"@type":"BreadcrumbList","@id":"https:\/\/benditoser.com.br\/dimensao-espiritual\/#breadcrumb","itemListElement":[{"@type":"ListItem","position":1,"name":"In\u00edcio","item":"https:\/\/benditoser.com.br\/"},{"@type":"ListItem","position":2,"name":"Apometria Integrativa"}]},{"@type":"WebSite","@id":"https:\/\/benditoser.com.br\/#website","url":"https:\/\/benditoser.com.br\/","name":"Benditoser","description":"Terapias","publisher":{"@id":"https:\/\/benditoser.com.br\/#organization"},"potentialAction":[{"@type":"SearchAction","target":{"@type":"EntryPoint","urlTemplate":"https:\/\/benditoser.com.br\/?s={search_term_string}"},"query-input":{"@type":"PropertyValueSpecification","valueRequired":true,"valueName":"search_term_string"}}],"inLanguage":"en-US"},{"@type":"Organization","@id":"https:\/\/benditoser.com.br\/#organization","name":"Benditoser","url":"https:\/\/benditoser.com.br\/","logo":{"@type":"ImageObject","inLanguage":"en-US","@id":"https:\/\/benditoser.com.br\/#\/schema\/logo\/image\/","url":"https:\/\/benditoser.com.br\/wp-content\/uploads\/2025\/05\/cropped-logo-bendito-ser-site.png","contentUrl":"https:\/\/benditoser.com.br\/wp-content\/uploads\/2025\/05\/cropped-logo-bendito-ser-site.png","width":220,"height":44,"caption":"Benditoser"},"image":{"@id":"https:\/\/benditoser.com.br\/#\/schema\/logo\/image\/"},"sameAs":["https:\/\/www.facebook.com\/benditoser.com.br","https:\/\/www.instagram.com\/benditoser.com.br\/"]}]}},"publishpress_future_action":{"enabled":false,"date":"2026-09-07 21:21:01","action":"change-status","newStatus":"draft","terms":[],"taxonomy":"","extraData":[]},"publishpress_future_workflow_manual_trigger":{"enabledWorkflows":[]},"_links":{"self":[{"href":"https:\/\/benditoser.com.br\/en\/wp-json\/wp\/v2\/pages\/11716","targetHints":{"allow":["GET"]}}],"collection":[{"href":"https:\/\/benditoser.com.br\/en\/wp-json\/wp\/v2\/pages"}],"about":[{"href":"https:\/\/benditoser.com.br\/en\/wp-json\/wp\/v2\/types\/page"}],"author":[{"embeddable":true,"href":"https:\/\/benditoser.com.br\/en\/wp-json\/wp\/v2\/users\/2"}],"replies":[{"embeddable":true,"href":"https:\/\/benditoser.com.br\/en\/wp-json\/wp\/v2\/comments?post=11716"}],"version-history":[{"count":27,"href":"https:\/\/benditoser.com.br\/en\/wp-json\/wp\/v2\/pages\/11716\/revisions"}],"predecessor-version":[{"id":13549,"href":"https:\/\/benditoser.com.br\/en\/wp-json\/wp\/v2\/pages\/11716\/revisions\/13549"}],"wp:attachment":[{"href":"https:\/\/benditoser.com.br\/en\/wp-json\/wp\/v2\/media?parent=11716"}],"curies":[{"name":"wp","href":"https:\/\/api.w.org\/{rel}","templated":true}]}}