{"id":13445,"date":"2025-05-25T21:47:03","date_gmt":"2025-05-26T00:47:03","guid":{"rendered":"https:\/\/oduz.etc.br\/?page_id=13445"},"modified":"2026-08-30T17:36:43","modified_gmt":"2026-08-30T20:36:43","slug":"sobre-nos","status":"publish","type":"page","link":"https:\/\/benditoser.com.br\/en\/sobre\/sobre-nos\/","title":{"rendered":"Sobre N\u00f3s"},"content":{"rendered":"<div class=\"wpb-content-wrapper\"><div class=\"vc_row wpb_row vc_row-fluid\"><div class=\"wpb_column vc_column_container vc_col-sm-12\"><div class=\"vc_column-inner\"><div class=\"wpb_wrapper\"><div class=\"vc_empty_space\"   style=\"height: 20px\"><span class=\"vc_empty_space_inner\"><\/span><\/div><h1 style=\"color: #7993A4;text-align: center;font-family:ABeeZee;font-weight:400;font-style:normal\" class=\"vc_custom_heading vc_do_custom_heading\" >Benditoser, Cl\u00ednica do Invis\u00edvel<\/h1><div class=\"vc_empty_space\"   style=\"height: 20px\"><span class=\"vc_empty_space_inner\"><\/span><\/div><div class=\"vc_empty_space\"   style=\"height: 20px\"><span class=\"vc_empty_space_inner\"><\/span><\/div>\n\t<div class=\"wpb_text_column wpb_content_element\" >\n\t\t<div class=\"wpb_wrapper\">\n\t\t\t<p style=\"text-align: center;\" data-start=\"379\" data-end=\"500\">O <strong data-start=\"381\" data-end=\"395\">Benditoser<\/strong> nasce da integra\u00e7\u00e3o entre investiga\u00e7\u00e3o ps\u00edquica estruturada e amplia\u00e7\u00e3o multidimensional da consci\u00eancia.<\/p>\n<p style=\"text-align: center;\" data-start=\"502\" data-end=\"651\">Atuamos no cuidado do ser humano considerando cinco dimens\u00f5es interdependentes: ps\u00edquica, espiritual, transgeracional, f\u00edsica-energ\u00e9tica e ambiental.<\/p>\n<p style=\"text-align: center;\" data-start=\"653\" data-end=\"707\">Aqui, o sintoma n\u00e3o \u00e9 silenciado.<br data-start=\"686\" data-end=\"689\" \/>Ele \u00e9 investigado.<\/p>\n<p style=\"text-align: center;\" data-start=\"709\" data-end=\"771\">N\u00e3o trabalhamos apenas eventos isolados \u2014 trabalhamos padr\u00f5es.<\/p>\n\n\t\t<\/div>\n\t<\/div>\n<\/div><\/div><\/div><\/div><div class=\"vc_row wpb_row vc_row-fluid\"><div class=\"wpb_column vc_column_container vc_col-sm-12\"><div class=\"vc_column-inner\"><div class=\"wpb_wrapper\"><div class=\"vc_empty_space\"   style=\"height: 30px\"><span class=\"vc_empty_space_inner\"><\/span><\/div><h2 style=\"color: #7993A4;text-align: center;font-family:ABeeZee;font-weight:400;font-style:normal\" class=\"vc_custom_heading vc_do_custom_heading\" >Nossa Base<\/h2><div class=\"vc_empty_space\"   style=\"height: 20px\"><span class=\"vc_empty_space_inner\"><\/span><\/div>\n\t<div class=\"wpb_text_column wpb_content_element\" >\n\t\t<div class=\"wpb_wrapper\">\n\t\t\t<p style=\"text-align: center;\">O m\u00e9todo foi estruturado por <strong data-start=\"822\" data-end=\"863\"><span class=\"hover:entity-accent entity-underline inline cursor-pointer align-baseline\"><span class=\"whitespace-normal\">Paulo Vasconcelos<\/span><\/span><\/strong>, terapeuta integrativo, p\u00f3s-graduado em Psican\u00e1lise Cl\u00ednica e p\u00f3s-graduando em Psicologia Anal\u00edtica.<\/p>\n<p style=\"text-align: center;\">A proposta integra:<\/p>\n<h4 style=\"text-align: center;\" data-start=\"989\" data-end=\"1014\">Base anal\u00edtica rigorosa<\/h4>\n<h4 style=\"text-align: center;\" data-start=\"1017\" data-end=\"1050\">Leitura simb\u00f3lica e arquet\u00edpica<\/h4>\n<h4 style=\"text-align: center;\" data-start=\"1053\" data-end=\"1098\">T\u00e9cnicas energ\u00e9ticas aplicadas com crit\u00e9rio<\/h4>\n<h4 style=\"text-align: center;\" data-start=\"1101\" data-end=\"1131\">Investiga\u00e7\u00e3o transgeracional<\/h4>\n<h4 style=\"text-align: center;\" data-start=\"1134\" data-end=\"1189\">Organiza\u00e7\u00e3o ambiental como extens\u00e3o do campo ps\u00edquico<\/h4>\n<p style=\"text-align: center;\">Sem v\u00ednculo religioso. Sem dogma. Com responsabilidade t\u00e9cnica.<\/p>\n\n\t\t<\/div>\n\t<\/div>\n<div class=\"vc_empty_space\"   style=\"height: 50px\"><span class=\"vc_empty_space_inner\"><\/span><\/div><div class=\"vc_empty_space\"   style=\"height: 20px\"><span class=\"vc_empty_space_inner\"><\/span><\/div><\/div><\/div><\/div><\/div><div class=\"vc_row wpb_row vc_row-fluid\"><div class=\"wpb_column vc_column_container vc_col-sm-12\"><div class=\"vc_column-inner\"><div class=\"wpb_wrapper\"><h2 style=\"color: #7993A4;text-align: center;font-family:ABeeZee;font-weight:400;font-style:normal\" class=\"vc_custom_heading vc_do_custom_heading\" >Nosso Diferencial<\/h2><div class=\"vc_empty_space\"   style=\"height: 20px\"><span class=\"vc_empty_space_inner\"><\/span><\/div>\n\t<div class=\"wpb_text_column wpb_content_element\" >\n\t\t<div class=\"wpb_wrapper\">\n\t\t\t<p style=\"text-align: center;\">Integra\u00e7\u00e3o real entre:<\/p>\n<h4 style=\"text-align: center;\" data-start=\"1313\" data-end=\"1343\">Investiga\u00e7\u00e3o do inconsciente<\/h4>\n<h4 style=\"text-align: center;\" data-start=\"1346\" data-end=\"1384\">Reorganiza\u00e7\u00e3o energ\u00e9tica estruturada<\/h4>\n<h4 style=\"text-align: center;\" data-start=\"1387\" data-end=\"1434\">Interrup\u00e7\u00e3o de padr\u00f5es familiares repetitivos<\/h4>\n<h4 style=\"text-align: center;\" data-start=\"1437\" data-end=\"1463\">Alinhamento bio-som\u00e1tico<\/h4>\n<h4 style=\"text-align: center;\" data-start=\"1466\" data-end=\"1501\">Harmoniza\u00e7\u00e3o ambiental consciente<\/h4>\n<p style=\"text-align: center;\">Cada processo \u00e9 individualizado.\u00a0N\u00e3o aplicamos protocolos padronizados.<br data-start=\"1575\" data-end=\"1578\" \/>Aplicamos diagn\u00f3stico.<\/p>\n\n\t\t<\/div>\n\t<\/div>\n<div class=\"vc_empty_space\"   style=\"height: 50px\"><span class=\"vc_empty_space_inner\"><\/span><\/div><div class=\"vc_empty_space\"   style=\"height: 20px\"><span class=\"vc_empty_space_inner\"><\/span><\/div><\/div><\/div><\/div><\/div><div class=\"vc_row wpb_row vc_row-fluid\"><div class=\"wpb_column vc_column_container vc_col-sm-12\"><div class=\"vc_column-inner\"><div class=\"wpb_wrapper\"><h2 style=\"color: #7993A4;text-align: center;font-family:ABeeZee;font-weight:400;font-style:normal\" class=\"vc_custom_heading vc_do_custom_heading\" >Nosso Prop\u00f3sito<\/h2><div class=\"vc_empty_space\"   style=\"height: 20px\"><span class=\"vc_empty_space_inner\"><\/span><\/div>\n\t<div class=\"wpb_text_column wpb_content_element\" >\n\t\t<div class=\"wpb_wrapper\">\n\t\t\t<p style=\"text-align: center;\">Oferecer um espa\u00e7o t\u00e9cnico e seguro para:<\/p>\n<h4 style=\"text-align: center;\" data-start=\"1672\" data-end=\"1715\">Tornar consciente o que atua no invis\u00edvel<\/h4>\n<h4 style=\"text-align: center;\" data-start=\"1718\" data-end=\"1742\">Interromper repeti\u00e7\u00f5es<\/h4>\n<h4 style=\"text-align: center;\" data-start=\"1745\" data-end=\"1778\">Reorganizar estruturas internas<\/h4>\n<h4 style=\"text-align: center;\" data-start=\"1781\" data-end=\"1798\">Gerar autonomia<\/h4>\n<p style=\"text-align: center;\">Trabalhamos para que a pessoa n\u00e3o dependa do processo \u2014 mas se fortale\u00e7a atrav\u00e9s dele.<\/p>\n\n\t\t<\/div>\n\t<\/div>\n<div class=\"vc_empty_space\"   style=\"height: 50px\"><span class=\"vc_empty_space_inner\"><\/span><\/div><div class=\"vc_empty_space\"   style=\"height: 20px\"><span class=\"vc_empty_space_inner\"><\/span><\/div><\/div><\/div><\/div><\/div><div class=\"vc_row wpb_row vc_row-fluid\"><div class=\"wpb_column vc_column_container vc_col-sm-12\"><div class=\"vc_column-inner\"><div class=\"wpb_wrapper\"><h2 style=\"color: #7993A4;text-align: center;font-family:ABeeZee;font-weight:400;font-style:normal\" class=\"vc_custom_heading vc_do_custom_heading\" >Valores<\/h2><div class=\"vc_empty_space\"   style=\"height: 20px\"><span class=\"vc_empty_space_inner\"><\/span><\/div>\n\t<div class=\"wpb_text_column wpb_content_element\" >\n\t\t<div class=\"wpb_wrapper\">\n\t\t\t<p style=\"text-align: center;\" data-start=\"1905\" data-end=\"1978\"><strong data-start=\"1905\" data-end=\"1914\">\u00c9tica<\/strong><br data-start=\"1914\" data-end=\"1917\" \/>Respeito absoluto \u00e0 hist\u00f3ria e aos limites de cada indiv\u00edduo.<\/p>\n<p style=\"text-align: center;\" data-start=\"1980\" data-end=\"2068\"><strong data-start=\"1980\" data-end=\"1997\">Rigor T\u00e9cnico<\/strong><br data-start=\"1997\" data-end=\"2000\" \/>Integra\u00e7\u00e3o entre base anal\u00edtica e pr\u00e1ticas energ\u00e9ticas com crit\u00e9rio.<\/p>\n<p style=\"text-align: center;\" data-start=\"2070\" data-end=\"2134\"><strong data-start=\"2070\" data-end=\"2093\">Liberdade de Cren\u00e7a<\/strong><br data-start=\"2093\" data-end=\"2096\" \/>Sem imposi\u00e7\u00e3o espiritual ou religiosa.<\/p>\n<p style=\"text-align: center;\" data-start=\"2136\" data-end=\"2194\"><strong data-start=\"2136\" data-end=\"2154\">Personaliza\u00e7\u00e3o<\/strong><br data-start=\"2154\" data-end=\"2157\" \/>Cada caso exige investiga\u00e7\u00e3o pr\u00f3pria.<\/p>\n<p style=\"text-align: center;\" data-start=\"2196\" data-end=\"2258\"><strong data-start=\"2196\" data-end=\"2209\">Autonomia<\/strong><br data-start=\"2209\" data-end=\"2212\" \/>O objetivo \u00e9 fortalecimento \u2014 n\u00e3o depend\u00eancia.<\/p>\n\n\t\t<\/div>\n\t<\/div>\n<div class=\"vc_empty_space\"   style=\"height: 50px\"><span class=\"vc_empty_space_inner\"><\/span><\/div><div class=\"vc_empty_space\"   style=\"height: 20px\"><span class=\"vc_empty_space_inner\"><\/span><\/div><\/div><\/div><\/div><\/div><div class=\"vc_row wpb_row vc_row-fluid\"><div class=\"wpb_column vc_column_container vc_col-sm-12\"><div class=\"vc_column-inner\"><div class=\"wpb_wrapper\"><div class=\"vc_empty_space\"   style=\"height: 80px\"><span class=\"vc_empty_space_inner\"><\/span><\/div><h2 style=\"color: #7993A4;text-align: center;font-family:ABeeZee;font-weight:400;font-style:normal\" class=\"vc_custom_heading vc_do_custom_heading\" >Quem Somos<\/h2><div class=\"vc_empty_space\"   style=\"height: 80px\"><span class=\"vc_empty_space_inner\"><\/span><\/div><\/div><\/div><\/div><\/div><div class=\"vc_row wpb_row vc_row-fluid\"><div class=\"wpb_column vc_column_container vc_col-sm-4\"><div class=\"vc_column-inner\"><div class=\"wpb_wrapper\"><h3 style=\"font-size: 22px;color: #494949;line-height: 1;text-align: center;font-family:ABeeZee;font-weight:400;font-style:normal\" class=\"vc_custom_heading vc_do_custom_heading\" ><a href=\"https:\/\/benditoser.com.br\/en\/sobre\/quem-criou\/\">Paulo Vasconcelos<\/a><\/h3>\n\t<div  class=\"wpb_single_image wpb_content_element vc_align_center wpb_content_element wpb_animate_when_almost_visible wpb_top-to-bottom top-to-bottom\">\n\t\t\n\t\t<figure class=\"wpb_wrapper vc_figure\">\n\t\t\t<a href=\"https:\/\/benditoser.com.br\/en\/sobre\/quem-criou\/\" target=\"_self\" class=\"vc_single_image-wrapper   vc_box_border_grey\"><img fetchpriority=\"high\" decoding=\"async\" width=\"1228\" height=\"1240\" src=\"https:\/\/benditoser.com.br\/wp-content\/uploads\/2026\/03\/imagem-terapeuta-paulo-vasconcelos-benditoser.jpg\" class=\"vc_single_image-img attachment-full\" alt=\"\" title=\"imagem-terapeuta-paulo-vasconcelos-benditoser\" srcset=\"https:\/\/benditoser.com.br\/wp-content\/uploads\/2026\/03\/imagem-terapeuta-paulo-vasconcelos-benditoser.jpg 1228w, https:\/\/benditoser.com.br\/wp-content\/uploads\/2026\/03\/imagem-terapeuta-paulo-vasconcelos-benditoser-297x300.jpg 297w, https:\/\/benditoser.com.br\/wp-content\/uploads\/2026\/03\/imagem-terapeuta-paulo-vasconcelos-benditoser-1014x1024.jpg 1014w, https:\/\/benditoser.com.br\/wp-content\/uploads\/2026\/03\/imagem-terapeuta-paulo-vasconcelos-benditoser-150x150.jpg 150w, https:\/\/benditoser.com.br\/wp-content\/uploads\/2026\/03\/imagem-terapeuta-paulo-vasconcelos-benditoser-768x776.jpg 768w, https:\/\/benditoser.com.br\/wp-content\/uploads\/2026\/03\/imagem-terapeuta-paulo-vasconcelos-benditoser-12x12.jpg 12w, https:\/\/benditoser.com.br\/wp-content\/uploads\/2026\/03\/imagem-terapeuta-paulo-vasconcelos-benditoser-300x303.jpg 300w, https:\/\/benditoser.com.br\/wp-content\/uploads\/2026\/03\/imagem-terapeuta-paulo-vasconcelos-benditoser-600x606.jpg 600w, https:\/\/benditoser.com.br\/wp-content\/uploads\/2026\/03\/imagem-terapeuta-paulo-vasconcelos-benditoser-100x100.jpg 100w\" sizes=\"(max-width: 1228px) 100vw, 1228px\" \/><\/a>\n\t\t<\/figure>\n\t<\/div>\n<h3 style=\"font-size: 25px;color: #D9A666;line-height: 1,2;text-align: center;font-family:Open Sans;font-weight:400;font-style:normal\" class=\"vc_custom_heading vc_do_custom_heading\" >Dimens\u00f5es Ps\u00edquica, Espiritual e Transgeracional<\/h3><div class=\"vc_empty_space\"   style=\"height: 10px\"><span class=\"vc_empty_space_inner\"><\/span><\/div>\n\t<div class=\"wpb_text_column wpb_content_element vc_custom_1772652021427\" >\n\t\t<div class=\"wpb_wrapper\">\n\t\t\t<p style=\"text-align: center;\">Terapeuta Integrativo.<br \/>\nP\u00f3s-graduado em Psican\u00e1lise Cl\u00ednica.<br \/>\nP\u00f3s-graduando em Psicologia Anal\u00edtica (Junguiana).<\/p>\n<p style=\"text-align: center;\">Respons\u00e1vel pela estrutura metodol\u00f3gica da Cl\u00ednica do Invis\u00edvel.<\/p>\n\n\t\t<\/div>\n\t<\/div>\n<div class=\"vc_empty_space\"   style=\"height: 90px\"><span class=\"vc_empty_space_inner\"><\/span><\/div><\/div><\/div><\/div><div class=\"wpb_column vc_column_container vc_col-sm-4\"><div class=\"vc_column-inner\"><div class=\"wpb_wrapper\"><h3 style=\"font-size: 22px;color: #494949;line-height: 1;text-align: center;font-family:ABeeZee;font-weight:400;font-style:normal\" class=\"vc_custom_heading vc_do_custom_heading\" ><a href=\"https:\/\/benditoser.com.br\/en\/sobre\/terapeutas\/larissa-soares\/\">Larissa Soares<\/a><\/h3><div class=\"vc_empty_space\"   style=\"height: 10px\"><span class=\"vc_empty_space_inner\"><\/span><\/div>\n\t<div  class=\"wpb_single_image wpb_content_element vc_align_center wpb_content_element wpb_animate_when_almost_visible wpb_top-to-bottom top-to-bottom\">\n\t\t\n\t\t<figure class=\"wpb_wrapper vc_figure\">\n\t\t\t<a href=\"https:\/\/benditoser.com.br\/en\/sobre\/terapeutas\/larissa-soares\/\" target=\"_self\" class=\"vc_single_image-wrapper   vc_box_border_grey\"><img decoding=\"async\" width=\"1400\" height=\"1400\" src=\"https:\/\/benditoser.com.br\/wp-content\/uploads\/2026\/03\/imagem-terapeuta-larissa-soares.jpg\" class=\"vc_single_image-img attachment-full\" alt=\"\" title=\"imagem-terapeuta-larissa-soares\" srcset=\"https:\/\/benditoser.com.br\/wp-content\/uploads\/2026\/03\/imagem-terapeuta-larissa-soares.jpg 1400w, https:\/\/benditoser.com.br\/wp-content\/uploads\/2026\/03\/imagem-terapeuta-larissa-soares-300x300.jpg 300w, https:\/\/benditoser.com.br\/wp-content\/uploads\/2026\/03\/imagem-terapeuta-larissa-soares-1024x1024.jpg 1024w, https:\/\/benditoser.com.br\/wp-content\/uploads\/2026\/03\/imagem-terapeuta-larissa-soares-150x150.jpg 150w, https:\/\/benditoser.com.br\/wp-content\/uploads\/2026\/03\/imagem-terapeuta-larissa-soares-768x768.jpg 768w, https:\/\/benditoser.com.br\/wp-content\/uploads\/2026\/03\/imagem-terapeuta-larissa-soares-12x12.jpg 12w, https:\/\/benditoser.com.br\/wp-content\/uploads\/2026\/03\/imagem-terapeuta-larissa-soares-600x600.jpg 600w, https:\/\/benditoser.com.br\/wp-content\/uploads\/2026\/03\/imagem-terapeuta-larissa-soares-100x100.jpg 100w\" sizes=\"(max-width: 1400px) 100vw, 1400px\" \/><\/a>\n\t\t<\/figure>\n\t<\/div>\n<h3 style=\"font-size: 25px;color: #D9A666;line-height: 1,2;text-align: center;font-family:Open Sans;font-weight:400;font-style:normal\" class=\"vc_custom_heading vc_do_custom_heading\" ><a href=\"https:\/\/benditoser.com.br\/en\/sobre\/terapeutas\/larissa-soares\/\">Dimens\u00e3o Ambiental<\/a><\/h3>\n\t<div class=\"wpb_text_column wpb_content_element vc_custom_1772652069357\" >\n\t\t<div class=\"wpb_wrapper\">\n\t\t\t<p style=\"text-align: center;\">Arquiteta e Urbanista.<br \/>\nEspecialista em Gest\u00e3o de Projetos.<br \/>\nP\u00f3s-graduada em Psican\u00e1lise Cl\u00ednica.<\/p>\n<p style=\"text-align: center;\">Atua na integra\u00e7\u00e3o entre arquitetura, geobiologia e organiza\u00e7\u00e3o energ\u00e9tica de espa\u00e7os.<\/p>\n\n\t\t<\/div>\n\t<\/div>\n<div class=\"vc_empty_space\"   style=\"height: 90px\"><span class=\"vc_empty_space_inner\"><\/span><\/div><\/div><\/div><\/div><div class=\"wpb_column vc_column_container vc_col-sm-4\"><div class=\"vc_column-inner\"><div class=\"wpb_wrapper\"><h3 style=\"font-size: 22px;color: #494949;line-height: 1;text-align: center;font-family:ABeeZee;font-weight:400;font-style:normal\" class=\"vc_custom_heading vc_do_custom_heading\" ><a href=\"https:\/\/benditoser.com.br\/en\/sobre\/terapeutas\/angela-vasconcelos\/\">Angela Vasconcelos<\/a><\/h3>\n\t<div  class=\"wpb_single_image wpb_content_element vc_align_center wpb_content_element wpb_animate_when_almost_visible wpb_top-to-bottom top-to-bottom\">\n\t\t\n\t\t<figure class=\"wpb_wrapper vc_figure\">\n\t\t\t<a href=\"https:\/\/benditoser.com.br\/en\/sobre\/terapeutas\/angela-vasconcelos\/\" target=\"_self\" class=\"vc_single_image-wrapper   vc_box_border_grey\"><img decoding=\"async\" width=\"1600\" height=\"1600\" src=\"https:\/\/benditoser.com.br\/wp-content\/uploads\/2026\/03\/imagem-terapeuta-angela-vasconcelos.jpg\" class=\"vc_single_image-img attachment-full\" alt=\"\" title=\"imagem-terapeuta-angela-vasconcelos\" srcset=\"https:\/\/benditoser.com.br\/wp-content\/uploads\/2026\/03\/imagem-terapeuta-angela-vasconcelos.jpg 1600w, https:\/\/benditoser.com.br\/wp-content\/uploads\/2026\/03\/imagem-terapeuta-angela-vasconcelos-300x300.jpg 300w, https:\/\/benditoser.com.br\/wp-content\/uploads\/2026\/03\/imagem-terapeuta-angela-vasconcelos-1024x1024.jpg 1024w, https:\/\/benditoser.com.br\/wp-content\/uploads\/2026\/03\/imagem-terapeuta-angela-vasconcelos-150x150.jpg 150w, https:\/\/benditoser.com.br\/wp-content\/uploads\/2026\/03\/imagem-terapeuta-angela-vasconcelos-768x768.jpg 768w, https:\/\/benditoser.com.br\/wp-content\/uploads\/2026\/03\/imagem-terapeuta-angela-vasconcelos-1536x1536.jpg 1536w, https:\/\/benditoser.com.br\/wp-content\/uploads\/2026\/03\/imagem-terapeuta-angela-vasconcelos-12x12.jpg 12w, https:\/\/benditoser.com.br\/wp-content\/uploads\/2026\/03\/imagem-terapeuta-angela-vasconcelos-600x600.jpg 600w, https:\/\/benditoser.com.br\/wp-content\/uploads\/2026\/03\/imagem-terapeuta-angela-vasconcelos-100x100.jpg 100w\" sizes=\"(max-width: 1600px) 100vw, 1600px\" \/><\/a>\n\t\t<\/figure>\n\t<\/div>\n<h3 style=\"font-size: 25px;color: #D9A666;line-height: 1,2;text-align: center;font-family:Open Sans;font-weight:400;font-style:normal\" class=\"vc_custom_heading vc_do_custom_heading\" ><a href=\"https:\/\/benditoser.com.br\/en\/sobre\/terapeutas\/angela-vasconcelos\/\">Dimens\u00e3o F\u00edsica e Energ\u00e9tica<\/a><\/h3><div class=\"vc_empty_space\"   style=\"height: 10px\"><span class=\"vc_empty_space_inner\"><\/span><\/div>\n\t<div class=\"wpb_text_column wpb_content_element\" >\n\t\t<div class=\"wpb_wrapper\">\n\t\t\t<p style=\"text-align: center;\">Terapeuta Corporal.<br \/>\nP\u00f3s-graduada em Psican\u00e1lise Cl\u00ednica.<\/p>\n<p style=\"text-align: center;\">Especialista em reorganiza\u00e7\u00e3o bio-som\u00e1tica e estabiliza\u00e7\u00e3o do campo vital.<\/p>\n\n\t\t<\/div>\n\t<\/div>\n<\/div><\/div><\/div><\/div><div class=\"wpb_column vc_column_container vc_col-sm-12\"><div class=\"vc_column-inner\"><div class=\"wpb_wrapper\"><\/div><\/div><\/div>\n<\/div>","protected":false},"excerpt":{"rendered":"Benditoser, Cl\u00ednica do Invis\u00edvel O Benditoser nasce da integra\u00e7\u00e3o entre investiga\u00e7\u00e3o ps\u00edquica estruturada e amplia\u00e7\u00e3o multidimensional da consci\u00eancia. Atuamos no cuidado do ser humano considerando cinco dimens\u00f5es interdependentes: ps\u00edquica, espiritual, transgeracional, f\u00edsica-energ\u00e9tica e ambiental. Aqui, o sintoma n\u00e3o \u00e9 silenciado.Ele \u00e9 investigado. N\u00e3o trabalhamos apenas [...]","protected":false},"author":2,"featured_media":0,"parent":274,"menu_order":0,"comment_status":"closed","ping_status":"closed","template":"","meta":{"om_disable_all_campaigns":false,"_monsterinsights_skip_tracking":false,"_uf_show_specific_survey":0,"_uf_disable_surveys":false,"footnotes":""},"class_list":["post-13445","page","type-page","status-publish","hentry"],"yoast_head":"<!-- This site is optimized with the Yoast SEO plugin v28.3 - https:\/\/yoast.com\/product\/yoast-seo-wordpress\/ -->\n<title>Sobre N\u00f3s - Benditoser<\/title>\n<meta name=\"description\" content=\"O Benditoser nasce da integra\u00e7\u00e3o entre investiga\u00e7\u00e3o ps\u00edquica estruturada e amplia\u00e7\u00e3o multidimensional da consci\u00eancia.\" \/>\n<meta name=\"robots\" content=\"index, follow, max-snippet:-1, max-image-preview:large, max-video-preview:-1\" \/>\n<link rel=\"canonical\" href=\"https:\/\/benditoser.com.br\/en\/sobre\/sobre-nos\/\" \/>\n<meta property=\"og:locale\" content=\"en_US\" \/>\n<meta property=\"og:type\" content=\"article\" \/>\n<meta property=\"og:title\" content=\"Sobre N\u00f3s - Benditoser\" \/>\n<meta property=\"og:description\" content=\"O Benditoser nasce da integra\u00e7\u00e3o entre investiga\u00e7\u00e3o ps\u00edquica estruturada e amplia\u00e7\u00e3o multidimensional da consci\u00eancia.\" \/>\n<meta property=\"og:url\" content=\"https:\/\/benditoser.com.br\/en\/sobre\/sobre-nos\/\" \/>\n<meta property=\"og:site_name\" content=\"Benditoser\" \/>\n<meta property=\"article:publisher\" content=\"https:\/\/www.facebook.com\/benditoser.com.br\" \/>\n<meta property=\"article:modified_time\" content=\"2026-08-30T20:36:43+00:00\" \/>\n<meta name=\"twitter:card\" content=\"summary_large_image\" \/>\n<meta name=\"twitter:label1\" content=\"Est. reading time\" \/>\n\t<meta name=\"twitter:data1\" content=\"2 minutes\" \/>\n<script type=\"application\/ld+json\" class=\"yoast-schema-graph\">{\"@context\":\"https:\\\/\\\/schema.org\",\"@graph\":[{\"@type\":\"WebPage\",\"@id\":\"https:\\\/\\\/benditoser.com.br\\\/sobre\\\/sobre-nos\\\/\",\"url\":\"https:\\\/\\\/benditoser.com.br\\\/sobre\\\/sobre-nos\\\/\",\"name\":\"Sobre N\u00f3s - Benditoser\",\"isPartOf\":{\"@id\":\"https:\\\/\\\/benditoser.com.br\\\/#website\"},\"datePublished\":\"2025-05-26T00:47:03+00:00\",\"dateModified\":\"2026-08-30T20:36:43+00:00\",\"description\":\"O Benditoser nasce da integra\u00e7\u00e3o entre investiga\u00e7\u00e3o ps\u00edquica estruturada e amplia\u00e7\u00e3o multidimensional da consci\u00eancia.\",\"breadcrumb\":{\"@id\":\"https:\\\/\\\/benditoser.com.br\\\/sobre\\\/sobre-nos\\\/#breadcrumb\"},\"inLanguage\":\"en-US\",\"potentialAction\":[{\"@type\":\"ReadAction\",\"target\":[\"https:\\\/\\\/benditoser.com.br\\\/sobre\\\/sobre-nos\\\/\"]}]},{\"@type\":\"BreadcrumbList\",\"@id\":\"https:\\\/\\\/benditoser.com.br\\\/sobre\\\/sobre-nos\\\/#breadcrumb\",\"itemListElement\":[{\"@type\":\"ListItem\",\"position\":1,\"name\":\"In\u00edcio\",\"item\":\"https:\\\/\\\/benditoser.com.br\\\/\"},{\"@type\":\"ListItem\",\"position\":2,\"name\":\"sobre\",\"item\":\"https:\\\/\\\/benditoser.com.br\\\/sobre\\\/\"},{\"@type\":\"ListItem\",\"position\":3,\"name\":\"Sobre N\u00f3s\"}]},{\"@type\":\"WebSite\",\"@id\":\"https:\\\/\\\/benditoser.com.br\\\/#website\",\"url\":\"https:\\\/\\\/benditoser.com.br\\\/\",\"name\":\"Benditoser\",\"description\":\"Terapias\",\"publisher\":{\"@id\":\"https:\\\/\\\/benditoser.com.br\\\/#organization\"},\"potentialAction\":[{\"@type\":\"SearchAction\",\"target\":{\"@type\":\"EntryPoint\",\"urlTemplate\":\"https:\\\/\\\/benditoser.com.br\\\/?s={search_term_string}\"},\"query-input\":{\"@type\":\"PropertyValueSpecification\",\"valueRequired\":true,\"valueName\":\"search_term_string\"}}],\"inLanguage\":\"en-US\"},{\"@type\":\"Organization\",\"@id\":\"https:\\\/\\\/benditoser.com.br\\\/#organization\",\"name\":\"Benditoser\",\"url\":\"https:\\\/\\\/benditoser.com.br\\\/\",\"logo\":{\"@type\":\"ImageObject\",\"inLanguage\":\"en-US\",\"@id\":\"https:\\\/\\\/benditoser.com.br\\\/#\\\/schema\\\/logo\\\/image\\\/\",\"url\":\"https:\\\/\\\/benditoser.com.br\\\/wp-content\\\/uploads\\\/2025\\\/05\\\/cropped-logo-bendito-ser-site.png\",\"contentUrl\":\"https:\\\/\\\/benditoser.com.br\\\/wp-content\\\/uploads\\\/2025\\\/05\\\/cropped-logo-bendito-ser-site.png\",\"width\":220,\"height\":44,\"caption\":\"Benditoser\"},\"image\":{\"@id\":\"https:\\\/\\\/benditoser.com.br\\\/#\\\/schema\\\/logo\\\/image\\\/\"},\"sameAs\":[\"https:\\\/\\\/www.facebook.com\\\/benditoser.com.br\",\"https:\\\/\\\/www.instagram.com\\\/benditoser.com.br\\\/\"]}]}<\/script>\n<!-- \/ Yoast SEO plugin. -->","yoast_head_json":{"title":"Sobre N\u00f3s - Benditoser","description":"O Benditoser nasce da integra\u00e7\u00e3o entre investiga\u00e7\u00e3o ps\u00edquica estruturada e amplia\u00e7\u00e3o multidimensional da consci\u00eancia.","robots":{"index":"index","follow":"follow","max-snippet":"max-snippet:-1","max-image-preview":"max-image-preview:large","max-video-preview":"max-video-preview:-1"},"canonical":"https:\/\/benditoser.com.br\/en\/sobre\/sobre-nos\/","og_locale":"en_US","og_type":"article","og_title":"Sobre N\u00f3s - Benditoser","og_description":"O Benditoser nasce da integra\u00e7\u00e3o entre investiga\u00e7\u00e3o ps\u00edquica estruturada e amplia\u00e7\u00e3o multidimensional da consci\u00eancia.","og_url":"https:\/\/benditoser.com.br\/en\/sobre\/sobre-nos\/","og_site_name":"Benditoser","article_publisher":"https:\/\/www.facebook.com\/benditoser.com.br","article_modified_time":"2026-08-30T20:36:43+00:00","twitter_card":"summary_large_image","twitter_misc":{"Est. reading time":"2 minutes"},"schema":{"@context":"https:\/\/schema.org","@graph":[{"@type":"WebPage","@id":"https:\/\/benditoser.com.br\/sobre\/sobre-nos\/","url":"https:\/\/benditoser.com.br\/sobre\/sobre-nos\/","name":"Sobre N\u00f3s - Benditoser","isPartOf":{"@id":"https:\/\/benditoser.com.br\/#website"},"datePublished":"2025-05-26T00:47:03+00:00","dateModified":"2026-08-30T20:36:43+00:00","description":"O Benditoser nasce da integra\u00e7\u00e3o entre investiga\u00e7\u00e3o ps\u00edquica estruturada e amplia\u00e7\u00e3o multidimensional da consci\u00eancia.","breadcrumb":{"@id":"https:\/\/benditoser.com.br\/sobre\/sobre-nos\/#breadcrumb"},"inLanguage":"en-US","potentialAction":[{"@type":"ReadAction","target":["https:\/\/benditoser.com.br\/sobre\/sobre-nos\/"]}]},{"@type":"BreadcrumbList","@id":"https:\/\/benditoser.com.br\/sobre\/sobre-nos\/#breadcrumb","itemListElement":[{"@type":"ListItem","position":1,"name":"In\u00edcio","item":"https:\/\/benditoser.com.br\/"},{"@type":"ListItem","position":2,"name":"sobre","item":"https:\/\/benditoser.com.br\/sobre\/"},{"@type":"ListItem","position":3,"name":"Sobre N\u00f3s"}]},{"@type":"WebSite","@id":"https:\/\/benditoser.com.br\/#website","url":"https:\/\/benditoser.com.br\/","name":"Benditoser","description":"Terapias","publisher":{"@id":"https:\/\/benditoser.com.br\/#organization"},"potentialAction":[{"@type":"SearchAction","target":{"@type":"EntryPoint","urlTemplate":"https:\/\/benditoser.com.br\/?s={search_term_string}"},"query-input":{"@type":"PropertyValueSpecification","valueRequired":true,"valueName":"search_term_string"}}],"inLanguage":"en-US"},{"@type":"Organization","@id":"https:\/\/benditoser.com.br\/#organization","name":"Benditoser","url":"https:\/\/benditoser.com.br\/","logo":{"@type":"ImageObject","inLanguage":"en-US","@id":"https:\/\/benditoser.com.br\/#\/schema\/logo\/image\/","url":"https:\/\/benditoser.com.br\/wp-content\/uploads\/2025\/05\/cropped-logo-bendito-ser-site.png","contentUrl":"https:\/\/benditoser.com.br\/wp-content\/uploads\/2025\/05\/cropped-logo-bendito-ser-site.png","width":220,"height":44,"caption":"Benditoser"},"image":{"@id":"https:\/\/benditoser.com.br\/#\/schema\/logo\/image\/"},"sameAs":["https:\/\/www.facebook.com\/benditoser.com.br","https:\/\/www.instagram.com\/benditoser.com.br\/"]}]}},"publishpress_future_action":{"enabled":false,"date":"2026-09-07 21:20:44","action":"change-status","newStatus":"draft","terms":[],"taxonomy":"","extraData":[]},"publishpress_future_workflow_manual_trigger":{"enabledWorkflows":[]},"_links":{"self":[{"href":"https:\/\/benditoser.com.br\/en\/wp-json\/wp\/v2\/pages\/13445","targetHints":{"allow":["GET"]}}],"collection":[{"href":"https:\/\/benditoser.com.br\/en\/wp-json\/wp\/v2\/pages"}],"about":[{"href":"https:\/\/benditoser.com.br\/en\/wp-json\/wp\/v2\/types\/page"}],"author":[{"embeddable":true,"href":"https:\/\/benditoser.com.br\/en\/wp-json\/wp\/v2\/users\/2"}],"replies":[{"embeddable":true,"href":"https:\/\/benditoser.com.br\/en\/wp-json\/wp\/v2\/comments?post=13445"}],"version-history":[{"count":21,"href":"https:\/\/benditoser.com.br\/en\/wp-json\/wp\/v2\/pages\/13445\/revisions"}],"predecessor-version":[{"id":15081,"href":"https:\/\/benditoser.com.br\/en\/wp-json\/wp\/v2\/pages\/13445\/revisions\/15081"}],"up":[{"embeddable":true,"href":"https:\/\/benditoser.com.br\/en\/wp-json\/wp\/v2\/pages\/274"}],"wp:attachment":[{"href":"https:\/\/benditoser.com.br\/en\/wp-json\/wp\/v2\/media?parent=13445"}],"curies":[{"name":"wp","href":"https:\/\/api.w.org\/{rel}","templated":true}]}}