{"id":13459,"date":"2025-05-25T23:47:46","date_gmt":"2025-05-26T02:47:46","guid":{"rendered":"https:\/\/oduz.etc.br\/?page_id=13459"},"modified":"2026-03-12T12:38:30","modified_gmt":"2026-03-12T15:38:30","slug":"metodologia","status":"publish","type":"page","link":"https:\/\/benditoser.com.br\/en\/sobre\/metodologia\/","title":{"rendered":"Metodologia"},"content":{"rendered":"<div class=\"wpb-content-wrapper\"><div class=\"vc_row wpb_row vc_row-fluid\"><div class=\"wpb_column vc_column_container vc_col-sm-12\"><div class=\"vc_column-inner\"><div class=\"wpb_wrapper\"><div class=\"vc_empty_space\"   style=\"height: 20px\"><span class=\"vc_empty_space_inner\"><\/span><\/div><h1 style=\"color: #7993A4;text-align: center;font-family:ABeeZee;font-weight:400;font-style:normal\" class=\"vc_custom_heading vc_do_custom_heading\" >A Cl\u00ednica do Invis\u00edvel<\/h1><div class=\"vc_empty_space\"   style=\"height: 20px\"><span class=\"vc_empty_space_inner\"><\/span><\/div><div class=\"vc_empty_space\"   style=\"height: 50px\"><span class=\"vc_empty_space_inner\"><\/span><\/div>\n\t<div class=\"wpb_text_column wpb_content_element\" >\n\t\t<div class=\"wpb_wrapper\">\n\t\t\t<h3 style=\"text-align: center;\">Um modelo ampliado de investiga\u00e7\u00e3o da consci\u00eancia<\/h3>\n\n\t\t<\/div>\n\t<\/div>\n\n\t<div class=\"wpb_text_column wpb_content_element\" >\n\t\t<div class=\"wpb_wrapper\">\n\t\t\t<p style=\"text-align: center;\" data-start=\"552\" data-end=\"622\">A <strong data-start=\"554\" data-end=\"578\">Cl\u00ednica do Invis\u00edvel<\/strong> \u00e9 o m\u00e9todo cl\u00ednico utilizado no Benditoser.<\/p>\n<p style=\"text-align: center;\" data-start=\"624\" data-end=\"658\">Ele parte de um princ\u00edpio simples:<\/p>\n<p style=\"text-align: center;\" data-start=\"660\" data-end=\"736\">Alguns sofrimentos n\u00e3o podem ser compreendidos apenas pela hist\u00f3ria pessoal.<\/p>\n<p style=\"text-align: center;\" data-start=\"738\" data-end=\"826\">Em muitos casos, \u00e9 necess\u00e1rio investigar dimens\u00f5es mais profundas da experi\u00eancia humana.<\/p>\n\n\t\t<\/div>\n\t<\/div>\n<div class=\"vc_empty_space\"   style=\"height: 50px\"><span class=\"vc_empty_space_inner\"><\/span><\/div><\/div><\/div><\/div><\/div><div class=\"vc_row wpb_row vc_row-fluid\"><div class=\"wpb_column vc_column_container vc_col-sm-12\"><div class=\"vc_column-inner\"><div class=\"wpb_wrapper\"><div class=\"vc_empty_space\"   style=\"height: 20px\"><span class=\"vc_empty_space_inner\"><\/span><\/div><h2 style=\"color: #7993A4;text-align: center;font-family:ABeeZee;font-weight:400;font-style:normal\" class=\"vc_custom_heading vc_do_custom_heading\" >O princ\u00edpio do m\u00e9todo<\/h2>\n\t<div class=\"wpb_text_column wpb_content_element\" >\n\t\t<div class=\"wpb_wrapper\">\n\t\t\t<p style=\"text-align: center;\" data-start=\"862\" data-end=\"910\">A abordagem integra dois campos de investiga\u00e7\u00e3o:<\/p>\n<p style=\"text-align: center;\" data-start=\"912\" data-end=\"930\"><strong data-start=\"912\" data-end=\"930\">Base Anal\u00edtica<\/strong><\/p>\n<p style=\"text-align: center;\" data-start=\"932\" data-end=\"1109\">Inspirada na psicologia profunda e na investiga\u00e7\u00e3o do inconsciente, permitindo compreender padr\u00f5es emocionais, conflitos ps\u00edquicos e estruturas de repeti\u00e7\u00e3o na vida do paciente.<\/p>\n<p style=\"text-align: center;\" data-start=\"1111\" data-end=\"1147\"><strong data-start=\"1111\" data-end=\"1147\">Amplia\u00e7\u00e3o Espiritual Estruturada<\/strong><\/p>\n<p style=\"text-align: center;\" data-start=\"1149\" data-end=\"1306\">Considera a possibilidade de que a consci\u00eancia n\u00e3o se limita ao corpo e que alguns processos podem envolver dimens\u00f5es que transcendem a biografia individual.<\/p>\n<p style=\"text-align: center;\" data-start=\"1308\" data-end=\"1379\">Essa amplia\u00e7\u00e3o n\u00e3o substitui a an\u00e1lise psicol\u00f3gica \u2014 ela a complementa.<\/p>\n\n\t\t<\/div>\n\t<\/div>\n<div class=\"vc_empty_space\"   style=\"height: 50px\"><span class=\"vc_empty_space_inner\"><\/span><\/div><div class=\"vc_empty_space\"   style=\"height: 50px\"><span class=\"vc_empty_space_inner\"><\/span><\/div><h2 style=\"color: #7993A4;text-align: center;font-family:ABeeZee;font-weight:400;font-style:normal\" class=\"vc_custom_heading vc_do_custom_heading\" >As dimens\u00f5es investigadas<\/h2>\n\t<div class=\"wpb_text_column wpb_content_element\" >\n\t\t<div class=\"wpb_wrapper\">\n\t\t\t<p style=\"text-align: center;\" data-start=\"1803\" data-end=\"1870\">O m\u00e9todo considera cinco campos interligados da experi\u00eancia humana:<\/p>\n<h3 style=\"text-align: center;\" data-start=\"2872\" data-end=\"2896\"><\/h3>\n\n\t\t<\/div>\n\t<\/div>\n<div class=\"vc_empty_space\"   style=\"height: 50px\"><span class=\"vc_empty_space_inner\"><\/span><\/div><div class=\"vc_empty_space\"   style=\"height: 50px\"><span class=\"vc_empty_space_inner\"><\/span><\/div><\/div><\/div><\/div><\/div><div class=\"vc_row wpb_row vc_row-fluid\"><div class=\"wpb_column vc_column_container vc_col-sm-1\/5\"><div class=\"vc_column-inner\"><div class=\"wpb_wrapper\">\n\t<div  class=\"wpb_single_image wpb_content_element vc_align_center wpb_content_element wpb_animate_when_almost_visible wpb_top-to-bottom top-to-bottom\">\n\t\t\n\t\t<figure class=\"wpb_wrapper vc_figure\">\n\t\t\t<a href=\"https:\/\/benditoser.com.br\/en\/dimensao-psiquica\/\" target=\"_self\" class=\"vc_single_image-wrapper   vc_box_border_grey\"><img fetchpriority=\"high\" decoding=\"async\" width=\"600\" height=\"600\" src=\"https:\/\/benditoser.com.br\/wp-content\/uploads\/2024\/11\/tratamento-autoconsciencia-holistico-apometria-oduz.jpg\" class=\"vc_single_image-img attachment-full\" alt=\"\" title=\"tratamento-autoconsciencia-holistico-apometria-oduz\" srcset=\"https:\/\/benditoser.com.br\/wp-content\/uploads\/2024\/11\/tratamento-autoconsciencia-holistico-apometria-oduz.jpg 600w, https:\/\/benditoser.com.br\/wp-content\/uploads\/2024\/11\/tratamento-autoconsciencia-holistico-apometria-oduz-300x300.jpg 300w, https:\/\/benditoser.com.br\/wp-content\/uploads\/2024\/11\/tratamento-autoconsciencia-holistico-apometria-oduz-100x100.jpg 100w, https:\/\/benditoser.com.br\/wp-content\/uploads\/2024\/11\/tratamento-autoconsciencia-holistico-apometria-oduz-150x150.jpg 150w, https:\/\/benditoser.com.br\/wp-content\/uploads\/2024\/11\/tratamento-autoconsciencia-holistico-apometria-oduz-12x12.jpg 12w\" sizes=\"(max-width: 600px) 100vw, 600px\" \/><\/a>\n\t\t<\/figure>\n\t<\/div>\n\n\t<div class=\"wpb_text_column wpb_content_element\" >\n\t\t<div class=\"wpb_wrapper\">\n\t\t\t<h4 style=\"text-align: center;\"><span style=\"color: #7993a4;\"><strong data-start=\"2109\" data-end=\"2131\">Dimens\u00e3o Ps\u00edquica<\/strong><\/span><\/h4>\n<p style=\"text-align: center;\"><strong>Investiga\u00e7\u00e3o de conflitos inconscientes, traumas, complexos e padr\u00f5es emocionais que se formaram ao longo da hist\u00f3ria pessoal.<\/strong><\/p>\n\n\t\t<\/div>\n\t<\/div>\n<div class=\"vc_empty_space\"   style=\"height: 50px\"><span class=\"vc_empty_space_inner\"><\/span><\/div><\/div><\/div><\/div><div class=\"wpb_column vc_column_container vc_col-sm-1\/5\"><div class=\"vc_column-inner\"><div class=\"wpb_wrapper\">\n\t<div  class=\"wpb_single_image wpb_content_element vc_align_center wpb_content_element wpb_animate_when_almost_visible wpb_top-to-bottom top-to-bottom\">\n\t\t\n\t\t<figure class=\"wpb_wrapper vc_figure\">\n\t\t\t<a href=\"https:\/\/benditoser.com.br\/en\/dimensao-espiritual\/\" target=\"_self\" class=\"vc_single_image-wrapper   vc_box_border_grey\"><img decoding=\"async\" width=\"1080\" height=\"1080\" src=\"https:\/\/benditoser.com.br\/wp-content\/uploads\/2024\/11\/tratamento-espiritual-holistico-apometria-oduz-1.jpg\" class=\"vc_single_image-img attachment-full\" alt=\"\" title=\"tratamento-espiritual-holistico-apometria-oduz\" srcset=\"https:\/\/benditoser.com.br\/wp-content\/uploads\/2024\/11\/tratamento-espiritual-holistico-apometria-oduz-1.jpg 1080w, https:\/\/benditoser.com.br\/wp-content\/uploads\/2024\/11\/tratamento-espiritual-holistico-apometria-oduz-1-300x300.jpg 300w, https:\/\/benditoser.com.br\/wp-content\/uploads\/2024\/11\/tratamento-espiritual-holistico-apometria-oduz-1-100x100.jpg 100w, https:\/\/benditoser.com.br\/wp-content\/uploads\/2024\/11\/tratamento-espiritual-holistico-apometria-oduz-1-600x600.jpg 600w, https:\/\/benditoser.com.br\/wp-content\/uploads\/2024\/11\/tratamento-espiritual-holistico-apometria-oduz-1-1024x1024.jpg 1024w, https:\/\/benditoser.com.br\/wp-content\/uploads\/2024\/11\/tratamento-espiritual-holistico-apometria-oduz-1-150x150.jpg 150w, https:\/\/benditoser.com.br\/wp-content\/uploads\/2024\/11\/tratamento-espiritual-holistico-apometria-oduz-1-768x768.jpg 768w, https:\/\/benditoser.com.br\/wp-content\/uploads\/2024\/11\/tratamento-espiritual-holistico-apometria-oduz-1-12x12.jpg 12w\" sizes=\"(max-width: 1080px) 100vw, 1080px\" \/><\/a>\n\t\t<\/figure>\n\t<\/div>\n\n\t<div class=\"wpb_text_column wpb_content_element\" >\n\t\t<div class=\"wpb_wrapper\">\n\t\t\t<h4 style=\"text-align: center;\"><span style=\"color: #7993a4;\"><strong data-start=\"2109\" data-end=\"2131\">Dimens\u00e3o Espiritual e de Continuidade<\/strong><\/span><\/h4>\n<p style=\"text-align: center;\"><strong>A investiga\u00e7\u00e3o dessa dimens\u00e3o considera a possibilidade de registros transbiogr\u00e1ficos e v\u00ednculos extraf\u00edsicos quando identificados dentro do processo cl\u00ednico.<\/strong><\/p>\n\n\t\t<\/div>\n\t<\/div>\n<div class=\"vc_empty_space\"   style=\"height: 50px\"><span class=\"vc_empty_space_inner\"><\/span><\/div><\/div><\/div><\/div><div class=\"wpb_column vc_column_container vc_col-sm-1\/5\"><div class=\"vc_column-inner\"><div class=\"wpb_wrapper\">\n\t<div  class=\"wpb_single_image wpb_content_element vc_align_center wpb_content_element wpb_animate_when_almost_visible wpb_top-to-bottom top-to-bottom\">\n\t\t\n\t\t<figure class=\"wpb_wrapper vc_figure\">\n\t\t\t<a href=\"https:\/\/benditoser.com.br\/en\/dimensao-fisica\/\" target=\"_self\" class=\"vc_single_image-wrapper   vc_box_border_grey\"><img decoding=\"async\" width=\"600\" height=\"600\" src=\"https:\/\/benditoser.com.br\/wp-content\/uploads\/2024\/11\/tratamento-corporal-holistico-apometria-oduz.jpg\" class=\"vc_single_image-img attachment-full\" alt=\"\" title=\"tratamento-corporal-holistico-apometria-oduz\" srcset=\"https:\/\/benditoser.com.br\/wp-content\/uploads\/2024\/11\/tratamento-corporal-holistico-apometria-oduz.jpg 600w, https:\/\/benditoser.com.br\/wp-content\/uploads\/2024\/11\/tratamento-corporal-holistico-apometria-oduz-300x300.jpg 300w, https:\/\/benditoser.com.br\/wp-content\/uploads\/2024\/11\/tratamento-corporal-holistico-apometria-oduz-100x100.jpg 100w, https:\/\/benditoser.com.br\/wp-content\/uploads\/2024\/11\/tratamento-corporal-holistico-apometria-oduz-150x150.jpg 150w, https:\/\/benditoser.com.br\/wp-content\/uploads\/2024\/11\/tratamento-corporal-holistico-apometria-oduz-12x12.jpg 12w\" sizes=\"(max-width: 600px) 100vw, 600px\" \/><\/a>\n\t\t<\/figure>\n\t<\/div>\n\n\t<div class=\"wpb_text_column wpb_content_element\" >\n\t\t<div class=\"wpb_wrapper\">\n\t\t\t<h4 style=\"text-align: center;\"><span style=\"color: #7993a4;\"><strong data-start=\"2109\" data-end=\"2131\">Dimens\u00e3o F\u00edsica e Energ\u00e9tica<\/strong><\/span><\/h4>\n<p style=\"text-align: center;\"><strong>Conflitos ps\u00edquicos e espirituais frequentemente se refletem na organiza\u00e7\u00e3o do campo energ\u00e9tico. A reorganiza\u00e7\u00e3o desse campo pode ser parte importante do processo terap\u00eautico.<\/strong><\/p>\n\n\t\t<\/div>\n\t<\/div>\n<div class=\"vc_empty_space\"   style=\"height: 50px\"><span class=\"vc_empty_space_inner\"><\/span><\/div><\/div><\/div><\/div><div class=\"wpb_column vc_column_container vc_col-sm-1\/5\"><div class=\"vc_column-inner\"><div class=\"wpb_wrapper\">\n\t<div  class=\"wpb_single_image wpb_content_element vc_align_center wpb_content_element wpb_animate_when_almost_visible wpb_top-to-bottom top-to-bottom\">\n\t\t\n\t\t<figure class=\"wpb_wrapper vc_figure\">\n\t\t\t<a href=\"https:\/\/benditoser.com.br\/en\/dimensao-transgeracional\/\" target=\"_self\" class=\"vc_single_image-wrapper   vc_box_border_grey\"><img loading=\"lazy\" decoding=\"async\" width=\"600\" height=\"600\" src=\"https:\/\/benditoser.com.br\/wp-content\/uploads\/2025\/06\/reprogramacao-ancestral-e-familiar-benditoser-oduz.jpg\" class=\"vc_single_image-img attachment-full\" alt=\"\" title=\"reprogramacao-ancestral-e-familiar-benditoser-oduz\" srcset=\"https:\/\/benditoser.com.br\/wp-content\/uploads\/2025\/06\/reprogramacao-ancestral-e-familiar-benditoser-oduz.jpg 600w, https:\/\/benditoser.com.br\/wp-content\/uploads\/2025\/06\/reprogramacao-ancestral-e-familiar-benditoser-oduz-300x300.jpg 300w, https:\/\/benditoser.com.br\/wp-content\/uploads\/2025\/06\/reprogramacao-ancestral-e-familiar-benditoser-oduz-150x150.jpg 150w, https:\/\/benditoser.com.br\/wp-content\/uploads\/2025\/06\/reprogramacao-ancestral-e-familiar-benditoser-oduz-12x12.jpg 12w, https:\/\/benditoser.com.br\/wp-content\/uploads\/2025\/06\/reprogramacao-ancestral-e-familiar-benditoser-oduz-100x100.jpg 100w\" sizes=\"(max-width: 600px) 100vw, 600px\" \/><\/a>\n\t\t<\/figure>\n\t<\/div>\n\n\t<div class=\"wpb_text_column wpb_content_element\" >\n\t\t<div class=\"wpb_wrapper\">\n\t\t\t<h4 style=\"text-align: center;\"><span style=\"color: #7993a4;\"><strong data-start=\"2109\" data-end=\"2131\">Dimens\u00e3o Sist\u00eamica e Transgeracional<\/strong><\/span><\/h4>\n<p style=\"text-align: center;\" data-start=\"2146\" data-end=\"2220\"><strong>Muitos padr\u00f5es de vida est\u00e3o ligados a din\u00e2micas familiares inconscientes.\u00a0<\/strong><strong>Lealdades invis\u00edveis, repeti\u00e7\u00f5es de destino e v\u00ednculos sist\u00eamicos podem influenciar profundamente escolhas, rela\u00e7\u00f5es e emo\u00e7\u00f5es.<\/strong><\/p>\n\n\t\t<\/div>\n\t<\/div>\n<div class=\"vc_empty_space\"   style=\"height: 50px\"><span class=\"vc_empty_space_inner\"><\/span><\/div><\/div><\/div><\/div><div class=\"wpb_column vc_column_container vc_col-sm-1\/5\"><div class=\"vc_column-inner\"><div class=\"wpb_wrapper\">\n\t<div  class=\"wpb_single_image wpb_content_element vc_align_center wpb_content_element wpb_animate_when_almost_visible wpb_top-to-bottom top-to-bottom\">\n\t\t\n\t\t<figure class=\"wpb_wrapper vc_figure\">\n\t\t\t<a href=\"https:\/\/benditoser.com.br\/en\/dimensao-ambiental\/\" target=\"_self\" class=\"vc_single_image-wrapper   vc_box_border_grey\"><img loading=\"lazy\" decoding=\"async\" width=\"600\" height=\"600\" src=\"https:\/\/benditoser.com.br\/wp-content\/uploads\/2024\/11\/tratamento-ambiental-holistico-apometria-oduz.jpg\" class=\"vc_single_image-img attachment-full\" alt=\"\" title=\"tratamento-ambiental-holistico-apometria-oduz\" srcset=\"https:\/\/benditoser.com.br\/wp-content\/uploads\/2024\/11\/tratamento-ambiental-holistico-apometria-oduz.jpg 600w, https:\/\/benditoser.com.br\/wp-content\/uploads\/2024\/11\/tratamento-ambiental-holistico-apometria-oduz-300x300.jpg 300w, https:\/\/benditoser.com.br\/wp-content\/uploads\/2024\/11\/tratamento-ambiental-holistico-apometria-oduz-100x100.jpg 100w, https:\/\/benditoser.com.br\/wp-content\/uploads\/2024\/11\/tratamento-ambiental-holistico-apometria-oduz-150x150.jpg 150w, https:\/\/benditoser.com.br\/wp-content\/uploads\/2024\/11\/tratamento-ambiental-holistico-apometria-oduz-12x12.jpg 12w\" sizes=\"(max-width: 600px) 100vw, 600px\" \/><\/a>\n\t\t<\/figure>\n\t<\/div>\n\n\t<div class=\"wpb_text_column wpb_content_element\" >\n\t\t<div class=\"wpb_wrapper\">\n\t\t\t<h4 style=\"text-align: center;\"><span style=\"color: #7993a4;\"><strong data-start=\"2109\" data-end=\"2131\">Dimens\u00e3o Ambiental<\/strong><\/span><\/h4>\n<p style=\"text-align: center;\"><strong>Ambientes tamb\u00e9m podem influenciar o equil\u00edbrio ps\u00edquico e energ\u00e9tico.\u00a0<\/strong><strong>Em alguns casos, a harmoniza\u00e7\u00e3o do espa\u00e7o de vida \u00e9 indicada como complemento do processo terap\u00eautico.<\/strong><\/p>\n\n\t\t<\/div>\n\t<\/div>\n<div class=\"vc_empty_space\"   style=\"height: 50px\"><span class=\"vc_empty_space_inner\"><\/span><\/div><\/div><\/div><\/div><\/div><div class=\"vc_row wpb_row vc_row-fluid\"><div class=\"wpb_column vc_column_container vc_col-sm-12\"><div class=\"vc_column-inner\"><div class=\"wpb_wrapper\"><div class=\"vc_empty_space\"   style=\"height: 20px\"><span class=\"vc_empty_space_inner\"><\/span><\/div><h2 style=\"color: #7993A4;text-align: center;font-family:ABeeZee;font-weight:400;font-style:normal\" class=\"vc_custom_heading vc_do_custom_heading\" >Como Funciona na Pr\u00e1tica<\/h2>\n\t<div class=\"wpb_text_column wpb_content_element\" >\n\t\t<div class=\"wpb_wrapper\">\n\t\t\t<p style=\"text-align: center;\">O processo ocorre em ciclos terap\u00eauticos estruturados.<\/p>\n<p style=\"text-align: center;\">Cada pessoa passa por:<\/p>\n<p style=\"text-align: center;\"><strong>1. Avalia\u00e7\u00e3o Anal\u00edtica Inicial<\/strong><\/p>\n<p style=\"text-align: center;\"><strong>2. Mapeamento Multidimensional da Consci\u00eancia<\/strong><\/p>\n<p style=\"text-align: center;\"><strong>3. Interven\u00e7\u00f5es de reorganiza\u00e7\u00e3o<\/strong><\/p>\n<p style=\"text-align: center;\"><strong>4. Integra\u00e7\u00e3o cl\u00ednica e acompanhamento<\/strong><\/p>\n<p style=\"text-align: center;\">O m\u00e9todo \u00e9 estruturado e o protocolo terap\u00eautico \u00e9 aplicado \u00e0 singularidade de cada consci\u00eancia.<\/p>\n\n\t\t<\/div>\n\t<\/div>\n<div class=\"vc_empty_space\"   style=\"height: 50px\"><span class=\"vc_empty_space_inner\"><\/span><\/div><\/div><\/div><\/div><\/div><div class=\"vc_row wpb_row vc_row-fluid\"><div class=\"wpb_column vc_column_container vc_col-sm-12\"><div class=\"vc_column-inner\"><div class=\"wpb_wrapper\"><div class=\"vc_empty_space\"   style=\"height: 20px\"><span class=\"vc_empty_space_inner\"><\/span><\/div><h2 style=\"color: #7993A4;text-align: center;font-family:ABeeZee;font-weight:400;font-style:normal\" class=\"vc_custom_heading vc_do_custom_heading\" >Resultados do M\u00e9todo<\/h2>\n\t<div class=\"wpb_text_column wpb_content_element\" >\n\t\t<div class=\"wpb_wrapper\">\n\t\t\t<p style=\"text-align: center;\"><strong data-start=\"2697\" data-end=\"2731\">O m\u00e9todo permite:<\/strong><\/p>\n<p style=\"text-align: center;\">Compreens\u00e3o profunda dos pr\u00f3prios padr\u00f5es<\/p>\n<p style=\"text-align: center;\">Redu\u00e7\u00e3o de repeti\u00e7\u00f5es inconscientes<\/p>\n<p style=\"text-align: center;\">Reorganiza\u00e7\u00e3o de v\u00ednculos espirituais ativos<\/p>\n<p style=\"text-align: center;\">Maior estabilidade ps\u00edquica e energ\u00e9tica<\/p>\n<p style=\"text-align: center;\">Expans\u00e3o de consci\u00eancia com integra\u00e7\u00e3o \u2014 n\u00e3o dissocia\u00e7\u00e3o<\/p>\n\n\t\t<\/div>\n\t<\/div>\n<div class=\"vc_empty_space\"   style=\"height: 50px\"><span class=\"vc_empty_space_inner\"><\/span><\/div><\/div><\/div><\/div><\/div><div class=\"vc_row wpb_row vc_row-fluid\"><div class=\"wpb_column vc_column_container vc_col-sm-12\"><div class=\"vc_column-inner\"><div class=\"wpb_wrapper\"><div class=\"vc_empty_space\"   style=\"height: 20px\"><span class=\"vc_empty_space_inner\"><\/span><\/div><h2 style=\"color: #7993A4;text-align: center;font-family:ABeeZee;font-weight:400;font-style:normal\" class=\"vc_custom_heading vc_do_custom_heading\" >O Que o M\u00e9todo N\u00e3o \u00e9<\/h2>\n\t<div class=\"wpb_text_column wpb_content_element\" >\n\t\t<div class=\"wpb_wrapper\">\n\t\t\t<p style=\"text-align: center;\" data-start=\"3815\" data-end=\"3944\">N\u00e3o \u00e9 atendimento medi\u00fanico.<br data-start=\"3857\" data-end=\"3860\" \/>N\u00e3o \u00e9 promessa de milagre.<br data-start=\"3886\" data-end=\"3889\" \/>N\u00e3o \u00e9 substitui\u00e7\u00e3o de tratamento m\u00e9dico.<\/p>\n<p style=\"text-align: center;\" data-start=\"3946\" data-end=\"3984\">\u00c9 uma cl\u00ednica ampliada da consci\u00eancia.<\/p>\n\n\t\t<\/div>\n\t<\/div>\n<div class=\"vc_empty_space\"   style=\"height: 50px\"><span class=\"vc_empty_space_inner\"><\/span><\/div><\/div><\/div><\/div><\/div><div class=\"vc_row wpb_row vc_row-fluid\"><div class=\"wpb_column vc_column_container vc_col-sm-12\"><div class=\"vc_column-inner\"><div class=\"wpb_wrapper\"><div class=\"vc_btn3-container vc_btn3-center vc_custom_1773308927618 vc_do_btn\" ><a class=\"vc_general vc_btn3 vc_btn3-size-lg vc_btn3-shape-rounded vc_btn3-style-classic vc_btn3-color-sandy-brown\" href=\"https:\/\/api.whatsapp.com\/send?phone=5585988486862\" title=\"\" target=\"_blank\">Agende sua Avalia\u00e7\u00e3o Diagn\u00f3stica<\/a><\/div><\/div><\/div><\/div><\/div>\n<\/div>","protected":false},"excerpt":{"rendered":"A Cl\u00ednica do Invis\u00edvel Um modelo ampliado de investiga\u00e7\u00e3o da consci\u00eancia A Cl\u00ednica do Invis\u00edvel \u00e9 o m\u00e9todo cl\u00ednico utilizado no Benditoser. Ele parte de um princ\u00edpio simples: Alguns sofrimentos n\u00e3o podem ser compreendidos apenas pela hist\u00f3ria pessoal. Em muitos casos, \u00e9 necess\u00e1rio investigar dimens\u00f5es [...]","protected":false},"author":2,"featured_media":0,"parent":274,"menu_order":0,"comment_status":"closed","ping_status":"closed","template":"","meta":{"om_disable_all_campaigns":false,"_monsterinsights_skip_tracking":false,"_uf_show_specific_survey":0,"_uf_disable_surveys":false,"footnotes":""},"class_list":["post-13459","page","type-page","status-publish","hentry"],"yoast_head":"<!-- This site is optimized with the Yoast SEO plugin v28.3 - https:\/\/yoast.com\/product\/yoast-seo-wordpress\/ -->\n<title>Metodologia - Benditoser<\/title>\n<meta name=\"description\" content=\"Descubra o M\u00e9todo BenditoSer: diagn\u00f3stico psicoespiritual, tratamentos personalizados e integra\u00e7\u00e3o entre corpo, mente, alma e ancestralidade.\" \/>\n<meta name=\"robots\" content=\"index, follow, max-snippet:-1, max-image-preview:large, max-video-preview:-1\" \/>\n<link rel=\"canonical\" href=\"https:\/\/benditoser.com.br\/en\/sobre\/metodologia\/\" \/>\n<meta property=\"og:locale\" content=\"en_US\" \/>\n<meta property=\"og:type\" content=\"article\" \/>\n<meta property=\"og:title\" content=\"Metodologia - Benditoser\" \/>\n<meta property=\"og:description\" content=\"Descubra o M\u00e9todo BenditoSer: diagn\u00f3stico psicoespiritual, tratamentos personalizados e integra\u00e7\u00e3o entre corpo, mente, alma e ancestralidade.\" \/>\n<meta property=\"og:url\" content=\"https:\/\/benditoser.com.br\/en\/sobre\/metodologia\/\" \/>\n<meta property=\"og:site_name\" content=\"Benditoser\" \/>\n<meta property=\"article:publisher\" content=\"https:\/\/www.facebook.com\/benditoser.com.br\" \/>\n<meta property=\"article:modified_time\" content=\"2026-03-12T15:38:30+00:00\" \/>\n<meta name=\"twitter:card\" content=\"summary_large_image\" \/>\n<meta name=\"twitter:label1\" content=\"Est. reading time\" \/>\n\t<meta name=\"twitter:data1\" content=\"5 minutes\" \/>\n<script type=\"application\/ld+json\" class=\"yoast-schema-graph\">{\"@context\":\"https:\\\/\\\/schema.org\",\"@graph\":[{\"@type\":\"WebPage\",\"@id\":\"https:\\\/\\\/benditoser.com.br\\\/sobre\\\/metodologia\\\/\",\"url\":\"https:\\\/\\\/benditoser.com.br\\\/sobre\\\/metodologia\\\/\",\"name\":\"Metodologia - Benditoser\",\"isPartOf\":{\"@id\":\"https:\\\/\\\/benditoser.com.br\\\/#website\"},\"datePublished\":\"2025-05-26T02:47:46+00:00\",\"dateModified\":\"2026-03-12T15:38:30+00:00\",\"description\":\"Descubra o M\u00e9todo BenditoSer: diagn\u00f3stico psicoespiritual, tratamentos personalizados e integra\u00e7\u00e3o entre corpo, mente, alma e ancestralidade.\",\"breadcrumb\":{\"@id\":\"https:\\\/\\\/benditoser.com.br\\\/sobre\\\/metodologia\\\/#breadcrumb\"},\"inLanguage\":\"en-US\",\"potentialAction\":[{\"@type\":\"ReadAction\",\"target\":[\"https:\\\/\\\/benditoser.com.br\\\/sobre\\\/metodologia\\\/\"]}]},{\"@type\":\"BreadcrumbList\",\"@id\":\"https:\\\/\\\/benditoser.com.br\\\/sobre\\\/metodologia\\\/#breadcrumb\",\"itemListElement\":[{\"@type\":\"ListItem\",\"position\":1,\"name\":\"In\u00edcio\",\"item\":\"https:\\\/\\\/benditoser.com.br\\\/\"},{\"@type\":\"ListItem\",\"position\":2,\"name\":\"sobre\",\"item\":\"https:\\\/\\\/benditoser.com.br\\\/sobre\\\/\"},{\"@type\":\"ListItem\",\"position\":3,\"name\":\"Metodologia\"}]},{\"@type\":\"WebSite\",\"@id\":\"https:\\\/\\\/benditoser.com.br\\\/#website\",\"url\":\"https:\\\/\\\/benditoser.com.br\\\/\",\"name\":\"Benditoser\",\"description\":\"Terapias\",\"publisher\":{\"@id\":\"https:\\\/\\\/benditoser.com.br\\\/#organization\"},\"potentialAction\":[{\"@type\":\"SearchAction\",\"target\":{\"@type\":\"EntryPoint\",\"urlTemplate\":\"https:\\\/\\\/benditoser.com.br\\\/?s={search_term_string}\"},\"query-input\":{\"@type\":\"PropertyValueSpecification\",\"valueRequired\":true,\"valueName\":\"search_term_string\"}}],\"inLanguage\":\"en-US\"},{\"@type\":\"Organization\",\"@id\":\"https:\\\/\\\/benditoser.com.br\\\/#organization\",\"name\":\"Benditoser\",\"url\":\"https:\\\/\\\/benditoser.com.br\\\/\",\"logo\":{\"@type\":\"ImageObject\",\"inLanguage\":\"en-US\",\"@id\":\"https:\\\/\\\/benditoser.com.br\\\/#\\\/schema\\\/logo\\\/image\\\/\",\"url\":\"https:\\\/\\\/benditoser.com.br\\\/wp-content\\\/uploads\\\/2025\\\/05\\\/cropped-logo-bendito-ser-site.png\",\"contentUrl\":\"https:\\\/\\\/benditoser.com.br\\\/wp-content\\\/uploads\\\/2025\\\/05\\\/cropped-logo-bendito-ser-site.png\",\"width\":220,\"height\":44,\"caption\":\"Benditoser\"},\"image\":{\"@id\":\"https:\\\/\\\/benditoser.com.br\\\/#\\\/schema\\\/logo\\\/image\\\/\"},\"sameAs\":[\"https:\\\/\\\/www.facebook.com\\\/benditoser.com.br\",\"https:\\\/\\\/www.instagram.com\\\/benditoser.com.br\\\/\"]}]}<\/script>\n<!-- \/ Yoast SEO plugin. -->","yoast_head_json":{"title":"Metodologia - Benditoser","description":"Descubra o M\u00e9todo BenditoSer: diagn\u00f3stico psicoespiritual, tratamentos personalizados e integra\u00e7\u00e3o entre corpo, mente, alma e ancestralidade.","robots":{"index":"index","follow":"follow","max-snippet":"max-snippet:-1","max-image-preview":"max-image-preview:large","max-video-preview":"max-video-preview:-1"},"canonical":"https:\/\/benditoser.com.br\/en\/sobre\/metodologia\/","og_locale":"en_US","og_type":"article","og_title":"Metodologia - Benditoser","og_description":"Descubra o M\u00e9todo BenditoSer: diagn\u00f3stico psicoespiritual, tratamentos personalizados e integra\u00e7\u00e3o entre corpo, mente, alma e ancestralidade.","og_url":"https:\/\/benditoser.com.br\/en\/sobre\/metodologia\/","og_site_name":"Benditoser","article_publisher":"https:\/\/www.facebook.com\/benditoser.com.br","article_modified_time":"2026-03-12T15:38:30+00:00","twitter_card":"summary_large_image","twitter_misc":{"Est. reading time":"5 minutes"},"schema":{"@context":"https:\/\/schema.org","@graph":[{"@type":"WebPage","@id":"https:\/\/benditoser.com.br\/sobre\/metodologia\/","url":"https:\/\/benditoser.com.br\/sobre\/metodologia\/","name":"Metodologia - Benditoser","isPartOf":{"@id":"https:\/\/benditoser.com.br\/#website"},"datePublished":"2025-05-26T02:47:46+00:00","dateModified":"2026-03-12T15:38:30+00:00","description":"Descubra o M\u00e9todo BenditoSer: diagn\u00f3stico psicoespiritual, tratamentos personalizados e integra\u00e7\u00e3o entre corpo, mente, alma e ancestralidade.","breadcrumb":{"@id":"https:\/\/benditoser.com.br\/sobre\/metodologia\/#breadcrumb"},"inLanguage":"en-US","potentialAction":[{"@type":"ReadAction","target":["https:\/\/benditoser.com.br\/sobre\/metodologia\/"]}]},{"@type":"BreadcrumbList","@id":"https:\/\/benditoser.com.br\/sobre\/metodologia\/#breadcrumb","itemListElement":[{"@type":"ListItem","position":1,"name":"In\u00edcio","item":"https:\/\/benditoser.com.br\/"},{"@type":"ListItem","position":2,"name":"sobre","item":"https:\/\/benditoser.com.br\/sobre\/"},{"@type":"ListItem","position":3,"name":"Metodologia"}]},{"@type":"WebSite","@id":"https:\/\/benditoser.com.br\/#website","url":"https:\/\/benditoser.com.br\/","name":"Benditoser","description":"Terapias","publisher":{"@id":"https:\/\/benditoser.com.br\/#organization"},"potentialAction":[{"@type":"SearchAction","target":{"@type":"EntryPoint","urlTemplate":"https:\/\/benditoser.com.br\/?s={search_term_string}"},"query-input":{"@type":"PropertyValueSpecification","valueRequired":true,"valueName":"search_term_string"}}],"inLanguage":"en-US"},{"@type":"Organization","@id":"https:\/\/benditoser.com.br\/#organization","name":"Benditoser","url":"https:\/\/benditoser.com.br\/","logo":{"@type":"ImageObject","inLanguage":"en-US","@id":"https:\/\/benditoser.com.br\/#\/schema\/logo\/image\/","url":"https:\/\/benditoser.com.br\/wp-content\/uploads\/2025\/05\/cropped-logo-bendito-ser-site.png","contentUrl":"https:\/\/benditoser.com.br\/wp-content\/uploads\/2025\/05\/cropped-logo-bendito-ser-site.png","width":220,"height":44,"caption":"Benditoser"},"image":{"@id":"https:\/\/benditoser.com.br\/#\/schema\/logo\/image\/"},"sameAs":["https:\/\/www.facebook.com\/benditoser.com.br","https:\/\/www.instagram.com\/benditoser.com.br\/"]}]}},"publishpress_future_action":{"enabled":false,"date":"2026-09-07 21:20:49","action":"change-status","newStatus":"draft","terms":[],"taxonomy":"","extraData":[]},"publishpress_future_workflow_manual_trigger":{"enabledWorkflows":[]},"_links":{"self":[{"href":"https:\/\/benditoser.com.br\/en\/wp-json\/wp\/v2\/pages\/13459","targetHints":{"allow":["GET"]}}],"collection":[{"href":"https:\/\/benditoser.com.br\/en\/wp-json\/wp\/v2\/pages"}],"about":[{"href":"https:\/\/benditoser.com.br\/en\/wp-json\/wp\/v2\/types\/page"}],"author":[{"embeddable":true,"href":"https:\/\/benditoser.com.br\/en\/wp-json\/wp\/v2\/users\/2"}],"replies":[{"embeddable":true,"href":"https:\/\/benditoser.com.br\/en\/wp-json\/wp\/v2\/comments?post=13459"}],"version-history":[{"count":57,"href":"https:\/\/benditoser.com.br\/en\/wp-json\/wp\/v2\/pages\/13459\/revisions"}],"predecessor-version":[{"id":14808,"href":"https:\/\/benditoser.com.br\/en\/wp-json\/wp\/v2\/pages\/13459\/revisions\/14808"}],"up":[{"embeddable":true,"href":"https:\/\/benditoser.com.br\/en\/wp-json\/wp\/v2\/pages\/274"}],"wp:attachment":[{"href":"https:\/\/benditoser.com.br\/en\/wp-json\/wp\/v2\/media?parent=13459"}],"curies":[{"name":"wp","href":"https:\/\/api.w.org\/{rel}","templated":true}]}}