{"id":13533,"date":"2025-05-26T23:30:48","date_gmt":"2025-05-27T02:30:48","guid":{"rendered":"https:\/\/oduz.etc.br\/?page_id=13533"},"modified":"2026-03-04T15:51:59","modified_gmt":"2026-03-04T18:51:59","slug":"dimensao-psiquica","status":"publish","type":"page","link":"https:\/\/benditoser.com.br\/en\/dimensao-psiquica\/","title":{"rendered":"Reprograma\u00e7\u00e3o Qu\u00e2ntica"},"content":{"rendered":"<div class=\"wpb-content-wrapper\"><div class=\"vc_row wpb_row vc_row-fluid\"><div class=\"wpb_column vc_column_container vc_col-sm-12\"><div class=\"vc_column-inner\"><div class=\"wpb_wrapper\"><div class=\"vc_empty_space\"   style=\"height: 50px\"><span class=\"vc_empty_space_inner\"><\/span><\/div>\n\t<div  class=\"wpb_single_image wpb_content_element vc_align_center wpb_content_element\">\n\t\t\n\t\t<figure class=\"wpb_wrapper vc_figure\">\n\t\t\t<div class=\"vc_single_image-wrapper   vc_box_border_grey\"><img loading=\"lazy\" decoding=\"async\" class=\"vc_single_image-img\" src=\"https:\/\/benditoser.com.br\/wp-content\/uploads\/2024\/11\/tratamento-autoconsciencia-holistico-apometria-oduz-400x400.jpg\" width=\"400\" height=\"400\" alt=\"tratamento-autoconsciencia-holistico-apometria-oduz\" title=\"tratamento-autoconsciencia-holistico-apometria-oduz\" \/><\/div>\n\t\t<\/figure>\n\t<\/div>\n\n\t<div class=\"wpb_text_column wpb_content_element\" >\n\t\t<div class=\"wpb_wrapper\">\n\t\t\t<h3 style=\"text-align: center;\">Investiga\u00e7\u00e3o Anal\u00edtica do Inconsciente<\/h3>\n\n\t\t<\/div>\n\t<\/div>\n<h1 style=\"color: #7993A4;text-align: center;font-family:ABeeZee;font-weight:400;font-style:normal\" class=\"vc_custom_heading vc_do_custom_heading\" >Dimens\u00e3o Ps\u00edquica<\/h1><div class=\"vc_empty_space\"   style=\"height: 50px\"><span class=\"vc_empty_space_inner\"><\/span><\/div>\n\t<div class=\"wpb_text_column wpb_content_element\" >\n\t\t<div class=\"wpb_wrapper\">\n\t\t\t<p style=\"text-align: center;\" data-start=\"187\" data-end=\"229\">A Cl\u00ednica do Invis\u00edvel come\u00e7a pela psique.<\/p>\n<p style=\"text-align: center;\" data-start=\"231\" data-end=\"361\">Base em Psican\u00e1lise Cl\u00ednica e Psicologia Anal\u00edtica Junguiana.<br data-start=\"282\" data-end=\"285\" \/>Rigor na investiga\u00e7\u00e3o do inconsciente.<br data-start=\"323\" data-end=\"326\" \/>Nenhuma espiritualiza\u00e7\u00e3o prematura.<\/p>\n<p style=\"text-align: center;\" data-start=\"363\" data-end=\"417\">Se o conflito \u00e9 ps\u00edquico, ele \u00e9 tratado como ps\u00edquico.<\/p>\n\n\t\t<\/div>\n\t<\/div>\n<div class=\"vc_empty_space\"   style=\"height: 50px\"><span class=\"vc_empty_space_inner\"><\/span><\/div><\/div><\/div><\/div><\/div><div class=\"vc_row wpb_row vc_row-fluid\"><div class=\"wpb_column vc_column_container vc_col-sm-12\"><div class=\"vc_column-inner\"><div class=\"wpb_wrapper\"><div class=\"vc_empty_space\"   style=\"height: 20px\"><span class=\"vc_empty_space_inner\"><\/span><\/div><h2 style=\"color: #7993A4;text-align: center;font-family:ABeeZee;font-weight:400;font-style:normal\" class=\"vc_custom_heading vc_do_custom_heading\" >O foco n\u00e3o \u00e9 o passado.<br \/>\n\u00c9 o padr\u00e3o ativo no presente.<\/h2><div class=\"vc_empty_space\"   style=\"height: 20px\"><span class=\"vc_empty_space_inner\"><\/span><\/div>\n\t<div class=\"wpb_text_column wpb_content_element\" >\n\t\t<div class=\"wpb_wrapper\">\n\t\t\t<p style=\"text-align: center;\">Pode ter come\u00e7ado na inf\u00e2ncia. Pode ser transgeracional.<br data-start=\"545\" data-end=\"548\" \/>Pode atravessar a continuidade da consci\u00eancia.<\/p>\n<p style=\"text-align: center;\"><strong>Mas se est\u00e1 operando hoje, \u00e9 hoje que precisa ser integrado.<\/strong><\/p>\n<p style=\"text-align: center;\">Trabalhamos:<\/p>\n<h4 style=\"text-align: center;\" data-start=\"674\" data-end=\"699\">Conflitos inconscientes<\/h4>\n<h4 style=\"text-align: center;\" data-start=\"702\" data-end=\"724\">Complexos emocionais<\/h4>\n<h4 style=\"text-align: center;\" data-start=\"727\" data-end=\"749\">Mecanismos de defesa<\/h4>\n<h4 style=\"text-align: center;\" data-start=\"752\" data-end=\"785\">Repeti\u00e7\u00f5es que sabotam sua vida<\/h4>\n<p>&nbsp;<\/p>\n<p style=\"text-align: center;\">Origem importa. Mas integra\u00e7\u00e3o acontece no agora.<\/p>\n\n\t\t<\/div>\n\t<\/div>\n<div class=\"vc_empty_space\"   style=\"height: 20px\"><span class=\"vc_empty_space_inner\"><\/span><\/div><div class=\"vc_empty_space\"   style=\"height: 20px\"><span class=\"vc_empty_space_inner\"><\/span><\/div><\/div><\/div><\/div><\/div><div class=\"vc_row wpb_row vc_row-fluid\"><div class=\"wpb_column vc_column_container vc_col-sm-12\"><div class=\"vc_column-inner\"><div class=\"wpb_wrapper\"><div class=\"vc_empty_space\"   style=\"height: 20px\"><span class=\"vc_empty_space_inner\"><\/span><\/div><h2 style=\"color: #7993A4;text-align: center;font-family:ABeeZee;font-weight:400;font-style:normal\" class=\"vc_custom_heading vc_do_custom_heading\" >Amplia\u00e7\u00e3o quando necess\u00e1rio<\/h2><div class=\"vc_empty_space\"   style=\"height: 20px\"><span class=\"vc_empty_space_inner\"><\/span><\/div>\n\t<div class=\"wpb_text_column wpb_content_element\" >\n\t\t<div class=\"wpb_wrapper\">\n\t\t\t<p style=\"text-align: center;\" data-start=\"880\" data-end=\"951\">Se a biografia n\u00e3o explica a intensidade do sintoma, ampliamos o campo ao transbiogr\u00e1fico. Em outras palavras, se n\u00e3o encontramos causa no presente, expandimos o acesso a vidas passadas.<\/p>\n<p style=\"text-align: center;\" data-start=\"953\" data-end=\"1003\">Com crit\u00e9rio. Com m\u00e9todo. Com integra\u00e7\u00e3o.<br data-start=\"980\" data-end=\"983\" \/>Sem fuga espiritual.<\/p>\n<p style=\"text-align: center;\" data-start=\"1005\" data-end=\"1048\">A base ps\u00edquica sustenta qualquer expans\u00e3o.<\/p>\n\n\t\t<\/div>\n\t<\/div>\n<div class=\"vc_empty_space\"   style=\"height: 20px\"><span class=\"vc_empty_space_inner\"><\/span><\/div><div class=\"vc_empty_space\"   style=\"height: 20px\"><span class=\"vc_empty_space_inner\"><\/span><\/div><\/div><\/div><\/div><\/div><div class=\"vc_row wpb_row vc_row-fluid\"><div class=\"wpb_column vc_column_container vc_col-sm-12\"><div class=\"vc_column-inner\"><div class=\"wpb_wrapper\"><div class=\"vc_empty_space\"   style=\"height: 20px\"><span class=\"vc_empty_space_inner\"><\/span><\/div><h2 style=\"color: #D9A666;text-align: center;font-family:ABeeZee;font-weight:400;font-style:normal\" class=\"vc_custom_heading vc_do_custom_heading\" >T\u00e9cnicas Terap\u00eauticas Complementares<\/h2><div class=\"vc_empty_space\"   style=\"height: 20px\"><span class=\"vc_empty_space_inner\"><\/span><\/div><\/div><\/div><\/div><\/div><div class=\"vc_row wpb_row vc_row-fluid\"><div class=\"wpb_column vc_column_container vc_col-sm-12\"><div class=\"vc_column-inner\"><div class=\"wpb_wrapper\"><\/div><\/div><\/div><\/div><div class=\"vc_row wpb_row vc_row-fluid\"><div class=\"wpb_column vc_column_container vc_col-sm-3\"><div class=\"vc_column-inner\"><div class=\"wpb_wrapper\">\n\t<div  class=\"wpb_single_image wpb_content_element vc_align_center wpb_content_element wpb_animate_when_almost_visible wpb_top-to-bottom top-to-bottom\">\n\t\t\n\t\t<figure class=\"wpb_wrapper vc_figure\">\n\t\t\t<a href=\"https:\/\/benditoser.com.br\/en\/apometria\/\" target=\"_self\" class=\"vc_single_image-wrapper   vc_box_border_grey\"><img fetchpriority=\"high\" decoding=\"async\" width=\"640\" height=\"335\" src=\"https:\/\/benditoser.com.br\/wp-content\/uploads\/2024\/11\/apometria-oduz-terapias-banner.jpg\" class=\"vc_single_image-img attachment-full\" alt=\"\" title=\"apometria-oduz-terapias-banner\" srcset=\"https:\/\/benditoser.com.br\/wp-content\/uploads\/2024\/11\/apometria-oduz-terapias-banner.jpg 640w, https:\/\/benditoser.com.br\/wp-content\/uploads\/2024\/11\/apometria-oduz-terapias-banner-300x157.jpg 300w, https:\/\/benditoser.com.br\/wp-content\/uploads\/2024\/11\/apometria-oduz-terapias-banner-600x314.jpg 600w, https:\/\/benditoser.com.br\/wp-content\/uploads\/2024\/11\/apometria-oduz-terapias-banner-18x9.jpg 18w\" sizes=\"(max-width: 640px) 100vw, 640px\" \/><\/a>\n\t\t<\/figure>\n\t<\/div>\n<h3 style=\"color: #7993A4;text-align: left;font-family:Open Sans;font-weight:400;font-style:normal\" class=\"vc_custom_heading vc_do_custom_heading\" ><a href=\"https:\/\/benditoser.com.br\/en\/apometria\/\" title=\"Apometria\">APOMETRIA<\/a><\/h3><div class=\"vc_empty_space\"   style=\"height: 80px\"><span class=\"vc_empty_space_inner\"><\/span><\/div><\/div><\/div><\/div><div class=\"wpb_column vc_column_container vc_col-sm-3\"><div class=\"vc_column-inner\"><div class=\"wpb_wrapper\">\n\t<div  class=\"wpb_single_image wpb_content_element vc_align_center wpb_content_element wpb_animate_when_almost_visible wpb_top-to-bottom top-to-bottom\">\n\t\t\n\t\t<figure class=\"wpb_wrapper vc_figure\">\n\t\t\t<a href=\"https:\/\/benditoser.com.br\/en\/terapia-do-odu\/\" target=\"_self\" class=\"vc_single_image-wrapper   vc_box_border_grey\"><img decoding=\"async\" width=\"1080\" height=\"566\" src=\"https:\/\/benditoser.com.br\/wp-content\/uploads\/2021\/06\/terapias-oduz-capa.jpg\" class=\"vc_single_image-img attachment-full\" alt=\"\" title=\"terapias-oduz-capa\" srcset=\"https:\/\/benditoser.com.br\/wp-content\/uploads\/2021\/06\/terapias-oduz-capa.jpg 1080w, https:\/\/benditoser.com.br\/wp-content\/uploads\/2021\/06\/terapias-oduz-capa-300x157.jpg 300w, https:\/\/benditoser.com.br\/wp-content\/uploads\/2021\/06\/terapias-oduz-capa-600x314.jpg 600w, https:\/\/benditoser.com.br\/wp-content\/uploads\/2021\/06\/terapias-oduz-capa-1024x537.jpg 1024w, https:\/\/benditoser.com.br\/wp-content\/uploads\/2021\/06\/terapias-oduz-capa-768x402.jpg 768w, https:\/\/benditoser.com.br\/wp-content\/uploads\/2021\/06\/terapias-oduz-capa-720x377.jpg 720w, https:\/\/benditoser.com.br\/wp-content\/uploads\/2021\/06\/terapias-oduz-capa-640x335.jpg 640w, https:\/\/benditoser.com.br\/wp-content\/uploads\/2021\/06\/terapias-oduz-capa-400x210.jpg 400w\" sizes=\"(max-width: 1080px) 100vw, 1080px\" \/><\/a>\n\t\t<\/figure>\n\t<\/div>\n<h3 style=\"color: #7993A4;text-align: left;font-family:Open Sans;font-weight:400;font-style:normal\" class=\"vc_custom_heading vc_do_custom_heading\" ><a href=\"https:\/\/benditoser.com.br\/en\/terapia-do-odu\/\" title=\"Terapia do Odu\">TERAPIA DO ODU<\/a><\/h3><div class=\"vc_empty_space\"   style=\"height: 80px\"><span class=\"vc_empty_space_inner\"><\/span><\/div><\/div><\/div><\/div><div class=\"wpb_column vc_column_container vc_col-sm-3\"><div class=\"vc_column-inner\"><div class=\"wpb_wrapper\">\n\t<div  class=\"wpb_single_image wpb_content_element vc_align_center wpb_content_element wpb_animate_when_almost_visible wpb_top-to-bottom top-to-bottom\">\n\t\t\n\t\t<figure class=\"wpb_wrapper vc_figure\">\n\t\t\t<a href=\"https:\/\/benditoser.com.br\/en\/circulo-da-vida\/\" target=\"_self\" class=\"vc_single_image-wrapper   vc_box_border_grey\"><img decoding=\"async\" width=\"1080\" height=\"566\" src=\"https:\/\/benditoser.com.br\/wp-content\/uploads\/2021\/06\/terapias-oduz-circulo-da-vida-capa.jpg\" class=\"vc_single_image-img attachment-full\" alt=\"\" title=\"terapias-oduz-circulo-da-vida-capa\" srcset=\"https:\/\/benditoser.com.br\/wp-content\/uploads\/2021\/06\/terapias-oduz-circulo-da-vida-capa.jpg 1080w, https:\/\/benditoser.com.br\/wp-content\/uploads\/2021\/06\/terapias-oduz-circulo-da-vida-capa-300x157.jpg 300w, https:\/\/benditoser.com.br\/wp-content\/uploads\/2021\/06\/terapias-oduz-circulo-da-vida-capa-600x314.jpg 600w, https:\/\/benditoser.com.br\/wp-content\/uploads\/2021\/06\/terapias-oduz-circulo-da-vida-capa-1024x537.jpg 1024w, https:\/\/benditoser.com.br\/wp-content\/uploads\/2021\/06\/terapias-oduz-circulo-da-vida-capa-768x402.jpg 768w, https:\/\/benditoser.com.br\/wp-content\/uploads\/2021\/06\/terapias-oduz-circulo-da-vida-capa-720x377.jpg 720w, https:\/\/benditoser.com.br\/wp-content\/uploads\/2021\/06\/terapias-oduz-circulo-da-vida-capa-640x335.jpg 640w, https:\/\/benditoser.com.br\/wp-content\/uploads\/2021\/06\/terapias-oduz-circulo-da-vida-capa-400x210.jpg 400w\" sizes=\"(max-width: 1080px) 100vw, 1080px\" \/><\/a>\n\t\t<\/figure>\n\t<\/div>\n<h3 style=\"color: #7993A4;text-align: left;font-family:Open Sans;font-weight:400;font-style:normal\" class=\"vc_custom_heading vc_do_custom_heading\" ><a href=\"https:\/\/benditoser.com.br\/en\/circulo-da-vida\/\" title=\"C\u00edrculo da Vida\">C\u00cdRCULO DA VIDA<\/a><\/h3><div class=\"vc_empty_space\"   style=\"height: 80px\"><span class=\"vc_empty_space_inner\"><\/span><\/div><\/div><\/div><\/div><div class=\"wpb_column vc_column_container vc_col-sm-3\"><div class=\"vc_column-inner\"><div class=\"wpb_wrapper\">\n\t<div  class=\"wpb_single_image wpb_content_element vc_align_center wpb_content_element wpb_animate_when_almost_visible wpb_top-to-bottom top-to-bottom\">\n\t\t\n\t\t<figure class=\"wpb_wrapper vc_figure\">\n\t\t\t<a href=\"https:\/\/benditoser.com.br\/en\/registros-akashicos\/\" target=\"_self\" class=\"vc_single_image-wrapper   vc_box_border_grey\"><img loading=\"lazy\" decoding=\"async\" width=\"1080\" height=\"566\" src=\"https:\/\/benditoser.com.br\/wp-content\/uploads\/2021\/06\/terapias-oduz-registros-akashicos-leitura-capa.jpg\" class=\"vc_single_image-img attachment-full\" alt=\"\" title=\"terapias-oduz-registros-akashicos-leitura-capa\" srcset=\"https:\/\/benditoser.com.br\/wp-content\/uploads\/2021\/06\/terapias-oduz-registros-akashicos-leitura-capa.jpg 1080w, https:\/\/benditoser.com.br\/wp-content\/uploads\/2021\/06\/terapias-oduz-registros-akashicos-leitura-capa-300x157.jpg 300w, https:\/\/benditoser.com.br\/wp-content\/uploads\/2021\/06\/terapias-oduz-registros-akashicos-leitura-capa-600x314.jpg 600w, https:\/\/benditoser.com.br\/wp-content\/uploads\/2021\/06\/terapias-oduz-registros-akashicos-leitura-capa-1024x537.jpg 1024w, https:\/\/benditoser.com.br\/wp-content\/uploads\/2021\/06\/terapias-oduz-registros-akashicos-leitura-capa-768x402.jpg 768w, https:\/\/benditoser.com.br\/wp-content\/uploads\/2021\/06\/terapias-oduz-registros-akashicos-leitura-capa-720x377.jpg 720w, https:\/\/benditoser.com.br\/wp-content\/uploads\/2021\/06\/terapias-oduz-registros-akashicos-leitura-capa-640x335.jpg 640w, https:\/\/benditoser.com.br\/wp-content\/uploads\/2021\/06\/terapias-oduz-registros-akashicos-leitura-capa-400x210.jpg 400w\" sizes=\"(max-width: 1080px) 100vw, 1080px\" \/><\/a>\n\t\t<\/figure>\n\t<\/div>\n<h3 style=\"color: #7993A4;text-align: left;font-family:Open Sans;font-weight:400;font-style:normal\" class=\"vc_custom_heading vc_do_custom_heading\" ><a href=\"https:\/\/benditoser.com.br\/en\/registros-akashicos\/\" title=\"Leitura de Registros Akashicos\">REGISTROS AKASHICOS<\/a><\/h3><div class=\"vc_empty_space\"   style=\"height: 80px\"><span class=\"vc_empty_space_inner\"><\/span><\/div><\/div><\/div><\/div><\/div><div class=\"vc_row wpb_row vc_row-fluid\"><div class=\"wpb_column vc_column_container vc_col-sm-12\"><div class=\"vc_column-inner\"><div class=\"wpb_wrapper\"><div class=\"vc_empty_space\"   style=\"height: 20px\"><span class=\"vc_empty_space_inner\"><\/span><\/div><h2 style=\"color: #7993A4;text-align: center;font-family:ABeeZee;font-weight:400;font-style:normal\" class=\"vc_custom_heading vc_do_custom_heading\" >O Resultado<\/h2><div class=\"vc_empty_space\"   style=\"height: 20px\"><span class=\"vc_empty_space_inner\"><\/span><\/div>\n\t<div class=\"wpb_text_column wpb_content_element\" >\n\t\t<div class=\"wpb_wrapper\">\n\t\t\t<h4 style=\"text-align: center;\" data-start=\"1285\" data-end=\"1308\">Padr\u00f5es interrompidos<\/h4>\n<h4 style=\"text-align: center;\" data-start=\"1311\" data-end=\"1341\">Maior estabilidade emocional<\/h4>\n<h4 style=\"text-align: center;\" data-start=\"1344\" data-end=\"1374\">Redu\u00e7\u00e3o de ansiedade e culpa<\/h4>\n<h4 style=\"text-align: center;\" data-start=\"1377\" data-end=\"1405\">Capacidade real de escolha<\/h4>\n<p style=\"text-align: center;\" data-start=\"1407\" data-end=\"1449\">Sem integra\u00e7\u00e3o ps\u00edquica, n\u00e3o h\u00e1 liberdade.<\/p>\n\n\t\t<\/div>\n\t<\/div>\n<div class=\"vc_empty_space\"   style=\"height: 20px\"><span class=\"vc_empty_space_inner\"><\/span><\/div><div class=\"vc_empty_space\"   style=\"height: 20px\"><span class=\"vc_empty_space_inner\"><\/span><\/div><\/div><\/div><\/div><\/div><div class=\"vc_row wpb_row vc_row-fluid\"><div class=\"wpb_column vc_column_container vc_col-sm-12\"><div class=\"vc_column-inner\"><div class=\"wpb_wrapper\"><div class=\"vc_separator wpb_content_element vc_separator_align_center vc_sep_width_100 vc_sep_pos_align_center vc_separator_no_text vc_sep_color_grey wpb_content_element  wpb_content_element\" ><span class=\"vc_sep_holder vc_sep_holder_l\"><span class=\"vc_sep_line\"><\/span><\/span><span class=\"vc_sep_holder vc_sep_holder_r\"><span class=\"vc_sep_line\"><\/span><\/span>\n<\/div><div class=\"vc_empty_space\"   style=\"height: 50px\"><span class=\"vc_empty_space_inner\"><\/span><\/div><div class=\"vc_empty_space\"   style=\"height: 30px\"><span class=\"vc_empty_space_inner\"><\/span><\/div><\/div><\/div><\/div><\/div><div class=\"vc_row wpb_row vc_row-fluid\"><div class=\"wpb_column vc_column_container vc_col-sm-2\"><div class=\"vc_column-inner\"><div class=\"wpb_wrapper\"><\/div><\/div><\/div><div class=\"wpb_column vc_column_container vc_col-sm-4\"><div class=\"vc_column-inner\"><div class=\"wpb_wrapper\">\n\t<div  class=\"wpb_single_image wpb_content_element vc_align_center wpb_content_element wpb_animate_when_almost_visible wpb_top-to-bottom top-to-bottom\">\n\t\t\n\t\t<figure class=\"wpb_wrapper vc_figure\">\n\t\t\t<div class=\"vc_single_image-wrapper   vc_box_border_grey\"><img loading=\"lazy\" decoding=\"async\" width=\"1228\" height=\"1240\" src=\"https:\/\/benditoser.com.br\/wp-content\/uploads\/2026\/03\/imagem-terapeuta-paulo-vasconcelos-benditoser.jpg\" class=\"vc_single_image-img attachment-full\" alt=\"\" title=\"imagem-terapeuta-paulo-vasconcelos-benditoser\" srcset=\"https:\/\/benditoser.com.br\/wp-content\/uploads\/2026\/03\/imagem-terapeuta-paulo-vasconcelos-benditoser.jpg 1228w, https:\/\/benditoser.com.br\/wp-content\/uploads\/2026\/03\/imagem-terapeuta-paulo-vasconcelos-benditoser-297x300.jpg 297w, https:\/\/benditoser.com.br\/wp-content\/uploads\/2026\/03\/imagem-terapeuta-paulo-vasconcelos-benditoser-1014x1024.jpg 1014w, https:\/\/benditoser.com.br\/wp-content\/uploads\/2026\/03\/imagem-terapeuta-paulo-vasconcelos-benditoser-150x150.jpg 150w, https:\/\/benditoser.com.br\/wp-content\/uploads\/2026\/03\/imagem-terapeuta-paulo-vasconcelos-benditoser-768x776.jpg 768w, https:\/\/benditoser.com.br\/wp-content\/uploads\/2026\/03\/imagem-terapeuta-paulo-vasconcelos-benditoser-12x12.jpg 12w, https:\/\/benditoser.com.br\/wp-content\/uploads\/2026\/03\/imagem-terapeuta-paulo-vasconcelos-benditoser-300x303.jpg 300w, https:\/\/benditoser.com.br\/wp-content\/uploads\/2026\/03\/imagem-terapeuta-paulo-vasconcelos-benditoser-600x606.jpg 600w, https:\/\/benditoser.com.br\/wp-content\/uploads\/2026\/03\/imagem-terapeuta-paulo-vasconcelos-benditoser-100x100.jpg 100w\" sizes=\"(max-width: 1228px) 100vw, 1228px\" \/><\/div>\n\t\t<\/figure>\n\t<\/div>\n<\/div><\/div><\/div><div class=\"wpb_column vc_column_container vc_col-sm-4\"><div class=\"vc_column-inner\"><div class=\"wpb_wrapper\">\n\t<div class=\"wpb_text_column wpb_content_element\" >\n\t\t<div class=\"wpb_wrapper\">\n\t\t\t<h3 style=\"text-align: left;\"><span style=\"color: #d9a666;\">Terapeuta: Paulo Vasconcelos<\/span><\/h3>\n<p data-start=\"285\" data-end=\"353\">Criador do M\u00e9todo Cl\u00ednica do Invis\u00edvel<\/p>\n<p data-start=\"355\" data-end=\"430\">Atua na integra\u00e7\u00e3o entre base anal\u00edtica e amplia\u00e7\u00e3o espiritual estruturada.<\/p>\n<p data-start=\"432\" data-end=\"634\">Sua trajet\u00f3ria iniciou no campo espiritual e foi aprofundada por forma\u00e7\u00e3o cl\u00ednica, estruturando uma pr\u00e1tica que une investiga\u00e7\u00e3o rigorosa do inconsciente \u00e0 reorganiza\u00e7\u00e3o multidimensional da consci\u00eancia.<\/p>\n<h3 data-start=\"641\" data-end=\"653\">Forma\u00e7\u00e3o<\/h3>\n<p data-start=\"641\" data-end=\"653\">Forma\u00e7\u00e3o Superior em Pr\u00e1ticas Integrativas e Complementares de Sa\u00fade.<br \/>\nP\u00f3s-Gradua\u00e7\u00e3o em Psican\u00e1lise Cl\u00ednica<br \/>\nP\u00f3s-Graduando em Psicologia Anal\u00edtica Junguiana<\/p>\n<h3 data-start=\"641\" data-end=\"653\">Forma\u00e7\u00e3o Espiritual<\/h3>\n<p data-start=\"657\" data-end=\"727\">GEM, Grupo de Estudos e Trabalho Medi\u00fanico &#8211; GEPE;<br \/>\nApometria &#8211; terapeuta, dirigente de grupo e facilitador;<br \/>\nTeologia de Umbanda;<br \/>\nMitologia Afro-brasileira e Psicologia Anal\u00edtica;<\/p>\n\n\t\t<\/div>\n\t<\/div>\n<\/div><\/div><\/div><div class=\"wpb_column vc_column_container vc_col-sm-2\"><div class=\"vc_column-inner\"><div class=\"wpb_wrapper\"><\/div><\/div><\/div><\/div><div class=\"vc_row wpb_row vc_row-fluid\"><div class=\"wpb_column vc_column_container vc_col-sm-12\"><div class=\"vc_column-inner\"><div class=\"wpb_wrapper\"><div class=\"vc_empty_space\"   style=\"height: 30px\"><span class=\"vc_empty_space_inner\"><\/span><\/div><div class=\"vc_separator wpb_content_element vc_separator_align_center vc_sep_width_100 vc_sep_pos_align_center vc_separator_no_text vc_sep_color_grey wpb_content_element  wpb_content_element\" ><span class=\"vc_sep_holder vc_sep_holder_l\"><span class=\"vc_sep_line\"><\/span><\/span><span class=\"vc_sep_holder vc_sep_holder_r\"><span class=\"vc_sep_line\"><\/span><\/span>\n<\/div>\n\t<div class=\"wpb_text_column wpb_content_element\" >\n\t\t<div class=\"wpb_wrapper\">\n\t\t\t<h4 style=\"text-align: center;\"><strong><span style=\"color: #808080;\">AGENDAR MINHA CONSULTA DE DIAGN\u00d3STICO<\/span><\/strong><\/h4>\n\n\t\t<\/div>\n\t<\/div>\n<div class=\"vc_icon_element vc_icon_element-outer vc_do_icon wpb_animate_when_almost_visible wpb_top-to-bottom top-to-bottom vc_icon_element-align-center vc_icon_element-have-style\"><div class=\"vc_icon_element-inner vc_icon_element-color-white vc_icon_element-have-style-inner vc_icon_element-size-xl vc_icon_element-style-rounded-less vc_icon_element-background vc_icon_element-background-color-orange\" ><span class=\"vc_icon_element-icon fab fa-whatsapp\" ><\/span><a class=\"vc_icon_element-link\" href=\"https:\/\/api.whatsapp.com\/send?phone=5585988486862\"  title=\"\" target=\"_self\"><\/a><\/div><\/div><div class=\"vc_empty_space\"   style=\"height: 40px\"><span class=\"vc_empty_space_inner\"><\/span><\/div><\/div><\/div><\/div><\/div>\n<\/div>","protected":false},"excerpt":{"rendered":"Investiga\u00e7\u00e3o Anal\u00edtica do Inconsciente Dimens\u00e3o Ps\u00edquica A Cl\u00ednica do Invis\u00edvel come\u00e7a pela psique. Base em Psican\u00e1lise Cl\u00ednica e Psicologia Anal\u00edtica Junguiana.Rigor na investiga\u00e7\u00e3o do inconsciente.Nenhuma espiritualiza\u00e7\u00e3o prematura. Se o conflito \u00e9 ps\u00edquico, ele \u00e9 tratado como ps\u00edquico. O foco n\u00e3o \u00e9 o passado. \u00c9 o [...]","protected":false},"author":2,"featured_media":0,"parent":0,"menu_order":0,"comment_status":"closed","ping_status":"closed","template":"","meta":{"om_disable_all_campaigns":false,"_monsterinsights_skip_tracking":false,"_uf_show_specific_survey":0,"_uf_disable_surveys":false,"footnotes":""},"class_list":["post-13533","page","type-page","status-publish","hentry"],"yoast_head":"<!-- This site is optimized with the Yoast SEO plugin v28.3 - https:\/\/yoast.com\/product\/yoast-seo-wordpress\/ -->\n<title>Reprograma\u00e7\u00e3o Qu\u00e2ntica - Benditoser<\/title>\n<meta name=\"description\" content=\"Investiga\u00e7\u00e3o profunda do inconsciente, padr\u00f5es repetitivos e conflitos internos com base em Psican\u00e1lise e Psicologia Anal\u00edtica.\" \/>\n<meta name=\"robots\" content=\"index, follow, max-snippet:-1, max-image-preview:large, max-video-preview:-1\" \/>\n<link rel=\"canonical\" href=\"https:\/\/benditoser.com.br\/en\/dimensao-psiquica\/\" \/>\n<meta property=\"og:locale\" content=\"en_US\" \/>\n<meta property=\"og:type\" content=\"article\" \/>\n<meta property=\"og:title\" content=\"Reprograma\u00e7\u00e3o Qu\u00e2ntica - Benditoser\" \/>\n<meta property=\"og:description\" content=\"Investiga\u00e7\u00e3o profunda do inconsciente, padr\u00f5es repetitivos e conflitos internos com base em Psican\u00e1lise e Psicologia Anal\u00edtica.\" \/>\n<meta property=\"og:url\" content=\"https:\/\/benditoser.com.br\/en\/dimensao-psiquica\/\" \/>\n<meta property=\"og:site_name\" content=\"Benditoser\" \/>\n<meta property=\"article:publisher\" content=\"https:\/\/www.facebook.com\/benditoser.com.br\" \/>\n<meta property=\"article:modified_time\" content=\"2026-03-04T18:51:59+00:00\" \/>\n<meta name=\"twitter:card\" content=\"summary_large_image\" \/>\n<meta name=\"twitter:label1\" content=\"Est. reading time\" \/>\n\t<meta name=\"twitter:data1\" content=\"3 minutes\" \/>\n<script type=\"application\/ld+json\" class=\"yoast-schema-graph\">{\"@context\":\"https:\\\/\\\/schema.org\",\"@graph\":[{\"@type\":\"WebPage\",\"@id\":\"https:\\\/\\\/benditoser.com.br\\\/dimensao-psiquica\\\/\",\"url\":\"https:\\\/\\\/benditoser.com.br\\\/dimensao-psiquica\\\/\",\"name\":\"Reprograma\u00e7\u00e3o Qu\u00e2ntica - Benditoser\",\"isPartOf\":{\"@id\":\"https:\\\/\\\/benditoser.com.br\\\/#website\"},\"datePublished\":\"2025-05-27T02:30:48+00:00\",\"dateModified\":\"2026-03-04T18:51:59+00:00\",\"description\":\"Investiga\u00e7\u00e3o profunda do inconsciente, padr\u00f5es repetitivos e conflitos internos com base em Psican\u00e1lise e Psicologia Anal\u00edtica.\",\"breadcrumb\":{\"@id\":\"https:\\\/\\\/benditoser.com.br\\\/dimensao-psiquica\\\/#breadcrumb\"},\"inLanguage\":\"en-US\",\"potentialAction\":[{\"@type\":\"ReadAction\",\"target\":[\"https:\\\/\\\/benditoser.com.br\\\/dimensao-psiquica\\\/\"]}]},{\"@type\":\"BreadcrumbList\",\"@id\":\"https:\\\/\\\/benditoser.com.br\\\/dimensao-psiquica\\\/#breadcrumb\",\"itemListElement\":[{\"@type\":\"ListItem\",\"position\":1,\"name\":\"In\u00edcio\",\"item\":\"https:\\\/\\\/benditoser.com.br\\\/\"},{\"@type\":\"ListItem\",\"position\":2,\"name\":\"Reprograma\u00e7\u00e3o Qu\u00e2ntica\"}]},{\"@type\":\"WebSite\",\"@id\":\"https:\\\/\\\/benditoser.com.br\\\/#website\",\"url\":\"https:\\\/\\\/benditoser.com.br\\\/\",\"name\":\"Benditoser\",\"description\":\"Terapias\",\"publisher\":{\"@id\":\"https:\\\/\\\/benditoser.com.br\\\/#organization\"},\"potentialAction\":[{\"@type\":\"SearchAction\",\"target\":{\"@type\":\"EntryPoint\",\"urlTemplate\":\"https:\\\/\\\/benditoser.com.br\\\/?s={search_term_string}\"},\"query-input\":{\"@type\":\"PropertyValueSpecification\",\"valueRequired\":true,\"valueName\":\"search_term_string\"}}],\"inLanguage\":\"en-US\"},{\"@type\":\"Organization\",\"@id\":\"https:\\\/\\\/benditoser.com.br\\\/#organization\",\"name\":\"Benditoser\",\"url\":\"https:\\\/\\\/benditoser.com.br\\\/\",\"logo\":{\"@type\":\"ImageObject\",\"inLanguage\":\"en-US\",\"@id\":\"https:\\\/\\\/benditoser.com.br\\\/#\\\/schema\\\/logo\\\/image\\\/\",\"url\":\"https:\\\/\\\/benditoser.com.br\\\/wp-content\\\/uploads\\\/2025\\\/05\\\/cropped-logo-bendito-ser-site.png\",\"contentUrl\":\"https:\\\/\\\/benditoser.com.br\\\/wp-content\\\/uploads\\\/2025\\\/05\\\/cropped-logo-bendito-ser-site.png\",\"width\":220,\"height\":44,\"caption\":\"Benditoser\"},\"image\":{\"@id\":\"https:\\\/\\\/benditoser.com.br\\\/#\\\/schema\\\/logo\\\/image\\\/\"},\"sameAs\":[\"https:\\\/\\\/www.facebook.com\\\/benditoser.com.br\",\"https:\\\/\\\/www.instagram.com\\\/benditoser.com.br\\\/\"]}]}<\/script>\n<!-- \/ Yoast SEO plugin. -->","yoast_head_json":{"title":"Reprograma\u00e7\u00e3o Qu\u00e2ntica - Benditoser","description":"Investiga\u00e7\u00e3o profunda do inconsciente, padr\u00f5es repetitivos e conflitos internos com base em Psican\u00e1lise e Psicologia Anal\u00edtica.","robots":{"index":"index","follow":"follow","max-snippet":"max-snippet:-1","max-image-preview":"max-image-preview:large","max-video-preview":"max-video-preview:-1"},"canonical":"https:\/\/benditoser.com.br\/en\/dimensao-psiquica\/","og_locale":"en_US","og_type":"article","og_title":"Reprograma\u00e7\u00e3o Qu\u00e2ntica - Benditoser","og_description":"Investiga\u00e7\u00e3o profunda do inconsciente, padr\u00f5es repetitivos e conflitos internos com base em Psican\u00e1lise e Psicologia Anal\u00edtica.","og_url":"https:\/\/benditoser.com.br\/en\/dimensao-psiquica\/","og_site_name":"Benditoser","article_publisher":"https:\/\/www.facebook.com\/benditoser.com.br","article_modified_time":"2026-03-04T18:51:59+00:00","twitter_card":"summary_large_image","twitter_misc":{"Est. reading time":"3 minutes"},"schema":{"@context":"https:\/\/schema.org","@graph":[{"@type":"WebPage","@id":"https:\/\/benditoser.com.br\/dimensao-psiquica\/","url":"https:\/\/benditoser.com.br\/dimensao-psiquica\/","name":"Reprograma\u00e7\u00e3o Qu\u00e2ntica - Benditoser","isPartOf":{"@id":"https:\/\/benditoser.com.br\/#website"},"datePublished":"2025-05-27T02:30:48+00:00","dateModified":"2026-03-04T18:51:59+00:00","description":"Investiga\u00e7\u00e3o profunda do inconsciente, padr\u00f5es repetitivos e conflitos internos com base em Psican\u00e1lise e Psicologia Anal\u00edtica.","breadcrumb":{"@id":"https:\/\/benditoser.com.br\/dimensao-psiquica\/#breadcrumb"},"inLanguage":"en-US","potentialAction":[{"@type":"ReadAction","target":["https:\/\/benditoser.com.br\/dimensao-psiquica\/"]}]},{"@type":"BreadcrumbList","@id":"https:\/\/benditoser.com.br\/dimensao-psiquica\/#breadcrumb","itemListElement":[{"@type":"ListItem","position":1,"name":"In\u00edcio","item":"https:\/\/benditoser.com.br\/"},{"@type":"ListItem","position":2,"name":"Reprograma\u00e7\u00e3o Qu\u00e2ntica"}]},{"@type":"WebSite","@id":"https:\/\/benditoser.com.br\/#website","url":"https:\/\/benditoser.com.br\/","name":"Benditoser","description":"Terapias","publisher":{"@id":"https:\/\/benditoser.com.br\/#organization"},"potentialAction":[{"@type":"SearchAction","target":{"@type":"EntryPoint","urlTemplate":"https:\/\/benditoser.com.br\/?s={search_term_string}"},"query-input":{"@type":"PropertyValueSpecification","valueRequired":true,"valueName":"search_term_string"}}],"inLanguage":"en-US"},{"@type":"Organization","@id":"https:\/\/benditoser.com.br\/#organization","name":"Benditoser","url":"https:\/\/benditoser.com.br\/","logo":{"@type":"ImageObject","inLanguage":"en-US","@id":"https:\/\/benditoser.com.br\/#\/schema\/logo\/image\/","url":"https:\/\/benditoser.com.br\/wp-content\/uploads\/2025\/05\/cropped-logo-bendito-ser-site.png","contentUrl":"https:\/\/benditoser.com.br\/wp-content\/uploads\/2025\/05\/cropped-logo-bendito-ser-site.png","width":220,"height":44,"caption":"Benditoser"},"image":{"@id":"https:\/\/benditoser.com.br\/#\/schema\/logo\/image\/"},"sameAs":["https:\/\/www.facebook.com\/benditoser.com.br","https:\/\/www.instagram.com\/benditoser.com.br\/"]}]}},"publishpress_future_action":{"enabled":false,"date":"2026-09-07 21:20:50","action":"change-status","newStatus":"draft","terms":[],"taxonomy":"","extraData":[]},"publishpress_future_workflow_manual_trigger":{"enabledWorkflows":[]},"_links":{"self":[{"href":"https:\/\/benditoser.com.br\/en\/wp-json\/wp\/v2\/pages\/13533","targetHints":{"allow":["GET"]}}],"collection":[{"href":"https:\/\/benditoser.com.br\/en\/wp-json\/wp\/v2\/pages"}],"about":[{"href":"https:\/\/benditoser.com.br\/en\/wp-json\/wp\/v2\/types\/page"}],"author":[{"embeddable":true,"href":"https:\/\/benditoser.com.br\/en\/wp-json\/wp\/v2\/users\/2"}],"replies":[{"embeddable":true,"href":"https:\/\/benditoser.com.br\/en\/wp-json\/wp\/v2\/comments?post=13533"}],"version-history":[{"count":19,"href":"https:\/\/benditoser.com.br\/en\/wp-json\/wp\/v2\/pages\/13533\/revisions"}],"predecessor-version":[{"id":14720,"href":"https:\/\/benditoser.com.br\/en\/wp-json\/wp\/v2\/pages\/13533\/revisions\/14720"}],"wp:attachment":[{"href":"https:\/\/benditoser.com.br\/en\/wp-json\/wp\/v2\/media?parent=13533"}],"curies":[{"name":"wp","href":"https:\/\/api.w.org\/{rel}","templated":true}]}}