{"id":1415,"date":"2024-01-05T00:23:39","date_gmt":"2024-01-05T03:23:39","guid":{"rendered":"https:\/\/oduz.etc.br\/?page_id=1415"},"modified":"2024-01-22T21:49:31","modified_gmt":"2024-01-23T00:49:31","slug":"jornada-oduz","status":"publish","type":"page","link":"https:\/\/benditoser.com.br\/en\/como-fazemos\/para-voce\/jornada-oduz\/","title":{"rendered":"Jornada Oduz"},"content":{"rendered":"<div class=\"wpb-content-wrapper\"><div class=\"vc_row wpb_row vc_row-fluid\"><div class=\"wpb_column vc_column_container vc_col-sm-12\"><div class=\"vc_column-inner\"><div class=\"wpb_wrapper\"><div class=\"vc_empty_space\"   style=\"height: 20px\"><span class=\"vc_empty_space_inner\"><\/span><\/div><h1 style=\"text-align: center;font-family:Open Sans;font-weight:400;font-style:normal\" class=\"vc_custom_heading vc_do_custom_heading\" >Jornada Oduz de Terapias<\/h1><div class=\"vc_empty_space\"   style=\"height: 20px\"><span class=\"vc_empty_space_inner\"><\/span><\/div><h2 style=\"color: #88c37a;text-align: center;font-family:Open Sans;font-weight:400;font-style:normal\" class=\"vc_custom_heading vc_do_custom_heading\" ><a href=\"\">Uma profunda jornada de transforma\u00e7\u00e3o do seu mundo<\/a><\/h2><div class=\"vc_empty_space\"   style=\"height: 20px\"><span class=\"vc_empty_space_inner\"><\/span><\/div>\n\t<div class=\"wpb_text_column wpb_content_element\" >\n\t\t<div class=\"wpb_wrapper\">\n\t\t\t<p style=\"text-align: center;\">Se sua busca \u00e9 por uma JORNADA DE TERAPIAS INTEGRADAS, que unam <strong>AUTOCONHECIMENTO, TRATAMENTO ENERG\u00c9TICO e ESPIRITUAL<\/strong>, de maneira a expandir e aprofundar os conhecimentos sobre voc\u00ea mesmo, em um processo profundo de liberta\u00e7\u00e3o das suas dores, esse \u00e9 o seu caminho.<\/p>\n\n\t\t<\/div>\n\t<\/div>\n<div class=\"vc_empty_space\"   style=\"height: 40px\"><span class=\"vc_empty_space_inner\"><\/span><\/div>\n\t<div  class=\"wpb_single_image wpb_content_element vc_align_center wpb_content_element wpb_animate_when_almost_visible wpb_top-to-bottom top-to-bottom\">\n\t\t\n\t\t<figure class=\"wpb_wrapper vc_figure\">\n\t\t\t<div class=\"vc_single_image-wrapper   vc_box_border_grey\"><img loading=\"lazy\" decoding=\"async\" class=\"vc_single_image-img\" src=\"https:\/\/benditoser.com.br\/wp-content\/uploads\/2023\/01\/jornada-oduz-transformacao-terapias-800x213.jpg\" width=\"800\" height=\"213\" alt=\"jornada-oduz-transformacao-terapias\" title=\"jornada-oduz-transformacao-terapias\" \/><\/div>\n\t\t<\/figure>\n\t<\/div>\n<div class=\"vc_empty_space\"   style=\"height: 20px\"><span class=\"vc_empty_space_inner\"><\/span><\/div><\/div><\/div><\/div><\/div><div class=\"vc_row wpb_row vc_row-fluid\"><div class=\"wpb_column vc_column_container vc_col-sm-12\"><div class=\"vc_column-inner\"><div class=\"wpb_wrapper\"><div class=\"vc_empty_space\"   style=\"height: 80px\"><span class=\"vc_empty_space_inner\"><\/span><\/div><h2 style=\"color: #7dcbd8;text-align: center;font-family:Open Sans;font-weight:400;font-style:normal\" class=\"vc_custom_heading vc_do_custom_heading\" ><a href=\"\">DA CONSULTA\/AVALIA\u00c7\u00c3O<\/a><\/h2><div class=\"vc_empty_space\"   style=\"height: 20px\"><span class=\"vc_empty_space_inner\"><\/span><\/div>\n\t<div class=\"wpb_text_column wpb_content_element\" >\n\t\t<div class=\"wpb_wrapper\">\n\t\t\t<div class=\"wpb_text_column wpb_content_element\">\n<div class=\"wpb_wrapper\">\n<p class=\"vc_custom_heading\" style=\"text-align: center;\">A Avalia\u00e7\u00e3o Oduz \u00e9 um protocolo exclusivo de leitura de padr\u00f5es f\u00edsicos, emocionais, energ\u00e9ticos e espirituais.<\/p>\n<h4 class=\"vc_custom_heading\" style=\"text-align: center;\"><strong><span style=\"color: #7dcbd8;\">O processo combina anamnese, radiestesia e leitura de campo ps\u00edquico pela sensibilidade espiritual do avaliador.<\/span><\/strong><\/h4>\n<p class=\"vc_custom_heading\" style=\"text-align: center;\">O objetivo \u00e9 encontrar os poss\u00edveis desequil\u00edbrios, suas causas e extens\u00f5es.<\/p>\n<\/div>\n<\/div>\n\n\t\t<\/div>\n\t<\/div>\n<div class=\"vc_empty_space\"   style=\"height: 40px\"><span class=\"vc_empty_space_inner\"><\/span><\/div><\/div><\/div><\/div><\/div><div class=\"vc_row wpb_row vc_row-fluid\"><div class=\"wpb_column vc_column_container vc_col-sm-12\"><div class=\"vc_column-inner\"><div class=\"wpb_wrapper\"><div class=\"vc_empty_space\"   style=\"height: 80px\"><span class=\"vc_empty_space_inner\"><\/span><\/div><h2 style=\"color: #7dcbd8;text-align: center;font-family:Open Sans;font-weight:400;font-style:normal\" class=\"vc_custom_heading vc_do_custom_heading\" ><a href=\"\">\u00c0 JORNADA ODUZ DE TERAPIAS<\/a><\/h2><div class=\"vc_empty_space\"   style=\"height: 20px\"><span class=\"vc_empty_space_inner\"><\/span><\/div>\n\t<div class=\"wpb_text_column wpb_content_element\" >\n\t\t<div class=\"wpb_wrapper\">\n\t\t\t<div class=\"wpb_text_column wpb_content_element\">\n<div class=\"wpb_wrapper\">\n<p style=\"text-align: center;\">A sistem\u00e1tica das terapias integrativas Oduz \u00e9 inteiramente pautada em l\u00f3gica sist\u00eamica, integrativa e em viv\u00eancia apom\u00e9trica universalista.<\/p>\n<p style=\"text-align: center;\">O que significa que o indiv\u00edduo \u00e9 considerado em sua percep\u00e7\u00e3o integral e em uma perspectiva imortal, ou seja, embora hoje manifeste e se reconhe\u00e7a apenas em uma personalidade, \u00e9 uma consci\u00eancia dotada de hist\u00f3ria milenar e de variados desafios acumulados ao longo de sucessivas reencarna\u00e7\u00f5es.<\/p>\n<p style=\"text-align: center;\">Estes desafios podem emergir no tempo presente e gerar consequ\u00eancias graves e criar diversos e importantes obst\u00e1culos \u00e0 sua trajet\u00f3ria atual.<\/p>\n<h4 class=\"vc_custom_heading\" style=\"text-align: center;\">.<\/h4>\n<h4 class=\"vc_custom_heading\" style=\"text-align: center;\"><strong><span style=\"color: #7dcbd8;\">Seu processo, tanto em n\u00edvel de autoconecimento, quanto em tratamento em n\u00edveis f\u00edsico, emocional, energ\u00e9tico e espiritual, ser\u00e1 definido tamb\u00e9m na sua avalia\u00e7\u00e3o. Os protocolos de tratamento s\u00e3o personalizados, de acordo com as causas e extens\u00f5es dos identificadas.<\/span><\/strong><\/h4>\n<\/div>\n<\/div>\n\n\t\t<\/div>\n\t<\/div>\n<div class=\"vc_empty_space\"   style=\"height: 40px\"><span class=\"vc_empty_space_inner\"><\/span><\/div><\/div><\/div><\/div><\/div><div class=\"vc_row wpb_row vc_row-fluid\"><div class=\"wpb_column vc_column_container vc_col-sm-12\"><div class=\"vc_column-inner\"><div class=\"wpb_wrapper\"><div class=\"vc_empty_space\"   style=\"height: 30px\"><span class=\"vc_empty_space_inner\"><\/span><\/div><div class=\"vc_icon_element vc_icon_element-outer vc_do_icon wpb_animate_when_almost_visible wpb_top-to-bottom top-to-bottom vc_icon_element-align-center\"><div class=\"vc_icon_element-inner vc_icon_element-color-green vc_icon_element-size-xl vc_icon_element-style- vc_icon_element-background-color-grey\" ><span class=\"vc_icon_element-icon fa fa-whatsapp\" ><\/span><a class=\"vc_icon_element-link\" href=\"https:\/\/api.whatsapp.com\/send?phone=5585988486862\"  title=\"\" target=\"_self\"><\/a><\/div><\/div>\n\t<div class=\"wpb_text_column wpb_content_element\" >\n\t\t<div class=\"wpb_wrapper\">\n\t\t\t<p style=\"text-align: center;\"><span style=\"color: #808080;\">Agende sua consulta\/avalia\u00e7\u00e3o.<\/span><\/p>\n\n\t\t<\/div>\n\t<\/div>\n<\/div><\/div><\/div><\/div><div class=\"vc_row wpb_row vc_row-fluid\"><div class=\"wpb_column vc_column_container vc_col-sm-12\"><div class=\"vc_column-inner\"><div class=\"wpb_wrapper\"><div class=\"vc_empty_space\"   style=\"height: 80px\"><span class=\"vc_empty_space_inner\"><\/span><\/div><h2 style=\"color: #7dcbd8;text-align: center;font-family:Open Sans;font-weight:400;font-style:normal\" class=\"vc_custom_heading vc_do_custom_heading\" ><a href=\"\">PARA QUEM \u00c9<\/a><\/h2><div class=\"vc_empty_space\"   style=\"height: 20px\"><span class=\"vc_empty_space_inner\"><\/span><\/div>\n\t<div  class=\"wpb_single_image wpb_content_element vc_align_center wpb_content_element wpb_animate_when_almost_visible wpb_top-to-bottom top-to-bottom\">\n\t\t\n\t\t<figure class=\"wpb_wrapper vc_figure\">\n\t\t\t<div class=\"vc_single_image-wrapper   vc_box_border_grey\"><img loading=\"lazy\" decoding=\"async\" class=\"vc_single_image-img\" src=\"https:\/\/benditoser.com.br\/wp-content\/uploads\/2024\/01\/pra-quem-e-oduz-pessoas.jpg\" width=\"800\" height=\"213\" alt=\"pra-quem-e-oduz-pessoas\" title=\"pra-quem-e-oduz-pessoas\" \/><\/div>\n\t\t<\/figure>\n\t<\/div>\n<div class=\"vc_empty_space\"   style=\"height: 10px\"><span class=\"vc_empty_space_inner\"><\/span><\/div>\n\t<div class=\"wpb_text_column wpb_content_element\" >\n\t\t<div class=\"wpb_wrapper\">\n\t\t\t<div class=\"wpb_text_column wpb_content_element\">\n<div class=\"wpb_wrapper\">\n<p class=\"vc_custom_heading\" style=\"text-align: center;\">Para os que precisam de uma solu\u00e7\u00e3o para problemas que sentem profundamente, mas n\u00e3o encontram explica\u00e7\u00e3o ou solu\u00e7\u00e3o em tratamentos ou terapias convencionais. Tamb\u00e9m \u00e9 para os que j\u00e1 conhecem os meandros relacionados \u00e0s jornadas do esp\u00edrito e buscam solu\u00e7\u00f5es nas causas e n\u00e3o mais nos efeitos.<\/p>\n<\/div>\n<\/div>\n\n\t\t<\/div>\n\t<\/div>\n\n\t<div class=\"wpb_text_column wpb_content_element\" >\n\t\t<div class=\"wpb_wrapper\">\n\t\t\t<p style=\"text-align: center;\"><strong>Nos situamos em um campo de resposta e tratamento \u00e0s necessidade em n\u00edveis pouco explorados e integrados de maneira t\u00e3o sin\u00e9rgica:<\/strong><\/p>\n<h3 style=\"text-align: center;\"><strong><span style=\"font-size: 18pt; color: #7dcbd8;\">AUTOCONHECIMENTO E EXPANS\u00c3O DE CONSCI\u00caNCIA<\/span><\/strong><\/h3>\n<h3 style=\"text-align: center;\"><strong><span style=\"font-size: 18pt; color: #7dcbd8;\">TRATAMENTO ESPIRITUAL<\/span><\/strong><\/h3>\n<h3 style=\"text-align: center;\"><span style=\"font-size: 18pt;\"><strong><span style=\"color: #7dcbd8;\">TRATAMENTO ENERG\u00c9TICO EM TERAPIAS INTEGRADAS<\/span><\/strong>\u00a0<\/span><\/h3>\n\n\t\t<\/div>\n\t<\/div>\n<div class=\"vc_empty_space\"   style=\"height: 40px\"><span class=\"vc_empty_space_inner\"><\/span><\/div><\/div><\/div><\/div><\/div><div class=\"wpb_column vc_column_container vc_col-sm-12\"><div class=\"vc_column-inner\"><div class=\"wpb_wrapper\"><\/div><\/div><\/div><div class=\"wpb_column vc_column_container vc_col-sm-12\"><div class=\"vc_column-inner\"><div class=\"wpb_wrapper\"><\/div><\/div><\/div><div class=\"wpb_column vc_column_container vc_col-sm-2\"><div class=\"vc_column-inner\"><div class=\"wpb_wrapper\"><\/div><\/div><\/div><div class=\"wpb_column vc_column_container vc_col-sm-2\"><div class=\"vc_column-inner\"><div class=\"wpb_wrapper\"><\/div><\/div><\/div><div class=\"wpb_column vc_column_container vc_col-sm-8\"><div class=\"vc_column-inner\"><div class=\"wpb_wrapper\"><\/div><\/div><\/div><div class=\"wpb_column vc_column_container vc_col-sm-12\"><div class=\"vc_column-inner\"><div class=\"wpb_wrapper\"><\/div><\/div><\/div>\n<\/div>","protected":false},"excerpt":{"rendered":"Jornada Oduz de TerapiasUma profunda jornada de transforma\u00e7\u00e3o do seu mundo Se sua busca \u00e9 por uma JORNADA DE TERAPIAS INTEGRADAS, que unam AUTOCONHECIMENTO, TRATAMENTO ENERG\u00c9TICO e ESPIRITUAL, de maneira a expandir e aprofundar os conhecimentos sobre voc\u00ea mesmo, em um processo profundo de liberta\u00e7\u00e3o [...]","protected":false},"author":2,"featured_media":0,"parent":1308,"menu_order":0,"comment_status":"closed","ping_status":"closed","template":"","meta":{"om_disable_all_campaigns":false,"_monsterinsights_skip_tracking":false,"_uf_show_specific_survey":0,"_uf_disable_surveys":false,"footnotes":""},"class_list":["post-1415","page","type-page","status-publish","hentry"],"yoast_head":"<!-- This site is optimized with the Yoast SEO plugin v28.3 - https:\/\/yoast.com\/product\/yoast-seo-wordpress\/ -->\n<title>Terap\u00eautica para tratamento energ\u00e9tico e espiritual<\/title>\n<meta name=\"description\" content=\"A Jornada Oduz \u00e9 para quem precisa de uma solu\u00e7\u00e3o para problemas que sente profundamente, mas n\u00e3o encontra explica\u00e7\u00e3o ou solu\u00e7\u00e3o em tratamentos ou terapias convencionais.\" \/>\n<meta name=\"robots\" content=\"index, follow, max-snippet:-1, max-image-preview:large, max-video-preview:-1\" \/>\n<link rel=\"canonical\" href=\"https:\/\/benditoser.com.br\/en\/como-fazemos\/para-voce\/jornada-oduz\/\" \/>\n<meta property=\"og:locale\" content=\"en_US\" \/>\n<meta property=\"og:type\" content=\"article\" \/>\n<meta property=\"og:title\" content=\"Terap\u00eautica para tratamento energ\u00e9tico e espiritual\" \/>\n<meta property=\"og:description\" content=\"A Jornada Oduz \u00e9 para quem precisa de uma solu\u00e7\u00e3o para problemas que sente profundamente, mas n\u00e3o encontra explica\u00e7\u00e3o ou solu\u00e7\u00e3o em tratamentos ou terapias convencionais.\" \/>\n<meta property=\"og:url\" content=\"https:\/\/benditoser.com.br\/en\/como-fazemos\/para-voce\/jornada-oduz\/\" \/>\n<meta property=\"og:site_name\" content=\"Benditoser\" \/>\n<meta property=\"article:publisher\" content=\"https:\/\/www.facebook.com\/benditoser.com.br\" \/>\n<meta property=\"article:modified_time\" content=\"2024-01-23T00:49:31+00:00\" \/>\n<meta name=\"twitter:card\" content=\"summary_large_image\" \/>\n<meta name=\"twitter:label1\" content=\"Est. reading time\" \/>\n\t<meta name=\"twitter:data1\" content=\"5 minutes\" \/>\n<script type=\"application\/ld+json\" class=\"yoast-schema-graph\">{\"@context\":\"https:\\\/\\\/schema.org\",\"@graph\":[{\"@type\":\"WebPage\",\"@id\":\"https:\\\/\\\/benditoser.com.br\\\/como-fazemos\\\/para-voce\\\/jornada-oduz\\\/\",\"url\":\"https:\\\/\\\/benditoser.com.br\\\/como-fazemos\\\/para-voce\\\/jornada-oduz\\\/\",\"name\":\"Terap\u00eautica para tratamento energ\u00e9tico e espiritual\",\"isPartOf\":{\"@id\":\"https:\\\/\\\/benditoser.com.br\\\/#website\"},\"datePublished\":\"2024-01-05T03:23:39+00:00\",\"dateModified\":\"2024-01-23T00:49:31+00:00\",\"description\":\"A Jornada Oduz \u00e9 para quem precisa de uma solu\u00e7\u00e3o para problemas que sente profundamente, mas n\u00e3o encontra explica\u00e7\u00e3o ou solu\u00e7\u00e3o em tratamentos ou terapias convencionais.\",\"breadcrumb\":{\"@id\":\"https:\\\/\\\/benditoser.com.br\\\/como-fazemos\\\/para-voce\\\/jornada-oduz\\\/#breadcrumb\"},\"inLanguage\":\"en-US\",\"potentialAction\":[{\"@type\":\"ReadAction\",\"target\":[\"https:\\\/\\\/benditoser.com.br\\\/como-fazemos\\\/para-voce\\\/jornada-oduz\\\/\"]}]},{\"@type\":\"BreadcrumbList\",\"@id\":\"https:\\\/\\\/benditoser.com.br\\\/como-fazemos\\\/para-voce\\\/jornada-oduz\\\/#breadcrumb\",\"itemListElement\":[{\"@type\":\"ListItem\",\"position\":1,\"name\":\"In\u00edcio\",\"item\":\"https:\\\/\\\/benditoser.com.br\\\/\"},{\"@type\":\"ListItem\",\"position\":2,\"name\":\"como fazemos\",\"item\":\"https:\\\/\\\/benditoser.com.br\\\/como-fazemos\\\/\"},{\"@type\":\"ListItem\",\"position\":3,\"name\":\"Para Voc\u00ea\",\"item\":\"https:\\\/\\\/benditoser.com.br\\\/como-fazemos\\\/para-voce\\\/\"},{\"@type\":\"ListItem\",\"position\":4,\"name\":\"Jornada Oduz\"}]},{\"@type\":\"WebSite\",\"@id\":\"https:\\\/\\\/benditoser.com.br\\\/#website\",\"url\":\"https:\\\/\\\/benditoser.com.br\\\/\",\"name\":\"Benditoser\",\"description\":\"Terapias\",\"publisher\":{\"@id\":\"https:\\\/\\\/benditoser.com.br\\\/#organization\"},\"potentialAction\":[{\"@type\":\"SearchAction\",\"target\":{\"@type\":\"EntryPoint\",\"urlTemplate\":\"https:\\\/\\\/benditoser.com.br\\\/?s={search_term_string}\"},\"query-input\":{\"@type\":\"PropertyValueSpecification\",\"valueRequired\":true,\"valueName\":\"search_term_string\"}}],\"inLanguage\":\"en-US\"},{\"@type\":\"Organization\",\"@id\":\"https:\\\/\\\/benditoser.com.br\\\/#organization\",\"name\":\"Benditoser\",\"url\":\"https:\\\/\\\/benditoser.com.br\\\/\",\"logo\":{\"@type\":\"ImageObject\",\"inLanguage\":\"en-US\",\"@id\":\"https:\\\/\\\/benditoser.com.br\\\/#\\\/schema\\\/logo\\\/image\\\/\",\"url\":\"https:\\\/\\\/benditoser.com.br\\\/wp-content\\\/uploads\\\/2025\\\/05\\\/cropped-logo-bendito-ser-site.png\",\"contentUrl\":\"https:\\\/\\\/benditoser.com.br\\\/wp-content\\\/uploads\\\/2025\\\/05\\\/cropped-logo-bendito-ser-site.png\",\"width\":220,\"height\":44,\"caption\":\"Benditoser\"},\"image\":{\"@id\":\"https:\\\/\\\/benditoser.com.br\\\/#\\\/schema\\\/logo\\\/image\\\/\"},\"sameAs\":[\"https:\\\/\\\/www.facebook.com\\\/benditoser.com.br\",\"https:\\\/\\\/www.instagram.com\\\/benditoser.com.br\\\/\"]}]}<\/script>\n<!-- \/ Yoast SEO plugin. -->","yoast_head_json":{"title":"Terap\u00eautica para tratamento energ\u00e9tico e espiritual","description":"A Jornada Oduz \u00e9 para quem precisa de uma solu\u00e7\u00e3o para problemas que sente profundamente, mas n\u00e3o encontra explica\u00e7\u00e3o ou solu\u00e7\u00e3o em tratamentos ou terapias convencionais.","robots":{"index":"index","follow":"follow","max-snippet":"max-snippet:-1","max-image-preview":"max-image-preview:large","max-video-preview":"max-video-preview:-1"},"canonical":"https:\/\/benditoser.com.br\/en\/como-fazemos\/para-voce\/jornada-oduz\/","og_locale":"en_US","og_type":"article","og_title":"Terap\u00eautica para tratamento energ\u00e9tico e espiritual","og_description":"A Jornada Oduz \u00e9 para quem precisa de uma solu\u00e7\u00e3o para problemas que sente profundamente, mas n\u00e3o encontra explica\u00e7\u00e3o ou solu\u00e7\u00e3o em tratamentos ou terapias convencionais.","og_url":"https:\/\/benditoser.com.br\/en\/como-fazemos\/para-voce\/jornada-oduz\/","og_site_name":"Benditoser","article_publisher":"https:\/\/www.facebook.com\/benditoser.com.br","article_modified_time":"2024-01-23T00:49:31+00:00","twitter_card":"summary_large_image","twitter_misc":{"Est. reading time":"5 minutes"},"schema":{"@context":"https:\/\/schema.org","@graph":[{"@type":"WebPage","@id":"https:\/\/benditoser.com.br\/como-fazemos\/para-voce\/jornada-oduz\/","url":"https:\/\/benditoser.com.br\/como-fazemos\/para-voce\/jornada-oduz\/","name":"Terap\u00eautica para tratamento energ\u00e9tico e espiritual","isPartOf":{"@id":"https:\/\/benditoser.com.br\/#website"},"datePublished":"2024-01-05T03:23:39+00:00","dateModified":"2024-01-23T00:49:31+00:00","description":"A Jornada Oduz \u00e9 para quem precisa de uma solu\u00e7\u00e3o para problemas que sente profundamente, mas n\u00e3o encontra explica\u00e7\u00e3o ou solu\u00e7\u00e3o em tratamentos ou terapias convencionais.","breadcrumb":{"@id":"https:\/\/benditoser.com.br\/como-fazemos\/para-voce\/jornada-oduz\/#breadcrumb"},"inLanguage":"en-US","potentialAction":[{"@type":"ReadAction","target":["https:\/\/benditoser.com.br\/como-fazemos\/para-voce\/jornada-oduz\/"]}]},{"@type":"BreadcrumbList","@id":"https:\/\/benditoser.com.br\/como-fazemos\/para-voce\/jornada-oduz\/#breadcrumb","itemListElement":[{"@type":"ListItem","position":1,"name":"In\u00edcio","item":"https:\/\/benditoser.com.br\/"},{"@type":"ListItem","position":2,"name":"como fazemos","item":"https:\/\/benditoser.com.br\/como-fazemos\/"},{"@type":"ListItem","position":3,"name":"Para Voc\u00ea","item":"https:\/\/benditoser.com.br\/como-fazemos\/para-voce\/"},{"@type":"ListItem","position":4,"name":"Jornada Oduz"}]},{"@type":"WebSite","@id":"https:\/\/benditoser.com.br\/#website","url":"https:\/\/benditoser.com.br\/","name":"Benditoser","description":"Terapias","publisher":{"@id":"https:\/\/benditoser.com.br\/#organization"},"potentialAction":[{"@type":"SearchAction","target":{"@type":"EntryPoint","urlTemplate":"https:\/\/benditoser.com.br\/?s={search_term_string}"},"query-input":{"@type":"PropertyValueSpecification","valueRequired":true,"valueName":"search_term_string"}}],"inLanguage":"en-US"},{"@type":"Organization","@id":"https:\/\/benditoser.com.br\/#organization","name":"Benditoser","url":"https:\/\/benditoser.com.br\/","logo":{"@type":"ImageObject","inLanguage":"en-US","@id":"https:\/\/benditoser.com.br\/#\/schema\/logo\/image\/","url":"https:\/\/benditoser.com.br\/wp-content\/uploads\/2025\/05\/cropped-logo-bendito-ser-site.png","contentUrl":"https:\/\/benditoser.com.br\/wp-content\/uploads\/2025\/05\/cropped-logo-bendito-ser-site.png","width":220,"height":44,"caption":"Benditoser"},"image":{"@id":"https:\/\/benditoser.com.br\/#\/schema\/logo\/image\/"},"sameAs":["https:\/\/www.facebook.com\/benditoser.com.br","https:\/\/www.instagram.com\/benditoser.com.br\/"]}]}},"publishpress_future_action":{"enabled":false,"date":"2026-09-07 23:37:43","action":"change-status","newStatus":"draft","terms":[],"taxonomy":"","extraData":[]},"publishpress_future_workflow_manual_trigger":{"enabledWorkflows":[]},"_links":{"self":[{"href":"https:\/\/benditoser.com.br\/en\/wp-json\/wp\/v2\/pages\/1415","targetHints":{"allow":["GET"]}}],"collection":[{"href":"https:\/\/benditoser.com.br\/en\/wp-json\/wp\/v2\/pages"}],"about":[{"href":"https:\/\/benditoser.com.br\/en\/wp-json\/wp\/v2\/types\/page"}],"author":[{"embeddable":true,"href":"https:\/\/benditoser.com.br\/en\/wp-json\/wp\/v2\/users\/2"}],"replies":[{"embeddable":true,"href":"https:\/\/benditoser.com.br\/en\/wp-json\/wp\/v2\/comments?post=1415"}],"version-history":[{"count":72,"href":"https:\/\/benditoser.com.br\/en\/wp-json\/wp\/v2\/pages\/1415\/revisions"}],"predecessor-version":[{"id":10182,"href":"https:\/\/benditoser.com.br\/en\/wp-json\/wp\/v2\/pages\/1415\/revisions\/10182"}],"up":[{"embeddable":true,"href":"https:\/\/benditoser.com.br\/en\/wp-json\/wp\/v2\/pages\/1308"}],"wp:attachment":[{"href":"https:\/\/benditoser.com.br\/en\/wp-json\/wp\/v2\/media?parent=1415"}],"curies":[{"name":"wp","href":"https:\/\/api.w.org\/{rel}","templated":true}]}}