{"id":14784,"date":"2026-03-12T07:52:32","date_gmt":"2026-03-12T10:52:32","guid":{"rendered":"https:\/\/benditoser.com.br\/?page_id=14784"},"modified":"2026-03-12T12:40:21","modified_gmt":"2026-03-12T15:40:21","slug":"diagnostico","status":"publish","type":"page","link":"https:\/\/benditoser.com.br\/en\/diagnostico\/","title":{"rendered":"Diagn\u00f3stico"},"content":{"rendered":"<div class=\"wpb-content-wrapper\"><div class=\"vc_row wpb_row vc_row-fluid\"><div class=\"wpb_column vc_column_container vc_col-sm-12\"><div class=\"vc_column-inner\"><div class=\"wpb_wrapper\"><div class=\"vc_empty_space\"   style=\"height: 20px\"><span class=\"vc_empty_space_inner\"><\/span><\/div><h1 style=\"color: #7993A4;text-align: center;font-family:ABeeZee;font-weight:400;font-style:normal\" class=\"vc_custom_heading vc_do_custom_heading\" >Diagn\u00f3stico Multidimensional<\/h1><div class=\"vc_empty_space\"   style=\"height: 20px\"><span class=\"vc_empty_space_inner\"><\/span><\/div><div class=\"vc_empty_space\"   style=\"height: 50px\"><span class=\"vc_empty_space_inner\"><\/span><\/div>\n\t<div class=\"wpb_text_column wpb_content_element\" >\n\t\t<div class=\"wpb_wrapper\">\n\t\t\t<h2 style=\"text-align: center;\">Quando o sofrimento n\u00e3o encontra explica\u00e7\u00e3o<\/h2>\n<p style=\"text-align: center;\" data-start=\"533\" data-end=\"624\">Muitas pessoas chegam \u00e0 Benditoser depois de anos tentando compreender o que est\u00e3o vivendo.\u00a0J\u00e1 passaram por diferentes caminhos:\u00a0Psicoterapia, espiritualidade, medicina, pr\u00e1ticas terap\u00eauticas ou processos de autoconhecimento.<\/p>\n<p style=\"text-align: center;\" data-start=\"762\" data-end=\"813\">Mesmo assim, alguns padr\u00f5es continuam se repetindo.<\/p>\n<p style=\"text-align: center;\" data-start=\"817\" data-end=\"861\"><strong>Relacionamentos que seguem o mesmo roteiro<\/strong><\/p>\n<p style=\"text-align: center;\" data-start=\"864\" data-end=\"919\"><strong>Conflitos emocionais que parecem n\u00e3o ter origem clara<\/strong><\/p>\n<p style=\"text-align: center;\" data-start=\"922\" data-end=\"963\"><strong>Sensa\u00e7\u00f5es internas dif\u00edceis de explicar<\/strong><\/p>\n<p style=\"text-align: center;\" data-start=\"966\" data-end=\"1018\"><strong>Um sentimento constante de desajuste ou sobrecarga<\/strong><\/p>\n<p style=\"text-align: center;\" data-start=\"1020\" data-end=\"1093\">Em alguns casos, a biografia pessoal n\u00e3o \u00e9 suficiente para explicar tudo.\u00a0Por isso, antes de iniciar qualquer processo terap\u00eautico, realizamos uma <strong data-start=\"1168\" data-end=\"1210\">Avalia\u00e7\u00e3o Diagn\u00f3stica Multidimensional<\/strong>.<\/p>\n\n\t\t<\/div>\n\t<\/div>\n<div class=\"vc_empty_space\"   style=\"height: 50px\"><span class=\"vc_empty_space_inner\"><\/span><\/div><\/div><\/div><\/div><\/div><div class=\"vc_row wpb_row vc_row-fluid vc_custom_1759976178700 vc_row-has-fill\"><div class=\"wpb_column vc_column_container vc_col-sm-12\"><div class=\"vc_column-inner\"><div class=\"wpb_wrapper\"><h2 style=\"color: #7993A4;text-align: center;font-family:ABeeZee;font-weight:400;font-style:normal\" class=\"vc_custom_heading vc_do_custom_heading\" >O que \u00e9 a Avalia\u00e7\u00e3o Diagn\u00f3stica Multidimensional<\/h2><div class=\"vc_empty_space\"   style=\"height: 30px\"><span class=\"vc_empty_space_inner\"><\/span><\/div>\n\t<div class=\"wpb_text_column wpb_content_element\" >\n\t\t<div class=\"wpb_wrapper\">\n\t\t\t<p style=\"text-align: center;\" data-start=\"1270\" data-end=\"1411\">A Avalia\u00e7\u00e3o Diagn\u00f3stica \u00e9 um processo de investiga\u00e7\u00e3o cl\u00ednica que busca compreender <strong data-start=\"1354\" data-end=\"1410\">quais dimens\u00f5es est\u00e3o envolvidas no sofrimento atual<\/strong>.\u00a0O objetivo n\u00e3o \u00e9 apenas ouvir a hist\u00f3ria.<\/p>\n<p style=\"text-align: center;\" data-start=\"1456\" data-end=\"1525\">\u00c9 <strong data-start=\"1458\" data-end=\"1524\">identificar as estruturas que sustentam certos padr\u00f5es de vida<\/strong>.\u00a0Essa investiga\u00e7\u00e3o permite diferenciar, por exemplo:<\/p>\n<h4 style=\"text-align: center;\" data-start=\"1582\" data-end=\"1621\"><span style=\"color: #808080;\"><strong>Conflitos essencialmente psicol\u00f3gicos<\/strong><\/span><\/h4>\n<h4 style=\"text-align: center;\" data-start=\"1624\" data-end=\"1654\"><span style=\"color: #808080;\"><strong>Padr\u00f5es familiares profundos<\/strong><\/span><\/h4>\n<h4 style=\"text-align: center;\" data-start=\"1657\" data-end=\"1718\"><span style=\"color: #808080;\"><strong>Processos que envolvem dimens\u00f5es espirituais ou energ\u00e9ticas<\/strong><\/span><\/h4>\n<p style=\"text-align: center;\" data-start=\"1720\" data-end=\"1764\">Nem todo caso envolve todas essas dimens\u00f5es.\u00a0Mas quando envolvem, elas precisam ser consideradas.<\/p>\n<p style=\"text-align: center;\" data-start=\"4862\" data-end=\"4919\">A Avalia\u00e7\u00e3o Diagn\u00f3stica <strong data-start=\"4886\" data-end=\"4918\">n\u00e3o \u00e9 uma sess\u00e3o terap\u00eautica<\/strong>.<\/p>\n<p style=\"text-align: center;\" data-start=\"4921\" data-end=\"5039\">Ela \u00e9 um <strong data-start=\"4930\" data-end=\"4966\">processo de investiga\u00e7\u00e3o cl\u00ednica<\/strong>, que permite compreender o quadro antes de iniciar qualquer interven\u00e7\u00e3o.<\/p>\n\n\t\t<\/div>\n\t<\/div>\n<div class=\"vc_empty_space\"   style=\"height: 30px\"><span class=\"vc_empty_space_inner\"><\/span><\/div><\/div><\/div><\/div><\/div><div class=\"vc_row wpb_row vc_row-fluid vc_custom_1759976178700 vc_row-has-fill\"><div class=\"wpb_column vc_column_container vc_col-sm-12\"><div class=\"vc_column-inner\"><div class=\"wpb_wrapper\"><h2 style=\"color: #7993A4;text-align: center;font-family:ABeeZee;font-weight:400;font-style:normal\" class=\"vc_custom_heading vc_do_custom_heading\" >Como o diagn\u00f3stico \u00e9 realizado<\/h2><div class=\"vc_empty_space\"   style=\"height: 30px\"><span class=\"vc_empty_space_inner\"><\/span><\/div>\n\t<div class=\"wpb_text_column wpb_content_element\" >\n\t\t<div class=\"wpb_wrapper\">\n\t\t\t<p style=\"text-align: center;\" data-start=\"1859\" data-end=\"1910\">A avalia\u00e7\u00e3o acontece em tr\u00eas etapas complementares.<\/p>\n\n\t\t<\/div>\n\t<\/div>\n<div class=\"vc_empty_space\"   style=\"height: 30px\"><span class=\"vc_empty_space_inner\"><\/span><\/div><\/div><\/div><\/div><\/div><div class=\"vc_row wpb_row vc_row-fluid vc_custom_1759976178700 vc_row-has-fill\"><div class=\"wpb_column vc_column_container vc_col-sm-4\"><div class=\"vc_column-inner\"><div class=\"wpb_wrapper\">\n\t<div class=\"wpb_text_column wpb_content_element\" >\n\t\t<div class=\"wpb_wrapper\">\n\t\t\t<h3 style=\"text-align: left;\" data-section-id=\"1oldsvt\" data-start=\"1912\" data-end=\"1935\"><span style=\"color: #808080;\"><strong>1 Anamnese Cl\u00ednica<\/strong><\/span><\/h3>\n<p style=\"text-align: left;\" data-start=\"1937\" data-end=\"1984\">Investiga\u00e7\u00e3o detalhada da hist\u00f3ria do paciente. Essa etapa permite compreender <strong data-start=\"2207\" data-end=\"2248\">a organiza\u00e7\u00e3o ps\u00edquica da experi\u00eancia<\/strong>.\u00a0S\u00e3o analisados aspectos como:<\/p>\n<h4 style=\"text-align: left;\" data-start=\"2019\" data-end=\"2039\"><strong>Hist\u00f3ria emocional<\/strong><\/h4>\n<h4 style=\"text-align: left;\" data-start=\"2042\" data-end=\"2079\"><strong>Experi\u00eancias significativas de vida<\/strong><\/h4>\n<h4 style=\"text-align: left;\" data-start=\"2082\" data-end=\"2103\"><strong>Padr\u00f5es repetitivos<\/strong><\/h4>\n<h4 style=\"text-align: left;\" data-start=\"2106\" data-end=\"2127\"><strong>Rela\u00e7\u00f5es familiares<\/strong><\/h4>\n<h4 style=\"text-align: left;\" data-start=\"2130\" data-end=\"2174\"><strong>Momentos de ruptura ou sofrimento marcante<\/strong><\/h4>\n\n\t\t<\/div>\n\t<\/div>\n<div class=\"vc_empty_space\"   style=\"height: 30px\"><span class=\"vc_empty_space_inner\"><\/span><\/div><\/div><\/div><\/div><div class=\"wpb_column vc_column_container vc_col-sm-4\"><div class=\"vc_column-inner\"><div class=\"wpb_wrapper\">\n\t<div class=\"wpb_text_column wpb_content_element\" >\n\t\t<div class=\"wpb_wrapper\">\n\t\t\t<h3 style=\"text-align: left;\" data-section-id=\"1ibzn6f\" data-start=\"2256\" data-end=\"2285\"><span style=\"color: #808080;\"><strong>2 Avalia\u00e7\u00e3o Radiest\u00e9sica<\/strong><\/span><\/h3>\n<p style=\"text-align: left;\" data-start=\"2287\" data-end=\"2409\">A radiestesia \u00e9 utilizada como instrumento de leitura energ\u00e9tica para investigar poss\u00edveis desorganiza\u00e7\u00f5es do campo vital.\u00a0Na Cl\u00ednica do Invis\u00edvel, utilizamos um <strong data-start=\"2450\" data-end=\"2532\">protocolo espec\u00edfico de investiga\u00e7\u00e3o das cinco dimens\u00f5es da experi\u00eancia humana<\/strong>.\u00a0Essa etapa pode revelar:<\/p>\n<h4 style=\"text-align: left;\" data-start=\"2563\" data-end=\"2619\"><strong>Bloqueios energ\u00e9ticos associados a conflitos ps\u00edquicos<\/strong><\/h4>\n<h4 style=\"text-align: left;\" data-start=\"2622\" data-end=\"2684\"><strong>V\u00ednculos ou registros que influenciam o campo da consci\u00eancia<\/strong><\/h4>\n<h4 style=\"text-align: left;\" data-start=\"2687\" data-end=\"2728\"><strong>Interfer\u00eancias relacionadas ao ambiente<\/strong><\/h4>\n\n\t\t<\/div>\n\t<\/div>\n<div class=\"vc_empty_space\"   style=\"height: 30px\"><span class=\"vc_empty_space_inner\"><\/span><\/div><\/div><\/div><\/div><div class=\"wpb_column vc_column_container vc_col-sm-4\"><div class=\"vc_column-inner\"><div class=\"wpb_wrapper\">\n\t<div class=\"wpb_text_column wpb_content_element\" >\n\t\t<div class=\"wpb_wrapper\">\n\t\t\t<h3 style=\"text-align: left;\" data-section-id=\"p490xd\" data-start=\"2735\" data-end=\"2764\"><strong><span style=\"color: #808080;\">3 Integra\u00e7\u00e3o Diagn\u00f3stica<\/span><\/strong><\/h3>\n<p style=\"text-align: left;\" data-start=\"2766\" data-end=\"2898\">As informa\u00e7\u00f5es obtidas na anamnese e na avalia\u00e7\u00e3o radiest\u00e9sica s\u00e3o cruzadas para formar um <strong data-start=\"2857\" data-end=\"2897\">diagn\u00f3stico cl\u00ednico multidimensional<\/strong>.\u00a0Esse diagn\u00f3stico permite compreender com mais precis\u00e3o:<\/p>\n<h4 style=\"text-align: left;\" data-start=\"2959\" data-end=\"2989\"><strong>A origem dos padr\u00f5es vividos<\/strong><\/h4>\n<h4 style=\"text-align: left;\" data-start=\"2992\" data-end=\"3026\"><strong>Quais dimens\u00f5es est\u00e3o envolvidas<\/strong><\/h4>\n<h4 style=\"text-align: left;\" data-start=\"3029\" data-end=\"3069\"><strong>Qual tipo de interven\u00e7\u00e3o \u00e9 mais adequada<\/strong><\/h4>\n\n\t\t<\/div>\n\t<\/div>\n<\/div><\/div><\/div><\/div><div class=\"vc_row wpb_row vc_row-fluid\"><div class=\"wpb_column vc_column_container vc_col-sm-12\"><div class=\"vc_column-inner\"><div class=\"wpb_wrapper\"><div class=\"vc_empty_space\"   style=\"height: 30px\"><span class=\"vc_empty_space_inner\"><\/span><\/div><h2 style=\"color: #7993A4;text-align: center;font-family:ABeeZee;font-weight:400;font-style:normal\" class=\"vc_custom_heading vc_do_custom_heading\" >As dimens\u00f5es investigadas<\/h2>\n\t<div class=\"wpb_text_column wpb_content_element\" >\n\t\t<div class=\"wpb_wrapper\">\n\t\t\t<p style=\"text-align: center;\" data-start=\"1803\" data-end=\"1870\">O m\u00e9todo considera cinco campos interligados da experi\u00eancia humana:<\/p>\n<h3 style=\"text-align: center;\" data-start=\"2872\" data-end=\"2896\"><\/h3>\n\n\t\t<\/div>\n\t<\/div>\n<div class=\"vc_empty_space\"   style=\"height: 50px\"><span class=\"vc_empty_space_inner\"><\/span><\/div><\/div><\/div><\/div><\/div><div class=\"vc_row wpb_row vc_row-fluid\"><div class=\"wpb_column vc_column_container vc_col-sm-1\/5\"><div class=\"vc_column-inner\"><div class=\"wpb_wrapper\">\n\t<div  class=\"wpb_single_image wpb_content_element vc_align_center wpb_content_element wpb_animate_when_almost_visible wpb_top-to-bottom top-to-bottom\">\n\t\t\n\t\t<figure class=\"wpb_wrapper vc_figure\">\n\t\t\t<a href=\"https:\/\/benditoser.com.br\/en\/dimensao-psiquica\/\" target=\"_self\" class=\"vc_single_image-wrapper   vc_box_border_grey\"><img fetchpriority=\"high\" decoding=\"async\" width=\"600\" height=\"600\" src=\"https:\/\/benditoser.com.br\/wp-content\/uploads\/2024\/11\/tratamento-autoconsciencia-holistico-apometria-oduz.jpg\" class=\"vc_single_image-img attachment-full\" alt=\"\" title=\"tratamento-autoconsciencia-holistico-apometria-oduz\" srcset=\"https:\/\/benditoser.com.br\/wp-content\/uploads\/2024\/11\/tratamento-autoconsciencia-holistico-apometria-oduz.jpg 600w, https:\/\/benditoser.com.br\/wp-content\/uploads\/2024\/11\/tratamento-autoconsciencia-holistico-apometria-oduz-300x300.jpg 300w, https:\/\/benditoser.com.br\/wp-content\/uploads\/2024\/11\/tratamento-autoconsciencia-holistico-apometria-oduz-100x100.jpg 100w, https:\/\/benditoser.com.br\/wp-content\/uploads\/2024\/11\/tratamento-autoconsciencia-holistico-apometria-oduz-150x150.jpg 150w, https:\/\/benditoser.com.br\/wp-content\/uploads\/2024\/11\/tratamento-autoconsciencia-holistico-apometria-oduz-12x12.jpg 12w\" sizes=\"(max-width: 600px) 100vw, 600px\" \/><\/a>\n\t\t<\/figure>\n\t<\/div>\n\n\t<div class=\"wpb_text_column wpb_content_element\" >\n\t\t<div class=\"wpb_wrapper\">\n\t\t\t<h4 style=\"text-align: center;\"><span style=\"color: #7993a4;\"><strong data-start=\"2109\" data-end=\"2131\">Dimens\u00e3o Ps\u00edquica<\/strong><\/span><\/h4>\n<p style=\"text-align: center;\"><strong>Investiga\u00e7\u00e3o de conflitos inconscientes, traumas, complexos e padr\u00f5es emocionais que se formaram ao longo da hist\u00f3ria pessoal.<\/strong><\/p>\n\n\t\t<\/div>\n\t<\/div>\n<div class=\"vc_empty_space\"   style=\"height: 50px\"><span class=\"vc_empty_space_inner\"><\/span><\/div><\/div><\/div><\/div><div class=\"wpb_column vc_column_container vc_col-sm-1\/5\"><div class=\"vc_column-inner\"><div class=\"wpb_wrapper\">\n\t<div  class=\"wpb_single_image wpb_content_element vc_align_center wpb_content_element wpb_animate_when_almost_visible wpb_top-to-bottom top-to-bottom\">\n\t\t\n\t\t<figure class=\"wpb_wrapper vc_figure\">\n\t\t\t<a href=\"https:\/\/benditoser.com.br\/en\/dimensao-espiritual\/\" target=\"_self\" class=\"vc_single_image-wrapper   vc_box_border_grey\"><img decoding=\"async\" width=\"1080\" height=\"1080\" src=\"https:\/\/benditoser.com.br\/wp-content\/uploads\/2024\/11\/tratamento-espiritual-holistico-apometria-oduz-1.jpg\" class=\"vc_single_image-img attachment-full\" alt=\"\" title=\"tratamento-espiritual-holistico-apometria-oduz\" srcset=\"https:\/\/benditoser.com.br\/wp-content\/uploads\/2024\/11\/tratamento-espiritual-holistico-apometria-oduz-1.jpg 1080w, https:\/\/benditoser.com.br\/wp-content\/uploads\/2024\/11\/tratamento-espiritual-holistico-apometria-oduz-1-300x300.jpg 300w, https:\/\/benditoser.com.br\/wp-content\/uploads\/2024\/11\/tratamento-espiritual-holistico-apometria-oduz-1-100x100.jpg 100w, https:\/\/benditoser.com.br\/wp-content\/uploads\/2024\/11\/tratamento-espiritual-holistico-apometria-oduz-1-600x600.jpg 600w, https:\/\/benditoser.com.br\/wp-content\/uploads\/2024\/11\/tratamento-espiritual-holistico-apometria-oduz-1-1024x1024.jpg 1024w, https:\/\/benditoser.com.br\/wp-content\/uploads\/2024\/11\/tratamento-espiritual-holistico-apometria-oduz-1-150x150.jpg 150w, https:\/\/benditoser.com.br\/wp-content\/uploads\/2024\/11\/tratamento-espiritual-holistico-apometria-oduz-1-768x768.jpg 768w, https:\/\/benditoser.com.br\/wp-content\/uploads\/2024\/11\/tratamento-espiritual-holistico-apometria-oduz-1-12x12.jpg 12w\" sizes=\"(max-width: 1080px) 100vw, 1080px\" \/><\/a>\n\t\t<\/figure>\n\t<\/div>\n\n\t<div class=\"wpb_text_column wpb_content_element\" >\n\t\t<div class=\"wpb_wrapper\">\n\t\t\t<h4 style=\"text-align: center;\"><span style=\"color: #7993a4;\"><strong data-start=\"2109\" data-end=\"2131\">Dimens\u00e3o Espiritual e de Continuidade<\/strong><\/span><\/h4>\n<p style=\"text-align: center;\"><strong>A investiga\u00e7\u00e3o dessa dimens\u00e3o considera a possibilidade de registros transbiogr\u00e1ficos e v\u00ednculos extraf\u00edsicos quando identificados dentro do processo cl\u00ednico.<\/strong><\/p>\n\n\t\t<\/div>\n\t<\/div>\n<div class=\"vc_empty_space\"   style=\"height: 50px\"><span class=\"vc_empty_space_inner\"><\/span><\/div><\/div><\/div><\/div><div class=\"wpb_column vc_column_container vc_col-sm-1\/5\"><div class=\"vc_column-inner\"><div class=\"wpb_wrapper\">\n\t<div  class=\"wpb_single_image wpb_content_element vc_align_center wpb_content_element wpb_animate_when_almost_visible wpb_top-to-bottom top-to-bottom\">\n\t\t\n\t\t<figure class=\"wpb_wrapper vc_figure\">\n\t\t\t<a href=\"https:\/\/benditoser.com.br\/en\/dimensao-fisica\/\" target=\"_self\" class=\"vc_single_image-wrapper   vc_box_border_grey\"><img decoding=\"async\" width=\"600\" height=\"600\" src=\"https:\/\/benditoser.com.br\/wp-content\/uploads\/2024\/11\/tratamento-corporal-holistico-apometria-oduz.jpg\" class=\"vc_single_image-img attachment-full\" alt=\"\" title=\"tratamento-corporal-holistico-apometria-oduz\" srcset=\"https:\/\/benditoser.com.br\/wp-content\/uploads\/2024\/11\/tratamento-corporal-holistico-apometria-oduz.jpg 600w, https:\/\/benditoser.com.br\/wp-content\/uploads\/2024\/11\/tratamento-corporal-holistico-apometria-oduz-300x300.jpg 300w, https:\/\/benditoser.com.br\/wp-content\/uploads\/2024\/11\/tratamento-corporal-holistico-apometria-oduz-100x100.jpg 100w, https:\/\/benditoser.com.br\/wp-content\/uploads\/2024\/11\/tratamento-corporal-holistico-apometria-oduz-150x150.jpg 150w, https:\/\/benditoser.com.br\/wp-content\/uploads\/2024\/11\/tratamento-corporal-holistico-apometria-oduz-12x12.jpg 12w\" sizes=\"(max-width: 600px) 100vw, 600px\" \/><\/a>\n\t\t<\/figure>\n\t<\/div>\n\n\t<div class=\"wpb_text_column wpb_content_element\" >\n\t\t<div class=\"wpb_wrapper\">\n\t\t\t<h4 style=\"text-align: center;\"><span style=\"color: #7993a4;\"><strong data-start=\"2109\" data-end=\"2131\">Dimens\u00e3o F\u00edsica e Energ\u00e9tica<\/strong><\/span><\/h4>\n<p style=\"text-align: center;\"><strong>Conflitos ps\u00edquicos e espirituais frequentemente se refletem na organiza\u00e7\u00e3o do campo energ\u00e9tico. A reorganiza\u00e7\u00e3o desse campo pode ser parte importante do processo terap\u00eautico.<\/strong><\/p>\n\n\t\t<\/div>\n\t<\/div>\n<div class=\"vc_empty_space\"   style=\"height: 50px\"><span class=\"vc_empty_space_inner\"><\/span><\/div><\/div><\/div><\/div><div class=\"wpb_column vc_column_container vc_col-sm-1\/5\"><div class=\"vc_column-inner\"><div class=\"wpb_wrapper\">\n\t<div  class=\"wpb_single_image wpb_content_element vc_align_center wpb_content_element wpb_animate_when_almost_visible wpb_top-to-bottom top-to-bottom\">\n\t\t\n\t\t<figure class=\"wpb_wrapper vc_figure\">\n\t\t\t<a href=\"https:\/\/benditoser.com.br\/en\/dimensao-transgeracional\/\" target=\"_self\" class=\"vc_single_image-wrapper   vc_box_border_grey\"><img loading=\"lazy\" decoding=\"async\" width=\"600\" height=\"600\" src=\"https:\/\/benditoser.com.br\/wp-content\/uploads\/2025\/06\/reprogramacao-ancestral-e-familiar-benditoser-oduz.jpg\" class=\"vc_single_image-img attachment-full\" alt=\"\" title=\"reprogramacao-ancestral-e-familiar-benditoser-oduz\" srcset=\"https:\/\/benditoser.com.br\/wp-content\/uploads\/2025\/06\/reprogramacao-ancestral-e-familiar-benditoser-oduz.jpg 600w, https:\/\/benditoser.com.br\/wp-content\/uploads\/2025\/06\/reprogramacao-ancestral-e-familiar-benditoser-oduz-300x300.jpg 300w, https:\/\/benditoser.com.br\/wp-content\/uploads\/2025\/06\/reprogramacao-ancestral-e-familiar-benditoser-oduz-150x150.jpg 150w, https:\/\/benditoser.com.br\/wp-content\/uploads\/2025\/06\/reprogramacao-ancestral-e-familiar-benditoser-oduz-12x12.jpg 12w, https:\/\/benditoser.com.br\/wp-content\/uploads\/2025\/06\/reprogramacao-ancestral-e-familiar-benditoser-oduz-100x100.jpg 100w\" sizes=\"(max-width: 600px) 100vw, 600px\" \/><\/a>\n\t\t<\/figure>\n\t<\/div>\n\n\t<div class=\"wpb_text_column wpb_content_element\" >\n\t\t<div class=\"wpb_wrapper\">\n\t\t\t<h4 style=\"text-align: center;\"><span style=\"color: #7993a4;\"><strong data-start=\"2109\" data-end=\"2131\">Dimens\u00e3o Sist\u00eamica e Transgeracional<\/strong><\/span><\/h4>\n<p style=\"text-align: center;\" data-start=\"2146\" data-end=\"2220\"><strong>Muitos padr\u00f5es de vida est\u00e3o ligados a din\u00e2micas familiares inconscientes.\u00a0<\/strong><strong>Lealdades invis\u00edveis, repeti\u00e7\u00f5es de destino e v\u00ednculos sist\u00eamicos podem influenciar profundamente escolhas, rela\u00e7\u00f5es e emo\u00e7\u00f5es.<\/strong><\/p>\n\n\t\t<\/div>\n\t<\/div>\n<div class=\"vc_empty_space\"   style=\"height: 50px\"><span class=\"vc_empty_space_inner\"><\/span><\/div><\/div><\/div><\/div><div class=\"wpb_column vc_column_container vc_col-sm-1\/5\"><div class=\"vc_column-inner\"><div class=\"wpb_wrapper\">\n\t<div  class=\"wpb_single_image wpb_content_element vc_align_center wpb_content_element wpb_animate_when_almost_visible wpb_top-to-bottom top-to-bottom\">\n\t\t\n\t\t<figure class=\"wpb_wrapper vc_figure\">\n\t\t\t<a href=\"https:\/\/benditoser.com.br\/en\/dimensao-ambiental\/\" target=\"_self\" class=\"vc_single_image-wrapper   vc_box_border_grey\"><img loading=\"lazy\" decoding=\"async\" width=\"600\" height=\"600\" src=\"https:\/\/benditoser.com.br\/wp-content\/uploads\/2024\/11\/tratamento-ambiental-holistico-apometria-oduz.jpg\" class=\"vc_single_image-img attachment-full\" alt=\"\" title=\"tratamento-ambiental-holistico-apometria-oduz\" srcset=\"https:\/\/benditoser.com.br\/wp-content\/uploads\/2024\/11\/tratamento-ambiental-holistico-apometria-oduz.jpg 600w, https:\/\/benditoser.com.br\/wp-content\/uploads\/2024\/11\/tratamento-ambiental-holistico-apometria-oduz-300x300.jpg 300w, https:\/\/benditoser.com.br\/wp-content\/uploads\/2024\/11\/tratamento-ambiental-holistico-apometria-oduz-100x100.jpg 100w, https:\/\/benditoser.com.br\/wp-content\/uploads\/2024\/11\/tratamento-ambiental-holistico-apometria-oduz-150x150.jpg 150w, https:\/\/benditoser.com.br\/wp-content\/uploads\/2024\/11\/tratamento-ambiental-holistico-apometria-oduz-12x12.jpg 12w\" sizes=\"(max-width: 600px) 100vw, 600px\" \/><\/a>\n\t\t<\/figure>\n\t<\/div>\n\n\t<div class=\"wpb_text_column wpb_content_element\" >\n\t\t<div class=\"wpb_wrapper\">\n\t\t\t<h4 style=\"text-align: center;\"><span style=\"color: #7993a4;\"><strong data-start=\"2109\" data-end=\"2131\">Dimens\u00e3o Ambiental<\/strong><\/span><\/h4>\n<p style=\"text-align: center;\"><strong>Ambientes tamb\u00e9m podem influenciar o equil\u00edbrio ps\u00edquico e energ\u00e9tico.\u00a0<\/strong><strong>Em alguns casos, a harmoniza\u00e7\u00e3o do espa\u00e7o de vida \u00e9 indicada como complemento do processo terap\u00eautico.<\/strong><\/p>\n\n\t\t<\/div>\n\t<\/div>\n<div class=\"vc_empty_space\"   style=\"height: 50px\"><span class=\"vc_empty_space_inner\"><\/span><\/div><\/div><\/div><\/div><\/div><div class=\"vc_row wpb_row vc_row-fluid vc_custom_1759976178700 vc_row-has-fill\"><div class=\"wpb_column vc_column_container vc_col-sm-12\"><div class=\"vc_column-inner\"><div class=\"wpb_wrapper\"><h2 style=\"color: #7993A4;text-align: center;font-family:ABeeZee;font-weight:400;font-style:normal\" class=\"vc_custom_heading vc_do_custom_heading\" >O resultado da avalia\u00e7\u00e3o<\/h2><div class=\"vc_empty_space\"   style=\"height: 30px\"><span class=\"vc_empty_space_inner\"><\/span><\/div>\n\t<div class=\"wpb_text_column wpb_content_element\" >\n\t\t<div class=\"wpb_wrapper\">\n\t\t\t<p style=\"text-align: center;\" data-start=\"4068\" data-end=\"4143\">Ao final da Avalia\u00e7\u00e3o Diagn\u00f3stica, tr\u00eas aspectos costumam se tornar claros:<\/p>\n<h4 style=\"text-align: center;\" data-start=\"4148\" data-end=\"4203\"><strong data-start=\"4148\" data-end=\"4203\">O que est\u00e1 realmente acontecendo no processo vivido<\/strong><\/h4>\n<h4 style=\"text-align: center;\" data-start=\"4207\" data-end=\"4243\"><strong data-start=\"4207\" data-end=\"4243\">Quais dimens\u00f5es est\u00e3o envolvidas<\/strong><\/h4>\n<h4 style=\"text-align: center;\" data-start=\"4247\" data-end=\"4304\"><strong data-start=\"4247\" data-end=\"4304\">Qual caminho terap\u00eautico pode ajudar na reorganiza\u00e7\u00e3o<\/strong><\/h4>\n<p style=\"text-align: center;\" data-start=\"4306\" data-end=\"4394\">Esse diagn\u00f3stico permite iniciar o trabalho terap\u00eautico com <strong data-start=\"4366\" data-end=\"4393\">mais precis\u00e3o e dire\u00e7\u00e3o<\/strong>.<\/p>\n\n\t\t<\/div>\n\t<\/div>\n<div class=\"vc_empty_space\"   style=\"height: 30px\"><span class=\"vc_empty_space_inner\"><\/span><\/div><\/div><\/div><\/div><\/div><div class=\"vc_row wpb_row vc_row-fluid vc_custom_1759976178700 vc_row-has-fill\"><div class=\"wpb_column vc_column_container vc_col-sm-12\"><div class=\"vc_column-inner\"><div class=\"wpb_wrapper\"><h2 style=\"color: #7993A4;text-align: center;font-family:ABeeZee;font-weight:400;font-style:normal\" class=\"vc_custom_heading vc_do_custom_heading\" >Para quem essa avalia\u00e7\u00e3o \u00e9 indicada<\/h2><div class=\"vc_empty_space\"   style=\"height: 30px\"><span class=\"vc_empty_space_inner\"><\/span><\/div>\n\t<div class=\"wpb_text_column wpb_content_element\" >\n\t\t<div class=\"wpb_wrapper\">\n\t\t\t<p style=\"text-align: center;\">A Avalia\u00e7\u00e3o Diagn\u00f3stica \u00e9 para quem:<\/p>\n<h4 style=\"text-align: center;\" data-start=\"4509\" data-end=\"4569\"><strong>Sentem que repetem padr\u00f5es de vida dif\u00edceis de compreender<\/strong><\/h4>\n<h4 style=\"text-align: center;\" data-start=\"4572\" data-end=\"4629\"><strong>Carregam sofrimentos que n\u00e3o encontram explica\u00e7\u00e3o clara<\/strong><\/h4>\n<h4 style=\"text-align: center;\" data-start=\"4632\" data-end=\"4705\"><strong>J\u00e1 passaram por diferentes terapias sem encontrar respostas suficientes<\/strong><\/h4>\n<h4 style=\"text-align: center;\" data-start=\"4708\" data-end=\"4768\"><strong>Percebem uma sensibilidade emocional ou energ\u00e9tica elevada<\/strong><\/h4>\n<h4 style=\"text-align: center;\"><strong>Sentem que h\u00e1 algo mais profundo envolvido em sua experi\u00eancia<\/strong><\/h4>\n\n\t\t<\/div>\n\t<\/div>\n<div class=\"vc_empty_space\"   style=\"height: 30px\"><span class=\"vc_empty_space_inner\"><\/span><\/div><\/div><\/div><\/div><\/div><div class=\"vc_row wpb_row vc_row-fluid vc_custom_1759976178700 vc_row-has-fill\"><div class=\"wpb_column vc_column_container vc_col-sm-12\"><div class=\"vc_column-inner\"><div class=\"wpb_wrapper\"><h2 style=\"color: #7993A4;text-align: center;font-family:ABeeZee;font-weight:400;font-style:normal\" class=\"vc_custom_heading vc_do_custom_heading\" >Um ponto importante<\/h2><div class=\"vc_empty_space\"   style=\"height: 30px\"><span class=\"vc_empty_space_inner\"><\/span><\/div>\n\t<div class=\"wpb_text_column wpb_content_element\" >\n\t\t<div class=\"wpb_wrapper\">\n\t\t\t<p style=\"text-align: center;\" data-start=\"4862\" data-end=\"4919\">A Avalia\u00e7\u00e3o Diagn\u00f3stica <strong data-start=\"4886\" data-end=\"4918\">n\u00e3o \u00e9 uma sess\u00e3o terap\u00eautica<\/strong>.<\/p>\n<p style=\"text-align: center;\" data-start=\"4921\" data-end=\"5039\">Ela \u00e9 um <strong data-start=\"4930\" data-end=\"4966\">processo de investiga\u00e7\u00e3o cl\u00ednica<\/strong>, que permite compreender o quadro antes de iniciar qualquer interven\u00e7\u00e3o.<\/p>\n\n\t\t<\/div>\n\t<\/div>\n<div class=\"vc_empty_space\"   style=\"height: 30px\"><span class=\"vc_empty_space_inner\"><\/span><\/div><\/div><\/div><\/div><\/div><div class=\"vc_row wpb_row vc_row-fluid vc_custom_1759976178700 vc_row-has-fill\"><div class=\"wpb_column vc_column_container vc_col-sm-12\"><div class=\"vc_column-inner\"><div class=\"wpb_wrapper\"><h2 style=\"color: #7993A4;text-align: center;font-family:ABeeZee;font-weight:400;font-style:normal\" class=\"vc_custom_heading vc_do_custom_heading\" >Agendar Avalia\u00e7\u00e3o Diagn\u00f3stica<\/h2><div class=\"vc_empty_space\"   style=\"height: 30px\"><span class=\"vc_empty_space_inner\"><\/span><\/div>\n\t<div class=\"wpb_text_column wpb_content_element\" >\n\t\t<div class=\"wpb_wrapper\">\n\t\t\t<p style=\"text-align: center;\" data-start=\"5079\" data-end=\"5227\">Se voc\u00ea sente que seu processo precisa ser compreendido com mais profundidade, o primeiro passo \u00e9 realizar a Avalia\u00e7\u00e3o Diagn\u00f3stica Multidimensional.<\/p>\n<p style=\"text-align: center;\" data-start=\"5229\" data-end=\"5309\">A partir dela, ser\u00e1 poss\u00edvel definir com clareza os pr\u00f3ximos passos do processo.<\/p>\n\n\t\t<\/div>\n\t<\/div>\n<div class=\"vc_empty_space\"   style=\"height: 30px\"><span class=\"vc_empty_space_inner\"><\/span><\/div><\/div><\/div><\/div><\/div><div class=\"vc_row wpb_row vc_row-fluid\"><div class=\"wpb_column vc_column_container vc_col-sm-12\"><div class=\"vc_column-inner\"><div class=\"wpb_wrapper\"><div class=\"vc_btn3-container vc_btn3-center vc_custom_1773308927618 vc_do_btn\" ><a class=\"vc_general vc_btn3 vc_btn3-size-lg vc_btn3-shape-rounded vc_btn3-style-classic vc_btn3-color-sandy-brown\" href=\"https:\/\/api.whatsapp.com\/send?phone=5585988486862\" title=\"\" target=\"_blank\">Agende sua Avalia\u00e7\u00e3o Diagn\u00f3stica<\/a><\/div><\/div><\/div><\/div><\/div>\n<\/div>","protected":false},"excerpt":{"rendered":"Diagn\u00f3stico Multidimensional Quando o sofrimento n\u00e3o encontra explica\u00e7\u00e3o Muitas pessoas chegam \u00e0 Benditoser depois de anos tentando compreender o que est\u00e3o vivendo.\u00a0J\u00e1 passaram por diferentes caminhos:\u00a0Psicoterapia, espiritualidade, medicina, pr\u00e1ticas terap\u00eauticas ou processos de autoconhecimento. Mesmo assim, alguns padr\u00f5es continuam se repetindo. Relacionamentos que seguem o [...]","protected":false},"author":2,"featured_media":0,"parent":0,"menu_order":0,"comment_status":"closed","ping_status":"closed","template":"","meta":{"om_disable_all_campaigns":false,"_monsterinsights_skip_tracking":false,"_uf_show_specific_survey":0,"_uf_disable_surveys":false,"footnotes":""},"class_list":["post-14784","page","type-page","status-publish","hentry"],"yoast_head":"<!-- This site is optimized with the Yoast SEO plugin v28.3 - https:\/\/yoast.com\/product\/yoast-seo-wordpress\/ -->\n<title>Diagn\u00f3stico - Benditoser<\/title>\n<meta name=\"robots\" content=\"index, follow, max-snippet:-1, max-image-preview:large, max-video-preview:-1\" \/>\n<link rel=\"canonical\" href=\"https:\/\/benditoser.com.br\/en\/diagnostico\/\" \/>\n<meta property=\"og:locale\" content=\"en_US\" \/>\n<meta property=\"og:type\" content=\"article\" \/>\n<meta property=\"og:title\" content=\"Diagn\u00f3stico - Benditoser\" \/>\n<meta property=\"og:url\" content=\"https:\/\/benditoser.com.br\/en\/diagnostico\/\" \/>\n<meta property=\"og:site_name\" content=\"Benditoser\" \/>\n<meta property=\"article:publisher\" content=\"https:\/\/www.facebook.com\/benditoser.com.br\" \/>\n<meta property=\"article:modified_time\" content=\"2026-03-12T15:40:21+00:00\" \/>\n<meta name=\"twitter:card\" content=\"summary_large_image\" \/>\n<meta name=\"twitter:label1\" content=\"Est. reading time\" \/>\n\t<meta name=\"twitter:data1\" content=\"3 minutes\" \/>\n<script type=\"application\/ld+json\" class=\"yoast-schema-graph\">{\"@context\":\"https:\\\/\\\/schema.org\",\"@graph\":[{\"@type\":\"WebPage\",\"@id\":\"https:\\\/\\\/benditoser.com.br\\\/diagnostico\\\/\",\"url\":\"https:\\\/\\\/benditoser.com.br\\\/diagnostico\\\/\",\"name\":\"Diagn\u00f3stico - Benditoser\",\"isPartOf\":{\"@id\":\"https:\\\/\\\/benditoser.com.br\\\/#website\"},\"datePublished\":\"2026-03-12T10:52:32+00:00\",\"dateModified\":\"2026-03-12T15:40:21+00:00\",\"breadcrumb\":{\"@id\":\"https:\\\/\\\/benditoser.com.br\\\/diagnostico\\\/#breadcrumb\"},\"inLanguage\":\"en-US\",\"potentialAction\":[{\"@type\":\"ReadAction\",\"target\":[\"https:\\\/\\\/benditoser.com.br\\\/diagnostico\\\/\"]}]},{\"@type\":\"BreadcrumbList\",\"@id\":\"https:\\\/\\\/benditoser.com.br\\\/diagnostico\\\/#breadcrumb\",\"itemListElement\":[{\"@type\":\"ListItem\",\"position\":1,\"name\":\"In\u00edcio\",\"item\":\"https:\\\/\\\/benditoser.com.br\\\/\"},{\"@type\":\"ListItem\",\"position\":2,\"name\":\"Diagn\u00f3stico\"}]},{\"@type\":\"WebSite\",\"@id\":\"https:\\\/\\\/benditoser.com.br\\\/#website\",\"url\":\"https:\\\/\\\/benditoser.com.br\\\/\",\"name\":\"Benditoser\",\"description\":\"Terapias\",\"publisher\":{\"@id\":\"https:\\\/\\\/benditoser.com.br\\\/#organization\"},\"potentialAction\":[{\"@type\":\"SearchAction\",\"target\":{\"@type\":\"EntryPoint\",\"urlTemplate\":\"https:\\\/\\\/benditoser.com.br\\\/?s={search_term_string}\"},\"query-input\":{\"@type\":\"PropertyValueSpecification\",\"valueRequired\":true,\"valueName\":\"search_term_string\"}}],\"inLanguage\":\"en-US\"},{\"@type\":\"Organization\",\"@id\":\"https:\\\/\\\/benditoser.com.br\\\/#organization\",\"name\":\"Benditoser\",\"url\":\"https:\\\/\\\/benditoser.com.br\\\/\",\"logo\":{\"@type\":\"ImageObject\",\"inLanguage\":\"en-US\",\"@id\":\"https:\\\/\\\/benditoser.com.br\\\/#\\\/schema\\\/logo\\\/image\\\/\",\"url\":\"https:\\\/\\\/benditoser.com.br\\\/wp-content\\\/uploads\\\/2025\\\/05\\\/cropped-logo-bendito-ser-site.png\",\"contentUrl\":\"https:\\\/\\\/benditoser.com.br\\\/wp-content\\\/uploads\\\/2025\\\/05\\\/cropped-logo-bendito-ser-site.png\",\"width\":220,\"height\":44,\"caption\":\"Benditoser\"},\"image\":{\"@id\":\"https:\\\/\\\/benditoser.com.br\\\/#\\\/schema\\\/logo\\\/image\\\/\"},\"sameAs\":[\"https:\\\/\\\/www.facebook.com\\\/benditoser.com.br\",\"https:\\\/\\\/www.instagram.com\\\/benditoser.com.br\\\/\"]}]}<\/script>\n<!-- \/ Yoast SEO plugin. -->","yoast_head_json":{"title":"Diagn\u00f3stico - Benditoser","robots":{"index":"index","follow":"follow","max-snippet":"max-snippet:-1","max-image-preview":"max-image-preview:large","max-video-preview":"max-video-preview:-1"},"canonical":"https:\/\/benditoser.com.br\/en\/diagnostico\/","og_locale":"en_US","og_type":"article","og_title":"Diagn\u00f3stico - Benditoser","og_url":"https:\/\/benditoser.com.br\/en\/diagnostico\/","og_site_name":"Benditoser","article_publisher":"https:\/\/www.facebook.com\/benditoser.com.br","article_modified_time":"2026-03-12T15:40:21+00:00","twitter_card":"summary_large_image","twitter_misc":{"Est. reading time":"3 minutes"},"schema":{"@context":"https:\/\/schema.org","@graph":[{"@type":"WebPage","@id":"https:\/\/benditoser.com.br\/diagnostico\/","url":"https:\/\/benditoser.com.br\/diagnostico\/","name":"Diagn\u00f3stico - Benditoser","isPartOf":{"@id":"https:\/\/benditoser.com.br\/#website"},"datePublished":"2026-03-12T10:52:32+00:00","dateModified":"2026-03-12T15:40:21+00:00","breadcrumb":{"@id":"https:\/\/benditoser.com.br\/diagnostico\/#breadcrumb"},"inLanguage":"en-US","potentialAction":[{"@type":"ReadAction","target":["https:\/\/benditoser.com.br\/diagnostico\/"]}]},{"@type":"BreadcrumbList","@id":"https:\/\/benditoser.com.br\/diagnostico\/#breadcrumb","itemListElement":[{"@type":"ListItem","position":1,"name":"In\u00edcio","item":"https:\/\/benditoser.com.br\/"},{"@type":"ListItem","position":2,"name":"Diagn\u00f3stico"}]},{"@type":"WebSite","@id":"https:\/\/benditoser.com.br\/#website","url":"https:\/\/benditoser.com.br\/","name":"Benditoser","description":"Terapias","publisher":{"@id":"https:\/\/benditoser.com.br\/#organization"},"potentialAction":[{"@type":"SearchAction","target":{"@type":"EntryPoint","urlTemplate":"https:\/\/benditoser.com.br\/?s={search_term_string}"},"query-input":{"@type":"PropertyValueSpecification","valueRequired":true,"valueName":"search_term_string"}}],"inLanguage":"en-US"},{"@type":"Organization","@id":"https:\/\/benditoser.com.br\/#organization","name":"Benditoser","url":"https:\/\/benditoser.com.br\/","logo":{"@type":"ImageObject","inLanguage":"en-US","@id":"https:\/\/benditoser.com.br\/#\/schema\/logo\/image\/","url":"https:\/\/benditoser.com.br\/wp-content\/uploads\/2025\/05\/cropped-logo-bendito-ser-site.png","contentUrl":"https:\/\/benditoser.com.br\/wp-content\/uploads\/2025\/05\/cropped-logo-bendito-ser-site.png","width":220,"height":44,"caption":"Benditoser"},"image":{"@id":"https:\/\/benditoser.com.br\/#\/schema\/logo\/image\/"},"sameAs":["https:\/\/www.facebook.com\/benditoser.com.br","https:\/\/www.instagram.com\/benditoser.com.br\/"]}]}},"publishpress_future_action":{"enabled":false,"date":"2026-09-07 21:20:46","action":"change-status","newStatus":"draft","terms":[],"taxonomy":"","extraData":[]},"publishpress_future_workflow_manual_trigger":{"enabledWorkflows":[]},"_links":{"self":[{"href":"https:\/\/benditoser.com.br\/en\/wp-json\/wp\/v2\/pages\/14784","targetHints":{"allow":["GET"]}}],"collection":[{"href":"https:\/\/benditoser.com.br\/en\/wp-json\/wp\/v2\/pages"}],"about":[{"href":"https:\/\/benditoser.com.br\/en\/wp-json\/wp\/v2\/types\/page"}],"author":[{"embeddable":true,"href":"https:\/\/benditoser.com.br\/en\/wp-json\/wp\/v2\/users\/2"}],"replies":[{"embeddable":true,"href":"https:\/\/benditoser.com.br\/en\/wp-json\/wp\/v2\/comments?post=14784"}],"version-history":[{"count":6,"href":"https:\/\/benditoser.com.br\/en\/wp-json\/wp\/v2\/pages\/14784\/revisions"}],"predecessor-version":[{"id":14941,"href":"https:\/\/benditoser.com.br\/en\/wp-json\/wp\/v2\/pages\/14784\/revisions\/14941"}],"wp:attachment":[{"href":"https:\/\/benditoser.com.br\/en\/wp-json\/wp\/v2\/media?parent=14784"}],"curies":[{"name":"wp","href":"https:\/\/api.w.org\/{rel}","templated":true}]}}