{"id":14791,"date":"2026-03-12T10:43:13","date_gmt":"2026-03-12T13:43:13","guid":{"rendered":"https:\/\/benditoser.com.br\/?page_id=14791"},"modified":"2026-08-30T22:45:53","modified_gmt":"2026-08-31T01:45:53","slug":"psicoterapia-integrativa","status":"publish","type":"page","link":"https:\/\/benditoser.com.br\/en\/psicoterapia-integrativa\/","title":{"rendered":"Psicoterapia Integrativa"},"content":{"rendered":"<div class=\"wpb-content-wrapper\"><div class=\"vc_row wpb_row vc_row-fluid\"><div class=\"wpb_column vc_column_container vc_col-sm-12\"><div class=\"vc_column-inner\"><div class=\"wpb_wrapper\"><div class=\"vc_empty_space\"   style=\"height: 20px\"><span class=\"vc_empty_space_inner\"><\/span><\/div><h1 style=\"color: #7993A4;text-align: center;font-family:ABeeZee;font-weight:400;font-style:normal\" class=\"vc_custom_heading vc_do_custom_heading\" >Terapia Integrativa<\/h1><div class=\"vc_empty_space\"   style=\"height: 20px\"><span class=\"vc_empty_space_inner\"><\/span><\/div><div class=\"vc_empty_space\"   style=\"height: 50px\"><span class=\"vc_empty_space_inner\"><\/span><\/div>\n\t<div class=\"wpb_text_column wpb_content_element\" >\n\t\t<div class=\"wpb_wrapper\">\n\t\t\t<h2 style=\"text-align: center;\">Diagnosticar \u00e9 apenas o come\u00e7o.<br \/>\nA transforma\u00e7\u00e3o acontece no processo.<\/h2>\n<p style=\"text-align: center;\" data-start=\"570\" data-end=\"639\">Toda jornada come\u00e7a com a <strong data-start=\"596\" data-end=\"638\">Avalia\u00e7\u00e3o Diagn\u00f3stica Multidimensional<\/strong>.<\/p>\n<p style=\"text-align: center;\" data-start=\"641\" data-end=\"736\">A partir desse diagn\u00f3stico, estruturamos o programa terap\u00eautico mais adequado para cada pessoa.<\/p>\n<p style=\"text-align: center;\" data-start=\"738\" data-end=\"865\">N\u00e3o trabalhamos com protocolos fixos.<br data-start=\"775\" data-end=\"778\" \/>Cada processo \u00e9 orientado pelo <strong data-start=\"809\" data-end=\"864\">funcionamento espec\u00edfico da consci\u00eancia investigada<\/strong>.<\/p>\n\n\t\t<\/div>\n\t<\/div>\n<div class=\"vc_empty_space\"   style=\"height: 50px\"><span class=\"vc_empty_space_inner\"><\/span><\/div><\/div><\/div><\/div><\/div><div class=\"vc_row wpb_row vc_row-fluid vc_custom_1759976178700 vc_row-has-fill\"><div class=\"wpb_column vc_column_container vc_col-sm-12\"><div class=\"vc_column-inner\"><div class=\"wpb_wrapper\"><h2 style=\"color: #7993A4;text-align: center;font-family:ABeeZee;font-weight:400;font-style:normal\" class=\"vc_custom_heading vc_do_custom_heading\" >Programa Terapia Integrativa<\/h2><div class=\"vc_empty_space\"   style=\"height: 30px\"><span class=\"vc_empty_space_inner\"><\/span><\/div>\n\t<div class=\"wpb_text_column wpb_content_element\" >\n\t\t<div class=\"wpb_wrapper\">\n\t\t\t<p style=\"text-align: center;\">A Terapia Integrativa \u00e9 um processo terap\u00eautico cont\u00ednuo voltado para compreender e reorganizar padr\u00f5es emocionais, ps\u00edquicos e energ\u00e9ticos que influenciam a vida da pessoa.<\/p>\n<p style=\"text-align: center;\">Essa abordagem integra diferentes campos do conhecimento, permitindo uma investiga\u00e7\u00e3o profunda da experi\u00eancia humana.\u00a0O trabalho pode envolver:<\/p>\n<h4 style=\"text-align: center;\" data-start=\"1561\" data-end=\"1608\"><strong>Compreens\u00e3o de padr\u00f5es emocionais repetitivos<\/strong><\/h4>\n<h4 style=\"text-align: center;\" data-start=\"1611\" data-end=\"1652\"><strong>Investiga\u00e7\u00e3o de conflitos inconscientes<\/strong><\/h4>\n<h4 style=\"text-align: center;\" data-start=\"1655\" data-end=\"1692\"><strong>Integra\u00e7\u00e3o de experi\u00eancias dif\u00edceis<\/strong><\/h4>\n<h4 style=\"text-align: center;\" data-start=\"1695\" data-end=\"1739\"><strong>Reorganiza\u00e7\u00e3o energ\u00e9tica quando necess\u00e1rio<\/strong><\/h4>\n<p style=\"text-align: center;\">O objetivo do processo \u00e9 desenvolver <strong data-start=\"1778\" data-end=\"1842\">clareza interna, estabilidade emocional e autonomia ps\u00edquica<\/strong>.<\/p>\n\n\t\t<\/div>\n\t<\/div>\n<div class=\"vc_empty_space\"   style=\"height: 30px\"><span class=\"vc_empty_space_inner\"><\/span><\/div><\/div><\/div><\/div><\/div><div class=\"vc_row wpb_row vc_row-fluid vc_custom_1759976178700 vc_row-has-fill\"><div class=\"wpb_column vc_column_container vc_col-sm-12\"><div class=\"vc_column-inner\"><div class=\"wpb_wrapper\"><h2 style=\"color: #7993A4;text-align: center;font-family:ABeeZee;font-weight:400;font-style:normal\" class=\"vc_custom_heading vc_do_custom_heading\" >Para quem \u00e9 indicada<\/h2><div class=\"vc_empty_space\"   style=\"height: 30px\"><span class=\"vc_empty_space_inner\"><\/span><\/div>\n\t<div class=\"wpb_text_column wpb_content_element\" >\n\t\t<div class=\"wpb_wrapper\">\n\t\t\t<p style=\"text-align: center;\">A Terapia Integrativa \u00e9 indicada para pessoas que desejam:<\/p>\n<h4 style=\"text-align: center;\" data-start=\"1942\" data-end=\"2009\"><strong>Compreender por que determinados padr\u00f5es se repetem em suas vidas<\/strong><\/h4>\n<h4 style=\"text-align: center;\" data-start=\"2012\" data-end=\"2059\"><strong>Lidar com conflitos emocionais ou relacionais<\/strong><\/h4>\n<h4 style=\"text-align: center;\" data-start=\"2062\" data-end=\"2105\"><strong>Integrar experi\u00eancias dif\u00edceis do passado<\/strong><\/h4>\n<h4 style=\"text-align: center;\" data-start=\"2108\" data-end=\"2166\"><strong>Desenvolver maior consci\u00eancia sobre sua pr\u00f3pria hist\u00f3ria<\/strong><\/h4>\n<p style=\"text-align: center;\">\u00c9 um processo de acompanhamento terap\u00eautico que respeita o tempo interno de cada pessoa.<\/p>\n\n\t\t<\/div>\n\t<\/div>\n<div class=\"vc_empty_space\"   style=\"height: 30px\"><span class=\"vc_empty_space_inner\"><\/span><\/div><\/div><\/div><\/div><\/div><div class=\"vc_row wpb_row vc_row-fluid vc_custom_1759976178700 vc_row-has-fill\"><div class=\"wpb_column vc_column_container vc_col-sm-12\"><div class=\"vc_column-inner\"><div class=\"wpb_wrapper\"><h2 style=\"color: #7993A4;text-align: center;font-family:ABeeZee;font-weight:400;font-style:normal\" class=\"vc_custom_heading vc_do_custom_heading\" >Como funciona na pr\u00e1tica<\/h2><div class=\"vc_empty_space\"   style=\"height: 30px\"><span class=\"vc_empty_space_inner\"><\/span><\/div>\n\t<div class=\"wpb_text_column wpb_content_element\" >\n\t\t<div class=\"wpb_wrapper\">\n\t\t\t<p style=\"text-align: center;\">Ap\u00f3s a Avalia\u00e7\u00e3o Diagn\u00f3stica Multidimensional, \u00e9 estruturado um plano terap\u00eautico inicial.\u00a0Esse plano define:<\/p>\n<h4 style=\"text-align: center;\" data-start=\"2395\" data-end=\"2432\"><strong>Os principais focos de investiga\u00e7\u00e3o<\/strong><\/h4>\n<h4 style=\"text-align: center;\" data-start=\"2435\" data-end=\"2461\"><strong>A frequ\u00eancia das sess\u00f5es<\/strong><\/h4>\n<h4 style=\"text-align: center;\" data-start=\"2464\" data-end=\"2536\"><strong>Os recursos terap\u00eauticos que poder\u00e3o ser utilizados ao longo do processo<\/strong><\/h4>\n<p style=\"text-align: center;\">Durante o acompanhamento, o trabalho pode integrar diferentes abordagens terap\u00eauticas conforme a necessidade do caso.<\/p>\n\n\t\t<\/div>\n\t<\/div>\n<div class=\"vc_empty_space\"   style=\"height: 30px\"><span class=\"vc_empty_space_inner\"><\/span><\/div><\/div><\/div><\/div><\/div><div class=\"vc_row wpb_row vc_row-fluid vc_custom_1759976178700 vc_row-has-fill\"><div class=\"wpb_column vc_column_container vc_col-sm-12\"><div class=\"vc_column-inner\"><div class=\"wpb_wrapper\"><h2 style=\"color: #7993A4;text-align: center;font-family:ABeeZee;font-weight:400;font-style:normal\" class=\"vc_custom_heading vc_do_custom_heading\" >Ritmo das sess\u00f5es<\/h2><div class=\"vc_empty_space\"   style=\"height: 30px\"><span class=\"vc_empty_space_inner\"><\/span><\/div>\n\t<div class=\"wpb_text_column wpb_content_element\" >\n\t\t<div class=\"wpb_wrapper\">\n\t\t\t<p style=\"text-align: center;\" data-start=\"2684\" data-end=\"2727\">O processo pode acontecer em dois formatos, com sess\u00f5es de <strong>1h de dura\u00e7\u00e3o<\/strong>:<\/p>\n<p style=\"text-align: center;\" data-start=\"2729\" data-end=\"2821\"><strong data-start=\"2729\" data-end=\"2751\">Sess\u00f5es quinzenais<\/strong><br data-start=\"2751\" data-end=\"2754\" \/>Indicado para quem prefere um ritmo mais gradual de acompanhamento.<\/p>\n<p style=\"text-align: center;\" data-start=\"2823\" data-end=\"2909\"><strong data-start=\"2823\" data-end=\"2843\">Sess\u00f5es semanais<\/strong><br data-start=\"2843\" data-end=\"2846\" \/>Indicado quando o processo exige maior intensidade terap\u00eautica.<\/p>\n<p style=\"text-align: center;\" data-start=\"2911\" data-end=\"2975\">A frequ\u00eancia \u00e9 definida em conjunto no in\u00edcio do acompanhamento.<\/p>\n\n\t\t<\/div>\n\t<\/div>\n<div class=\"vc_empty_space\"   style=\"height: 30px\"><span class=\"vc_empty_space_inner\"><\/span><\/div><\/div><\/div><\/div><\/div><div class=\"vc_row wpb_row vc_row-fluid vc_custom_1759976178700 vc_row-has-fill\"><div class=\"wpb_column vc_column_container vc_col-sm-12\"><div class=\"vc_column-inner\"><div class=\"wpb_wrapper\"><h2 style=\"color: #7993A4;text-align: center;font-family:ABeeZee;font-weight:400;font-style:normal\" class=\"vc_custom_heading vc_do_custom_heading\" >Integra\u00e7\u00e3o com o M\u00e9todo Cl\u00ednica do Invis\u00edvel<\/h2><div class=\"vc_empty_space\"   style=\"height: 30px\"><span class=\"vc_empty_space_inner\"><\/span><\/div>\n\t<div class=\"wpb_text_column wpb_content_element\" >\n\t\t<div class=\"wpb_wrapper\">\n\t\t\t<p style=\"text-align: center;\" data-start=\"3031\" data-end=\"3169\">A Terapia Integrativa \u00e9 conduzida dentro da l\u00f3gica da Cl\u00ednica do Invis\u00edvel, que considera diferentes dimens\u00f5es da experi\u00eancia humana.<\/p>\n<p style=\"text-align: center;\" data-start=\"3171\" data-end=\"3268\">Isso permite uma investiga\u00e7\u00e3o mais ampla da origem dos padr\u00f5es e sofrimentos vividos pela pessoa.<\/p>\n\n\t\t<\/div>\n\t<\/div>\n<div class=\"vc_empty_space\"   style=\"height: 30px\"><span class=\"vc_empty_space_inner\"><\/span><\/div><\/div><\/div><\/div><\/div><div class=\"vc_row wpb_row vc_row-fluid vc_custom_1759976178700 vc_row-has-fill\"><div class=\"wpb_column vc_column_container vc_col-sm-12\"><div class=\"vc_column-inner\"><div class=\"wpb_wrapper\"><h2 style=\"color: #7993A4;text-align: center;font-family:ABeeZee;font-weight:400;font-style:normal\" class=\"vc_custom_heading vc_do_custom_heading\" >Como iniciar<\/h2><div class=\"vc_empty_space\"   style=\"height: 30px\"><span class=\"vc_empty_space_inner\"><\/span><\/div>\n\t<div class=\"wpb_text_column wpb_content_element\" >\n\t\t<div class=\"wpb_wrapper\">\n\t\t\t<p style=\"text-align: center;\" data-start=\"3292\" data-end=\"3389\">O primeiro passo para iniciar o processo \u00e9 realizar a <strong data-start=\"3346\" data-end=\"3388\">Avalia\u00e7\u00e3o Diagn\u00f3stica Multidimensional<\/strong>.<\/p>\n\n\t\t<\/div>\n\t<\/div>\n<div class=\"vc_empty_space\"   style=\"height: 30px\"><span class=\"vc_empty_space_inner\"><\/span><\/div><\/div><\/div><\/div><\/div><div class=\"vc_row wpb_row vc_row-fluid\"><div class=\"wpb_column vc_column_container vc_col-sm-12\"><div class=\"vc_column-inner\"><div class=\"wpb_wrapper\"><div class=\"vc_btn3-container vc_btn3-center vc_custom_1773308927618 vc_do_btn\" ><a class=\"vc_general vc_btn3 vc_btn3-size-lg vc_btn3-shape-rounded vc_btn3-style-classic vc_btn3-color-sandy-brown\" href=\"https:\/\/api.whatsapp.com\/send?phone=5585988486862\" title=\"\" target=\"_blank\">Agende sua Avalia\u00e7\u00e3o Diagn\u00f3stica<\/a><\/div><\/div><\/div><\/div><\/div><div class=\"vc_row wpb_row vc_row-fluid\"><div class=\"wpb_column vc_column_container vc_col-sm-12\"><div class=\"vc_column-inner\"><div class=\"wpb_wrapper\"><div class=\"vc_empty_space\"   style=\"height: 60px\"><span class=\"vc_empty_space_inner\"><\/span><\/div><h2 style=\"color: #7993A4;text-align: center;font-family:ABeeZee;font-weight:400;font-style:normal\" class=\"vc_custom_heading vc_do_custom_heading\" >As dimens\u00f5es investigadas<\/h2>\n\t<div class=\"wpb_text_column wpb_content_element\" >\n\t\t<div class=\"wpb_wrapper\">\n\t\t\t<p style=\"text-align: center;\" data-start=\"1803\" data-end=\"1870\">O m\u00e9todo considera cinco campos interligados da experi\u00eancia humana:<\/p>\n<h3 style=\"text-align: center;\" data-start=\"2872\" data-end=\"2896\"><\/h3>\n\n\t\t<\/div>\n\t<\/div>\n<div class=\"vc_empty_space\"   style=\"height: 50px\"><span class=\"vc_empty_space_inner\"><\/span><\/div><\/div><\/div><\/div><\/div><div class=\"vc_row wpb_row vc_row-fluid\"><div class=\"wpb_column vc_column_container vc_col-sm-1\/5\"><div class=\"vc_column-inner\"><div class=\"wpb_wrapper\">\n\t<div  class=\"wpb_single_image wpb_content_element vc_align_center wpb_content_element wpb_animate_when_almost_visible wpb_top-to-bottom top-to-bottom\">\n\t\t\n\t\t<figure class=\"wpb_wrapper vc_figure\">\n\t\t\t<a href=\"https:\/\/benditoser.com.br\/en\/dimensao-psiquica\/\" target=\"_self\" class=\"vc_single_image-wrapper   vc_box_border_grey\"><img fetchpriority=\"high\" decoding=\"async\" width=\"600\" height=\"600\" src=\"https:\/\/benditoser.com.br\/wp-content\/uploads\/2024\/11\/tratamento-autoconsciencia-holistico-apometria-oduz.jpg\" class=\"vc_single_image-img attachment-full\" alt=\"\" title=\"tratamento-autoconsciencia-holistico-apometria-oduz\" srcset=\"https:\/\/benditoser.com.br\/wp-content\/uploads\/2024\/11\/tratamento-autoconsciencia-holistico-apometria-oduz.jpg 600w, https:\/\/benditoser.com.br\/wp-content\/uploads\/2024\/11\/tratamento-autoconsciencia-holistico-apometria-oduz-300x300.jpg 300w, https:\/\/benditoser.com.br\/wp-content\/uploads\/2024\/11\/tratamento-autoconsciencia-holistico-apometria-oduz-100x100.jpg 100w, https:\/\/benditoser.com.br\/wp-content\/uploads\/2024\/11\/tratamento-autoconsciencia-holistico-apometria-oduz-150x150.jpg 150w, https:\/\/benditoser.com.br\/wp-content\/uploads\/2024\/11\/tratamento-autoconsciencia-holistico-apometria-oduz-12x12.jpg 12w\" sizes=\"(max-width: 600px) 100vw, 600px\" \/><\/a>\n\t\t<\/figure>\n\t<\/div>\n\n\t<div class=\"wpb_text_column wpb_content_element\" >\n\t\t<div class=\"wpb_wrapper\">\n\t\t\t<h4 style=\"text-align: center;\"><span style=\"color: #7993a4;\"><strong data-start=\"2109\" data-end=\"2131\">Dimens\u00e3o Ps\u00edquica<\/strong><\/span><\/h4>\n<p style=\"text-align: center;\"><strong>Investiga\u00e7\u00e3o de conflitos inconscientes, traumas, complexos e padr\u00f5es emocionais que se formaram ao longo da hist\u00f3ria pessoal.<\/strong><\/p>\n\n\t\t<\/div>\n\t<\/div>\n<div class=\"vc_empty_space\"   style=\"height: 50px\"><span class=\"vc_empty_space_inner\"><\/span><\/div><\/div><\/div><\/div><div class=\"wpb_column vc_column_container vc_col-sm-1\/5\"><div class=\"vc_column-inner\"><div class=\"wpb_wrapper\">\n\t<div  class=\"wpb_single_image wpb_content_element vc_align_center wpb_content_element wpb_animate_when_almost_visible wpb_top-to-bottom top-to-bottom\">\n\t\t\n\t\t<figure class=\"wpb_wrapper vc_figure\">\n\t\t\t<a href=\"https:\/\/benditoser.com.br\/en\/dimensao-espiritual\/\" target=\"_self\" class=\"vc_single_image-wrapper   vc_box_border_grey\"><img decoding=\"async\" width=\"1080\" height=\"1080\" src=\"https:\/\/benditoser.com.br\/wp-content\/uploads\/2024\/11\/tratamento-espiritual-holistico-apometria-oduz-1.jpg\" class=\"vc_single_image-img attachment-full\" alt=\"\" title=\"tratamento-espiritual-holistico-apometria-oduz\" srcset=\"https:\/\/benditoser.com.br\/wp-content\/uploads\/2024\/11\/tratamento-espiritual-holistico-apometria-oduz-1.jpg 1080w, https:\/\/benditoser.com.br\/wp-content\/uploads\/2024\/11\/tratamento-espiritual-holistico-apometria-oduz-1-300x300.jpg 300w, https:\/\/benditoser.com.br\/wp-content\/uploads\/2024\/11\/tratamento-espiritual-holistico-apometria-oduz-1-100x100.jpg 100w, https:\/\/benditoser.com.br\/wp-content\/uploads\/2024\/11\/tratamento-espiritual-holistico-apometria-oduz-1-600x600.jpg 600w, https:\/\/benditoser.com.br\/wp-content\/uploads\/2024\/11\/tratamento-espiritual-holistico-apometria-oduz-1-1024x1024.jpg 1024w, https:\/\/benditoser.com.br\/wp-content\/uploads\/2024\/11\/tratamento-espiritual-holistico-apometria-oduz-1-150x150.jpg 150w, https:\/\/benditoser.com.br\/wp-content\/uploads\/2024\/11\/tratamento-espiritual-holistico-apometria-oduz-1-768x768.jpg 768w, https:\/\/benditoser.com.br\/wp-content\/uploads\/2024\/11\/tratamento-espiritual-holistico-apometria-oduz-1-12x12.jpg 12w\" sizes=\"(max-width: 1080px) 100vw, 1080px\" \/><\/a>\n\t\t<\/figure>\n\t<\/div>\n\n\t<div class=\"wpb_text_column wpb_content_element\" >\n\t\t<div class=\"wpb_wrapper\">\n\t\t\t<h4 style=\"text-align: center;\"><span style=\"color: #7993a4;\"><strong data-start=\"2109\" data-end=\"2131\">Dimens\u00e3o Espiritual e de Continuidade<\/strong><\/span><\/h4>\n<p style=\"text-align: center;\"><strong>A investiga\u00e7\u00e3o dessa dimens\u00e3o considera a possibilidade de registros transbiogr\u00e1ficos e v\u00ednculos extraf\u00edsicos quando identificados dentro do processo cl\u00ednico.<\/strong><\/p>\n\n\t\t<\/div>\n\t<\/div>\n<div class=\"vc_empty_space\"   style=\"height: 50px\"><span class=\"vc_empty_space_inner\"><\/span><\/div><\/div><\/div><\/div><div class=\"wpb_column vc_column_container vc_col-sm-1\/5\"><div class=\"vc_column-inner\"><div class=\"wpb_wrapper\">\n\t<div  class=\"wpb_single_image wpb_content_element vc_align_center wpb_content_element wpb_animate_when_almost_visible wpb_top-to-bottom top-to-bottom\">\n\t\t\n\t\t<figure class=\"wpb_wrapper vc_figure\">\n\t\t\t<a href=\"https:\/\/benditoser.com.br\/en\/dimensao-fisica\/\" target=\"_self\" class=\"vc_single_image-wrapper   vc_box_border_grey\"><img decoding=\"async\" width=\"600\" height=\"600\" src=\"https:\/\/benditoser.com.br\/wp-content\/uploads\/2024\/11\/tratamento-corporal-holistico-apometria-oduz.jpg\" class=\"vc_single_image-img attachment-full\" alt=\"\" title=\"tratamento-corporal-holistico-apometria-oduz\" srcset=\"https:\/\/benditoser.com.br\/wp-content\/uploads\/2024\/11\/tratamento-corporal-holistico-apometria-oduz.jpg 600w, https:\/\/benditoser.com.br\/wp-content\/uploads\/2024\/11\/tratamento-corporal-holistico-apometria-oduz-300x300.jpg 300w, https:\/\/benditoser.com.br\/wp-content\/uploads\/2024\/11\/tratamento-corporal-holistico-apometria-oduz-100x100.jpg 100w, https:\/\/benditoser.com.br\/wp-content\/uploads\/2024\/11\/tratamento-corporal-holistico-apometria-oduz-150x150.jpg 150w, https:\/\/benditoser.com.br\/wp-content\/uploads\/2024\/11\/tratamento-corporal-holistico-apometria-oduz-12x12.jpg 12w\" sizes=\"(max-width: 600px) 100vw, 600px\" \/><\/a>\n\t\t<\/figure>\n\t<\/div>\n\n\t<div class=\"wpb_text_column wpb_content_element\" >\n\t\t<div class=\"wpb_wrapper\">\n\t\t\t<h4 style=\"text-align: center;\"><span style=\"color: #7993a4;\"><strong data-start=\"2109\" data-end=\"2131\">Dimens\u00e3o F\u00edsica e Energ\u00e9tica<\/strong><\/span><\/h4>\n<p style=\"text-align: center;\"><strong>Conflitos ps\u00edquicos e espirituais frequentemente se refletem na organiza\u00e7\u00e3o do campo energ\u00e9tico. A reorganiza\u00e7\u00e3o desse campo pode ser parte importante do processo terap\u00eautico.<\/strong><\/p>\n\n\t\t<\/div>\n\t<\/div>\n<div class=\"vc_empty_space\"   style=\"height: 50px\"><span class=\"vc_empty_space_inner\"><\/span><\/div><\/div><\/div><\/div><div class=\"wpb_column vc_column_container vc_col-sm-1\/5\"><div class=\"vc_column-inner\"><div class=\"wpb_wrapper\">\n\t<div  class=\"wpb_single_image wpb_content_element vc_align_center wpb_content_element wpb_animate_when_almost_visible wpb_top-to-bottom top-to-bottom\">\n\t\t\n\t\t<figure class=\"wpb_wrapper vc_figure\">\n\t\t\t<a href=\"https:\/\/benditoser.com.br\/en\/dimensao-transgeracional\/\" target=\"_self\" class=\"vc_single_image-wrapper   vc_box_border_grey\"><img loading=\"lazy\" decoding=\"async\" width=\"600\" height=\"600\" src=\"https:\/\/benditoser.com.br\/wp-content\/uploads\/2025\/06\/reprogramacao-ancestral-e-familiar-benditoser-oduz.jpg\" class=\"vc_single_image-img attachment-full\" alt=\"\" title=\"reprogramacao-ancestral-e-familiar-benditoser-oduz\" srcset=\"https:\/\/benditoser.com.br\/wp-content\/uploads\/2025\/06\/reprogramacao-ancestral-e-familiar-benditoser-oduz.jpg 600w, https:\/\/benditoser.com.br\/wp-content\/uploads\/2025\/06\/reprogramacao-ancestral-e-familiar-benditoser-oduz-300x300.jpg 300w, https:\/\/benditoser.com.br\/wp-content\/uploads\/2025\/06\/reprogramacao-ancestral-e-familiar-benditoser-oduz-150x150.jpg 150w, https:\/\/benditoser.com.br\/wp-content\/uploads\/2025\/06\/reprogramacao-ancestral-e-familiar-benditoser-oduz-12x12.jpg 12w, https:\/\/benditoser.com.br\/wp-content\/uploads\/2025\/06\/reprogramacao-ancestral-e-familiar-benditoser-oduz-100x100.jpg 100w\" sizes=\"(max-width: 600px) 100vw, 600px\" \/><\/a>\n\t\t<\/figure>\n\t<\/div>\n\n\t<div class=\"wpb_text_column wpb_content_element\" >\n\t\t<div class=\"wpb_wrapper\">\n\t\t\t<h4 style=\"text-align: center;\"><span style=\"color: #7993a4;\"><strong data-start=\"2109\" data-end=\"2131\">Dimens\u00e3o Sist\u00eamica e Transgeracional<\/strong><\/span><\/h4>\n<p style=\"text-align: center;\" data-start=\"2146\" data-end=\"2220\"><strong>Muitos padr\u00f5es de vida est\u00e3o ligados a din\u00e2micas familiares inconscientes.\u00a0<\/strong><strong>Lealdades invis\u00edveis, repeti\u00e7\u00f5es de destino e v\u00ednculos sist\u00eamicos podem influenciar profundamente escolhas, rela\u00e7\u00f5es e emo\u00e7\u00f5es.<\/strong><\/p>\n\n\t\t<\/div>\n\t<\/div>\n<div class=\"vc_empty_space\"   style=\"height: 50px\"><span class=\"vc_empty_space_inner\"><\/span><\/div><\/div><\/div><\/div><div class=\"wpb_column vc_column_container vc_col-sm-1\/5\"><div class=\"vc_column-inner\"><div class=\"wpb_wrapper\">\n\t<div  class=\"wpb_single_image wpb_content_element vc_align_center wpb_content_element wpb_animate_when_almost_visible wpb_top-to-bottom top-to-bottom\">\n\t\t\n\t\t<figure class=\"wpb_wrapper vc_figure\">\n\t\t\t<a href=\"https:\/\/benditoser.com.br\/en\/dimensao-ambiental\/\" target=\"_self\" class=\"vc_single_image-wrapper   vc_box_border_grey\"><img loading=\"lazy\" decoding=\"async\" width=\"600\" height=\"600\" src=\"https:\/\/benditoser.com.br\/wp-content\/uploads\/2024\/11\/tratamento-ambiental-holistico-apometria-oduz.jpg\" class=\"vc_single_image-img attachment-full\" alt=\"\" title=\"tratamento-ambiental-holistico-apometria-oduz\" srcset=\"https:\/\/benditoser.com.br\/wp-content\/uploads\/2024\/11\/tratamento-ambiental-holistico-apometria-oduz.jpg 600w, https:\/\/benditoser.com.br\/wp-content\/uploads\/2024\/11\/tratamento-ambiental-holistico-apometria-oduz-300x300.jpg 300w, https:\/\/benditoser.com.br\/wp-content\/uploads\/2024\/11\/tratamento-ambiental-holistico-apometria-oduz-100x100.jpg 100w, https:\/\/benditoser.com.br\/wp-content\/uploads\/2024\/11\/tratamento-ambiental-holistico-apometria-oduz-150x150.jpg 150w, https:\/\/benditoser.com.br\/wp-content\/uploads\/2024\/11\/tratamento-ambiental-holistico-apometria-oduz-12x12.jpg 12w\" sizes=\"(max-width: 600px) 100vw, 600px\" \/><\/a>\n\t\t<\/figure>\n\t<\/div>\n\n\t<div class=\"wpb_text_column wpb_content_element\" >\n\t\t<div class=\"wpb_wrapper\">\n\t\t\t<h4 style=\"text-align: center;\"><span style=\"color: #7993a4;\"><strong data-start=\"2109\" data-end=\"2131\">Dimens\u00e3o Ambiental<\/strong><\/span><\/h4>\n<p style=\"text-align: center;\"><strong>Ambientes tamb\u00e9m podem influenciar o equil\u00edbrio ps\u00edquico e energ\u00e9tico.\u00a0<\/strong><strong>Em alguns casos, a harmoniza\u00e7\u00e3o do espa\u00e7o de vida \u00e9 indicada como complemento do processo terap\u00eautico.<\/strong><\/p>\n\n\t\t<\/div>\n\t<\/div>\n<div class=\"vc_empty_space\"   style=\"height: 50px\"><span class=\"vc_empty_space_inner\"><\/span><\/div><\/div><\/div><\/div><\/div>\n<\/div>","protected":false},"excerpt":{"rendered":"Terapia Integrativa Diagnosticar \u00e9 apenas o come\u00e7o. A transforma\u00e7\u00e3o acontece no processo. Toda jornada come\u00e7a com a Avalia\u00e7\u00e3o Diagn\u00f3stica Multidimensional. A partir desse diagn\u00f3stico, estruturamos o programa terap\u00eautico mais adequado para cada pessoa. N\u00e3o trabalhamos com protocolos fixos.Cada processo \u00e9 orientado pelo funcionamento espec\u00edfico da [...]","protected":false},"author":2,"featured_media":0,"parent":0,"menu_order":0,"comment_status":"closed","ping_status":"closed","template":"","meta":{"om_disable_all_campaigns":false,"_monsterinsights_skip_tracking":false,"_uf_show_specific_survey":0,"_uf_disable_surveys":false,"footnotes":""},"class_list":["post-14791","page","type-page","status-publish","hentry"],"yoast_head":"<!-- This site is optimized with the Yoast SEO plugin v28.3 - https:\/\/yoast.com\/product\/yoast-seo-wordpress\/ -->\n<title>Psicoterapia Integrativa - Benditoser<\/title>\n<meta name=\"robots\" content=\"index, follow, max-snippet:-1, max-image-preview:large, max-video-preview:-1\" \/>\n<link rel=\"canonical\" href=\"https:\/\/benditoser.com.br\/en\/psicoterapia-integrativa\/\" \/>\n<meta property=\"og:locale\" content=\"en_US\" \/>\n<meta property=\"og:type\" content=\"article\" \/>\n<meta property=\"og:title\" content=\"Psicoterapia Integrativa - Benditoser\" \/>\n<meta property=\"og:url\" content=\"https:\/\/benditoser.com.br\/en\/psicoterapia-integrativa\/\" \/>\n<meta property=\"og:site_name\" content=\"Benditoser\" \/>\n<meta property=\"article:publisher\" content=\"https:\/\/www.facebook.com\/benditoser.com.br\" \/>\n<meta property=\"article:modified_time\" content=\"2026-08-31T01:45:53+00:00\" \/>\n<meta name=\"twitter:card\" content=\"summary_large_image\" \/>\n<meta name=\"twitter:label1\" content=\"Est. reading time\" \/>\n\t<meta name=\"twitter:data1\" content=\"4 minutes\" \/>\n<script type=\"application\/ld+json\" class=\"yoast-schema-graph\">{\"@context\":\"https:\\\/\\\/schema.org\",\"@graph\":[{\"@type\":\"WebPage\",\"@id\":\"https:\\\/\\\/benditoser.com.br\\\/psicoterapia-integrativa\\\/\",\"url\":\"https:\\\/\\\/benditoser.com.br\\\/psicoterapia-integrativa\\\/\",\"name\":\"Psicoterapia Integrativa - Benditoser\",\"isPartOf\":{\"@id\":\"https:\\\/\\\/benditoser.com.br\\\/#website\"},\"datePublished\":\"2026-03-12T13:43:13+00:00\",\"dateModified\":\"2026-08-31T01:45:53+00:00\",\"breadcrumb\":{\"@id\":\"https:\\\/\\\/benditoser.com.br\\\/psicoterapia-integrativa\\\/#breadcrumb\"},\"inLanguage\":\"en-US\",\"potentialAction\":[{\"@type\":\"ReadAction\",\"target\":[\"https:\\\/\\\/benditoser.com.br\\\/psicoterapia-integrativa\\\/\"]}]},{\"@type\":\"BreadcrumbList\",\"@id\":\"https:\\\/\\\/benditoser.com.br\\\/psicoterapia-integrativa\\\/#breadcrumb\",\"itemListElement\":[{\"@type\":\"ListItem\",\"position\":1,\"name\":\"In\u00edcio\",\"item\":\"https:\\\/\\\/benditoser.com.br\\\/\"},{\"@type\":\"ListItem\",\"position\":2,\"name\":\"Psicoterapia Integrativa\"}]},{\"@type\":\"WebSite\",\"@id\":\"https:\\\/\\\/benditoser.com.br\\\/#website\",\"url\":\"https:\\\/\\\/benditoser.com.br\\\/\",\"name\":\"Benditoser\",\"description\":\"Terapias\",\"publisher\":{\"@id\":\"https:\\\/\\\/benditoser.com.br\\\/#organization\"},\"potentialAction\":[{\"@type\":\"SearchAction\",\"target\":{\"@type\":\"EntryPoint\",\"urlTemplate\":\"https:\\\/\\\/benditoser.com.br\\\/?s={search_term_string}\"},\"query-input\":{\"@type\":\"PropertyValueSpecification\",\"valueRequired\":true,\"valueName\":\"search_term_string\"}}],\"inLanguage\":\"en-US\"},{\"@type\":\"Organization\",\"@id\":\"https:\\\/\\\/benditoser.com.br\\\/#organization\",\"name\":\"Benditoser\",\"url\":\"https:\\\/\\\/benditoser.com.br\\\/\",\"logo\":{\"@type\":\"ImageObject\",\"inLanguage\":\"en-US\",\"@id\":\"https:\\\/\\\/benditoser.com.br\\\/#\\\/schema\\\/logo\\\/image\\\/\",\"url\":\"https:\\\/\\\/benditoser.com.br\\\/wp-content\\\/uploads\\\/2025\\\/05\\\/cropped-logo-bendito-ser-site.png\",\"contentUrl\":\"https:\\\/\\\/benditoser.com.br\\\/wp-content\\\/uploads\\\/2025\\\/05\\\/cropped-logo-bendito-ser-site.png\",\"width\":220,\"height\":44,\"caption\":\"Benditoser\"},\"image\":{\"@id\":\"https:\\\/\\\/benditoser.com.br\\\/#\\\/schema\\\/logo\\\/image\\\/\"},\"sameAs\":[\"https:\\\/\\\/www.facebook.com\\\/benditoser.com.br\",\"https:\\\/\\\/www.instagram.com\\\/benditoser.com.br\\\/\"]}]}<\/script>\n<!-- \/ Yoast SEO plugin. -->","yoast_head_json":{"title":"Psicoterapia Integrativa - Benditoser","robots":{"index":"index","follow":"follow","max-snippet":"max-snippet:-1","max-image-preview":"max-image-preview:large","max-video-preview":"max-video-preview:-1"},"canonical":"https:\/\/benditoser.com.br\/en\/psicoterapia-integrativa\/","og_locale":"en_US","og_type":"article","og_title":"Psicoterapia Integrativa - Benditoser","og_url":"https:\/\/benditoser.com.br\/en\/psicoterapia-integrativa\/","og_site_name":"Benditoser","article_publisher":"https:\/\/www.facebook.com\/benditoser.com.br","article_modified_time":"2026-08-31T01:45:53+00:00","twitter_card":"summary_large_image","twitter_misc":{"Est. reading time":"4 minutes"},"schema":{"@context":"https:\/\/schema.org","@graph":[{"@type":"WebPage","@id":"https:\/\/benditoser.com.br\/psicoterapia-integrativa\/","url":"https:\/\/benditoser.com.br\/psicoterapia-integrativa\/","name":"Psicoterapia Integrativa - Benditoser","isPartOf":{"@id":"https:\/\/benditoser.com.br\/#website"},"datePublished":"2026-03-12T13:43:13+00:00","dateModified":"2026-08-31T01:45:53+00:00","breadcrumb":{"@id":"https:\/\/benditoser.com.br\/psicoterapia-integrativa\/#breadcrumb"},"inLanguage":"en-US","potentialAction":[{"@type":"ReadAction","target":["https:\/\/benditoser.com.br\/psicoterapia-integrativa\/"]}]},{"@type":"BreadcrumbList","@id":"https:\/\/benditoser.com.br\/psicoterapia-integrativa\/#breadcrumb","itemListElement":[{"@type":"ListItem","position":1,"name":"In\u00edcio","item":"https:\/\/benditoser.com.br\/"},{"@type":"ListItem","position":2,"name":"Psicoterapia Integrativa"}]},{"@type":"WebSite","@id":"https:\/\/benditoser.com.br\/#website","url":"https:\/\/benditoser.com.br\/","name":"Benditoser","description":"Terapias","publisher":{"@id":"https:\/\/benditoser.com.br\/#organization"},"potentialAction":[{"@type":"SearchAction","target":{"@type":"EntryPoint","urlTemplate":"https:\/\/benditoser.com.br\/?s={search_term_string}"},"query-input":{"@type":"PropertyValueSpecification","valueRequired":true,"valueName":"search_term_string"}}],"inLanguage":"en-US"},{"@type":"Organization","@id":"https:\/\/benditoser.com.br\/#organization","name":"Benditoser","url":"https:\/\/benditoser.com.br\/","logo":{"@type":"ImageObject","inLanguage":"en-US","@id":"https:\/\/benditoser.com.br\/#\/schema\/logo\/image\/","url":"https:\/\/benditoser.com.br\/wp-content\/uploads\/2025\/05\/cropped-logo-bendito-ser-site.png","contentUrl":"https:\/\/benditoser.com.br\/wp-content\/uploads\/2025\/05\/cropped-logo-bendito-ser-site.png","width":220,"height":44,"caption":"Benditoser"},"image":{"@id":"https:\/\/benditoser.com.br\/#\/schema\/logo\/image\/"},"sameAs":["https:\/\/www.facebook.com\/benditoser.com.br","https:\/\/www.instagram.com\/benditoser.com.br\/"]}]}},"publishpress_future_action":{"enabled":false,"date":"2026-09-07 21:21:06","action":"change-status","newStatus":"draft","terms":[],"taxonomy":"","extraData":[]},"publishpress_future_workflow_manual_trigger":{"enabledWorkflows":[]},"_links":{"self":[{"href":"https:\/\/benditoser.com.br\/en\/wp-json\/wp\/v2\/pages\/14791","targetHints":{"allow":["GET"]}}],"collection":[{"href":"https:\/\/benditoser.com.br\/en\/wp-json\/wp\/v2\/pages"}],"about":[{"href":"https:\/\/benditoser.com.br\/en\/wp-json\/wp\/v2\/types\/page"}],"author":[{"embeddable":true,"href":"https:\/\/benditoser.com.br\/en\/wp-json\/wp\/v2\/users\/2"}],"replies":[{"embeddable":true,"href":"https:\/\/benditoser.com.br\/en\/wp-json\/wp\/v2\/comments?post=14791"}],"version-history":[{"count":7,"href":"https:\/\/benditoser.com.br\/en\/wp-json\/wp\/v2\/pages\/14791\/revisions"}],"predecessor-version":[{"id":15090,"href":"https:\/\/benditoser.com.br\/en\/wp-json\/wp\/v2\/pages\/14791\/revisions\/15090"}],"wp:attachment":[{"href":"https:\/\/benditoser.com.br\/en\/wp-json\/wp\/v2\/media?parent=14791"}],"curies":[{"name":"wp","href":"https:\/\/api.w.org\/{rel}","templated":true}]}}