{"id":14798,"date":"2026-03-12T11:32:36","date_gmt":"2026-03-12T14:32:36","guid":{"rendered":"https:\/\/benditoser.com.br\/?page_id=14798"},"modified":"2026-04-16T18:31:12","modified_gmt":"2026-04-16T21:31:12","slug":"mentoria-de-consciencia","status":"publish","type":"page","link":"https:\/\/benditoser.com.br\/en\/mentoria-de-consciencia\/","title":{"rendered":"Mentoria de Consci\u00eancia"},"content":{"rendered":"<div class=\"wpb-content-wrapper\"><div class=\"vc_row wpb_row vc_row-fluid\"><div class=\"wpb_column vc_column_container vc_col-sm-12\"><div class=\"vc_column-inner\"><div class=\"wpb_wrapper\"><div class=\"vc_empty_space\"   style=\"height: 20px\"><span class=\"vc_empty_space_inner\"><\/span><\/div><h1 style=\"color: #7993A4;text-align: center;font-family:ABeeZee;font-weight:400;font-style:normal\" class=\"vc_custom_heading vc_do_custom_heading\" >Mentoria de Consci\u00eancia<\/h1><div class=\"vc_empty_space\"   style=\"height: 20px\"><span class=\"vc_empty_space_inner\"><\/span><\/div><div class=\"vc_empty_space\"   style=\"height: 50px\"><span class=\"vc_empty_space_inner\"><\/span><\/div>\n\t<div class=\"wpb_text_column wpb_content_element\" >\n\t\t<div class=\"wpb_wrapper\">\n\t\t\t<h2 style=\"text-align: center;\">Quando compreender j\u00e1 n\u00e3o \u00e9 suficiente \u2014 e a vida pede reposicionamento<\/h2>\n<p style=\"text-align: center;\" data-start=\"411\" data-end=\"477\">Algumas pessoas n\u00e3o est\u00e3o apenas lidando com conflitos emocionais.<\/p>\n<p style=\"text-align: center;\" data-start=\"479\" data-end=\"596\">Elas est\u00e3o atravessando momentos em que percebem que <strong data-start=\"532\" data-end=\"595\">sua vida precisa ser reorganizada em um n\u00edvel mais profundo<\/strong>.<\/p>\n<p style=\"text-align: center;\" data-start=\"598\" data-end=\"775\">Padr\u00f5es que se repetem ao longo dos anos.<br data-start=\"639\" data-end=\"642\" \/>Decis\u00f5es importantes que parecem travadas.<br data-start=\"684\" data-end=\"687\" \/>Experi\u00eancias internas dif\u00edceis de explicar, mas que apontam para transforma\u00e7\u00f5es maiores.<\/p>\n<p style=\"text-align: center;\" data-start=\"777\" data-end=\"852\">Nesses momentos, muitas vezes n\u00e3o se trata apenas de compreender o passado.<\/p>\n<p style=\"text-align: center;\" data-start=\"854\" data-end=\"926\">Trata-se de <strong data-start=\"866\" data-end=\"925\">reposicionar a pr\u00f3pria trajet\u00f3ria de vida e consci\u00eancia<\/strong>.<\/p>\n<p style=\"text-align: center;\" data-start=\"928\" data-end=\"985\">\u00c9 nesse contexto que surge a <strong data-start=\"957\" data-end=\"984\">Mentoria de Consci\u00eancia<\/strong>.<\/p>\n\n\t\t<\/div>\n\t<\/div>\n<div class=\"vc_empty_space\"   style=\"height: 50px\"><span class=\"vc_empty_space_inner\"><\/span><\/div><\/div><\/div><\/div><\/div><div class=\"vc_row wpb_row vc_row-fluid vc_custom_1759976178700 vc_row-has-fill\"><div class=\"wpb_column vc_column_container vc_col-sm-12\"><div class=\"vc_column-inner\"><div class=\"wpb_wrapper\"><h2 style=\"color: #7993A4;text-align: center;font-family:ABeeZee;font-weight:400;font-style:normal\" class=\"vc_custom_heading vc_do_custom_heading\" >O que torna essa mentoria diferente da terapia tradicional<\/h2><div class=\"vc_empty_space\"   style=\"height: 30px\"><span class=\"vc_empty_space_inner\"><\/span><\/div>\n\t<div class=\"wpb_text_column wpb_content_element\" >\n\t\t<div class=\"wpb_wrapper\">\n\t\t\t<p style=\"text-align: center;\">Nem todo processo de transforma\u00e7\u00e3o acontece apenas dentro de uma sess\u00e3o terap\u00eautica.<\/p>\n<p style=\"text-align: center;\">A Mentoria de Consci\u00eancia foi criada para acompanhar momentos da vida em que n\u00e3o basta apenas compreender padr\u00f5es emocionais \u2014 \u00e9 necess\u00e1rio <strong data-start=\"1280\" data-end=\"1354\">atravessar processos de mudan\u00e7a e reorganiza\u00e7\u00e3o da pr\u00f3pria consci\u00eancia<\/strong>.<\/p>\n<p style=\"text-align: center;\">Por isso, al\u00e9m da investiga\u00e7\u00e3o anal\u00edtica profunda, o processo inclui tamb\u00e9m:<\/p>\n<h4 style=\"text-align: center;\"><strong>Orienta\u00e7\u00e3o estrat\u00e9gica da jornada pessoal<\/strong><\/h4>\n<h4 style=\"text-align: center;\"><strong>Integra\u00e7\u00e3o entre dimens\u00e3o ps\u00edquica e espiritual<\/strong><\/h4>\n<h4 style=\"text-align: center;\"><strong>Leitura ampliada dos padr\u00f5es de vida<\/strong><\/h4>\n<h4 style=\"text-align: center;\"><strong>Continuidade do trabalho entre as sess\u00f5es<\/strong><\/h4>\n<p style=\"text-align: center;\">Mais do que um espa\u00e7o de escuta, a mentoria se torna <strong data-start=\"1674\" data-end=\"1713\">um processo de travessia consciente<\/strong>.<\/p>\n\n\t\t<\/div>\n\t<\/div>\n<div class=\"vc_empty_space\"   style=\"height: 30px\"><span class=\"vc_empty_space_inner\"><\/span><\/div><\/div><\/div><\/div><\/div><div class=\"vc_row wpb_row vc_row-fluid vc_custom_1759976178700 vc_row-has-fill\"><div class=\"wpb_column vc_column_container vc_col-sm-12\"><div class=\"vc_column-inner\"><div class=\"wpb_wrapper\"><h2 style=\"color: #7993A4;text-align: center;font-family:ABeeZee;font-weight:400;font-style:normal\" class=\"vc_custom_heading vc_do_custom_heading\" >Sess\u00f5es mais profundas<\/h2><div class=\"vc_empty_space\"   style=\"height: 30px\"><span class=\"vc_empty_space_inner\"><\/span><\/div>\n\t<div class=\"wpb_text_column wpb_content_element\" >\n\t\t<div class=\"wpb_wrapper\">\n\t\t\t<p style=\"text-align: center;\">As sess\u00f5es de Mentoria possuem dura\u00e7\u00e3o de <strong data-start=\"2283\" data-end=\"2291\">1h30 hora<\/strong>, permitindo um mergulho mais amplo nos temas trabalhados.<\/p>\n<p style=\"text-align: center;\">Esse tempo estendido favorece:<\/p>\n<h4 style=\"text-align: center;\"><strong>Investiga\u00e7\u00e3o mais profunda dos padr\u00f5es de vida<\/strong><\/h4>\n<h4 style=\"text-align: center;\"><strong>Integra\u00e7\u00e3o entre aspectos emocionais e espirituais<\/strong><\/h4>\n<h4 style=\"text-align: center;\"><strong>Clareza nas decis\u00f5es e movimentos de transforma\u00e7\u00e3o<\/strong><\/h4>\n\n\t\t<\/div>\n\t<\/div>\n<div class=\"vc_empty_space\"   style=\"height: 30px\"><span class=\"vc_empty_space_inner\"><\/span><\/div><\/div><\/div><\/div><\/div><div class=\"vc_row wpb_row vc_row-fluid vc_custom_1759976178700 vc_row-has-fill\"><div class=\"wpb_column vc_column_container vc_col-sm-12\"><div class=\"vc_column-inner\"><div class=\"wpb_wrapper\"><h2 style=\"color: #7993A4;text-align: center;font-family:ABeeZee;font-weight:400;font-style:normal\" class=\"vc_custom_heading vc_do_custom_heading\" >O processo continua entre as sess\u00f5es<\/h2><div class=\"vc_empty_space\"   style=\"height: 30px\"><span class=\"vc_empty_space_inner\"><\/span><\/div>\n\t<div class=\"wpb_text_column wpb_content_element\" >\n\t\t<div class=\"wpb_wrapper\">\n\t\t\t<p style=\"text-align: center;\" data-start=\"2588\" data-end=\"2661\">Na Mentoria de Consci\u00eancia, o trabalho n\u00e3o termina quando a sess\u00e3o acaba.<\/p>\n<p style=\"text-align: center;\" data-start=\"2663\" data-end=\"2788\">Ap\u00f3s cada encontro, <strong>o cliente recebe um Resumo Terap\u00eautico personalizado, com os principais pontos trabalhados na sess\u00e3o.<\/strong><\/p>\n<p style=\"text-align: center;\" data-start=\"2790\" data-end=\"2812\">Esse material ajuda a:<\/p>\n<h4 style=\"text-align: center;\" data-start=\"2814\" data-end=\"2943\"><strong>Organizar a compreens\u00e3o do processo<\/strong><\/h4>\n<h4 style=\"text-align: center;\" data-start=\"2814\" data-end=\"2943\"><strong>Refor\u00e7ar os insights surgidos no encontro<\/strong><\/h4>\n<h4 style=\"text-align: center;\" data-start=\"2814\" data-end=\"2943\"><strong>Sustentar as mudan\u00e7as iniciadas na sess\u00e3o<\/strong><\/h4>\n<p style=\"text-align: center;\" data-start=\"2945\" data-end=\"3092\">Sempre que necess\u00e1rio, tamb\u00e9m podem ser indicados <strong data-start=\"2995\" data-end=\"3040\">exerc\u00edcios ou pr\u00e1ticas entre os encontros<\/strong>, ajudando a consolidar o processo de transforma\u00e7\u00e3o.<\/p>\n<p style=\"text-align: center;\" data-start=\"3094\" data-end=\"3222\">Assim, o trabalho terap\u00eautico <strong data-start=\"3124\" data-end=\"3181\">continua ativo tamb\u00e9m nos intervalos entre as sess\u00f5es<\/strong>, fortalecendo a integra\u00e7\u00e3o das mudan\u00e7as.<\/p>\n\n\t\t<\/div>\n\t<\/div>\n<div class=\"vc_empty_space\"   style=\"height: 30px\"><span class=\"vc_empty_space_inner\"><\/span><\/div><\/div><\/div><\/div><\/div><div class=\"vc_row wpb_row vc_row-fluid vc_custom_1759976178700 vc_row-has-fill\"><div class=\"wpb_column vc_column_container vc_col-sm-12\"><div class=\"vc_column-inner\"><div class=\"wpb_wrapper\"><h2 style=\"color: #7993A4;text-align: center;font-family:ABeeZee;font-weight:400;font-style:normal\" class=\"vc_custom_heading vc_do_custom_heading\" >Para quem a mentoria \u00e9 indicada<\/h2><div class=\"vc_empty_space\"   style=\"height: 30px\"><span class=\"vc_empty_space_inner\"><\/span><\/div>\n\t<div class=\"wpb_text_column wpb_content_element\" >\n\t\t<div class=\"wpb_wrapper\">\n\t\t\t<p style=\"text-align: center;\" data-start=\"3264\" data-end=\"3328\">A Mentoria de Consci\u00eancia costuma ser procurada por pessoas que:<\/p>\n<h4 style=\"text-align: center;\" data-start=\"3330\" data-end=\"3629\"><strong>J\u00e1 possuem algum caminho de autoconhecimento<\/strong><\/h4>\n<h4 style=\"text-align: center;\" data-start=\"3330\" data-end=\"3629\"><strong>Percebem padr\u00f5es profundos se repetindo em suas vidas<\/strong><\/h4>\n<h4 style=\"text-align: center;\" data-start=\"3330\" data-end=\"3629\"><strong>Est\u00e3o atravessando momentos importantes de transi\u00e7\u00e3o<\/strong><\/h4>\n<h4 style=\"text-align: center;\" data-start=\"3330\" data-end=\"3629\"><strong>Desejam compreender a pr\u00f3pria trajet\u00f3ria de forma mais ampla<\/strong><\/h4>\n<h4 style=\"text-align: center;\" data-start=\"3330\" data-end=\"3629\"><strong>Sentem necessidade de integrar experi\u00eancias emocionais e espirituais<\/strong><\/h4>\n<p style=\"text-align: center;\" data-start=\"3631\" data-end=\"3763\">Mais do que resolver dificuldades pontuais, o processo busca promover <strong data-start=\"3701\" data-end=\"3762\">clareza, integra\u00e7\u00e3o e reposicionamento consciente da vida<\/strong>.<\/p>\n\n\t\t<\/div>\n\t<\/div>\n<div class=\"vc_empty_space\"   style=\"height: 30px\"><span class=\"vc_empty_space_inner\"><\/span><\/div><\/div><\/div><\/div><\/div><div class=\"vc_row wpb_row vc_row-fluid vc_custom_1759976178700 vc_row-has-fill\"><div class=\"wpb_column vc_column_container vc_col-sm-12\"><div class=\"vc_column-inner\"><div class=\"wpb_wrapper\"><h2 style=\"color: #7993A4;text-align: center;font-family:ABeeZee;font-weight:400;font-style:normal\" class=\"vc_custom_heading vc_do_custom_heading\" >Ritmo dos encontros<\/h2><div class=\"vc_empty_space\"   style=\"height: 30px\"><span class=\"vc_empty_space_inner\"><\/span><\/div>\n\t<div class=\"wpb_text_column wpb_content_element\" >\n\t\t<div class=\"wpb_wrapper\">\n\t\t\t<p style=\"text-align: center;\" data-start=\"3793\" data-end=\"3850\">A frequ\u00eancia dos encontros pode acontecer de duas formas, com sess\u00f5es de <strong data-start=\"2283\" data-end=\"2291\">1h30 hora de dura\u00e7\u00e3o<\/strong>:<\/p>\n<p style=\"text-align: center;\" data-start=\"3852\" data-end=\"3902\"><strong data-start=\"3852\" data-end=\"3872\">Sess\u00f5es semanais<\/strong><br data-start=\"3872\" data-end=\"3875\" \/>ou<br data-start=\"3877\" data-end=\"3880\" \/><strong data-start=\"3880\" data-end=\"3902\">Sess\u00f5es quinzenais<\/strong><\/p>\n<p style=\"text-align: center;\" data-start=\"3904\" data-end=\"4031\">O ritmo do acompanhamento \u00e9 definido de acordo com o momento vivido pela pessoa e com a intensidade necess\u00e1ria para o processo.<\/p>\n\n\t\t<\/div>\n\t<\/div>\n<div class=\"vc_empty_space\"   style=\"height: 30px\"><span class=\"vc_empty_space_inner\"><\/span><\/div><\/div><\/div><\/div><\/div><div class=\"vc_row wpb_row vc_row-fluid vc_custom_1759976178700 vc_row-has-fill\"><div class=\"wpb_column vc_column_container vc_col-sm-12\"><div class=\"vc_column-inner\"><div class=\"wpb_wrapper\"><h2 style=\"color: #7993A4;text-align: center;font-family:ABeeZee;font-weight:400;font-style:normal\" class=\"vc_custom_heading vc_do_custom_heading\" >Como iniciar<\/h2><div class=\"vc_empty_space\"   style=\"height: 30px\"><span class=\"vc_empty_space_inner\"><\/span><\/div>\n\t<div class=\"wpb_text_column wpb_content_element\" >\n\t\t<div class=\"wpb_wrapper\">\n\t\t\t<p style=\"text-align: center;\" data-start=\"4054\" data-end=\"4156\">O primeiro passo para iniciar a Mentoria de Consci\u00eancia \u00e9 realizar o <strong data-start=\"4123\" data-end=\"4155\">Diagn\u00f3stico Multidimensional<\/strong>.<\/p>\n<p style=\"text-align: center;\" data-start=\"4158\" data-end=\"4305\">Essa avalia\u00e7\u00e3o inicial permite compreender as diferentes dimens\u00f5es envolvidas no processo da pessoa e orientar o caminho terap\u00eautico mais adequado.<\/p>\n\n\t\t<\/div>\n\t<\/div>\n<div class=\"vc_empty_space\"   style=\"height: 30px\"><span class=\"vc_empty_space_inner\"><\/span><\/div><\/div><\/div><\/div><\/div><div class=\"vc_row wpb_row vc_row-fluid\"><div class=\"wpb_column vc_column_container vc_col-sm-12\"><div class=\"vc_column-inner\"><div class=\"wpb_wrapper\"><div class=\"vc_btn3-container vc_btn3-center vc_custom_1773308927618 vc_do_btn\" ><a class=\"vc_general vc_btn3 vc_btn3-size-lg vc_btn3-shape-rounded vc_btn3-style-classic vc_btn3-color-sandy-brown\" href=\"https:\/\/api.whatsapp.com\/send?phone=5585988486862\" title=\"\" target=\"_blank\">Agende sua Avalia\u00e7\u00e3o Diagn\u00f3stica<\/a><\/div><\/div><\/div><\/div><\/div><div class=\"vc_row wpb_row vc_row-fluid\"><div class=\"wpb_column vc_column_container vc_col-sm-12\"><div class=\"vc_column-inner\"><div class=\"wpb_wrapper\"><div class=\"vc_empty_space\"   style=\"height: 60px\"><span class=\"vc_empty_space_inner\"><\/span><\/div><h2 style=\"color: #7993A4;text-align: center;font-family:ABeeZee;font-weight:400;font-style:normal\" class=\"vc_custom_heading vc_do_custom_heading\" >As dimens\u00f5es investigadas<\/h2>\n\t<div class=\"wpb_text_column wpb_content_element\" >\n\t\t<div class=\"wpb_wrapper\">\n\t\t\t<p style=\"text-align: center;\" data-start=\"1803\" data-end=\"1870\">O m\u00e9todo considera cinco campos interligados da experi\u00eancia humana:<\/p>\n<h3 style=\"text-align: center;\" data-start=\"2872\" data-end=\"2896\"><\/h3>\n\n\t\t<\/div>\n\t<\/div>\n<div class=\"vc_empty_space\"   style=\"height: 50px\"><span class=\"vc_empty_space_inner\"><\/span><\/div><\/div><\/div><\/div><\/div><div class=\"vc_row wpb_row vc_row-fluid\"><div class=\"wpb_column vc_column_container vc_col-sm-1\/5\"><div class=\"vc_column-inner\"><div class=\"wpb_wrapper\">\n\t<div  class=\"wpb_single_image wpb_content_element vc_align_center wpb_content_element wpb_animate_when_almost_visible wpb_top-to-bottom top-to-bottom\">\n\t\t\n\t\t<figure class=\"wpb_wrapper vc_figure\">\n\t\t\t<a href=\"https:\/\/benditoser.com.br\/en\/dimensao-psiquica\/\" target=\"_self\" class=\"vc_single_image-wrapper   vc_box_border_grey\"><img fetchpriority=\"high\" decoding=\"async\" width=\"600\" height=\"600\" src=\"https:\/\/benditoser.com.br\/wp-content\/uploads\/2024\/11\/tratamento-autoconsciencia-holistico-apometria-oduz.jpg\" class=\"vc_single_image-img attachment-full\" alt=\"\" title=\"tratamento-autoconsciencia-holistico-apometria-oduz\" srcset=\"https:\/\/benditoser.com.br\/wp-content\/uploads\/2024\/11\/tratamento-autoconsciencia-holistico-apometria-oduz.jpg 600w, https:\/\/benditoser.com.br\/wp-content\/uploads\/2024\/11\/tratamento-autoconsciencia-holistico-apometria-oduz-300x300.jpg 300w, https:\/\/benditoser.com.br\/wp-content\/uploads\/2024\/11\/tratamento-autoconsciencia-holistico-apometria-oduz-100x100.jpg 100w, https:\/\/benditoser.com.br\/wp-content\/uploads\/2024\/11\/tratamento-autoconsciencia-holistico-apometria-oduz-150x150.jpg 150w, https:\/\/benditoser.com.br\/wp-content\/uploads\/2024\/11\/tratamento-autoconsciencia-holistico-apometria-oduz-12x12.jpg 12w\" sizes=\"(max-width: 600px) 100vw, 600px\" \/><\/a>\n\t\t<\/figure>\n\t<\/div>\n\n\t<div class=\"wpb_text_column wpb_content_element\" >\n\t\t<div class=\"wpb_wrapper\">\n\t\t\t<h4 style=\"text-align: center;\"><span style=\"color: #7993a4;\"><strong data-start=\"2109\" data-end=\"2131\">Dimens\u00e3o Ps\u00edquica<\/strong><\/span><\/h4>\n<p style=\"text-align: center;\"><strong>Investiga\u00e7\u00e3o de conflitos inconscientes, traumas, complexos e padr\u00f5es emocionais que se formaram ao longo da hist\u00f3ria pessoal.<\/strong><\/p>\n\n\t\t<\/div>\n\t<\/div>\n<div class=\"vc_empty_space\"   style=\"height: 50px\"><span class=\"vc_empty_space_inner\"><\/span><\/div><\/div><\/div><\/div><div class=\"wpb_column vc_column_container vc_col-sm-1\/5\"><div class=\"vc_column-inner\"><div class=\"wpb_wrapper\">\n\t<div  class=\"wpb_single_image wpb_content_element vc_align_center wpb_content_element wpb_animate_when_almost_visible wpb_top-to-bottom top-to-bottom\">\n\t\t\n\t\t<figure class=\"wpb_wrapper vc_figure\">\n\t\t\t<a href=\"https:\/\/benditoser.com.br\/en\/dimensao-espiritual\/\" target=\"_self\" class=\"vc_single_image-wrapper   vc_box_border_grey\"><img decoding=\"async\" width=\"1080\" height=\"1080\" src=\"https:\/\/benditoser.com.br\/wp-content\/uploads\/2024\/11\/tratamento-espiritual-holistico-apometria-oduz-1.jpg\" class=\"vc_single_image-img attachment-full\" alt=\"\" title=\"tratamento-espiritual-holistico-apometria-oduz\" srcset=\"https:\/\/benditoser.com.br\/wp-content\/uploads\/2024\/11\/tratamento-espiritual-holistico-apometria-oduz-1.jpg 1080w, https:\/\/benditoser.com.br\/wp-content\/uploads\/2024\/11\/tratamento-espiritual-holistico-apometria-oduz-1-300x300.jpg 300w, https:\/\/benditoser.com.br\/wp-content\/uploads\/2024\/11\/tratamento-espiritual-holistico-apometria-oduz-1-100x100.jpg 100w, https:\/\/benditoser.com.br\/wp-content\/uploads\/2024\/11\/tratamento-espiritual-holistico-apometria-oduz-1-600x600.jpg 600w, https:\/\/benditoser.com.br\/wp-content\/uploads\/2024\/11\/tratamento-espiritual-holistico-apometria-oduz-1-1024x1024.jpg 1024w, https:\/\/benditoser.com.br\/wp-content\/uploads\/2024\/11\/tratamento-espiritual-holistico-apometria-oduz-1-150x150.jpg 150w, https:\/\/benditoser.com.br\/wp-content\/uploads\/2024\/11\/tratamento-espiritual-holistico-apometria-oduz-1-768x768.jpg 768w, https:\/\/benditoser.com.br\/wp-content\/uploads\/2024\/11\/tratamento-espiritual-holistico-apometria-oduz-1-12x12.jpg 12w\" sizes=\"(max-width: 1080px) 100vw, 1080px\" \/><\/a>\n\t\t<\/figure>\n\t<\/div>\n\n\t<div class=\"wpb_text_column wpb_content_element\" >\n\t\t<div class=\"wpb_wrapper\">\n\t\t\t<h4 style=\"text-align: center;\"><span style=\"color: #7993a4;\"><strong data-start=\"2109\" data-end=\"2131\">Dimens\u00e3o Espiritual e de Continuidade<\/strong><\/span><\/h4>\n<p style=\"text-align: center;\"><strong>A investiga\u00e7\u00e3o dessa dimens\u00e3o considera a possibilidade de registros transbiogr\u00e1ficos e v\u00ednculos extraf\u00edsicos quando identificados dentro do processo cl\u00ednico.<\/strong><\/p>\n\n\t\t<\/div>\n\t<\/div>\n<div class=\"vc_empty_space\"   style=\"height: 50px\"><span class=\"vc_empty_space_inner\"><\/span><\/div><\/div><\/div><\/div><div class=\"wpb_column vc_column_container vc_col-sm-1\/5\"><div class=\"vc_column-inner\"><div class=\"wpb_wrapper\">\n\t<div  class=\"wpb_single_image wpb_content_element vc_align_center wpb_content_element wpb_animate_when_almost_visible wpb_top-to-bottom top-to-bottom\">\n\t\t\n\t\t<figure class=\"wpb_wrapper vc_figure\">\n\t\t\t<a href=\"https:\/\/benditoser.com.br\/en\/dimensao-fisica\/\" target=\"_self\" class=\"vc_single_image-wrapper   vc_box_border_grey\"><img decoding=\"async\" width=\"600\" height=\"600\" src=\"https:\/\/benditoser.com.br\/wp-content\/uploads\/2024\/11\/tratamento-corporal-holistico-apometria-oduz.jpg\" class=\"vc_single_image-img attachment-full\" alt=\"\" title=\"tratamento-corporal-holistico-apometria-oduz\" srcset=\"https:\/\/benditoser.com.br\/wp-content\/uploads\/2024\/11\/tratamento-corporal-holistico-apometria-oduz.jpg 600w, https:\/\/benditoser.com.br\/wp-content\/uploads\/2024\/11\/tratamento-corporal-holistico-apometria-oduz-300x300.jpg 300w, https:\/\/benditoser.com.br\/wp-content\/uploads\/2024\/11\/tratamento-corporal-holistico-apometria-oduz-100x100.jpg 100w, https:\/\/benditoser.com.br\/wp-content\/uploads\/2024\/11\/tratamento-corporal-holistico-apometria-oduz-150x150.jpg 150w, https:\/\/benditoser.com.br\/wp-content\/uploads\/2024\/11\/tratamento-corporal-holistico-apometria-oduz-12x12.jpg 12w\" sizes=\"(max-width: 600px) 100vw, 600px\" \/><\/a>\n\t\t<\/figure>\n\t<\/div>\n\n\t<div class=\"wpb_text_column wpb_content_element\" >\n\t\t<div class=\"wpb_wrapper\">\n\t\t\t<h4 style=\"text-align: center;\"><span style=\"color: #7993a4;\"><strong data-start=\"2109\" data-end=\"2131\">Dimens\u00e3o F\u00edsica e Energ\u00e9tica<\/strong><\/span><\/h4>\n<p style=\"text-align: center;\"><strong>Conflitos ps\u00edquicos e espirituais frequentemente se refletem na organiza\u00e7\u00e3o do campo energ\u00e9tico. A reorganiza\u00e7\u00e3o desse campo pode ser parte importante do processo terap\u00eautico.<\/strong><\/p>\n\n\t\t<\/div>\n\t<\/div>\n<div class=\"vc_empty_space\"   style=\"height: 50px\"><span class=\"vc_empty_space_inner\"><\/span><\/div><\/div><\/div><\/div><div class=\"wpb_column vc_column_container vc_col-sm-1\/5\"><div class=\"vc_column-inner\"><div class=\"wpb_wrapper\">\n\t<div  class=\"wpb_single_image wpb_content_element vc_align_center wpb_content_element wpb_animate_when_almost_visible wpb_top-to-bottom top-to-bottom\">\n\t\t\n\t\t<figure class=\"wpb_wrapper vc_figure\">\n\t\t\t<a href=\"https:\/\/benditoser.com.br\/en\/dimensao-transgeracional\/\" target=\"_self\" class=\"vc_single_image-wrapper   vc_box_border_grey\"><img loading=\"lazy\" decoding=\"async\" width=\"600\" height=\"600\" src=\"https:\/\/benditoser.com.br\/wp-content\/uploads\/2025\/06\/reprogramacao-ancestral-e-familiar-benditoser-oduz.jpg\" class=\"vc_single_image-img attachment-full\" alt=\"\" title=\"reprogramacao-ancestral-e-familiar-benditoser-oduz\" srcset=\"https:\/\/benditoser.com.br\/wp-content\/uploads\/2025\/06\/reprogramacao-ancestral-e-familiar-benditoser-oduz.jpg 600w, https:\/\/benditoser.com.br\/wp-content\/uploads\/2025\/06\/reprogramacao-ancestral-e-familiar-benditoser-oduz-300x300.jpg 300w, https:\/\/benditoser.com.br\/wp-content\/uploads\/2025\/06\/reprogramacao-ancestral-e-familiar-benditoser-oduz-150x150.jpg 150w, https:\/\/benditoser.com.br\/wp-content\/uploads\/2025\/06\/reprogramacao-ancestral-e-familiar-benditoser-oduz-12x12.jpg 12w, https:\/\/benditoser.com.br\/wp-content\/uploads\/2025\/06\/reprogramacao-ancestral-e-familiar-benditoser-oduz-100x100.jpg 100w\" sizes=\"(max-width: 600px) 100vw, 600px\" \/><\/a>\n\t\t<\/figure>\n\t<\/div>\n\n\t<div class=\"wpb_text_column wpb_content_element\" >\n\t\t<div class=\"wpb_wrapper\">\n\t\t\t<h4 style=\"text-align: center;\"><span style=\"color: #7993a4;\"><strong data-start=\"2109\" data-end=\"2131\">Dimens\u00e3o Sist\u00eamica e Transgeracional<\/strong><\/span><\/h4>\n<p style=\"text-align: center;\" data-start=\"2146\" data-end=\"2220\"><strong>Muitos padr\u00f5es de vida est\u00e3o ligados a din\u00e2micas familiares inconscientes.\u00a0<\/strong><strong>Lealdades invis\u00edveis, repeti\u00e7\u00f5es de destino e v\u00ednculos sist\u00eamicos podem influenciar profundamente escolhas, rela\u00e7\u00f5es e emo\u00e7\u00f5es.<\/strong><\/p>\n\n\t\t<\/div>\n\t<\/div>\n<div class=\"vc_empty_space\"   style=\"height: 50px\"><span class=\"vc_empty_space_inner\"><\/span><\/div><\/div><\/div><\/div><div class=\"wpb_column vc_column_container vc_col-sm-1\/5\"><div class=\"vc_column-inner\"><div class=\"wpb_wrapper\">\n\t<div  class=\"wpb_single_image wpb_content_element vc_align_center wpb_content_element wpb_animate_when_almost_visible wpb_top-to-bottom top-to-bottom\">\n\t\t\n\t\t<figure class=\"wpb_wrapper vc_figure\">\n\t\t\t<a href=\"https:\/\/benditoser.com.br\/en\/dimensao-ambiental\/\" target=\"_self\" class=\"vc_single_image-wrapper   vc_box_border_grey\"><img loading=\"lazy\" decoding=\"async\" width=\"600\" height=\"600\" src=\"https:\/\/benditoser.com.br\/wp-content\/uploads\/2024\/11\/tratamento-ambiental-holistico-apometria-oduz.jpg\" class=\"vc_single_image-img attachment-full\" alt=\"\" title=\"tratamento-ambiental-holistico-apometria-oduz\" srcset=\"https:\/\/benditoser.com.br\/wp-content\/uploads\/2024\/11\/tratamento-ambiental-holistico-apometria-oduz.jpg 600w, https:\/\/benditoser.com.br\/wp-content\/uploads\/2024\/11\/tratamento-ambiental-holistico-apometria-oduz-300x300.jpg 300w, https:\/\/benditoser.com.br\/wp-content\/uploads\/2024\/11\/tratamento-ambiental-holistico-apometria-oduz-100x100.jpg 100w, https:\/\/benditoser.com.br\/wp-content\/uploads\/2024\/11\/tratamento-ambiental-holistico-apometria-oduz-150x150.jpg 150w, https:\/\/benditoser.com.br\/wp-content\/uploads\/2024\/11\/tratamento-ambiental-holistico-apometria-oduz-12x12.jpg 12w\" sizes=\"(max-width: 600px) 100vw, 600px\" \/><\/a>\n\t\t<\/figure>\n\t<\/div>\n\n\t<div class=\"wpb_text_column wpb_content_element\" >\n\t\t<div class=\"wpb_wrapper\">\n\t\t\t<h4 style=\"text-align: center;\"><span style=\"color: #7993a4;\"><strong data-start=\"2109\" data-end=\"2131\">Dimens\u00e3o Ambiental<\/strong><\/span><\/h4>\n<p style=\"text-align: center;\"><strong>Ambientes tamb\u00e9m podem influenciar o equil\u00edbrio ps\u00edquico e energ\u00e9tico.\u00a0<\/strong><strong>Em alguns casos, a harmoniza\u00e7\u00e3o do espa\u00e7o de vida \u00e9 indicada como complemento do processo terap\u00eautico.<\/strong><\/p>\n\n\t\t<\/div>\n\t<\/div>\n<div class=\"vc_empty_space\"   style=\"height: 50px\"><span class=\"vc_empty_space_inner\"><\/span><\/div><\/div><\/div><\/div><\/div>\n<\/div>","protected":false},"excerpt":{"rendered":"Mentoria de Consci\u00eancia Quando compreender j\u00e1 n\u00e3o \u00e9 suficiente \u2014 e a vida pede reposicionamento Algumas pessoas n\u00e3o est\u00e3o apenas lidando com conflitos emocionais. Elas est\u00e3o atravessando momentos em que percebem que sua vida precisa ser reorganizada em um n\u00edvel mais profundo. Padr\u00f5es que se [...]","protected":false},"author":2,"featured_media":0,"parent":0,"menu_order":0,"comment_status":"closed","ping_status":"closed","template":"","meta":{"om_disable_all_campaigns":false,"_monsterinsights_skip_tracking":false,"_uf_show_specific_survey":0,"_uf_disable_surveys":false,"footnotes":""},"class_list":["post-14798","page","type-page","status-publish","hentry"],"yoast_head":"<!-- This site is optimized with the Yoast SEO plugin v28.3 - https:\/\/yoast.com\/product\/yoast-seo-wordpress\/ -->\n<title>Mentoria de Consci\u00eancia - Benditoser<\/title>\n<meta name=\"robots\" content=\"index, follow, max-snippet:-1, max-image-preview:large, max-video-preview:-1\" \/>\n<link rel=\"canonical\" href=\"https:\/\/benditoser.com.br\/en\/mentoria-de-consciencia\/\" \/>\n<meta property=\"og:locale\" content=\"en_US\" \/>\n<meta property=\"og:type\" content=\"article\" \/>\n<meta property=\"og:title\" content=\"Mentoria de Consci\u00eancia - Benditoser\" \/>\n<meta property=\"og:url\" content=\"https:\/\/benditoser.com.br\/en\/mentoria-de-consciencia\/\" \/>\n<meta property=\"og:site_name\" content=\"Benditoser\" \/>\n<meta property=\"article:publisher\" content=\"https:\/\/www.facebook.com\/benditoser.com.br\" \/>\n<meta property=\"article:modified_time\" content=\"2026-04-16T21:31:12+00:00\" \/>\n<meta name=\"twitter:card\" content=\"summary_large_image\" \/>\n<meta name=\"twitter:label1\" content=\"Est. reading time\" \/>\n\t<meta name=\"twitter:data1\" content=\"5 minutes\" \/>\n<script type=\"application\/ld+json\" class=\"yoast-schema-graph\">{\"@context\":\"https:\\\/\\\/schema.org\",\"@graph\":[{\"@type\":\"WebPage\",\"@id\":\"https:\\\/\\\/benditoser.com.br\\\/mentoria-de-consciencia\\\/\",\"url\":\"https:\\\/\\\/benditoser.com.br\\\/mentoria-de-consciencia\\\/\",\"name\":\"Mentoria de Consci\u00eancia - Benditoser\",\"isPartOf\":{\"@id\":\"https:\\\/\\\/benditoser.com.br\\\/#website\"},\"datePublished\":\"2026-03-12T14:32:36+00:00\",\"dateModified\":\"2026-04-16T21:31:12+00:00\",\"breadcrumb\":{\"@id\":\"https:\\\/\\\/benditoser.com.br\\\/mentoria-de-consciencia\\\/#breadcrumb\"},\"inLanguage\":\"en-US\",\"potentialAction\":[{\"@type\":\"ReadAction\",\"target\":[\"https:\\\/\\\/benditoser.com.br\\\/mentoria-de-consciencia\\\/\"]}]},{\"@type\":\"BreadcrumbList\",\"@id\":\"https:\\\/\\\/benditoser.com.br\\\/mentoria-de-consciencia\\\/#breadcrumb\",\"itemListElement\":[{\"@type\":\"ListItem\",\"position\":1,\"name\":\"In\u00edcio\",\"item\":\"https:\\\/\\\/benditoser.com.br\\\/\"},{\"@type\":\"ListItem\",\"position\":2,\"name\":\"Mentoria de Consci\u00eancia\"}]},{\"@type\":\"WebSite\",\"@id\":\"https:\\\/\\\/benditoser.com.br\\\/#website\",\"url\":\"https:\\\/\\\/benditoser.com.br\\\/\",\"name\":\"Benditoser\",\"description\":\"Terapias\",\"publisher\":{\"@id\":\"https:\\\/\\\/benditoser.com.br\\\/#organization\"},\"potentialAction\":[{\"@type\":\"SearchAction\",\"target\":{\"@type\":\"EntryPoint\",\"urlTemplate\":\"https:\\\/\\\/benditoser.com.br\\\/?s={search_term_string}\"},\"query-input\":{\"@type\":\"PropertyValueSpecification\",\"valueRequired\":true,\"valueName\":\"search_term_string\"}}],\"inLanguage\":\"en-US\"},{\"@type\":\"Organization\",\"@id\":\"https:\\\/\\\/benditoser.com.br\\\/#organization\",\"name\":\"Benditoser\",\"url\":\"https:\\\/\\\/benditoser.com.br\\\/\",\"logo\":{\"@type\":\"ImageObject\",\"inLanguage\":\"en-US\",\"@id\":\"https:\\\/\\\/benditoser.com.br\\\/#\\\/schema\\\/logo\\\/image\\\/\",\"url\":\"https:\\\/\\\/benditoser.com.br\\\/wp-content\\\/uploads\\\/2025\\\/05\\\/cropped-logo-bendito-ser-site.png\",\"contentUrl\":\"https:\\\/\\\/benditoser.com.br\\\/wp-content\\\/uploads\\\/2025\\\/05\\\/cropped-logo-bendito-ser-site.png\",\"width\":220,\"height\":44,\"caption\":\"Benditoser\"},\"image\":{\"@id\":\"https:\\\/\\\/benditoser.com.br\\\/#\\\/schema\\\/logo\\\/image\\\/\"},\"sameAs\":[\"https:\\\/\\\/www.facebook.com\\\/benditoser.com.br\",\"https:\\\/\\\/www.instagram.com\\\/benditoser.com.br\\\/\"]}]}<\/script>\n<!-- \/ Yoast SEO plugin. -->","yoast_head_json":{"title":"Mentoria de Consci\u00eancia - Benditoser","robots":{"index":"index","follow":"follow","max-snippet":"max-snippet:-1","max-image-preview":"max-image-preview:large","max-video-preview":"max-video-preview:-1"},"canonical":"https:\/\/benditoser.com.br\/en\/mentoria-de-consciencia\/","og_locale":"en_US","og_type":"article","og_title":"Mentoria de Consci\u00eancia - Benditoser","og_url":"https:\/\/benditoser.com.br\/en\/mentoria-de-consciencia\/","og_site_name":"Benditoser","article_publisher":"https:\/\/www.facebook.com\/benditoser.com.br","article_modified_time":"2026-04-16T21:31:12+00:00","twitter_card":"summary_large_image","twitter_misc":{"Est. reading time":"5 minutes"},"schema":{"@context":"https:\/\/schema.org","@graph":[{"@type":"WebPage","@id":"https:\/\/benditoser.com.br\/mentoria-de-consciencia\/","url":"https:\/\/benditoser.com.br\/mentoria-de-consciencia\/","name":"Mentoria de Consci\u00eancia - Benditoser","isPartOf":{"@id":"https:\/\/benditoser.com.br\/#website"},"datePublished":"2026-03-12T14:32:36+00:00","dateModified":"2026-04-16T21:31:12+00:00","breadcrumb":{"@id":"https:\/\/benditoser.com.br\/mentoria-de-consciencia\/#breadcrumb"},"inLanguage":"en-US","potentialAction":[{"@type":"ReadAction","target":["https:\/\/benditoser.com.br\/mentoria-de-consciencia\/"]}]},{"@type":"BreadcrumbList","@id":"https:\/\/benditoser.com.br\/mentoria-de-consciencia\/#breadcrumb","itemListElement":[{"@type":"ListItem","position":1,"name":"In\u00edcio","item":"https:\/\/benditoser.com.br\/"},{"@type":"ListItem","position":2,"name":"Mentoria de Consci\u00eancia"}]},{"@type":"WebSite","@id":"https:\/\/benditoser.com.br\/#website","url":"https:\/\/benditoser.com.br\/","name":"Benditoser","description":"Terapias","publisher":{"@id":"https:\/\/benditoser.com.br\/#organization"},"potentialAction":[{"@type":"SearchAction","target":{"@type":"EntryPoint","urlTemplate":"https:\/\/benditoser.com.br\/?s={search_term_string}"},"query-input":{"@type":"PropertyValueSpecification","valueRequired":true,"valueName":"search_term_string"}}],"inLanguage":"en-US"},{"@type":"Organization","@id":"https:\/\/benditoser.com.br\/#organization","name":"Benditoser","url":"https:\/\/benditoser.com.br\/","logo":{"@type":"ImageObject","inLanguage":"en-US","@id":"https:\/\/benditoser.com.br\/#\/schema\/logo\/image\/","url":"https:\/\/benditoser.com.br\/wp-content\/uploads\/2025\/05\/cropped-logo-bendito-ser-site.png","contentUrl":"https:\/\/benditoser.com.br\/wp-content\/uploads\/2025\/05\/cropped-logo-bendito-ser-site.png","width":220,"height":44,"caption":"Benditoser"},"image":{"@id":"https:\/\/benditoser.com.br\/#\/schema\/logo\/image\/"},"sameAs":["https:\/\/www.facebook.com\/benditoser.com.br","https:\/\/www.instagram.com\/benditoser.com.br\/"]}]}},"publishpress_future_action":{"enabled":false,"date":"2026-09-07 21:20:46","action":"change-status","newStatus":"draft","terms":[],"taxonomy":"","extraData":[]},"publishpress_future_workflow_manual_trigger":{"enabledWorkflows":[]},"_links":{"self":[{"href":"https:\/\/benditoser.com.br\/en\/wp-json\/wp\/v2\/pages\/14798","targetHints":{"allow":["GET"]}}],"collection":[{"href":"https:\/\/benditoser.com.br\/en\/wp-json\/wp\/v2\/pages"}],"about":[{"href":"https:\/\/benditoser.com.br\/en\/wp-json\/wp\/v2\/types\/page"}],"author":[{"embeddable":true,"href":"https:\/\/benditoser.com.br\/en\/wp-json\/wp\/v2\/users\/2"}],"replies":[{"embeddable":true,"href":"https:\/\/benditoser.com.br\/en\/wp-json\/wp\/v2\/comments?post=14798"}],"version-history":[{"count":7,"href":"https:\/\/benditoser.com.br\/en\/wp-json\/wp\/v2\/pages\/14798\/revisions"}],"predecessor-version":[{"id":14885,"href":"https:\/\/benditoser.com.br\/en\/wp-json\/wp\/v2\/pages\/14798\/revisions\/14885"}],"wp:attachment":[{"href":"https:\/\/benditoser.com.br\/en\/wp-json\/wp\/v2\/media?parent=14798"}],"curies":[{"name":"wp","href":"https:\/\/api.w.org\/{rel}","templated":true}]}}