{"id":14803,"date":"2026-03-12T12:09:04","date_gmt":"2026-03-12T15:09:04","guid":{"rendered":"https:\/\/benditoser.com.br\/?page_id=14803"},"modified":"2026-03-12T12:32:07","modified_gmt":"2026-03-12T15:32:07","slug":"apometria-clinica","status":"publish","type":"page","link":"https:\/\/benditoser.com.br\/en\/apometria-clinica\/","title":{"rendered":"Apometria Cl\u00ednica"},"content":{"rendered":"<div class=\"wpb-content-wrapper\"><div class=\"vc_row wpb_row vc_row-fluid\"><div class=\"wpb_column vc_column_container vc_col-sm-12\"><div class=\"vc_column-inner\"><div class=\"wpb_wrapper\"><div class=\"vc_empty_space\"   style=\"height: 20px\"><span class=\"vc_empty_space_inner\"><\/span><\/div><h1 style=\"color: #7993A4;text-align: center;font-family:ABeeZee;font-weight:400;font-style:normal\" class=\"vc_custom_heading vc_do_custom_heading\" >Apometria Cl\u00ednica Integrativa<\/h1><div class=\"vc_empty_space\"   style=\"height: 20px\"><span class=\"vc_empty_space_inner\"><\/span><\/div><div class=\"vc_empty_space\"   style=\"height: 50px\"><span class=\"vc_empty_space_inner\"><\/span><\/div>\n\t<div class=\"wpb_text_column wpb_content_element\" >\n\t\t<div class=\"wpb_wrapper\">\n\t\t\t<h2 style=\"text-align: center;\">Quando o sofrimento parece ter ra\u00edzes al\u00e9m do que a mente consegue explicar<\/h2>\n<p style=\"text-align: center;\" data-start=\"438\" data-end=\"518\">Em alguns momentos da vida, certas dificuldades parecem n\u00e3o ter uma causa clara.<\/p>\n<h4 style=\"text-align: center;\" data-start=\"520\" data-end=\"702\"><strong>Padr\u00f5es emocionais se repetem.<\/strong><\/h4>\n<h4 style=\"text-align: center;\" data-start=\"520\" data-end=\"702\"><strong>Sensa\u00e7\u00f5es de bloqueio ou peso interno persistem.<\/strong><\/h4>\n<h4 style=\"text-align: center;\" data-start=\"520\" data-end=\"702\"><strong>Processos dif\u00edceis de compreender continuam influenciando escolhas, rela\u00e7\u00f5es e estados emocionais.<\/strong><\/h4>\n<p style=\"text-align: center;\" data-start=\"704\" data-end=\"782\">Em muitos casos, esses fen\u00f4menos n\u00e3o se limitam apenas \u00e0 dimens\u00e3o psicol\u00f3gica.<\/p>\n<p style=\"text-align: center;\" data-start=\"784\" data-end=\"942\">Eles podem envolver <strong data-start=\"804\" data-end=\"858\">din\u00e2micas energ\u00e9ticas e espirituais mais profundas<\/strong>, que influenciam o campo da consci\u00eancia e, consequentemente, a experi\u00eancia de vida.<\/p>\n<p style=\"text-align: center;\" data-start=\"944\" data-end=\"1076\">A <strong data-start=\"946\" data-end=\"967\">Apometria Cl\u00ednica<\/strong> \u00e9 um m\u00e9todo terap\u00eautico que investiga e interv\u00e9m justamente nessas camadas mais sutis da experi\u00eancia humana.<\/p>\n\n\t\t<\/div>\n\t<\/div>\n<div class=\"vc_empty_space\"   style=\"height: 50px\"><span class=\"vc_empty_space_inner\"><\/span><\/div><\/div><\/div><\/div><\/div><div class=\"vc_row wpb_row vc_row-fluid vc_custom_1759976178700 vc_row-has-fill\"><div class=\"wpb_column vc_column_container vc_col-sm-12\"><div class=\"vc_column-inner\"><div class=\"wpb_wrapper\"><h2 style=\"color: #7993A4;text-align: center;font-family:ABeeZee;font-weight:400;font-style:normal\" class=\"vc_custom_heading vc_do_custom_heading\" >O que \u00e9 Apometria Cl\u00ednica<\/h2><div class=\"vc_empty_space\"   style=\"height: 30px\"><span class=\"vc_empty_space_inner\"><\/span><\/div>\n\t<div class=\"wpb_text_column wpb_content_element\" >\n\t\t<div class=\"wpb_wrapper\">\n\t\t\t<p style=\"text-align: center;\" data-start=\"1112\" data-end=\"1319\">A Apometria Cl\u00ednica \u00e9 um m\u00e9todo de investiga\u00e7\u00e3o e interven\u00e7\u00e3o terap\u00eautica voltado para o estudo e reorganiza\u00e7\u00e3o de processos energ\u00e9ticos e espirituais que podem influenciar o equil\u00edbrio ps\u00edquico e emocional.<\/p>\n<p style=\"text-align: center;\" data-start=\"1321\" data-end=\"1473\">O trabalho parte da compreens\u00e3o de que a consci\u00eancia humana pode manifestar registros e influ\u00eancias provenientes de diferentes dimens\u00f5es da experi\u00eancia.<\/p>\n<p style=\"text-align: center;\" data-start=\"1475\" data-end=\"1596\">Por meio de procedimentos espec\u00edficos de diagn\u00f3stico e interven\u00e7\u00e3o, torna-se poss\u00edvel investigar e tratar fen\u00f4menos como:<\/p>\n<h4 style=\"text-align: center;\" data-start=\"1598\" data-end=\"1847\"><strong>Desorganiza\u00e7\u00f5es energ\u00e9ticas do campo vital<\/strong><\/h4>\n<h4 style=\"text-align: center;\" data-start=\"1598\" data-end=\"1847\"><strong>Influ\u00eancias espirituais disfuncionais<\/strong><\/h4>\n<h4 style=\"text-align: center;\" data-start=\"1598\" data-end=\"1847\"><strong>Registros traum\u00e1ticos profundos<\/strong><\/h4>\n<h4 style=\"text-align: center;\" data-start=\"1598\" data-end=\"1847\"><strong>Padr\u00f5es recorrentes associados \u00e0 trajet\u00f3ria da consci\u00eancia<\/strong><\/h4>\n<h4 style=\"text-align: center;\" data-start=\"1598\" data-end=\"1847\"><strong>V\u00ednculos energ\u00e9ticos que interferem no equil\u00edbrio emocional<\/strong><\/h4>\n<p style=\"text-align: center;\" data-start=\"1849\" data-end=\"2024\">O objetivo n\u00e3o \u00e9 substituir outras abordagens, mas <strong data-start=\"1917\" data-end=\"2023\">ampliar a compreens\u00e3o do sofrimento humano a partir de uma perspectiva multidimensional da consci\u00eancia<\/strong>.<\/p>\n\n\t\t<\/div>\n\t<\/div>\n<div class=\"vc_empty_space\"   style=\"height: 30px\"><span class=\"vc_empty_space_inner\"><\/span><\/div><\/div><\/div><\/div><\/div><div class=\"vc_row wpb_row vc_row-fluid vc_custom_1759976178700 vc_row-has-fill\"><div class=\"wpb_column vc_column_container vc_col-sm-12\"><div class=\"vc_column-inner\"><div class=\"wpb_wrapper\"><h2 style=\"color: #7993A4;text-align: center;font-family:ABeeZee;font-weight:400;font-style:normal\" class=\"vc_custom_heading vc_do_custom_heading\" >Como funciona na pr\u00e1tica<\/h2><div class=\"vc_empty_space\"   style=\"height: 30px\"><span class=\"vc_empty_space_inner\"><\/span><\/div>\n\t<div class=\"wpb_text_column wpb_content_element\" >\n\t\t<div class=\"wpb_wrapper\">\n\t\t\t<p style=\"text-align: center;\" data-start=\"2059\" data-end=\"2234\">A Apometria Cl\u00ednica utiliza procedimentos espec\u00edficos de investiga\u00e7\u00e3o energ\u00e9tica e espiritual para compreender como determinados padr\u00f5es podem estar atuando na vida da pessoa.<\/p>\n<p style=\"text-align: center;\" data-start=\"2236\" data-end=\"2267\">Esses processos podem envolver:<\/p>\n<h4 style=\"text-align: center;\" data-start=\"2269\" data-end=\"2477\"><strong>Leitura radiest\u00e9sica do campo energ\u00e9tico<\/strong><\/h4>\n<h4 style=\"text-align: center;\" data-start=\"2269\" data-end=\"2477\"><strong>Investiga\u00e7\u00e3o transbiogr\u00e1fica da trajet\u00f3ria da consci\u00eancia<\/strong><\/h4>\n<h4 style=\"text-align: center;\" data-start=\"2269\" data-end=\"2477\"><strong>Identifica\u00e7\u00e3o de v\u00ednculos ou influ\u00eancias espirituais<\/strong><\/h4>\n<h4 style=\"text-align: center;\" data-start=\"2269\" data-end=\"2477\"><strong>An\u00e1lise de registros traum\u00e1ticos profundos<\/strong><\/h4>\n<p style=\"text-align: center;\" data-start=\"2479\" data-end=\"2620\">A partir dessa leitura, torna-se poss\u00edvel organizar interven\u00e7\u00f5es terap\u00eauticas voltadas para a reorganiza\u00e7\u00e3o do campo energ\u00e9tico e espiritual.<\/p>\n\n\t\t<\/div>\n\t<\/div>\n<div class=\"vc_empty_space\"   style=\"height: 30px\"><span class=\"vc_empty_space_inner\"><\/span><\/div><\/div><\/div><\/div><\/div><div class=\"vc_row wpb_row vc_row-fluid vc_custom_1759976178700 vc_row-has-fill\"><div class=\"wpb_column vc_column_container vc_col-sm-12\"><div class=\"vc_column-inner\"><div class=\"wpb_wrapper\"><h2 style=\"color: #7993A4;text-align: center;font-family:ABeeZee;font-weight:400;font-style:normal\" class=\"vc_custom_heading vc_do_custom_heading\" >Ritmo das sess\u00f5es<\/h2><div class=\"vc_empty_space\"   style=\"height: 30px\"><span class=\"vc_empty_space_inner\"><\/span><\/div>\n\t<div class=\"wpb_text_column wpb_content_element\" >\n\t\t<div class=\"wpb_wrapper\">\n\t\t\t<p style=\"text-align: center;\" data-start=\"2684\" data-end=\"2727\">O processo acontece em formato de <strong data-start=\"2729\" data-end=\"2751\">sess\u00f5es quinzenais.<\/strong><\/p>\n<p style=\"text-align: center;\" data-start=\"2911\" data-end=\"2975\">A quantidade de sess\u00f5es, ou se alguma outro trabalho terap\u00eautico dever\u00e1 ser integrado ao tratamento, ser\u00e1 definido na sess\u00e3o de Diagn\u00f3stico.<\/p>\n\n\t\t<\/div>\n\t<\/div>\n<div class=\"vc_empty_space\"   style=\"height: 30px\"><span class=\"vc_empty_space_inner\"><\/span><\/div><\/div><\/div><\/div><\/div><div class=\"vc_row wpb_row vc_row-fluid vc_custom_1759976178700 vc_row-has-fill\"><div class=\"wpb_column vc_column_container vc_col-sm-12\"><div class=\"vc_column-inner\"><div class=\"wpb_wrapper\"><h2 style=\"color: #7993A4;text-align: center;font-family:ABeeZee;font-weight:400;font-style:normal\" class=\"vc_custom_heading vc_do_custom_heading\" >Como iniciar<\/h2><div class=\"vc_empty_space\"   style=\"height: 30px\"><span class=\"vc_empty_space_inner\"><\/span><\/div>\n\t<div class=\"wpb_text_column wpb_content_element\" >\n\t\t<div class=\"wpb_wrapper\">\n\t\t\t<p style=\"text-align: center;\" data-start=\"4190\" data-end=\"4289\">O primeiro passo para iniciar o trabalho \u00e9 realizar o <strong data-start=\"4244\" data-end=\"4288\">Diagn\u00f3stico Energ\u00e9tico e Transbiogr\u00e1fico<\/strong>.<\/p>\n<p style=\"text-align: center;\" data-start=\"4291\" data-end=\"4477\">Essa avalia\u00e7\u00e3o inicial investiga poss\u00edveis din\u00e2micas energ\u00e9ticas, espirituais e registros associados \u00e0 trajet\u00f3ria da consci\u00eancia que possam estar influenciando o momento atual da pessoa.<\/p>\n<p style=\"text-align: center;\" data-start=\"4479\" data-end=\"4626\">A partir dessa leitura, \u00e9 poss\u00edvel definir se a <strong data-start=\"4527\" data-end=\"4548\">Apometria Cl\u00ednica<\/strong> \u00e9 o caminho terap\u00eautico mais indicado e como o processo poder\u00e1 ser conduzido.<\/p>\n\n\t\t<\/div>\n\t<\/div>\n<div class=\"vc_empty_space\"   style=\"height: 30px\"><span class=\"vc_empty_space_inner\"><\/span><\/div><\/div><\/div><\/div><\/div><div class=\"vc_row wpb_row vc_row-fluid\"><div class=\"wpb_column vc_column_container vc_col-sm-12\"><div class=\"vc_column-inner\"><div class=\"wpb_wrapper\"><div class=\"vc_btn3-container vc_btn3-center vc_custom_1773308927618 vc_do_btn\" ><a class=\"vc_general vc_btn3 vc_btn3-size-lg vc_btn3-shape-rounded vc_btn3-style-classic vc_btn3-color-sandy-brown\" href=\"https:\/\/api.whatsapp.com\/send?phone=5585988486862\" title=\"\" target=\"_blank\">Agende sua Avalia\u00e7\u00e3o Diagn\u00f3stica<\/a><\/div><\/div><\/div><\/div><\/div><div class=\"vc_row wpb_row vc_row-fluid vc_custom_1759976178700 vc_row-has-fill\"><div class=\"wpb_column vc_column_container vc_col-sm-12\"><div class=\"vc_column-inner\"><div class=\"wpb_wrapper\"><h2 style=\"color: #7993A4;text-align: center;font-family:ABeeZee;font-weight:400;font-style:normal\" class=\"vc_custom_heading vc_do_custom_heading\" >A Apometria dentro da Cl\u00ednica do Invis\u00edvel<\/h2><div class=\"vc_empty_space\"   style=\"height: 30px\"><span class=\"vc_empty_space_inner\"><\/span><\/div>\n\t<div class=\"wpb_text_column wpb_content_element\" >\n\t\t<div class=\"wpb_wrapper\">\n\t\t\t<p style=\"text-align: center;\" data-start=\"369\" data-end=\"528\">Na <strong data-start=\"372\" data-end=\"396\">Cl\u00ednica do Invis\u00edvel<\/strong>, a Apometria \u00e9 utilizada dentro de um contexto terap\u00eautico estruturado, orientado por princ\u00edpios cl\u00ednicos, investigativos e \u00e9ticos.<\/p>\n<p style=\"text-align: center;\" data-start=\"530\" data-end=\"638\">Isso significa que o trabalho n\u00e3o se baseia na simples interpreta\u00e7\u00e3o de fen\u00f4menos espirituais ou medi\u00fanicos.<\/p>\n<p style=\"text-align: center;\" data-start=\"640\" data-end=\"807\">O foco est\u00e1 na <strong data-start=\"655\" data-end=\"806\">compreens\u00e3o das din\u00e2micas da consci\u00eancia e de como determinados padr\u00f5es podem influenciar a experi\u00eancia ps\u00edquica, emocional e existencial da pessoa<\/strong>.<\/p>\n<p style=\"text-align: center;\" data-start=\"809\" data-end=\"916\">Dentro desse contexto, a Apometria \u00e9 utilizada como uma ferramenta de investiga\u00e7\u00e3o e interven\u00e7\u00e3o que busca:<\/p>\n<h4 style=\"text-align: center;\" data-start=\"918\" data-end=\"1162\"><strong>Identificar padr\u00f5es invis\u00edveis que influenciam a vida da pessoa<\/strong><\/h4>\n<h4 style=\"text-align: center;\" data-start=\"918\" data-end=\"1162\"><strong>Compreender registros associados \u00e0 trajet\u00f3ria da consci\u00eancia<\/strong><\/h4>\n<h4 style=\"text-align: center;\" data-start=\"918\" data-end=\"1162\"><strong>Reorganizar din\u00e2micas energ\u00e9ticas e espirituais disfuncionais<\/strong><\/h4>\n<h4 style=\"text-align: center;\" data-start=\"918\" data-end=\"1162\"><strong>Favorecer maior autonomia e clareza interna<\/strong><\/h4>\n<p style=\"text-align: center;\" data-start=\"1164\" data-end=\"1252\">Todo o trabalho \u00e9 conduzido com base em princ\u00edpios fundamentais da Cl\u00ednica do Invis\u00edvel:<\/p>\n<h4 style=\"text-align: center;\" data-start=\"1254\" data-end=\"1460\"><strong>\u00c9tica da consci\u00eancia, e n\u00e3o do fen\u00f4meno<\/strong><\/h4>\n<h4 style=\"text-align: center;\" data-start=\"1254\" data-end=\"1460\"><strong>Investiga\u00e7\u00e3o multidimensional do sofrimento humano<\/strong><\/h4>\n<h4 style=\"text-align: center;\" data-start=\"1254\" data-end=\"1460\"><strong>Interven\u00e7\u00e3o m\u00ednima necess\u00e1ria<\/strong><\/h4>\n<h4 style=\"text-align: center;\" data-start=\"1254\" data-end=\"1460\"><strong>Responsabilidade terap\u00eautica e preserva\u00e7\u00e3o da autonomia do paciente<\/strong><\/h4>\n<p style=\"text-align: center;\" data-start=\"1462\" data-end=\"1598\">O objetivo n\u00e3o \u00e9 estimular fasc\u00ednio por fen\u00f4menos espirituais, mas <strong data-start=\"1529\" data-end=\"1597\">promover reorganiza\u00e7\u00e3o interna, consci\u00eancia e liberdade ps\u00edquica<\/strong>.<\/p>\n\n\t\t<\/div>\n\t<\/div>\n<div class=\"vc_empty_space\"   style=\"height: 30px\"><span class=\"vc_empty_space_inner\"><\/span><\/div><\/div><\/div><\/div><\/div>\n<\/div>","protected":false},"excerpt":{"rendered":"Apometria Cl\u00ednica Integrativa Quando o sofrimento parece ter ra\u00edzes al\u00e9m do que a mente consegue explicar Em alguns momentos da vida, certas dificuldades parecem n\u00e3o ter uma causa clara. Padr\u00f5es emocionais se repetem. Sensa\u00e7\u00f5es de bloqueio ou peso interno persistem. Processos dif\u00edceis de compreender continuam [...]","protected":false},"author":2,"featured_media":0,"parent":0,"menu_order":0,"comment_status":"closed","ping_status":"closed","template":"","meta":{"om_disable_all_campaigns":false,"_monsterinsights_skip_tracking":false,"_uf_show_specific_survey":0,"_uf_disable_surveys":false,"footnotes":""},"class_list":["post-14803","page","type-page","status-publish","hentry"],"yoast_head":"<!-- This site is optimized with the Yoast SEO plugin v28.3 - https:\/\/yoast.com\/product\/yoast-seo-wordpress\/ -->\n<title>Apometria Cl\u00ednica - Benditoser<\/title>\n<meta name=\"robots\" content=\"index, follow, max-snippet:-1, max-image-preview:large, max-video-preview:-1\" \/>\n<link rel=\"canonical\" href=\"https:\/\/benditoser.com.br\/en\/apometria-clinica\/\" \/>\n<meta property=\"og:locale\" content=\"en_US\" \/>\n<meta property=\"og:type\" content=\"article\" \/>\n<meta property=\"og:title\" content=\"Apometria Cl\u00ednica - Benditoser\" \/>\n<meta property=\"og:url\" content=\"https:\/\/benditoser.com.br\/en\/apometria-clinica\/\" \/>\n<meta property=\"og:site_name\" content=\"Benditoser\" \/>\n<meta property=\"article:publisher\" content=\"https:\/\/www.facebook.com\/benditoser.com.br\" \/>\n<meta property=\"article:modified_time\" content=\"2026-03-12T15:32:07+00:00\" \/>\n<meta name=\"twitter:card\" content=\"summary_large_image\" \/>\n<meta name=\"twitter:label1\" content=\"Est. reading time\" \/>\n\t<meta name=\"twitter:data1\" content=\"4 minutes\" \/>\n<script type=\"application\/ld+json\" class=\"yoast-schema-graph\">{\"@context\":\"https:\\\/\\\/schema.org\",\"@graph\":[{\"@type\":\"WebPage\",\"@id\":\"https:\\\/\\\/benditoser.com.br\\\/apometria-clinica\\\/\",\"url\":\"https:\\\/\\\/benditoser.com.br\\\/apometria-clinica\\\/\",\"name\":\"Apometria Cl\u00ednica - Benditoser\",\"isPartOf\":{\"@id\":\"https:\\\/\\\/benditoser.com.br\\\/#website\"},\"datePublished\":\"2026-03-12T15:09:04+00:00\",\"dateModified\":\"2026-03-12T15:32:07+00:00\",\"breadcrumb\":{\"@id\":\"https:\\\/\\\/benditoser.com.br\\\/apometria-clinica\\\/#breadcrumb\"},\"inLanguage\":\"en-US\",\"potentialAction\":[{\"@type\":\"ReadAction\",\"target\":[\"https:\\\/\\\/benditoser.com.br\\\/apometria-clinica\\\/\"]}]},{\"@type\":\"BreadcrumbList\",\"@id\":\"https:\\\/\\\/benditoser.com.br\\\/apometria-clinica\\\/#breadcrumb\",\"itemListElement\":[{\"@type\":\"ListItem\",\"position\":1,\"name\":\"In\u00edcio\",\"item\":\"https:\\\/\\\/benditoser.com.br\\\/\"},{\"@type\":\"ListItem\",\"position\":2,\"name\":\"Apometria Cl\u00ednica\"}]},{\"@type\":\"WebSite\",\"@id\":\"https:\\\/\\\/benditoser.com.br\\\/#website\",\"url\":\"https:\\\/\\\/benditoser.com.br\\\/\",\"name\":\"Benditoser\",\"description\":\"Terapias\",\"publisher\":{\"@id\":\"https:\\\/\\\/benditoser.com.br\\\/#organization\"},\"potentialAction\":[{\"@type\":\"SearchAction\",\"target\":{\"@type\":\"EntryPoint\",\"urlTemplate\":\"https:\\\/\\\/benditoser.com.br\\\/?s={search_term_string}\"},\"query-input\":{\"@type\":\"PropertyValueSpecification\",\"valueRequired\":true,\"valueName\":\"search_term_string\"}}],\"inLanguage\":\"en-US\"},{\"@type\":\"Organization\",\"@id\":\"https:\\\/\\\/benditoser.com.br\\\/#organization\",\"name\":\"Benditoser\",\"url\":\"https:\\\/\\\/benditoser.com.br\\\/\",\"logo\":{\"@type\":\"ImageObject\",\"inLanguage\":\"en-US\",\"@id\":\"https:\\\/\\\/benditoser.com.br\\\/#\\\/schema\\\/logo\\\/image\\\/\",\"url\":\"https:\\\/\\\/benditoser.com.br\\\/wp-content\\\/uploads\\\/2025\\\/05\\\/cropped-logo-bendito-ser-site.png\",\"contentUrl\":\"https:\\\/\\\/benditoser.com.br\\\/wp-content\\\/uploads\\\/2025\\\/05\\\/cropped-logo-bendito-ser-site.png\",\"width\":220,\"height\":44,\"caption\":\"Benditoser\"},\"image\":{\"@id\":\"https:\\\/\\\/benditoser.com.br\\\/#\\\/schema\\\/logo\\\/image\\\/\"},\"sameAs\":[\"https:\\\/\\\/www.facebook.com\\\/benditoser.com.br\",\"https:\\\/\\\/www.instagram.com\\\/benditoser.com.br\\\/\"]}]}<\/script>\n<!-- \/ Yoast SEO plugin. -->","yoast_head_json":{"title":"Apometria Cl\u00ednica - Benditoser","robots":{"index":"index","follow":"follow","max-snippet":"max-snippet:-1","max-image-preview":"max-image-preview:large","max-video-preview":"max-video-preview:-1"},"canonical":"https:\/\/benditoser.com.br\/en\/apometria-clinica\/","og_locale":"en_US","og_type":"article","og_title":"Apometria Cl\u00ednica - Benditoser","og_url":"https:\/\/benditoser.com.br\/en\/apometria-clinica\/","og_site_name":"Benditoser","article_publisher":"https:\/\/www.facebook.com\/benditoser.com.br","article_modified_time":"2026-03-12T15:32:07+00:00","twitter_card":"summary_large_image","twitter_misc":{"Est. reading time":"4 minutes"},"schema":{"@context":"https:\/\/schema.org","@graph":[{"@type":"WebPage","@id":"https:\/\/benditoser.com.br\/apometria-clinica\/","url":"https:\/\/benditoser.com.br\/apometria-clinica\/","name":"Apometria Cl\u00ednica - Benditoser","isPartOf":{"@id":"https:\/\/benditoser.com.br\/#website"},"datePublished":"2026-03-12T15:09:04+00:00","dateModified":"2026-03-12T15:32:07+00:00","breadcrumb":{"@id":"https:\/\/benditoser.com.br\/apometria-clinica\/#breadcrumb"},"inLanguage":"en-US","potentialAction":[{"@type":"ReadAction","target":["https:\/\/benditoser.com.br\/apometria-clinica\/"]}]},{"@type":"BreadcrumbList","@id":"https:\/\/benditoser.com.br\/apometria-clinica\/#breadcrumb","itemListElement":[{"@type":"ListItem","position":1,"name":"In\u00edcio","item":"https:\/\/benditoser.com.br\/"},{"@type":"ListItem","position":2,"name":"Apometria Cl\u00ednica"}]},{"@type":"WebSite","@id":"https:\/\/benditoser.com.br\/#website","url":"https:\/\/benditoser.com.br\/","name":"Benditoser","description":"Terapias","publisher":{"@id":"https:\/\/benditoser.com.br\/#organization"},"potentialAction":[{"@type":"SearchAction","target":{"@type":"EntryPoint","urlTemplate":"https:\/\/benditoser.com.br\/?s={search_term_string}"},"query-input":{"@type":"PropertyValueSpecification","valueRequired":true,"valueName":"search_term_string"}}],"inLanguage":"en-US"},{"@type":"Organization","@id":"https:\/\/benditoser.com.br\/#organization","name":"Benditoser","url":"https:\/\/benditoser.com.br\/","logo":{"@type":"ImageObject","inLanguage":"en-US","@id":"https:\/\/benditoser.com.br\/#\/schema\/logo\/image\/","url":"https:\/\/benditoser.com.br\/wp-content\/uploads\/2025\/05\/cropped-logo-bendito-ser-site.png","contentUrl":"https:\/\/benditoser.com.br\/wp-content\/uploads\/2025\/05\/cropped-logo-bendito-ser-site.png","width":220,"height":44,"caption":"Benditoser"},"image":{"@id":"https:\/\/benditoser.com.br\/#\/schema\/logo\/image\/"},"sameAs":["https:\/\/www.facebook.com\/benditoser.com.br","https:\/\/www.instagram.com\/benditoser.com.br\/"]}]}},"publishpress_future_action":{"enabled":false,"date":"2026-09-07 21:21:02","action":"change-status","newStatus":"draft","terms":[],"taxonomy":"","extraData":[]},"publishpress_future_workflow_manual_trigger":{"enabledWorkflows":[]},"_links":{"self":[{"href":"https:\/\/benditoser.com.br\/en\/wp-json\/wp\/v2\/pages\/14803","targetHints":{"allow":["GET"]}}],"collection":[{"href":"https:\/\/benditoser.com.br\/en\/wp-json\/wp\/v2\/pages"}],"about":[{"href":"https:\/\/benditoser.com.br\/en\/wp-json\/wp\/v2\/types\/page"}],"author":[{"embeddable":true,"href":"https:\/\/benditoser.com.br\/en\/wp-json\/wp\/v2\/users\/2"}],"replies":[{"embeddable":true,"href":"https:\/\/benditoser.com.br\/en\/wp-json\/wp\/v2\/comments?post=14803"}],"version-history":[{"count":3,"href":"https:\/\/benditoser.com.br\/en\/wp-json\/wp\/v2\/pages\/14803\/revisions"}],"predecessor-version":[{"id":14807,"href":"https:\/\/benditoser.com.br\/en\/wp-json\/wp\/v2\/pages\/14803\/revisions\/14807"}],"wp:attachment":[{"href":"https:\/\/benditoser.com.br\/en\/wp-json\/wp\/v2\/media?parent=14803"}],"curies":[{"name":"wp","href":"https:\/\/api.w.org\/{rel}","templated":true}]}}