{"id":15042,"date":"2026-07-22T07:38:38","date_gmt":"2026-07-22T10:38:38","guid":{"rendered":"https:\/\/benditoser.com.br\/?page_id=15042"},"modified":"2026-08-30T17:44:36","modified_gmt":"2026-08-30T20:44:36","slug":"mentoria-do-templo-interior","status":"publish","type":"page","link":"https:\/\/benditoser.com.br\/en\/mentoria-do-templo-interior\/","title":{"rendered":"Mentoria do Templo Interior"},"content":{"rendered":"<div class=\"wpb-content-wrapper\"><div class=\"vc_row wpb_row vc_row-fluid\"><div class=\"wpb_column vc_column_container vc_col-sm-12\"><div class=\"vc_column-inner\"><div class=\"wpb_wrapper\"><div class=\"vc_empty_space\"   style=\"height: 20px\"><span class=\"vc_empty_space_inner\"><\/span><\/div><h1 style=\"color: #7993A4;text-align: center;font-family:ABeeZee;font-weight:400;font-style:normal\" class=\"vc_custom_heading vc_do_custom_heading\" >A Constru\u00e7\u00e3o do Templo Interior<\/h1><div class=\"vc_empty_space\"   style=\"height: 20px\"><span class=\"vc_empty_space_inner\"><\/span><\/div><div class=\"vc_empty_space\"   style=\"height: 50px\"><span class=\"vc_empty_space_inner\"><\/span><\/div>\n\t<div class=\"wpb_text_column wpb_content_element\" >\n\t\t<div class=\"wpb_wrapper\">\n\t\t\t<h2 style=\"text-align: center;\">Mentoria Psicointegrativa Benditoser<\/h2>\n<h3 class=\"PDq2pG_selectionAnchorContainer\" style=\"text-align: center;\" data-section-id=\"8o3ra5\" data-start=\"585\" data-end=\"674\"><span role=\"text\"><strong data-start=\"589\" data-end=\"674\">Voc\u00ea j\u00e1 compreendeu muito sobre si.<br \/>\nAgora \u00e9 hora de construir quem veio para ser.<\/strong><\/span><\/h3>\n<p style=\"text-align: center;\" data-start=\"676\" data-end=\"893\">Uma mentoria terap\u00eautica de 24 encontros que integra Psicologia Anal\u00edtica Junguiana, Apometria Cl\u00ednica e pr\u00e1ticas simb\u00f3licas para ajudar voc\u00ea a reconstruir sua estrutura emocional, energ\u00e9tica e espiritual \u2014 de dentro para fora.<\/p>\n<p style=\"text-align: center;\" data-start=\"895\" data-end=\"1057\"><strong data-start=\"895\" data-end=\"933\">\u2714 24 encontros individuais de 1h30<\/strong><br \/>\n<strong data-start=\"934\" data-end=\"961\">\u2714 3 ciclos terap\u00eauticos<\/strong><br \/>\n<strong data-start=\"962\" data-end=\"992\">\u2714 Exerc\u00edcios entre sess\u00f5es<\/strong><br \/>\n<strong data-start=\"993\" data-end=\"1024\">\u2714 Protocolos personalizados<\/strong><br \/>\n<strong data-start=\"1025\" data-end=\"1057\">\u2714 Suporte durante o processo<\/strong><\/p>\n\n\t\t<\/div>\n\t<\/div>\n<div class=\"vc_empty_space\"   style=\"height: 50px\"><span class=\"vc_empty_space_inner\"><\/span><\/div><\/div><\/div><\/div><\/div><div class=\"vc_row wpb_row vc_row-fluid vc_custom_1759976178700 vc_row-has-fill\"><div class=\"wpb_column vc_column_container vc_col-sm-12\"><div class=\"vc_column-inner\"><div class=\"wpb_wrapper\"><h2 style=\"color: #7993A4;text-align: center;font-family:ABeeZee;font-weight:400;font-style:normal\" class=\"vc_custom_heading vc_do_custom_heading\" >Talvez voc\u00ea...<\/h2><div class=\"vc_empty_space\"   style=\"height: 30px\"><span class=\"vc_empty_space_inner\"><\/span><\/div>\n\t<div class=\"wpb_text_column wpb_content_element\" >\n\t\t<div class=\"wpb_wrapper\">\n\t\t\t<h4 class=\"PDq2pG_selectionAnchorContainer\" style=\"text-align: center;\" data-start=\"1177\" data-end=\"1220\"><strong>\u2022 viva repetindo relacionamentos parecidos.<\/strong><\/h4>\n<h4 style=\"text-align: center;\" data-start=\"1222\" data-end=\"1271\"><strong>\u2022 sinta que absorve emo\u00e7\u00f5es que nem parecem suas.<\/strong><\/h4>\n<h4 style=\"text-align: center;\" data-start=\"1273\" data-end=\"1312\"><strong>\u2022 tenha dificuldade em colocar limites.<\/strong><\/h4>\n<h4 style=\"text-align: center;\" data-start=\"1314\" data-end=\"1357\"><strong>\u2022 se abandone para n\u00e3o decepcionar ningu\u00e9m.<\/strong><\/h4>\n<h4 style=\"text-align: center;\" data-start=\"1359\" data-end=\"1408\"><strong>\u2022 carregue um cansa\u00e7o que o descanso n\u00e3o resolve.<\/strong><\/h4>\n<h4 style=\"text-align: center;\" data-start=\"1410\" data-end=\"1521\"><strong>\u2022 tenha feito terapia, cursos ou buscado espiritualidade&#8230; mas ainda sinta que alguma coisa continua faltando.<\/strong><\/h4>\n<p style=\"text-align: center;\" data-start=\"1523\" data-end=\"1580\">Ou talvez exista apenas uma sensa\u00e7\u00e3o dif\u00edcil de explicar:<\/p>\n<p style=\"text-align: center;\" data-start=\"1582\" data-end=\"1653\">Voc\u00ea vive sua vida&#8230; mas n\u00e3o sente que realmente mora dentro dela.<\/p>\n\n\t\t<\/div>\n\t<\/div>\n<div class=\"vc_empty_space\"   style=\"height: 30px\"><span class=\"vc_empty_space_inner\"><\/span><\/div><\/div><\/div><\/div><\/div><div class=\"vc_row wpb_row vc_row-fluid vc_custom_1759976178700 vc_row-has-fill\"><div class=\"wpb_column vc_column_container vc_col-sm-12\"><div class=\"vc_column-inner\"><div class=\"wpb_wrapper\"><h2 style=\"color: #7993A4;text-align: center;font-family:ABeeZee;font-weight:400;font-style:normal\" class=\"vc_custom_heading vc_do_custom_heading\" >O verdadeiro problema n\u00e3o \u00e9 falta de for\u00e7a<\/h2><div class=\"vc_empty_space\"   style=\"height: 30px\"><span class=\"vc_empty_space_inner\"><\/span><\/div>\n\t<div class=\"wpb_text_column wpb_content_element\" >\n\t\t<div class=\"wpb_wrapper\">\n\t\t\t<p class=\"PDq2pG_selectionAnchorContainer\" style=\"text-align: center;\" data-start=\"1707\" data-end=\"1728\">\u00c9 falta de estrutura.<\/p>\n<p style=\"text-align: center;\" data-start=\"1730\" data-end=\"1812\">Quando a estrutura interna n\u00e3o foi constru\u00edda, qualquer mudan\u00e7a se torna inst\u00e1vel.<\/p>\n<p style=\"text-align: center;\" data-start=\"1814\" data-end=\"1827\">Voc\u00ea melhora.<\/p>\n<p style=\"text-align: center;\" data-start=\"1829\" data-end=\"1857\">Depois volta ao mesmo lugar.<\/p>\n<p style=\"text-align: center;\" data-start=\"1859\" data-end=\"1884\">Come\u00e7a um relacionamento.<\/p>\n<p style=\"text-align: center;\" data-start=\"1886\" data-end=\"1908\">Repete o mesmo padr\u00e3o.<\/p>\n<p style=\"text-align: center;\" data-start=\"1910\" data-end=\"1930\">Aprende uma t\u00e9cnica.<\/p>\n<p style=\"text-align: center;\" data-start=\"1932\" data-end=\"1969\">Mas continua reagindo da mesma forma.<\/p>\n<p style=\"text-align: center;\" data-start=\"1971\" data-end=\"2005\">N\u00e3o porque lhe falte intelig\u00eancia.<\/p>\n<p style=\"text-align: center;\" data-start=\"2007\" data-end=\"2080\">Mas porque ningu\u00e9m ensinou voc\u00ea a construir um lugar seguro dentro de si.<\/p>\n<p style=\"text-align: center;\" data-start=\"2082\" data-end=\"2122\">\u00c9 exatamente isso que esta mentoria faz.<\/p>\n\n\t\t<\/div>\n\t<\/div>\n<div class=\"vc_empty_space\"   style=\"height: 30px\"><span class=\"vc_empty_space_inner\"><\/span><\/div><\/div><\/div><\/div><\/div><div class=\"vc_row wpb_row vc_row-fluid vc_custom_1759976178700 vc_row-has-fill\"><div class=\"wpb_column vc_column_container vc_col-sm-12\"><div class=\"vc_column-inner\"><div class=\"wpb_wrapper\"><h2 style=\"color: #7993A4;text-align: center;font-family:ABeeZee;font-weight:400;font-style:normal\" class=\"vc_custom_heading vc_do_custom_heading\" >O que \u00e9 a Mentoria Psicointegrativa Benditoser?<\/h2><div class=\"vc_empty_space\"   style=\"height: 30px\"><span class=\"vc_empty_space_inner\"><\/span><\/div>\n\t<div class=\"wpb_text_column wpb_content_element\" >\n\t\t<div class=\"wpb_wrapper\">\n\t\t\t<p class=\"PDq2pG_selectionAnchorContainer\" style=\"text-align: center;\" data-start=\"2181\" data-end=\"2310\">A Constru\u00e7\u00e3o do Templo Interior \u00e9 um processo terap\u00eautico profundo, criado para pessoas que desejam mais do que aliviar sintomas.<\/p>\n<p style=\"text-align: center;\" data-start=\"2312\" data-end=\"2367\">Aqui, o objetivo n\u00e3o \u00e9 apenas compreender sua hist\u00f3ria.<\/p>\n<p style=\"text-align: center;\" data-start=\"2369\" data-end=\"2417\">\u00c9 reorganizar a estrutura que sustenta sua vida.<\/p>\n<p style=\"text-align: center;\" data-start=\"2419\" data-end=\"2515\">O m\u00e9todo integra diferentes dimens\u00f5es do ser humano para promover uma transforma\u00e7\u00e3o consistente:<\/p>\n<h4 style=\"text-align: center;\" data-start=\"1359\" data-end=\"1408\"><strong>\u2022\u00a0<\/strong><strong>Psicologia Anal\u00edtica Junguiana<\/strong><\/h4>\n<h4 style=\"text-align: center;\" data-start=\"1359\" data-end=\"1408\"><strong>\u2022\u00a0<\/strong><strong>Psican\u00e1lise Cl\u00ednica<\/strong><\/h4>\n<h4 style=\"text-align: center;\" data-start=\"1359\" data-end=\"1408\"><strong>\u2022\u00a0<\/strong><strong>Apometria Integrativa<\/strong><\/h4>\n<h4 style=\"text-align: center;\" data-start=\"1359\" data-end=\"1408\"><strong>\u2022 C\u00edrculo Sist\u00eamico da Vida e Constela\u00e7\u00e3o Familiar<\/strong><\/h4>\n<h4 style=\"text-align: center;\" data-start=\"1359\" data-end=\"1408\"><strong>\u2022\u00a0<\/strong><strong>Arqu\u00e9tipos e Imagina\u00e7\u00e3o Ativa<\/strong><\/h4>\n<h4 style=\"text-align: center;\" data-start=\"1359\" data-end=\"1408\"><strong>\u2022\u00a0<\/strong><strong>T\u00e9cnicas de reorganiza\u00e7\u00e3o energ\u00e9tica<\/strong><\/h4>\n<h4 style=\"text-align: center;\" data-start=\"1359\" data-end=\"1408\"><strong>\u2022\u00a0<\/strong><strong>Exerc\u00edcios de integra\u00e7\u00e3o entre as sess\u00f5es<\/strong><\/h4>\n<p style=\"text-align: center;\" data-start=\"2712\" data-end=\"2745\">Cada encontro prepara o seguinte.<\/p>\n<p style=\"text-align: center;\" data-start=\"2747\" data-end=\"2820\">Cada pr\u00e1tica semanal ajuda voc\u00ea a transformar consci\u00eancia em experi\u00eancia.<\/p>\n\n\t\t<\/div>\n\t<\/div>\n<div class=\"vc_empty_space\"   style=\"height: 60px\"><span class=\"vc_empty_space_inner\"><\/span><\/div><\/div><\/div><\/div><\/div><div class=\"vc_row wpb_row vc_row-fluid vc_custom_1759976178700 vc_row-has-fill\"><div class=\"wpb_column vc_column_container vc_col-sm-12\"><div class=\"vc_column-inner\"><div class=\"wpb_wrapper\"><h2 style=\"color: #7993A4;text-align: center;font-family:ABeeZee;font-weight:400;font-style:normal\" class=\"vc_custom_heading vc_do_custom_heading\" >Toda constru\u00e7\u00e3o acontece em tr\u00eas ciclos<\/h2><div class=\"vc_empty_space\"   style=\"height: 100px\"><span class=\"vc_empty_space_inner\"><\/span><\/div><\/div><\/div><\/div><\/div><div class=\"vc_row wpb_row vc_row-fluid vc_custom_1784718959915 vc_row-has-fill\"><div class=\"wpb_column vc_column_container vc_col-sm-4 vc_col-has-fill\"><div class=\"vc_column-inner vc_custom_1784769659216\"><div class=\"wpb_wrapper\"><h2 style=\"color: #DD9933;text-align: left;font-family:ABeeZee;font-weight:400;font-style:normal\" class=\"vc_custom_heading vc_do_custom_heading\" >A Funda\u00e7\u00e3o<\/h2><div class=\"vc_empty_space\"   style=\"height: 30px\"><span class=\"vc_empty_space_inner\"><\/span><\/div>\n\t<div class=\"wpb_text_column wpb_content_element\" >\n\t\t<div class=\"wpb_wrapper\">\n\t\t\t<h3 class=\"PDq2pG_selectionAnchorContainer\" data-start=\"2641\" data-end=\"2686\"><span style=\"color: #808080;\"><strong>O Primeiro Ciclo<\/strong><\/span><\/h3>\n<p class=\"PDq2pG_selectionAnchorContainer\" data-start=\"2908\" data-end=\"2932\">Onde voc\u00ea encontra ch\u00e3o.<\/p>\n<p data-start=\"2934\" data-end=\"2951\">Aqui trabalhamos:<\/p>\n<h4 data-start=\"2953\" data-end=\"2981\"><strong>\u2022 autoestima e valor pessoal<\/strong><\/h4>\n<h4 data-start=\"2983\" data-end=\"3003\"><strong>\u2022 limites emocionais<\/strong><\/h4>\n<h4 data-start=\"3005\" data-end=\"3065\"><strong>\u2022 diferencia\u00e7\u00e3o entre sua hist\u00f3ria e as lealdades familiares<\/strong><\/h4>\n<h4 data-start=\"3067\" data-end=\"3091\"><strong>\u2022 organiza\u00e7\u00e3o energ\u00e9tica<\/strong><\/h4>\n<h4 data-start=\"3093\" data-end=\"3116\"><strong>\u2022 fortalecimento do ego<\/strong><\/h4>\n<h4 data-start=\"3118\" data-end=\"3174\"><strong>\u2022 redu\u00e7\u00e3o da sensa\u00e7\u00e3o de confus\u00e3o e sobrecarga emocional<\/strong><\/h4>\n<p data-start=\"3176\" data-end=\"3212\">\u00c9 o ciclo onde muitas pessoas dizem:<\/p>\n<p data-start=\"3214\" data-end=\"3293\"><em>&#8220;Foi a primeira vez que senti que podia respirar dentro da minha pr\u00f3pria vida.&#8221;<\/em><\/p>\n\n\t\t<\/div>\n\t<\/div>\n<div class=\"vc_empty_space\"   style=\"height: 30px\"><span class=\"vc_empty_space_inner\"><\/span><\/div><\/div><\/div><\/div><div class=\"wpb_column vc_column_container vc_col-sm-4\"><div class=\"vc_column-inner vc_custom_1784769600876\"><div class=\"wpb_wrapper\"><h2 style=\"color: #DD9933;text-align: left;font-family:ABeeZee;font-weight:400;font-style:normal\" class=\"vc_custom_heading vc_do_custom_heading\" >As Paredes<\/h2><div class=\"vc_empty_space\"   style=\"height: 30px\"><span class=\"vc_empty_space_inner\"><\/span><\/div>\n\t<div class=\"wpb_text_column wpb_content_element\" >\n\t\t<div class=\"wpb_wrapper\">\n\t\t\t<h3 class=\"PDq2pG_selectionAnchorContainer\" data-start=\"2641\" data-end=\"2686\"><span style=\"color: #808080;\"><strong>O Segundo Ciclo<\/strong><\/span><\/h3>\n<p class=\"PDq2pG_selectionAnchorContainer\" data-start=\"3336\" data-end=\"3365\">Depois de construir o ch\u00e3o&#8230;<\/p>\n<p data-start=\"3367\" data-end=\"3400\">chega o momento de ocupar espa\u00e7o.<\/p>\n<p data-start=\"3402\" data-end=\"3428\">Nesse ciclo voc\u00ea trabalha:<\/p>\n<h4 data-start=\"3430\" data-end=\"3441\"><strong>\u2022 autonomia<\/strong><\/h4>\n<h4 data-start=\"3443\" data-end=\"3457\"><strong>\u2022 prosperidade<\/strong><\/h4>\n<h4 data-start=\"3459\" data-end=\"3476\"><strong>\u2022 relacionamentos<\/strong><\/h4>\n<h4 data-start=\"3478\" data-end=\"3494\"><strong>\u2022 posicionamento<\/strong><\/h4>\n<h4 data-start=\"3496\" data-end=\"3518\"><strong>\u2022 dire\u00e7\u00e3o profissional<\/strong><\/h4>\n<h4 data-start=\"3520\" data-end=\"3554\"><strong>\u2022 constru\u00e7\u00e3o da pr\u00f3pria identidade<\/strong><\/h4>\n\n\t\t<\/div>\n\t<\/div>\n<div class=\"vc_empty_space\"   style=\"height: 30px\"><span class=\"vc_empty_space_inner\"><\/span><\/div><\/div><\/div><\/div><div class=\"wpb_column vc_column_container vc_col-sm-4 vc_col-has-fill\"><div class=\"vc_column-inner vc_custom_1784769729559\"><div class=\"wpb_wrapper\"><h2 style=\"color: #DD9933;text-align: left;font-family:ABeeZee;font-weight:400;font-style:normal\" class=\"vc_custom_heading vc_do_custom_heading\" >A Luz<\/h2><div class=\"vc_empty_space\"   style=\"height: 30px\"><span class=\"vc_empty_space_inner\"><\/span><\/div>\n\t<div class=\"wpb_text_column wpb_content_element\" >\n\t\t<div class=\"wpb_wrapper\">\n\t\t\t<h3 class=\"PDq2pG_selectionAnchorContainer\" data-start=\"2641\" data-end=\"2686\"><span style=\"color: #808080;\"><strong>O Terceiro Ciclo<\/strong><\/span><\/h3>\n<p class=\"PDq2pG_selectionAnchorContainer\" data-start=\"3592\" data-end=\"3618\">Quando existe estrutura&#8230;<\/p>\n<p data-start=\"3620\" data-end=\"3654\">a vida deixa de ser sobreviv\u00eancia.<\/p>\n<p data-start=\"3656\" data-end=\"3682\">Ela passa a ser express\u00e3o.<\/p>\n<p data-start=\"3684\" data-end=\"3705\">Esse ciclo aprofunda:<\/p>\n<h4 data-start=\"3707\" data-end=\"3718\"><strong>\u2022 prop\u00f3sito<\/strong><\/h4>\n<h4 data-start=\"3720\" data-end=\"3747\"><strong>\u2022 espiritualidade integrada<\/strong><\/h4>\n<h4 data-start=\"3749\" data-end=\"3763\"><strong>\u2022 criatividade<\/strong><\/h4>\n<h4 data-start=\"3765\" data-end=\"3779\"><strong>\u2022 individua\u00e7\u00e3o<\/strong><\/h4>\n<h4 data-start=\"3781\" data-end=\"3789\"><strong>\u2022 legado<\/strong><\/h4>\n<p data-start=\"3791\" data-end=\"3830\">Voc\u00ea deixa de viver tentando dar conta.<\/p>\n<p data-start=\"3832\" data-end=\"3858\">Come\u00e7a simplesmente a ser.<\/p>\n\n\t\t<\/div>\n\t<\/div>\n<div class=\"vc_empty_space\"   style=\"height: 30px\"><span class=\"vc_empty_space_inner\"><\/span><\/div><\/div><\/div><\/div><\/div><div class=\"vc_row wpb_row vc_row-fluid vc_custom_1759976178700 vc_row-has-fill\"><div class=\"wpb_column vc_column_container vc_col-sm-12\"><div class=\"vc_column-inner\"><div class=\"wpb_wrapper\"><div class=\"vc_empty_space\"   style=\"height: 30px\"><span class=\"vc_empty_space_inner\"><\/span><\/div><h2 style=\"color: #7993A4;text-align: center;font-family:ABeeZee;font-weight:400;font-style:normal\" class=\"vc_custom_heading vc_do_custom_heading\" >Como funciona<\/h2><div class=\"vc_empty_space\"   style=\"height: 30px\"><span class=\"vc_empty_space_inner\"><\/span><\/div>\n\t<div class=\"wpb_text_column wpb_content_element\" >\n\t\t<div class=\"wpb_wrapper\">\n\t\t\t<p class=\"PDq2pG_selectionAnchorContainer\" style=\"text-align: center;\" data-start=\"3882\" data-end=\"3936\">Durante seis meses voc\u00ea ser\u00e1 acompanhada semanalmente.<\/p>\n<p style=\"text-align: center;\" data-start=\"3938\" data-end=\"4075\">Cada encontro possui aproximadamente <strong data-start=\"3975\" data-end=\"3994\">1h30 de dura\u00e7\u00e3o<\/strong> e trabalha um objetivo terap\u00eautico espec\u00edfico dentro da arquitetura do processo.<\/p>\n<p style=\"text-align: center;\" data-start=\"4077\" data-end=\"4177\">Ao final de cada sess\u00e3o voc\u00ea recebe direcionamentos e pr\u00e1ticas simb\u00f3licas, para continuar a transforma\u00e7\u00e3o durante a semana.<\/p>\n<p style=\"text-align: center;\" data-section-id=\"fpxcrd\" data-start=\"4179\" data-end=\"4200\">O processo inclui:<\/p>\n<h4 style=\"text-align: center;\" data-start=\"4202\" data-end=\"4235\"><strong>\u2714 24 encontros individuais (1h30)<\/strong><\/h4>\n<h4 style=\"text-align: center;\" data-start=\"4237\" data-end=\"4270\"><strong>\u2714 3 ciclos terap\u00eauticos completos<\/strong><\/h4>\n<h4 style=\"text-align: center;\" data-start=\"4237\" data-end=\"4270\"><strong>\u2714 Apenas 6 meses para uma transforma\u00e7\u00e3o profunda<\/strong><\/h4>\n<h4 style=\"text-align: center;\" data-start=\"4272\" data-end=\"4309\"><strong>\u2714 Exerc\u00edcios e pr\u00e1ticas entre sess\u00f5es<\/strong><\/h4>\n<h4 style=\"text-align: center;\" data-start=\"4311\" data-end=\"4352\"><strong>\u2714 Resumos terap\u00eauticos da sess\u00e3o pra ajudar a integrar o processo<\/strong><\/h4>\n<h4 style=\"text-align: center;\" data-start=\"4354\" data-end=\"4426\"><strong>\u2714 T\u00e9cnicas de Psicologia Anal\u00edtica Junguiana, Apometria Cl\u00ednica e Imagina\u00e7\u00e3o Ativa<\/strong><\/h4>\n<h4 style=\"text-align: center;\" data-start=\"4428\" data-end=\"4479\"><strong>\u2714 Rituais simb\u00f3licos de integra\u00e7\u00e3o (n\u00e3o religiosos)<\/strong><\/h4>\n<h4 style=\"text-align: center;\" data-start=\"4481\" data-end=\"4544\"><strong>\u2714 Suporte entre sess\u00f5es para situa\u00e7\u00f5es terap\u00eauticas importantes<\/strong><\/h4>\n<h4 style=\"text-align: center;\" data-start=\"4546\" data-end=\"4591\"><strong>\u2714 Documento de s\u00edntese ao final de cada ciclo<\/strong><\/h4>\n\n\t\t<\/div>\n\t<\/div>\n<div class=\"vc_empty_space\"   style=\"height: 30px\"><span class=\"vc_empty_space_inner\"><\/span><\/div><\/div><\/div><\/div><\/div><div class=\"vc_row wpb_row vc_row-fluid vc_custom_1759976178700 vc_row-has-fill\"><div class=\"wpb_column vc_column_container vc_col-sm-12\"><div class=\"vc_column-inner\"><div class=\"wpb_wrapper\"><h2 style=\"color: #7993A4;text-align: center;font-family:ABeeZee;font-weight:400;font-style:normal\" class=\"vc_custom_heading vc_do_custom_heading\" >Para quem \u00e9<\/h2><div class=\"vc_empty_space\"   style=\"height: 30px\"><span class=\"vc_empty_space_inner\"><\/span><\/div>\n\t<div class=\"wpb_text_column wpb_content_element\" >\n\t\t<div class=\"wpb_wrapper\">\n\t\t\t<p style=\"text-align: center;\" data-start=\"3264\" data-end=\"3328\">Esta mentoria foi criada para pessoas que:<\/p>\n<h4 style=\"text-align: center;\" data-start=\"4428\" data-end=\"4479\"><strong>\u2714\u00a0<\/strong><strong>J\u00e1 possuem algum caminho de autoconhecimento<\/strong><\/h4>\n<h4 style=\"text-align: center;\" data-start=\"4428\" data-end=\"4479\"><strong>\u2714\u00a0<\/strong><strong>Percebem padr\u00f5es profundos se repetindo em suas vidas<\/strong><\/h4>\n<h4 style=\"text-align: center;\" data-start=\"4428\" data-end=\"4479\"><strong>\u2714\u00a0<\/strong><strong>Est\u00e3o atravessando momentos importantes de transi\u00e7\u00e3o<\/strong><\/h4>\n<h4 style=\"text-align: center;\" data-start=\"4428\" data-end=\"4479\"><strong>\u2714\u00a0<\/strong><strong>Desejam compreender a pr\u00f3pria trajet\u00f3ria de forma mais ampla<\/strong><\/h4>\n<h4 style=\"text-align: center;\" data-start=\"4428\" data-end=\"4479\"><strong>\u2714\u00a0<\/strong><strong>Sentem necessidade de integrar experi\u00eancias emocionais e espirituais<\/strong><\/h4>\n<p style=\"text-align: center;\" data-start=\"3631\" data-end=\"3763\">Mais do que resolver dificuldades pontuais, o processo busca promover <strong data-start=\"3701\" data-end=\"3762\">clareza, integra\u00e7\u00e3o e reposicionamento consciente da vida<\/strong>.<\/p>\n\n\t\t<\/div>\n\t<\/div>\n<div class=\"vc_empty_space\"   style=\"height: 30px\"><span class=\"vc_empty_space_inner\"><\/span><\/div><\/div><\/div><\/div><\/div><div class=\"vc_row wpb_row vc_row-fluid vc_custom_1759976178700 vc_row-has-fill\"><div class=\"wpb_column vc_column_container vc_col-sm-12\"><div class=\"vc_column-inner\"><div class=\"wpb_wrapper\"><h2 style=\"color: #7993A4;text-align: center;font-family:ABeeZee;font-weight:400;font-style:normal\" class=\"vc_custom_heading vc_do_custom_heading\" >Antes de come\u00e7ar<\/h2><div class=\"vc_empty_space\"   style=\"height: 30px\"><span class=\"vc_empty_space_inner\"><\/span><\/div>\n\t<div class=\"wpb_text_column wpb_content_element\" >\n\t\t<div class=\"wpb_wrapper\">\n\t\t\t<p class=\"PDq2pG_selectionAnchorContainer\" style=\"text-align: center;\" data-start=\"5304\" data-end=\"5363\">Todo processo inicia com um <strong><a href=\"https:\/\/benditoser.com.br\/en\/diagnostico\/\">Diagn\u00f3stico Terap\u00eautico<\/a><\/strong><\/p>\n<p style=\"text-align: center;\" data-start=\"5365\" data-end=\"5536\">Esse encontro \u00e9 feito em 2 sess\u00f5es, com dura\u00e7\u00e3o aproximada de 1h30 minutos e existe para compreender sua hist\u00f3ria, seus objetivos e verificar se este \u00e9 o momento adequado para iniciar a mentoria.<\/p>\n<p style=\"text-align: center;\" data-start=\"5538\" data-end=\"5597\">Mais do que uma conversa, \u00e9 o primeiro passo da constru\u00e7\u00e3o.<\/p>\n\n\t\t<\/div>\n\t<\/div>\n<div class=\"vc_empty_space\"   style=\"height: 30px\"><span class=\"vc_empty_space_inner\"><\/span><\/div><\/div><\/div><\/div><\/div><div class=\"vc_row wpb_row vc_row-fluid vc_custom_1759976178700 vc_row-has-fill\"><div class=\"wpb_column vc_column_container vc_col-sm-12\"><div class=\"vc_column-inner\"><div class=\"wpb_wrapper\"><h2 style=\"color: #7993A4;text-align: center;font-family:ABeeZee;font-weight:400;font-style:normal\" class=\"vc_custom_heading vc_do_custom_heading\" >A Constru\u00e7\u00e3o do Templo Interior<\/h2><div class=\"vc_empty_space\"   style=\"height: 30px\"><span class=\"vc_empty_space_inner\"><\/span><\/div>\n\t<div class=\"wpb_text_column wpb_content_element\" >\n\t\t<div class=\"wpb_wrapper\">\n\t\t\t<p class=\"PDq2pG_selectionAnchorContainer\" style=\"text-align: center;\" data-start=\"5639\" data-end=\"5679\">Voc\u00ea n\u00e3o precisa se tornar outra pessoa.<\/p>\n<p style=\"text-align: center;\" data-start=\"5681\" data-end=\"5751\">Precisa apenas construir um lugar seguro para habitar quem sempre foi.<\/p>\n<p style=\"text-align: center;\" data-start=\"5753\" data-end=\"5806\">Porque nenhuma casa permanece de p\u00e9 sem uma funda\u00e7\u00e3o.<\/p>\n<p style=\"text-align: center;\" data-start=\"5808\" data-end=\"5861\">E nenhum ser humano floresce quando vive longe de si.<\/p>\n<p style=\"text-align: center;\" data-start=\"5863\" data-end=\"5907\"><strong data-start=\"5863\" data-end=\"5907\">A pergunta n\u00e3o \u00e9 se voc\u00ea consegue mudar.<\/strong><\/p>\n<p style=\"text-align: center;\" data-start=\"5909\" data-end=\"5922\">A pergunta \u00e9:<\/p>\n<p style=\"text-align: center;\" data-start=\"5924\" data-end=\"5970\"><strong data-start=\"5924\" data-end=\"5970\">Voc\u00ea est\u00e1 pronto(a) para come\u00e7ar a construir?<\/strong><\/p>\n\n\t\t<\/div>\n\t<\/div>\n<div class=\"vc_empty_space\"   style=\"height: 30px\"><span class=\"vc_empty_space_inner\"><\/span><\/div><\/div><\/div><\/div><\/div><div class=\"vc_row wpb_row vc_row-fluid\"><div class=\"wpb_column vc_column_container vc_col-sm-12\"><div class=\"vc_column-inner\"><div class=\"wpb_wrapper\"><div class=\"vc_btn3-container vc_btn3-center vc_custom_1773308927618 vc_do_btn\" ><a class=\"vc_general vc_btn3 vc_btn3-size-lg vc_btn3-shape-rounded vc_btn3-style-classic vc_btn3-color-sandy-brown\" href=\"https:\/\/api.whatsapp.com\/send?phone=5585988486862\" title=\"\" target=\"_blank\">Agende sua Avalia\u00e7\u00e3o Diagn\u00f3stica<\/a><\/div><\/div><\/div><\/div><\/div>\n<\/div>","protected":false},"excerpt":{"rendered":"A Constru\u00e7\u00e3o do Templo Interior Mentoria Psicointegrativa Benditoser Voc\u00ea j\u00e1 compreendeu muito sobre si. Agora \u00e9 hora de construir quem veio para ser. Uma mentoria terap\u00eautica de 24 encontros que integra Psicologia Anal\u00edtica Junguiana, Apometria Cl\u00ednica e pr\u00e1ticas simb\u00f3licas para ajudar voc\u00ea a reconstruir sua [...]","protected":false},"author":2,"featured_media":0,"parent":0,"menu_order":0,"comment_status":"closed","ping_status":"closed","template":"","meta":{"om_disable_all_campaigns":false,"_monsterinsights_skip_tracking":false,"_uf_show_specific_survey":0,"_uf_disable_surveys":false,"footnotes":""},"class_list":["post-15042","page","type-page","status-publish","hentry"],"yoast_head":"<!-- This site is optimized with the Yoast SEO plugin v28.3 - https:\/\/yoast.com\/product\/yoast-seo-wordpress\/ -->\n<title>Mentoria do Templo Interior - Benditoser<\/title>\n<meta name=\"robots\" content=\"index, follow, max-snippet:-1, max-image-preview:large, max-video-preview:-1\" \/>\n<link rel=\"canonical\" href=\"https:\/\/benditoser.com.br\/en\/mentoria-do-templo-interior\/\" \/>\n<meta property=\"og:locale\" content=\"en_US\" \/>\n<meta property=\"og:type\" content=\"article\" \/>\n<meta property=\"og:title\" content=\"Mentoria do Templo Interior - Benditoser\" \/>\n<meta property=\"og:url\" content=\"https:\/\/benditoser.com.br\/en\/mentoria-do-templo-interior\/\" \/>\n<meta property=\"og:site_name\" content=\"Benditoser\" \/>\n<meta property=\"article:publisher\" content=\"https:\/\/www.facebook.com\/benditoser.com.br\" \/>\n<meta property=\"article:modified_time\" content=\"2026-08-30T20:44:36+00:00\" \/>\n<meta name=\"twitter:card\" content=\"summary_large_image\" \/>\n<script type=\"application\/ld+json\" class=\"yoast-schema-graph\">{\"@context\":\"https:\\\/\\\/schema.org\",\"@graph\":[{\"@type\":\"WebPage\",\"@id\":\"https:\\\/\\\/benditoser.com.br\\\/mentoria-do-templo-interior\\\/\",\"url\":\"https:\\\/\\\/benditoser.com.br\\\/mentoria-do-templo-interior\\\/\",\"name\":\"Mentoria do Templo Interior - Benditoser\",\"isPartOf\":{\"@id\":\"https:\\\/\\\/benditoser.com.br\\\/#website\"},\"datePublished\":\"2026-07-22T10:38:38+00:00\",\"dateModified\":\"2026-08-30T20:44:36+00:00\",\"breadcrumb\":{\"@id\":\"https:\\\/\\\/benditoser.com.br\\\/mentoria-do-templo-interior\\\/#breadcrumb\"},\"inLanguage\":\"en-US\",\"potentialAction\":[{\"@type\":\"ReadAction\",\"target\":[\"https:\\\/\\\/benditoser.com.br\\\/mentoria-do-templo-interior\\\/\"]}]},{\"@type\":\"BreadcrumbList\",\"@id\":\"https:\\\/\\\/benditoser.com.br\\\/mentoria-do-templo-interior\\\/#breadcrumb\",\"itemListElement\":[{\"@type\":\"ListItem\",\"position\":1,\"name\":\"In\u00edcio\",\"item\":\"https:\\\/\\\/benditoser.com.br\\\/\"},{\"@type\":\"ListItem\",\"position\":2,\"name\":\"Mentoria do Templo Interior\"}]},{\"@type\":\"WebSite\",\"@id\":\"https:\\\/\\\/benditoser.com.br\\\/#website\",\"url\":\"https:\\\/\\\/benditoser.com.br\\\/\",\"name\":\"Benditoser\",\"description\":\"Terapias\",\"publisher\":{\"@id\":\"https:\\\/\\\/benditoser.com.br\\\/#organization\"},\"potentialAction\":[{\"@type\":\"SearchAction\",\"target\":{\"@type\":\"EntryPoint\",\"urlTemplate\":\"https:\\\/\\\/benditoser.com.br\\\/?s={search_term_string}\"},\"query-input\":{\"@type\":\"PropertyValueSpecification\",\"valueRequired\":true,\"valueName\":\"search_term_string\"}}],\"inLanguage\":\"en-US\"},{\"@type\":\"Organization\",\"@id\":\"https:\\\/\\\/benditoser.com.br\\\/#organization\",\"name\":\"Benditoser\",\"url\":\"https:\\\/\\\/benditoser.com.br\\\/\",\"logo\":{\"@type\":\"ImageObject\",\"inLanguage\":\"en-US\",\"@id\":\"https:\\\/\\\/benditoser.com.br\\\/#\\\/schema\\\/logo\\\/image\\\/\",\"url\":\"https:\\\/\\\/benditoser.com.br\\\/wp-content\\\/uploads\\\/2025\\\/05\\\/cropped-logo-bendito-ser-site.png\",\"contentUrl\":\"https:\\\/\\\/benditoser.com.br\\\/wp-content\\\/uploads\\\/2025\\\/05\\\/cropped-logo-bendito-ser-site.png\",\"width\":220,\"height\":44,\"caption\":\"Benditoser\"},\"image\":{\"@id\":\"https:\\\/\\\/benditoser.com.br\\\/#\\\/schema\\\/logo\\\/image\\\/\"},\"sameAs\":[\"https:\\\/\\\/www.facebook.com\\\/benditoser.com.br\",\"https:\\\/\\\/www.instagram.com\\\/benditoser.com.br\\\/\"]}]}<\/script>\n<!-- \/ Yoast SEO plugin. -->","yoast_head_json":{"title":"Mentoria do Templo Interior - Benditoser","robots":{"index":"index","follow":"follow","max-snippet":"max-snippet:-1","max-image-preview":"max-image-preview:large","max-video-preview":"max-video-preview:-1"},"canonical":"https:\/\/benditoser.com.br\/en\/mentoria-do-templo-interior\/","og_locale":"en_US","og_type":"article","og_title":"Mentoria do Templo Interior - Benditoser","og_url":"https:\/\/benditoser.com.br\/en\/mentoria-do-templo-interior\/","og_site_name":"Benditoser","article_publisher":"https:\/\/www.facebook.com\/benditoser.com.br","article_modified_time":"2026-08-30T20:44:36+00:00","twitter_card":"summary_large_image","schema":{"@context":"https:\/\/schema.org","@graph":[{"@type":"WebPage","@id":"https:\/\/benditoser.com.br\/mentoria-do-templo-interior\/","url":"https:\/\/benditoser.com.br\/mentoria-do-templo-interior\/","name":"Mentoria do Templo Interior - Benditoser","isPartOf":{"@id":"https:\/\/benditoser.com.br\/#website"},"datePublished":"2026-07-22T10:38:38+00:00","dateModified":"2026-08-30T20:44:36+00:00","breadcrumb":{"@id":"https:\/\/benditoser.com.br\/mentoria-do-templo-interior\/#breadcrumb"},"inLanguage":"en-US","potentialAction":[{"@type":"ReadAction","target":["https:\/\/benditoser.com.br\/mentoria-do-templo-interior\/"]}]},{"@type":"BreadcrumbList","@id":"https:\/\/benditoser.com.br\/mentoria-do-templo-interior\/#breadcrumb","itemListElement":[{"@type":"ListItem","position":1,"name":"In\u00edcio","item":"https:\/\/benditoser.com.br\/"},{"@type":"ListItem","position":2,"name":"Mentoria do Templo Interior"}]},{"@type":"WebSite","@id":"https:\/\/benditoser.com.br\/#website","url":"https:\/\/benditoser.com.br\/","name":"Benditoser","description":"Terapias","publisher":{"@id":"https:\/\/benditoser.com.br\/#organization"},"potentialAction":[{"@type":"SearchAction","target":{"@type":"EntryPoint","urlTemplate":"https:\/\/benditoser.com.br\/?s={search_term_string}"},"query-input":{"@type":"PropertyValueSpecification","valueRequired":true,"valueName":"search_term_string"}}],"inLanguage":"en-US"},{"@type":"Organization","@id":"https:\/\/benditoser.com.br\/#organization","name":"Benditoser","url":"https:\/\/benditoser.com.br\/","logo":{"@type":"ImageObject","inLanguage":"en-US","@id":"https:\/\/benditoser.com.br\/#\/schema\/logo\/image\/","url":"https:\/\/benditoser.com.br\/wp-content\/uploads\/2025\/05\/cropped-logo-bendito-ser-site.png","contentUrl":"https:\/\/benditoser.com.br\/wp-content\/uploads\/2025\/05\/cropped-logo-bendito-ser-site.png","width":220,"height":44,"caption":"Benditoser"},"image":{"@id":"https:\/\/benditoser.com.br\/#\/schema\/logo\/image\/"},"sameAs":["https:\/\/www.facebook.com\/benditoser.com.br","https:\/\/www.instagram.com\/benditoser.com.br\/"]}]}},"publishpress_future_action":{"enabled":false,"date":"2026-09-07 21:21:01","action":"change-status","newStatus":"draft","terms":[],"taxonomy":"","extraData":[]},"publishpress_future_workflow_manual_trigger":{"enabledWorkflows":[]},"_links":{"self":[{"href":"https:\/\/benditoser.com.br\/en\/wp-json\/wp\/v2\/pages\/15042","targetHints":{"allow":["GET"]}}],"collection":[{"href":"https:\/\/benditoser.com.br\/en\/wp-json\/wp\/v2\/pages"}],"about":[{"href":"https:\/\/benditoser.com.br\/en\/wp-json\/wp\/v2\/types\/page"}],"author":[{"embeddable":true,"href":"https:\/\/benditoser.com.br\/en\/wp-json\/wp\/v2\/users\/2"}],"replies":[{"embeddable":true,"href":"https:\/\/benditoser.com.br\/en\/wp-json\/wp\/v2\/comments?post=15042"}],"version-history":[{"count":9,"href":"https:\/\/benditoser.com.br\/en\/wp-json\/wp\/v2\/pages\/15042\/revisions"}],"predecessor-version":[{"id":15082,"href":"https:\/\/benditoser.com.br\/en\/wp-json\/wp\/v2\/pages\/15042\/revisions\/15082"}],"wp:attachment":[{"href":"https:\/\/benditoser.com.br\/en\/wp-json\/wp\/v2\/media?parent=15042"}],"curies":[{"name":"wp","href":"https:\/\/api.w.org\/{rel}","templated":true}]}}