{"id":282,"date":"2024-11-03T00:54:51","date_gmt":"2024-11-03T03:54:51","guid":{"rendered":"https:\/\/oduz.etc.br\/?page_id=282"},"modified":"2025-05-27T00:19:39","modified_gmt":"2025-05-27T03:19:39","slug":"terapia-do-odu","status":"publish","type":"page","link":"https:\/\/benditoser.com.br\/en\/terapia-do-odu\/","title":{"rendered":"Terapia do Odu"},"content":{"rendered":"<div class=\"wpb-content-wrapper\"><div class=\"vc_row wpb_row vc_row-fluid\"><div class=\"wpb_column vc_column_container vc_col-sm-12\"><div class=\"vc_column-inner\"><div class=\"wpb_wrapper\"><div class=\"vc_empty_space\"   style=\"height: 20px\"><span class=\"vc_empty_space_inner\"><\/span><\/div><h1 style=\"text-align: center;font-family:Open Sans;font-weight:400;font-style:normal\" class=\"vc_custom_heading vc_do_custom_heading\" >Odu<\/h1>\n\t<div class=\"wpb_text_column wpb_content_element\" >\n\t\t<div class=\"wpb_wrapper\">\n\t\t\t<h2 style=\"text-align: center;\"><span style=\"color: #a7e248;\">Os aprendizados ainda ocultos na sua hist\u00f3ria<br \/>\n<\/span><\/h2>\n\n\t\t<\/div>\n\t<\/div>\n<div class=\"vc_empty_space\"   style=\"height: 20px\"><span class=\"vc_empty_space_inner\"><\/span><\/div>\n\t<div class=\"wpb_text_column wpb_content_element\" >\n\t\t<div class=\"wpb_wrapper\">\n\t\t\t<p style=\"text-align: center;\"><strong>Descubra e trate suas cren\u00e7as e bloqueios limitantes, lindando com seus desafios com clareza e objetividade.<\/strong><\/p>\n<p style=\"text-align: center;\">Enquanto lidamos com o dia a dia, com problemas de natureza e ordens diversas, nossa alma aprende a lidar com v\u00e1rios desafios. Alguns chamam esses desafios de \u2018Karma\u2019, eu prefiro chamar de \u2018Aprendizados do Caminho\u2019, ou *Odu*.<\/p>\n<p style=\"text-align: center;\"><span style=\"font-weight: 400;\">Os &#8216;Odus, aprendizados do caminho&#8217; \u00e9 a terapia base e que d\u00e1 nome e norte aos nossos processos terap\u00eauticos, por ser uma viv\u00eancia de aprendizagem livre e individual, que pretende conectar pessoas a si mesmas, buscando em sua hist\u00f3ria, os aprendizados necess\u00e1rios para o seu autoconhecimento.\u00a0<\/span><\/p>\n\n\t\t<\/div>\n\t<\/div>\n<div class=\"vc_empty_space\"   style=\"height: 20px\"><span class=\"vc_empty_space_inner\"><\/span><\/div>\n\t<div  class=\"wpb_single_image wpb_content_element vc_align_center wpb_content_element wpb_animate_when_almost_visible wpb_top-to-bottom top-to-bottom\">\n\t\t\n\t\t<figure class=\"wpb_wrapper vc_figure\">\n\t\t\t<div class=\"vc_single_image-wrapper   vc_box_border_grey\"><img loading=\"lazy\" decoding=\"async\" class=\"vc_single_image-img\" src=\"https:\/\/benditoser.com.br\/wp-content\/uploads\/2021\/01\/oduz-imagem-metodo-pessoas-odus-autoconhecimento-capa-800x213.jpg\" width=\"800\" height=\"213\" alt=\"oduz-imagem-metodo-pessoas-odus-autoconhecimento-capa\" title=\"oduz-imagem-metodo-pessoas-odus-autoconhecimento-capa\" \/><\/div>\n\t\t<\/figure>\n\t<\/div>\n<div class=\"vc_empty_space\"   style=\"height: 20px\"><span class=\"vc_empty_space_inner\"><\/span><\/div><\/div><\/div><\/div><\/div><div class=\"vc_row wpb_row vc_row-fluid\"><div class=\"wpb_column vc_column_container vc_col-sm-6\"><div class=\"vc_column-inner\"><div class=\"wpb_wrapper\"><div class=\"vc_empty_space\"   style=\"height: 20px\"><span class=\"vc_empty_space_inner\"><\/span><\/div><h3 style=\"font-size: 25px;color: #7dcbd8;text-align: left;font-family:Open Sans;font-weight:400;font-style:normal\" class=\"vc_custom_heading vc_do_custom_heading vc_custom_1705956734932\" ><a href=\"\">Ter mais ou menos consci\u00eancia dos Odus, depende do grau de autoconhecimento e maturidade espiritual de cada um.<\/a><\/h3>\n\t<div class=\"wpb_text_column wpb_content_element vc_custom_1610053445239\" >\n\t\t<div class=\"wpb_wrapper\">\n\t\t\t<p style=\"text-align: left;\">Mas, de uma maneira geral, esses aprendizados atuam o tempo inteiro, durante toda(s) a(s) nossa(s) vida(s), sem que nos tornemos conscientes deles.<\/p>\n\n\t\t<\/div>\n\t<\/div>\n<div class=\"vc_empty_space\"   style=\"height: 40px\"><span class=\"vc_empty_space_inner\"><\/span><\/div><\/div><\/div><\/div><div class=\"wpb_column vc_column_container vc_col-sm-6\"><div class=\"vc_column-inner\"><div class=\"wpb_wrapper\"><div class=\"vc_empty_space  vc_custom_1610053436316\"   style=\"height: 20px\"><span class=\"vc_empty_space_inner\"><\/span><\/div><h3 style=\"font-size: 25px;color: #7dcbd8;text-align: left;font-family:Open Sans;font-weight:400;font-style:normal\" class=\"vc_custom_heading vc_do_custom_heading vc_custom_1705956756057\" ><a href=\"\">N\u00e3o ter consci\u00eancia dos Odus, \u00e9 um dos grandes motivos pelos quais nos mantemos presos a sentimentos como culpa e medo.<\/a><\/h3>\n\t<div class=\"wpb_text_column wpb_content_element vc_custom_1610053452615\" >\n\t\t<div class=\"wpb_wrapper\">\n\t\t\t<p>A maioria de n\u00f3s necessita de muito, muito tempo para enxerg\u00e1-los e compreend\u00ea-los. Tornando-se necess\u00e1rio, inclusive, sucessivas reencarna\u00e7\u00f5es para que, um dia, finalmente possamos perceb\u00ea-los e aprender o que realmente importa.<\/p>\n\n\t\t<\/div>\n\t<\/div>\n<div class=\"vc_empty_space\"   style=\"height: 40px\"><span class=\"vc_empty_space_inner\"><\/span><\/div><\/div><\/div><\/div><\/div><div class=\"vc_row wpb_row vc_row-fluid\"><div class=\"wpb_column vc_column_container vc_col-sm-12\"><div class=\"vc_column-inner\"><div class=\"wpb_wrapper\"><div class=\"vc_empty_space\"   style=\"height: 80px\"><span class=\"vc_empty_space_inner\"><\/span><\/div>\n\t<div  class=\"wpb_single_image wpb_content_element vc_align_center wpb_content_element wpb_animate_when_almost_visible wpb_top-to-bottom top-to-bottom\">\n\t\t\n\t\t<figure class=\"wpb_wrapper vc_figure\">\n\t\t\t<div class=\"vc_single_image-wrapper   vc_box_border_grey\"><img loading=\"lazy\" decoding=\"async\" class=\"vc_single_image-img\" src=\"https:\/\/benditoser.com.br\/wp-content\/uploads\/2024\/01\/pra-quem-e-oduz-pessoas.jpg\" width=\"800\" height=\"213\" alt=\"pra-quem-e-oduz-pessoas\" title=\"pra-quem-e-oduz-pessoas\" \/><\/div>\n\t\t<\/figure>\n\t<\/div>\n\n\t<div class=\"wpb_text_column wpb_content_element\" >\n\t\t<div class=\"wpb_wrapper\">\n\t\t\t<h2 style=\"text-align: center;\"><span style=\"color: #a7e248;\">PRA QUEM \u00c9<\/span><\/h2>\n<p style=\"text-align: center;\">Para quem busca preencher um vazio existencial que n\u00e3o conseguem explicar e j\u00e1 n\u00e3o suporta se anular em nome de uma \u201cpaz\/felicidade\u201d t\u00e3o \u201cprometida\/almejada\u201d, que consome toda a sua energia vital e tempo, mas que nunca chega.<\/p>\n<p style=\"text-align: center;\"><strong>SE VOC\u00ca SE IDENTIFICA, esse \u00e9 o seu caminho.<\/strong><\/p>\n\n\t\t<\/div>\n\t<\/div>\n<div class=\"vc_empty_space\"   style=\"height: 40px\"><span class=\"vc_empty_space_inner\"><\/span><\/div><\/div><\/div><\/div><\/div><div class=\"vc_row wpb_row vc_row-fluid\"><div class=\"wpb_column vc_column_container vc_col-sm-12\"><div class=\"vc_column-inner\"><div class=\"wpb_wrapper\"><div class=\"vc_empty_space\"   style=\"height: 80px\"><span class=\"vc_empty_space_inner\"><\/span><\/div>\n\t<div class=\"wpb_text_column wpb_content_element\" >\n\t\t<div class=\"wpb_wrapper\">\n\t\t\t<h2 style=\"text-align: center;\"><span style=\"color: #a7e248;\">POR ONDE COME\u00c7AMOS<\/span><\/h2>\n<p style=\"text-align: center;\">Trabalhamos na perspectiva do Ser esp\u00edrito, manifestado no corpo f\u00edsico para atuar em um mundo material, em seu maior e mais desafiante cen\u00e1rio: <strong>o conhecer-se, ou melhor, reconhecer-se em sua verdade mais essencial.<\/strong><\/p>\n<p style=\"text-align: center;\"><span style=\"font-weight: 400;\">NESSE SENTIDO, O TRABALHO TEM OS OBJETIVOS DE:<\/span><\/p>\n\n\t\t<\/div>\n\t<\/div>\n<div class=\"vc_empty_space\"   style=\"height: 40px\"><span class=\"vc_empty_space_inner\"><\/span><\/div><\/div><\/div><\/div><\/div><div class=\"vc_row wpb_row vc_row-fluid\"><div class=\"wpb_column vc_column_container vc_col-sm-4\"><div class=\"vc_column-inner\"><div class=\"wpb_wrapper\"><h3 style=\"font-size: 25px;color: #88c37a;text-align: left;font-family:Open Sans;font-weight:400;font-style:normal\" class=\"vc_custom_heading vc_do_custom_heading vc_custom_1705957367194\" ><a href=\"\">1\u00aa ETAPA<\/a><\/h3><div class=\"vc_empty_space\"   style=\"height: 10px\"><span class=\"vc_empty_space_inner\"><\/span><\/div><h3 style=\"font-size: 25px;color: #7dcbd8;text-align: left;font-family:Open Sans;font-weight:400;font-style:normal\" class=\"vc_custom_heading vc_do_custom_heading vc_custom_1736132441903\" ><a href=\"\">Revelar os aprendizados ocultos na sua hist\u00f3ria (seus Odus)<\/a><\/h3><div class=\"vc_empty_space\"   style=\"height: 10px\"><span class=\"vc_empty_space_inner\"><\/span><\/div>\n\t<div  class=\"wpb_single_image wpb_content_element vc_align_center wpb_content_element wpb_animate_when_almost_visible wpb_top-to-bottom top-to-bottom\">\n\t\t\n\t\t<figure class=\"wpb_wrapper vc_figure\">\n\t\t\t<div class=\"vc_single_image-wrapper   vc_box_border_grey\"><img fetchpriority=\"high\" decoding=\"async\" width=\"1080\" height=\"566\" src=\"https:\/\/benditoser.com.br\/wp-content\/uploads\/2021\/06\/oduz-aprendizados-do-caminho-mapeamento.jpg\" class=\"vc_single_image-img attachment-full\" alt=\"\" title=\"oduz-aprendizados-do-caminho-mapeamento\" srcset=\"https:\/\/benditoser.com.br\/wp-content\/uploads\/2021\/06\/oduz-aprendizados-do-caminho-mapeamento.jpg 1080w, https:\/\/benditoser.com.br\/wp-content\/uploads\/2021\/06\/oduz-aprendizados-do-caminho-mapeamento-300x157.jpg 300w, https:\/\/benditoser.com.br\/wp-content\/uploads\/2021\/06\/oduz-aprendizados-do-caminho-mapeamento-600x314.jpg 600w, https:\/\/benditoser.com.br\/wp-content\/uploads\/2021\/06\/oduz-aprendizados-do-caminho-mapeamento-1024x537.jpg 1024w, https:\/\/benditoser.com.br\/wp-content\/uploads\/2021\/06\/oduz-aprendizados-do-caminho-mapeamento-768x402.jpg 768w, https:\/\/benditoser.com.br\/wp-content\/uploads\/2021\/06\/oduz-aprendizados-do-caminho-mapeamento-720x377.jpg 720w, https:\/\/benditoser.com.br\/wp-content\/uploads\/2021\/06\/oduz-aprendizados-do-caminho-mapeamento-640x335.jpg 640w, https:\/\/benditoser.com.br\/wp-content\/uploads\/2021\/06\/oduz-aprendizados-do-caminho-mapeamento-400x210.jpg 400w\" sizes=\"(max-width: 1080px) 100vw, 1080px\" \/><\/div>\n\t\t<\/figure>\n\t<\/div>\n<div class=\"vc_empty_space\"   style=\"height: 10px\"><span class=\"vc_empty_space_inner\"><\/span><\/div>\n\t<div class=\"wpb_text_column wpb_content_element\" >\n\t\t<div class=\"wpb_wrapper\">\n\t\t\t<p style=\"text-align: left;\">Nessa etapa vamos trabalhar no mapeamento dos aprendizados ocultos na sua hist\u00f3ria. Aqui se promove a inteireza do seu SER, a partir dos aprendizados do seu caminho (Odus). O objetivo \u00e9 trabalhar a compreens\u00e3o do Odu, e iniciar assim a libera\u00e7\u00e3o do padr\u00e3o de cren\u00e7a e de repeti\u00e7\u00e3o.<\/p>\n<h5><span style=\"color: #7dcbd8;\"><strong>1 ENCONTRO PARA MAPEAMENTO<\/strong><\/span><br \/>\n<span style=\"color: #7dcbd8;\"><strong>1 ENCONTRO PARA CADA ODU MAPEADO<\/strong><\/span><\/h5>\n\n\t\t<\/div>\n\t<\/div>\n<div class=\"vc_empty_space\"   style=\"height: 20px\"><span class=\"vc_empty_space_inner\"><\/span><\/div><\/div><\/div><\/div><div class=\"wpb_column vc_column_container vc_col-sm-4\"><div class=\"vc_column-inner\"><div class=\"wpb_wrapper\"><h3 style=\"font-size: 25px;color: #88c37a;text-align: left;font-family:Open Sans;font-weight:400;font-style:normal\" class=\"vc_custom_heading vc_do_custom_heading vc_custom_1705957356494\" ><a href=\"\">2\u00aa ETAPA<\/a><\/h3><div class=\"vc_empty_space\"   style=\"height: 10px\"><span class=\"vc_empty_space_inner\"><\/span><\/div><h3 style=\"font-size: 25px;color: #7dcbd8;text-align: left;font-family:Open Sans;font-weight:400;font-style:normal\" class=\"vc_custom_heading vc_do_custom_heading vc_custom_1736132463156\" ><a href=\"\">Compreender como os seus Odus afetam voc\u00ea no presente<\/a><\/h3><div class=\"vc_empty_space\"   style=\"height: 10px\"><span class=\"vc_empty_space_inner\"><\/span><\/div>\n\t<div class=\"wpb_text_column wpb_content_element\" >\n\t\t<div class=\"wpb_wrapper\">\n\t\t\t<p style=\"text-align: left;\">Aqui come\u00e7amos a mudar o padr\u00e3o de repeti\u00e7\u00e3o e a frequ\u00eancia do Odu, pela compreens\u00e3o de como ele est\u00e1 presente no seu <strong>CONTEXTO ATUAL DE VIDA<\/strong>. Vamos utilizar a t\u00e9cnica do <a href=\"https:\/\/benditoser.com.br\/en\/circulo-da-vida\/\"><span style=\"color: #a7e248;\"><strong><span style=\"color: #88c37a;\">C\u00cdRCULO DA VIDA,<\/span><\/strong><\/span><\/a> para te ajudar a ver como esse Odu se manifesta em seu dia a dia.<\/p>\n\n\t\t<\/div>\n\t<\/div>\n<div class=\"vc_empty_space\"   style=\"height: 10px\"><span class=\"vc_empty_space_inner\"><\/span><\/div>\n\t<div  class=\"wpb_single_image wpb_content_element vc_align_center wpb_content_element wpb_animate_when_almost_visible wpb_top-to-bottom top-to-bottom\">\n\t\t\n\t\t<figure class=\"wpb_wrapper vc_figure\">\n\t\t\t<a href=\"https:\/\/benditoser.com.br\/en\/circulo-da-vida\/\" target=\"_self\" class=\"vc_single_image-wrapper   vc_box_border_grey\"><img decoding=\"async\" width=\"1080\" height=\"566\" src=\"https:\/\/benditoser.com.br\/wp-content\/uploads\/2021\/06\/terapias-oduz-circulo-da-vida-capa.jpg\" class=\"vc_single_image-img attachment-full\" alt=\"\" title=\"terapias-oduz-circulo-da-vida-capa\" srcset=\"https:\/\/benditoser.com.br\/wp-content\/uploads\/2021\/06\/terapias-oduz-circulo-da-vida-capa.jpg 1080w, https:\/\/benditoser.com.br\/wp-content\/uploads\/2021\/06\/terapias-oduz-circulo-da-vida-capa-300x157.jpg 300w, https:\/\/benditoser.com.br\/wp-content\/uploads\/2021\/06\/terapias-oduz-circulo-da-vida-capa-600x314.jpg 600w, https:\/\/benditoser.com.br\/wp-content\/uploads\/2021\/06\/terapias-oduz-circulo-da-vida-capa-1024x537.jpg 1024w, https:\/\/benditoser.com.br\/wp-content\/uploads\/2021\/06\/terapias-oduz-circulo-da-vida-capa-768x402.jpg 768w, https:\/\/benditoser.com.br\/wp-content\/uploads\/2021\/06\/terapias-oduz-circulo-da-vida-capa-720x377.jpg 720w, https:\/\/benditoser.com.br\/wp-content\/uploads\/2021\/06\/terapias-oduz-circulo-da-vida-capa-640x335.jpg 640w, https:\/\/benditoser.com.br\/wp-content\/uploads\/2021\/06\/terapias-oduz-circulo-da-vida-capa-400x210.jpg 400w\" sizes=\"(max-width: 1080px) 100vw, 1080px\" \/><\/a>\n\t\t<\/figure>\n\t<\/div>\n<div class=\"vc_empty_space\"   style=\"height: 10px\"><span class=\"vc_empty_space_inner\"><\/span><\/div><\/div><\/div><\/div><div class=\"wpb_column vc_column_container vc_col-sm-4\"><div class=\"vc_column-inner\"><div class=\"wpb_wrapper\"><h3 style=\"font-size: 25px;color: #88c37a;text-align: left;font-family:Open Sans;font-weight:400;font-style:normal\" class=\"vc_custom_heading vc_do_custom_heading vc_custom_1705957346410\" ><a href=\"\">3\u00aa ETAPA<\/a><\/h3><div class=\"vc_empty_space\"   style=\"height: 10px\"><span class=\"vc_empty_space_inner\"><\/span><\/div><h3 style=\"font-size: 25px;color: #7dcbd8;text-align: left;font-family:Open Sans;font-weight:400;font-style:normal\" class=\"vc_custom_heading vc_do_custom_heading vc_custom_1736132487242\" ><a href=\"\">Liberar os padr\u00f5es de repeti\u00e7\u00e3o do Odu, que v\u00eam se repetindo em suas sucessivas vidas, e que iriam continuar em seu futuro<\/a><\/h3><div class=\"vc_empty_space\"   style=\"height: 10px\"><span class=\"vc_empty_space_inner\"><\/span><\/div>\n\t<div  class=\"wpb_single_image wpb_content_element vc_align_center wpb_content_element wpb_animate_when_almost_visible wpb_top-to-bottom top-to-bottom\">\n\t\t\n\t\t<figure class=\"wpb_wrapper vc_figure\">\n\t\t\t<a href=\"https:\/\/benditoser.com.br\/en\/registros-akashicos\/\" target=\"_self\" class=\"vc_single_image-wrapper   vc_box_border_grey\"><img decoding=\"async\" width=\"1080\" height=\"566\" src=\"https:\/\/benditoser.com.br\/wp-content\/uploads\/2021\/06\/terapias-oduz-registros-akashicos-leitura-capa.jpg\" class=\"vc_single_image-img attachment-full\" alt=\"\" title=\"terapias-oduz-registros-akashicos-leitura-capa\" srcset=\"https:\/\/benditoser.com.br\/wp-content\/uploads\/2021\/06\/terapias-oduz-registros-akashicos-leitura-capa.jpg 1080w, https:\/\/benditoser.com.br\/wp-content\/uploads\/2021\/06\/terapias-oduz-registros-akashicos-leitura-capa-300x157.jpg 300w, https:\/\/benditoser.com.br\/wp-content\/uploads\/2021\/06\/terapias-oduz-registros-akashicos-leitura-capa-600x314.jpg 600w, https:\/\/benditoser.com.br\/wp-content\/uploads\/2021\/06\/terapias-oduz-registros-akashicos-leitura-capa-1024x537.jpg 1024w, https:\/\/benditoser.com.br\/wp-content\/uploads\/2021\/06\/terapias-oduz-registros-akashicos-leitura-capa-768x402.jpg 768w, https:\/\/benditoser.com.br\/wp-content\/uploads\/2021\/06\/terapias-oduz-registros-akashicos-leitura-capa-720x377.jpg 720w, https:\/\/benditoser.com.br\/wp-content\/uploads\/2021\/06\/terapias-oduz-registros-akashicos-leitura-capa-640x335.jpg 640w, https:\/\/benditoser.com.br\/wp-content\/uploads\/2021\/06\/terapias-oduz-registros-akashicos-leitura-capa-400x210.jpg 400w\" sizes=\"(max-width: 1080px) 100vw, 1080px\" \/><\/a>\n\t\t<\/figure>\n\t<\/div>\n\n\t<div class=\"wpb_text_column wpb_content_element\" >\n\t\t<div class=\"wpb_wrapper\">\n\t\t\t<p>Vamos utilizar a t\u00e9cnica de <a href=\"https:\/\/benditoser.com.br\/en\/registros-akashicos\/\"><span style=\"color: #a7e248;\"><strong><span style=\"color: #88c37a;\">LEITURA DE REGISTROS AK\u00c1SHICOS<\/span>,<\/strong><\/span><\/a> para buscar poss\u00edveis bloqueios relacionados aos seus Odus, no grande banco de informa\u00e7\u00f5es <strong>DO SEU PASSADO<\/strong>. Tratando assim, a origem desses bloqueios e cren\u00e7as, que colocam voc\u00ea de maneira inconsciente em padr\u00f5es de repeti\u00e7\u00e3o.<\/p>\n\n\t\t<\/div>\n\t<\/div>\n<div class=\"vc_empty_space\"   style=\"height: 20px\"><span class=\"vc_empty_space_inner\"><\/span><\/div><div class=\"vc_empty_space\"   style=\"height: 20px\"><span class=\"vc_empty_space_inner\"><\/span><\/div><\/div><\/div><\/div><\/div><div class=\"vc_row wpb_row vc_row-fluid\"><div class=\"wpb_column vc_column_container vc_col-sm-12\"><div class=\"vc_column-inner\"><div class=\"wpb_wrapper\"><h3 style=\"font-size: 25px;color: #88c37a;text-align: left;font-family:Open Sans;font-weight:400;font-style:normal\" class=\"vc_custom_heading vc_do_custom_heading vc_custom_1736131745979\" ><a href=\"\">4\u00aa ETAPA<\/a><\/h3><div class=\"vc_empty_space\"   style=\"height: 10px\"><span class=\"vc_empty_space_inner\"><\/span><\/div><h3 style=\"font-size: 25px;color: #7dcbd8;text-align: left;font-family:Open Sans;font-weight:400;font-style:normal\" class=\"vc_custom_heading vc_do_custom_heading vc_custom_1748315473843\" ><a href=\"\">Sua Jornada Oduz de Terapias Multidimensionais<\/a><\/h3><div class=\"vc_empty_space\"   style=\"height: 10px\"><span class=\"vc_empty_space_inner\"><\/span><\/div>\n\t<div  class=\"wpb_single_image wpb_content_element vc_align_center wpb_content_element wpb_animate_when_almost_visible wpb_top-to-bottom top-to-bottom\">\n\t\t\n\t\t<figure class=\"wpb_wrapper vc_figure\">\n\t\t\t<div class=\"vc_single_image-wrapper   vc_box_border_grey\"><img loading=\"lazy\" decoding=\"async\" width=\"1200\" height=\"239\" src=\"https:\/\/benditoser.com.br\/wp-content\/uploads\/2024\/11\/oduz-metodo-para-pessoas-terapias-1.jpeg\" class=\"vc_single_image-img attachment-full\" alt=\"\" title=\"oduz-metodo-para-pessoas-terapias-1\" srcset=\"https:\/\/benditoser.com.br\/wp-content\/uploads\/2024\/11\/oduz-metodo-para-pessoas-terapias-1.jpeg 1200w, https:\/\/benditoser.com.br\/wp-content\/uploads\/2024\/11\/oduz-metodo-para-pessoas-terapias-1-300x60.jpeg 300w, https:\/\/benditoser.com.br\/wp-content\/uploads\/2024\/11\/oduz-metodo-para-pessoas-terapias-1-600x120.jpeg 600w, https:\/\/benditoser.com.br\/wp-content\/uploads\/2024\/11\/oduz-metodo-para-pessoas-terapias-1-1024x204.jpeg 1024w, https:\/\/benditoser.com.br\/wp-content\/uploads\/2024\/11\/oduz-metodo-para-pessoas-terapias-1-768x153.jpeg 768w, https:\/\/benditoser.com.br\/wp-content\/uploads\/2024\/11\/oduz-metodo-para-pessoas-terapias-1-18x4.jpeg 18w\" sizes=\"(max-width: 1200px) 100vw, 1200px\" \/><\/div>\n\t\t<\/figure>\n\t<\/div>\n<div class=\"vc_empty_space\"   style=\"height: 10px\"><span class=\"vc_empty_space_inner\"><\/span><\/div>\n\t<div class=\"wpb_text_column wpb_content_element\" >\n\t\t<div class=\"wpb_wrapper\">\n\t\t\t<p style=\"text-align: left;\">Nessa etapa vamos definir as terapias que v\u00e3o compor a sua Jornada Oduz. O objetivo \u00e9 tratar em profundidade as causas e os efeitos de cada Odu, para promover a libera\u00e7\u00e3o desses padr\u00f5es e bloqueios inconscientes.<\/p>\n<h5><span style=\"color: #7dcbd8;\"><strong>1 ENCONTRO PARA DEFINI\u00c7\u00c3O DO TRATAMENTO<br \/>\n<\/strong><\/span>A PARTIR DA\u00cd, SE INICIA SUA JORNADA TERAP\u00caUTICA, BASEADA NOS SEUS APRENDIZADOS DO CAMINHO.<\/h5>\n\n\t\t<\/div>\n\t<\/div>\n<div class=\"vc_empty_space\"   style=\"height: 50px\"><span class=\"vc_empty_space_inner\"><\/span><\/div>\n\t<div class=\"wpb_text_column wpb_content_element\" >\n\t\t<div class=\"wpb_wrapper\">\n\t\t\t<h2 style=\"text-align: center;\"><span style=\"color: #a7e248;\">BENEF\u00cdCIOS<\/span><\/h2>\n\n\t\t<\/div>\n\t<\/div>\n<\/div><\/div><\/div><\/div><div class=\"vc_row wpb_row vc_row-fluid vc_custom_1731099494535 vc_row-has-fill\"><div class=\"wpb_column vc_column_container vc_col-sm-1\/5\"><div class=\"vc_column-inner\"><div class=\"wpb_wrapper\"><div class=\"vc_icon_element vc_icon_element-outer vc_custom_1731103437537 vc_do_icon vc_icon_element-align-left\"><div class=\"vc_icon_element-inner vc_icon_element-color-orange vc_icon_element-size-md vc_icon_element-style- vc_icon_element-background-color-grey\" ><span class=\"vc_icon_element-icon fas fa-check\" ><\/span><\/div><\/div>\n\t<div class=\"wpb_text_column wpb_content_element vc_custom_1736131678856\" >\n\t\t<div class=\"wpb_wrapper\">\n\t\t\t<h3 style=\"text-align: left;\"><strong>Se reconhecer\u00a0<\/strong><\/h3>\n<p>Revisar acontecimentos da sua hist\u00f3ria de vida e aprender a dar o real valor a cada um deles<\/p>\n\n\t\t<\/div>\n\t<\/div>\n<\/div><\/div><\/div><div class=\"wpb_column vc_column_container vc_col-sm-1\/5\"><div class=\"vc_column-inner\"><div class=\"wpb_wrapper\"><div class=\"vc_icon_element vc_icon_element-outer vc_custom_1731103437537 vc_do_icon vc_icon_element-align-left\"><div class=\"vc_icon_element-inner vc_icon_element-color-orange vc_icon_element-size-md vc_icon_element-style- vc_icon_element-background-color-grey\" ><span class=\"vc_icon_element-icon fas fa-check\" ><\/span><\/div><\/div>\n\t<div class=\"wpb_text_column wpb_content_element vc_custom_1736131570071\" >\n\t\t<div class=\"wpb_wrapper\">\n\t\t\t<h3 style=\"text-align: left;\"><strong>Consci\u00eancia da sua hist\u00f3ria<\/strong><\/h3>\n<p style=\"text-align: left;\">Ter novos recursos e ajuda terap\u00eautica para compreender os acontecimentos da pr\u00f3pria hist\u00f3ria<\/p>\n\n\t\t<\/div>\n\t<\/div>\n<\/div><\/div><\/div><div class=\"wpb_column vc_column_container vc_col-sm-1\/5\"><div class=\"vc_column-inner\"><div class=\"wpb_wrapper\"><div class=\"vc_icon_element vc_icon_element-outer vc_custom_1731103437537 vc_do_icon vc_icon_element-align-left\"><div class=\"vc_icon_element-inner vc_icon_element-color-orange vc_icon_element-size-md vc_icon_element-style- vc_icon_element-background-color-grey\" ><span class=\"vc_icon_element-icon fas fa-check\" ><\/span><\/div><\/div>\n\t<div class=\"wpb_text_column wpb_content_element vc_custom_1736131628198\" >\n\t\t<div class=\"wpb_wrapper\">\n\t\t\t<h3 style=\"text-align: left;\"><strong>Liberar-se de repeti\u00e7\u00f5es<\/strong><\/h3>\n<p style=\"text-align: left;\">Compreender o real sentido dos padr\u00f5es oferece novas possibilidades de caminhos<\/p>\n\n\t\t<\/div>\n\t<\/div>\n<\/div><\/div><\/div><div class=\"wpb_column vc_column_container vc_col-sm-1\/5\"><div class=\"vc_column-inner\"><div class=\"wpb_wrapper\"><div class=\"vc_icon_element vc_icon_element-outer vc_custom_1731103437537 vc_do_icon vc_icon_element-align-left\"><div class=\"vc_icon_element-inner vc_icon_element-color-orange vc_icon_element-size-md vc_icon_element-style- vc_icon_element-background-color-grey\" ><span class=\"vc_icon_element-icon fas fa-check\" ><\/span><\/div><\/div>\n\t<div class=\"wpb_text_column wpb_content_element vc_custom_1736131649037\" >\n\t\t<div class=\"wpb_wrapper\">\n\t\t\t<h3 style=\"text-align: left;\"><strong>Cura de traumas<\/strong><\/h3>\n<p>Trabalha traumas e conflitos do presente, de padr\u00f5es familiares e de vidas passadas.<\/p>\n\n\t\t<\/div>\n\t<\/div>\n<\/div><\/div><\/div><div class=\"wpb_column vc_column_container vc_col-sm-1\/5\"><div class=\"vc_column-inner\"><div class=\"wpb_wrapper\"><div class=\"vc_icon_element vc_icon_element-outer vc_custom_1731103437537 vc_do_icon vc_icon_element-align-left\"><div class=\"vc_icon_element-inner vc_icon_element-color-orange vc_icon_element-size-md vc_icon_element-style- vc_icon_element-background-color-grey\" ><span class=\"vc_icon_element-icon fas fa-check\" ><\/span><\/div><\/div>\n\t<div class=\"wpb_text_column wpb_content_element vc_custom_1731103518098\" >\n\t\t<div class=\"wpb_wrapper\">\n\t\t\t<h3 style=\"text-align: left;\"><strong>Desenvolvimento pessoal<\/strong><\/h3>\n<p>Promove o autoconhecimento e a expans\u00e3o da consci\u00eancia.<\/p>\n\n\t\t<\/div>\n\t<\/div>\n<\/div><\/div><\/div><\/div><div class=\"vc_row wpb_row vc_row-fluid\"><div class=\"wpb_column vc_column_container vc_col-sm-12\"><div class=\"vc_column-inner\"><div class=\"wpb_wrapper\">\n\t<div class=\"wpb_text_column wpb_content_element\" >\n\t\t<div class=\"wpb_wrapper\">\n\t\t\t<h4 style=\"text-align: center;\"><strong><span style=\"color: #808080;\">AGENDAR MINHA CONSULTA DE DIAGN\u00d3STICO<\/span><\/strong><\/h4>\n\n\t\t<\/div>\n\t<\/div>\n<div class=\"vc_icon_element vc_icon_element-outer vc_do_icon wpb_animate_when_almost_visible wpb_top-to-bottom top-to-bottom vc_icon_element-align-center vc_icon_element-have-style\"><div class=\"vc_icon_element-inner vc_icon_element-color-white vc_icon_element-have-style-inner vc_icon_element-size-xl vc_icon_element-style-rounded-less vc_icon_element-background vc_icon_element-background-color-orange\" ><span class=\"vc_icon_element-icon fab fa-whatsapp\" ><\/span><a class=\"vc_icon_element-link\" href=\"https:\/\/api.whatsapp.com\/send?phone=5585988486862\"  title=\"\" target=\"_self\"><\/a><\/div><\/div><div class=\"vc_empty_space\"   style=\"height: 40px\"><span class=\"vc_empty_space_inner\"><\/span><\/div><\/div><\/div><\/div><\/div><div class=\"vc_row wpb_row vc_row-fluid\"><div class=\"wpb_column vc_column_container vc_col-sm-12\"><div class=\"vc_column-inner\"><div class=\"wpb_wrapper\"><div class=\"vc_empty_space\"   style=\"height: 30px\"><span class=\"vc_empty_space_inner\"><\/span><\/div><div class=\"vc_empty_space\"   style=\"height: 30px\"><span class=\"vc_empty_space_inner\"><\/span><\/div><div class=\"vc_separator wpb_content_element vc_separator_align_center vc_sep_width_100 vc_sep_pos_align_center vc_separator_no_text vc_sep_color_grey wpb_content_element  wpb_content_element\" ><span class=\"vc_sep_holder vc_sep_holder_l\"><span class=\"vc_sep_line\"><\/span><\/span><span class=\"vc_sep_holder vc_sep_holder_r\"><span class=\"vc_sep_line\"><\/span><\/span>\n<\/div><div class=\"vc_empty_space\"   style=\"height: 30px\"><span class=\"vc_empty_space_inner\"><\/span><\/div><\/div><\/div><\/div><\/div><div class=\"vc_row wpb_row vc_row-fluid\"><div class=\"wpb_column vc_column_container vc_col-sm-6\"><div class=\"vc_column-inner\"><div class=\"wpb_wrapper\">\n\t<div  class=\"wpb_single_image wpb_content_element vc_align_center wpb_content_element wpb_animate_when_almost_visible wpb_top-to-bottom top-to-bottom\">\n\t\t\n\t\t<figure class=\"wpb_wrapper vc_figure\">\n\t\t\t<div class=\"vc_single_image-wrapper   vc_box_border_grey\"><img loading=\"lazy\" decoding=\"async\" width=\"600\" height=\"600\" src=\"https:\/\/benditoser.com.br\/wp-content\/uploads\/2024\/11\/paulo-vasconcelos-oduz-terapeuta.jpg\" class=\"vc_single_image-img attachment-full\" alt=\"\" title=\"paulo-vasconcelos-oduz-terapeuta\" srcset=\"https:\/\/benditoser.com.br\/wp-content\/uploads\/2024\/11\/paulo-vasconcelos-oduz-terapeuta.jpg 600w, https:\/\/benditoser.com.br\/wp-content\/uploads\/2024\/11\/paulo-vasconcelos-oduz-terapeuta-300x300.jpg 300w, https:\/\/benditoser.com.br\/wp-content\/uploads\/2024\/11\/paulo-vasconcelos-oduz-terapeuta-100x100.jpg 100w, https:\/\/benditoser.com.br\/wp-content\/uploads\/2024\/11\/paulo-vasconcelos-oduz-terapeuta-150x150.jpg 150w, https:\/\/benditoser.com.br\/wp-content\/uploads\/2024\/11\/paulo-vasconcelos-oduz-terapeuta-12x12.jpg 12w\" sizes=\"(max-width: 600px) 100vw, 600px\" \/><\/div>\n\t\t<\/figure>\n\t<\/div>\n<\/div><\/div><\/div><div class=\"wpb_column vc_column_container vc_col-sm-6\"><div class=\"vc_column-inner\"><div class=\"wpb_wrapper\">\n\t<div class=\"wpb_text_column wpb_content_element\" >\n\t\t<div class=\"wpb_wrapper\">\n\t\t\t<h2 style=\"text-align: left;\"><span style=\"color: #a7e248;\">Terapeuta: Paulo Vasconcelos<\/span><\/h2>\n<p style=\"text-align: left;\">Paulo Vasconcelos, exausto com a rotina fren\u00e9tica da publicidade e do empreendedorismo, iniciou em 2012 uma jornada de autoconhecimento. Atrav\u00e9s de experi\u00eancias medi\u00fanicas e estudos em diversas \u00e1reas, como espiritismo, xamanismo e umbanda, ele questionou seus valores e encontrou um prop\u00f3sito mais profundo. Essa busca o levou a uma transforma\u00e7\u00e3o pessoal profunda, onde ele passou a integrar sua vida profissional e espiritual, buscando uma exist\u00eancia mais aut\u00eantica e alinhada com seus valores.<\/p>\n\n\t\t<\/div>\n\t<\/div>\n\n\t<div class=\"wpb_text_column wpb_content_element\" >\n\t\t<div class=\"wpb_wrapper\">\n\t\t\t<h3 style=\"text-align: left;\"><span style=\"color: #a7e248;\">Forma\u00e7\u00e3o<\/span><\/h3>\n<p style=\"text-align: left;\">Superior em Pr\u00e1ticas Integrativas e Complementares e p\u00f3s-graduado em psican\u00e1lise cl\u00ednica, atuando no universo das terapias hol\u00edsticas e integrativas.<\/p>\n<p style=\"text-align: left;\">GEM, Grupo de Estudos e Trabalho Medi\u00fanico;<br \/>\nApometria &#8211; terapeuta, dirigente de grupo e facilitador;<br \/>\nCNV &#8211; Comunica\u00e7\u00e3o N\u00e3o-Violenta;<br \/>\nTeologia de Umbanda;<br \/>\nMitologia Afro-brasileira e Psicologia Anal\u00edtica;<\/p>\n\n\t\t<\/div>\n\t<\/div>\n<\/div><\/div><\/div><\/div>\n<\/div>","protected":false},"excerpt":{"rendered":"Odu Os aprendizados ainda ocultos na sua hist\u00f3ria Descubra e trate suas cren\u00e7as e bloqueios limitantes, lindando com seus desafios com clareza e objetividade. Enquanto lidamos com o dia a dia, com problemas de natureza e ordens diversas, nossa alma aprende a lidar com v\u00e1rios [...]","protected":false},"author":2,"featured_media":0,"parent":0,"menu_order":0,"comment_status":"closed","ping_status":"closed","template":"","meta":{"om_disable_all_campaigns":false,"_monsterinsights_skip_tracking":false,"_uf_show_specific_survey":0,"_uf_disable_surveys":false,"footnotes":""},"class_list":["post-282","page","type-page","status-publish","hentry"],"yoast_head":"<!-- This site is optimized with the Yoast SEO plugin v28.3 - https:\/\/yoast.com\/product\/yoast-seo-wordpress\/ -->\n<title>Terapia do Odu - Benditoser<\/title>\n<meta name=\"robots\" content=\"index, follow, max-snippet:-1, max-image-preview:large, max-video-preview:-1\" \/>\n<link rel=\"canonical\" href=\"https:\/\/benditoser.com.br\/en\/terapia-do-odu\/\" \/>\n<meta property=\"og:locale\" content=\"en_US\" \/>\n<meta property=\"og:type\" content=\"article\" \/>\n<meta property=\"og:title\" content=\"Terapia do Odu - Benditoser\" \/>\n<meta property=\"og:url\" content=\"https:\/\/benditoser.com.br\/en\/terapia-do-odu\/\" \/>\n<meta property=\"og:site_name\" content=\"Benditoser\" \/>\n<meta property=\"article:publisher\" content=\"https:\/\/www.facebook.com\/benditoser.com.br\" \/>\n<meta property=\"article:modified_time\" content=\"2025-05-27T03:19:39+00:00\" \/>\n<meta name=\"twitter:card\" content=\"summary_large_image\" \/>\n<meta name=\"twitter:label1\" content=\"Est. reading time\" \/>\n\t<meta name=\"twitter:data1\" content=\"4 minutes\" \/>\n<script type=\"application\/ld+json\" class=\"yoast-schema-graph\">{\"@context\":\"https:\\\/\\\/schema.org\",\"@graph\":[{\"@type\":\"WebPage\",\"@id\":\"https:\\\/\\\/benditoser.com.br\\\/terapia-do-odu\\\/\",\"url\":\"https:\\\/\\\/benditoser.com.br\\\/terapia-do-odu\\\/\",\"name\":\"Terapia do Odu - Benditoser\",\"isPartOf\":{\"@id\":\"https:\\\/\\\/benditoser.com.br\\\/#website\"},\"datePublished\":\"2024-11-03T03:54:51+00:00\",\"dateModified\":\"2025-05-27T03:19:39+00:00\",\"breadcrumb\":{\"@id\":\"https:\\\/\\\/benditoser.com.br\\\/terapia-do-odu\\\/#breadcrumb\"},\"inLanguage\":\"en-US\",\"potentialAction\":[{\"@type\":\"ReadAction\",\"target\":[\"https:\\\/\\\/benditoser.com.br\\\/terapia-do-odu\\\/\"]}]},{\"@type\":\"BreadcrumbList\",\"@id\":\"https:\\\/\\\/benditoser.com.br\\\/terapia-do-odu\\\/#breadcrumb\",\"itemListElement\":[{\"@type\":\"ListItem\",\"position\":1,\"name\":\"In\u00edcio\",\"item\":\"https:\\\/\\\/benditoser.com.br\\\/\"},{\"@type\":\"ListItem\",\"position\":2,\"name\":\"Terapia do Odu\"}]},{\"@type\":\"WebSite\",\"@id\":\"https:\\\/\\\/benditoser.com.br\\\/#website\",\"url\":\"https:\\\/\\\/benditoser.com.br\\\/\",\"name\":\"Benditoser\",\"description\":\"Terapias\",\"publisher\":{\"@id\":\"https:\\\/\\\/benditoser.com.br\\\/#organization\"},\"potentialAction\":[{\"@type\":\"SearchAction\",\"target\":{\"@type\":\"EntryPoint\",\"urlTemplate\":\"https:\\\/\\\/benditoser.com.br\\\/?s={search_term_string}\"},\"query-input\":{\"@type\":\"PropertyValueSpecification\",\"valueRequired\":true,\"valueName\":\"search_term_string\"}}],\"inLanguage\":\"en-US\"},{\"@type\":\"Organization\",\"@id\":\"https:\\\/\\\/benditoser.com.br\\\/#organization\",\"name\":\"Benditoser\",\"url\":\"https:\\\/\\\/benditoser.com.br\\\/\",\"logo\":{\"@type\":\"ImageObject\",\"inLanguage\":\"en-US\",\"@id\":\"https:\\\/\\\/benditoser.com.br\\\/#\\\/schema\\\/logo\\\/image\\\/\",\"url\":\"https:\\\/\\\/benditoser.com.br\\\/wp-content\\\/uploads\\\/2025\\\/05\\\/cropped-logo-bendito-ser-site.png\",\"contentUrl\":\"https:\\\/\\\/benditoser.com.br\\\/wp-content\\\/uploads\\\/2025\\\/05\\\/cropped-logo-bendito-ser-site.png\",\"width\":220,\"height\":44,\"caption\":\"Benditoser\"},\"image\":{\"@id\":\"https:\\\/\\\/benditoser.com.br\\\/#\\\/schema\\\/logo\\\/image\\\/\"},\"sameAs\":[\"https:\\\/\\\/www.facebook.com\\\/benditoser.com.br\",\"https:\\\/\\\/www.instagram.com\\\/benditoser.com.br\\\/\"]}]}<\/script>\n<!-- \/ Yoast SEO plugin. -->","yoast_head_json":{"title":"Terapia do Odu - Benditoser","robots":{"index":"index","follow":"follow","max-snippet":"max-snippet:-1","max-image-preview":"max-image-preview:large","max-video-preview":"max-video-preview:-1"},"canonical":"https:\/\/benditoser.com.br\/en\/terapia-do-odu\/","og_locale":"en_US","og_type":"article","og_title":"Terapia do Odu - Benditoser","og_url":"https:\/\/benditoser.com.br\/en\/terapia-do-odu\/","og_site_name":"Benditoser","article_publisher":"https:\/\/www.facebook.com\/benditoser.com.br","article_modified_time":"2025-05-27T03:19:39+00:00","twitter_card":"summary_large_image","twitter_misc":{"Est. reading time":"4 minutes"},"schema":{"@context":"https:\/\/schema.org","@graph":[{"@type":"WebPage","@id":"https:\/\/benditoser.com.br\/terapia-do-odu\/","url":"https:\/\/benditoser.com.br\/terapia-do-odu\/","name":"Terapia do Odu - Benditoser","isPartOf":{"@id":"https:\/\/benditoser.com.br\/#website"},"datePublished":"2024-11-03T03:54:51+00:00","dateModified":"2025-05-27T03:19:39+00:00","breadcrumb":{"@id":"https:\/\/benditoser.com.br\/terapia-do-odu\/#breadcrumb"},"inLanguage":"en-US","potentialAction":[{"@type":"ReadAction","target":["https:\/\/benditoser.com.br\/terapia-do-odu\/"]}]},{"@type":"BreadcrumbList","@id":"https:\/\/benditoser.com.br\/terapia-do-odu\/#breadcrumb","itemListElement":[{"@type":"ListItem","position":1,"name":"In\u00edcio","item":"https:\/\/benditoser.com.br\/"},{"@type":"ListItem","position":2,"name":"Terapia do Odu"}]},{"@type":"WebSite","@id":"https:\/\/benditoser.com.br\/#website","url":"https:\/\/benditoser.com.br\/","name":"Benditoser","description":"Terapias","publisher":{"@id":"https:\/\/benditoser.com.br\/#organization"},"potentialAction":[{"@type":"SearchAction","target":{"@type":"EntryPoint","urlTemplate":"https:\/\/benditoser.com.br\/?s={search_term_string}"},"query-input":{"@type":"PropertyValueSpecification","valueRequired":true,"valueName":"search_term_string"}}],"inLanguage":"en-US"},{"@type":"Organization","@id":"https:\/\/benditoser.com.br\/#organization","name":"Benditoser","url":"https:\/\/benditoser.com.br\/","logo":{"@type":"ImageObject","inLanguage":"en-US","@id":"https:\/\/benditoser.com.br\/#\/schema\/logo\/image\/","url":"https:\/\/benditoser.com.br\/wp-content\/uploads\/2025\/05\/cropped-logo-bendito-ser-site.png","contentUrl":"https:\/\/benditoser.com.br\/wp-content\/uploads\/2025\/05\/cropped-logo-bendito-ser-site.png","width":220,"height":44,"caption":"Benditoser"},"image":{"@id":"https:\/\/benditoser.com.br\/#\/schema\/logo\/image\/"},"sameAs":["https:\/\/www.facebook.com\/benditoser.com.br","https:\/\/www.instagram.com\/benditoser.com.br\/"]}]}},"publishpress_future_action":{"enabled":false,"date":"2026-09-07 22:10:55","action":"change-status","newStatus":"draft","terms":[],"taxonomy":"","extraData":[]},"publishpress_future_workflow_manual_trigger":{"enabledWorkflows":[]},"_links":{"self":[{"href":"https:\/\/benditoser.com.br\/en\/wp-json\/wp\/v2\/pages\/282","targetHints":{"allow":["GET"]}}],"collection":[{"href":"https:\/\/benditoser.com.br\/en\/wp-json\/wp\/v2\/pages"}],"about":[{"href":"https:\/\/benditoser.com.br\/en\/wp-json\/wp\/v2\/types\/page"}],"author":[{"embeddable":true,"href":"https:\/\/benditoser.com.br\/en\/wp-json\/wp\/v2\/users\/2"}],"replies":[{"embeddable":true,"href":"https:\/\/benditoser.com.br\/en\/wp-json\/wp\/v2\/comments?post=282"}],"version-history":[{"count":65,"href":"https:\/\/benditoser.com.br\/en\/wp-json\/wp\/v2\/pages\/282\/revisions"}],"predecessor-version":[{"id":13544,"href":"https:\/\/benditoser.com.br\/en\/wp-json\/wp\/v2\/pages\/282\/revisions\/13544"}],"wp:attachment":[{"href":"https:\/\/benditoser.com.br\/en\/wp-json\/wp\/v2\/media?parent=282"}],"curies":[{"name":"wp","href":"https:\/\/api.w.org\/{rel}","templated":true}]}}