{"id":6358,"date":"2021-02-17T07:03:47","date_gmt":"2021-02-17T01:03:47","guid":{"rendered":"https:\/\/thepixelcurve.com\/wp\/edubin\/?page_id=6358"},"modified":"2025-09-24T13:03:15","modified_gmt":"2025-09-24T16:03:15","slug":"blog-benditoser","status":"publish","type":"page","link":"https:\/\/benditoser.com.br\/en\/blog-benditoser\/","title":{"rendered":"Blog Grid"},"content":{"rendered":"<div data-elementor-type=\"wp-page\" data-elementor-id=\"6358\" class=\"elementor elementor-6358\" data-elementor-post-type=\"page\">\n\t\t\t\t\t\t<section class=\"elementor-section elementor-top-section elementor-element elementor-element-8b6a6a9 elementor-section-boxed elementor-section-height-default elementor-section-height-default\" data-id=\"8b6a6a9\" data-element_type=\"section\" data-e-type=\"section\">\n\t\t\t\t\t\t<div class=\"elementor-container elementor-column-gap-default\">\n\t\t\t\t\t<div class=\"elementor-column elementor-col-100 elementor-top-column elementor-element elementor-element-c1f4c33\" data-id=\"c1f4c33\" data-element_type=\"column\" data-e-type=\"column\">\n\t\t\t<div class=\"elementor-widget-wrap\">\n\t\t\t\t\t\t\t<\/div>\n\t\t<\/div>\n\t\t\t\t\t<\/div>\n\t\t<\/section>\n\t\t<div class=\"elementor-element elementor-element-cbbd0c8 e-flex e-con-boxed e-con e-parent\" data-id=\"cbbd0c8\" data-element_type=\"container\" data-e-type=\"container\">\n\t\t\t\t\t<div class=\"e-con-inner\">\n\t\t\t\t<div class=\"elementor-element elementor-element-cd369ed bdt-global-link-yes elementor-widget elementor-widget-bdt-post-grid\" data-id=\"cd369ed\" data-element_type=\"widget\" data-e-type=\"widget\" data-settings=\"{&quot;columns&quot;:&quot;3&quot;,&quot;columns_tablet&quot;:&quot;2&quot;,&quot;columns_mobile&quot;:&quot;1&quot;}\" data-widget_type=\"bdt-post-grid.bdt-harold\">\n\t\t\t\t<div class=\"elementor-widget-container\">\n\t\t\t\t\t \n\t\t<div id=\"bdt-post-grid-cd369ed\" class=\"bdt-post-grid bdt-post-grid-skin-harold\">\n\t  \t\t<div class=\"bdt-grid bdt-grid-medium bdt-grid-x-small\" data-bdt-grid=\"\">\n\n\t\t\t\t\t  \t\t\t\n\t\t  \t\t\t<div class=\"bdt-width-1-1@m bdt-width-1-1@s bdt-width-1-1 bdt-primary bdt-text-center\">\n\t\t\t\t\t\t\t\t<div onclick=\"window.open(&#039;https:\/\/benditoser.com.br\/en\/medo-da-propria-forca-lealdade-invisivel\/&#039;, &#039;_self&#039;)\" class=\"bdt-post-grid-item bdt-transition-toggle bdt-position-relative bdt-box-shadow-small\">\t\t\t\t\t\t\t\t\n\t\t\t<div class=\"bdt-post-grid-img-wrap bdt-overflow-hidden\">\n\t\t\t\t<a href=\"https:\/\/benditoser.com.br\/en\/medo-da-propria-forca-lealdade-invisivel\/\" class=\"bdt-transition-scale-up bdt-background-cover bdt-transition-opaque bdt-flex\" title=\"O Medo da Pr\u00f3pria For\u00e7a: Por Que Voc\u00ea Pisa no Freio da Sua Vida?\" style=\"background-image: url(https:\/\/benditoser.com.br\/wp-content\/uploads\/2026\/08\/medo-da-propria-forca-lealdade-invisivel.jpg)\">\n  \t\t\t\t<\/a>\n\t\t\t<\/div>\n\t  \t\t\n\t  \t\t<div class=\"bdt-post-grid-desc bdt-padding\">\n\t\t\t\t<h2 class=\"bdt-post-grid-title\" >\n\t\t\t\t<a href=\"https:\/\/benditoser.com.br\/en\/medo-da-propria-forca-lealdade-invisivel\/\" class=\"bdt-post-grid-link\" title=\"O Medo da Pr\u00f3pria For\u00e7a: Por Que Voc\u00ea Pisa no Freio da Sua Vida?\">\n\t\t\t\t\tO Medo da Pr\u00f3pria For\u00e7a: Por Que Voc\u00ea Pisa no Freio da Sua Vida?\n\t\t\t\t<\/a>\n\t\t\t<\/h2>\n\t\t\t\t\t\t<div class=\"bdt-post-grid-excerpt\">\n\t\t\t<p>Entenda como o amor e uma lealdade invis\u00edvel podem estar fazendo voc\u00ea viver muito abaixo do seu verdadeiro potencial. Talvez voc\u00ea j\u00e1 tenha notado. Existe uma for\u00e7a gigante a\u00ed dentro. Uma vontade de realizar, de tomar a frente e de<\/p>\n\t\t<\/div>\n\n\t\t\t\t\t\n\t\t<a href=\"https:\/\/benditoser.com.br\/en\/medo-da-propria-forca-lealdade-invisivel\/\" class=\"bdt-post-grid-readmore bdt-display-inline-block\">\n\t\t\tver blog\n\t\t\t\t\t\t\t<span class=\"bdt-button-icon-align-right\">\n\n\t\t\t\t\t<svg aria-hidden=\"true\" class=\"fa-fw e-font-icon-svg e-fas-angle-right\" viewbox=\"0 0 256 512\" xmlns=\"http:\/\/www.w3.org\/2000\/svg\"><path d=\"M224.3 273l-136 136c-9.4 9.4-24.6 9.4-33.9 0l-22.6-22.6c-9.4-9.4-9.4-24.6 0-33.9l96.4-96.4-96.4-96.4c-9.4-9.4-9.4-24.6 0-33.9L54.3 103c9.4-9.4 24.6-9.4 33.9 0l136 136c9.5 9.4 9.5 24.6.1 34z\"><\/path><\/svg>\n\t\t\t\t<\/span>\n\t\t\t\t\t<\/a>\n\t\t\t\t<\/div>\n\n\t\t\t\t\t\t\t<div class=\"bdt-post-grid-meta bdt-subnav bdt-flex-inline bdt-flex-middle\">\n\t\t\t\t\t<span class=\"bdt-post-grid-author\"><a href=\"https:\/\/benditoser.com.br\/en\/author\/paulo\/\">Paulo Vasconcelos<\/a><\/span>\t\t\t\t\t\t\t\t\t\t<div class=\"bdt-post-grid-comments bdt-inline-block\"><span><i class=\"ep-icon-bubble\" aria-hidden=\"true\"><\/i> 0<\/span><\/div>\t\t\t\t\t\t\t\t\t<\/div>\n\t\t\t\n\t\t\t\t\t<\/div>\n\t\t\t\t\t\t\t<\/div>\n\t\t\t\t\t  \t\t\t\n\t\t  \t\t\t<div class=\"bdt-width-1-3@m bdt-width-1-2@s bdt-width-1-1 bdt-secondary\">\n\t\t\t\t\t\t\t\t<div onclick=\"window.open(&#039;https:\/\/benditoser.com.br\/en\/sindrome-do-filho-bom-exaustao-familiar\/&#039;, &#039;_self&#039;)\" class=\"bdt-post-grid-item bdt-transition-toggle bdt-position-relative bdt-box-shadow-small\">\t\t\t\t\t\t\t\t\n\t\t\t<div class=\"bdt-post-grid-img-wrap bdt-overflow-hidden\">\n\t\t\t\t<a href=\"https:\/\/benditoser.com.br\/en\/sindrome-do-filho-bom-exaustao-familiar\/\" class=\"bdt-transition-scale-up bdt-background-cover bdt-transition-opaque bdt-flex\" title=\"S\u00edndrome do Filho Bom: Como Parar de Carregar o Peso da Fam\u00edlia\" style=\"background-image: url(https:\/\/benditoser.com.br\/wp-content\/uploads\/2026\/08\/sindrome-do-filho-bom-exaustao-familiar-blog-benditoser-300x164.jpg)\">\n  \t\t\t\t<\/a>\n\t\t\t<\/div>\n\t  \t\t\n\t  \t\t<div class=\"bdt-post-grid-desc bdt-padding\">\n\t\t\t\t<h2 class=\"bdt-post-grid-title bdt-post-grid-title\" >\n\t\t\t\t<a href=\"https:\/\/benditoser.com.br\/en\/sindrome-do-filho-bom-exaustao-familiar\/\" class=\"bdt-post-grid-link\" title=\"S\u00edndrome do Filho Bom: Como Parar de Carregar o Peso da Fam\u00edlia\">\n\t\t\t\t\tS\u00edndrome do Filho Bom: Como Parar de Carregar o Peso da Fam\u00edlia\n\t\t\t\t<\/a>\n\t\t\t<\/h2>\n\t\t\t\t\t\t<div class=\"bdt-post-grid-excerpt\">\n\t\t\t<p>Voc\u00ea sofre da S\u00edndrome do Filho Bom? Entenda como a exaust\u00e3o emocional surge ao tentar<\/p>\n\t\t<\/div>\n\n\t\t\t\t\t\n\t\t<a href=\"https:\/\/benditoser.com.br\/en\/sindrome-do-filho-bom-exaustao-familiar\/\" class=\"bdt-post-grid-readmore bdt-display-inline-block\">\n\t\t\tver blog\n\t\t\t\t\t\t\t<span class=\"bdt-button-icon-align-right\">\n\n\t\t\t\t\t<svg aria-hidden=\"true\" class=\"fa-fw e-font-icon-svg e-fas-angle-right\" viewbox=\"0 0 256 512\" xmlns=\"http:\/\/www.w3.org\/2000\/svg\"><path d=\"M224.3 273l-136 136c-9.4 9.4-24.6 9.4-33.9 0l-22.6-22.6c-9.4-9.4-9.4-24.6 0-33.9l96.4-96.4-96.4-96.4c-9.4-9.4-9.4-24.6 0-33.9L54.3 103c9.4-9.4 24.6-9.4 33.9 0l136 136c9.5 9.4 9.5 24.6.1 34z\"><\/path><\/svg>\n\t\t\t\t<\/span>\n\t\t\t\t\t<\/a>\n\t\t\t\t<\/div>\n\n\t\t\t\t\t\t\t<div class=\"bdt-post-grid-meta bdt-subnav bdt-flex-inline bdt-flex-middle\">\n\t\t\t\t\t<span class=\"bdt-post-grid-author\"><a href=\"https:\/\/benditoser.com.br\/en\/author\/paulo\/\">Paulo Vasconcelos<\/a><\/span>\t\t\t\t\t\t\t\t\t\t<div class=\"bdt-post-grid-comments bdt-inline-block\"><span><i class=\"ep-icon-bubble\" aria-hidden=\"true\"><\/i> 0<\/span><\/div>\t\t\t\t\t\t\t\t\t<\/div>\n\t\t\t\n\t\t\t\t\t<\/div>\n\t\t\t\t\t\t\t<\/div>\n\t\t\t\t\t  \t\t\t\n\t\t  \t\t\t<div class=\"bdt-width-1-3@m bdt-width-1-2@s bdt-width-1-1 bdt-secondary\">\n\t\t\t\t\t\t\t\t<div onclick=\"window.open(&#039;https:\/\/benditoser.com.br\/en\/vicios-emocionais-fuga-infancia\/&#039;, &#039;_self&#039;)\" class=\"bdt-post-grid-item bdt-transition-toggle bdt-position-relative bdt-box-shadow-small\">\t\t\t\t\t\t\t\t\n\t\t\t<div class=\"bdt-post-grid-img-wrap bdt-overflow-hidden\">\n\t\t\t\t<a href=\"https:\/\/benditoser.com.br\/en\/vicios-emocionais-fuga-infancia\/\" class=\"bdt-transition-scale-up bdt-background-cover bdt-transition-opaque bdt-flex\" title=\"O V\u00edcio Come\u00e7a na Inf\u00e2ncia? Talvez Voc\u00ea Tenha Um e Nem Perceba\" style=\"background-image: url(https:\/\/benditoser.com.br\/wp-content\/uploads\/2026\/07\/vicio-emocional-crianca-interior-300x158.jpg)\">\n  \t\t\t\t<\/a>\n\t\t\t<\/div>\n\t  \t\t\n\t  \t\t<div class=\"bdt-post-grid-desc bdt-padding\">\n\t\t\t\t<h2 class=\"bdt-post-grid-title bdt-post-grid-title bdt-post-grid-title\" >\n\t\t\t\t<a href=\"https:\/\/benditoser.com.br\/en\/vicios-emocionais-fuga-infancia\/\" class=\"bdt-post-grid-link\" title=\"O V\u00edcio Come\u00e7a na Inf\u00e2ncia? Talvez Voc\u00ea Tenha Um e Nem Perceba\">\n\t\t\t\t\tO V\u00edcio Come\u00e7a na Inf\u00e2ncia? Talvez Voc\u00ea Tenha Um e Nem Perceba\n\t\t\t\t<\/a>\n\t\t\t<\/h2>\n\t\t\t\t\t\t<div class=\"bdt-post-grid-excerpt\">\n\t\t\t<p>Quando falamos em v\u00edcio, a maioria das pessoas pensa imediatamente em \u00e1lcool, cigarro, drogas ou<\/p>\n\t\t<\/div>\n\n\t\t\t\t\t\n\t\t<a href=\"https:\/\/benditoser.com.br\/en\/vicios-emocionais-fuga-infancia\/\" class=\"bdt-post-grid-readmore bdt-display-inline-block\">\n\t\t\tver blog\n\t\t\t\t\t\t\t<span class=\"bdt-button-icon-align-right\">\n\n\t\t\t\t\t<svg aria-hidden=\"true\" class=\"fa-fw e-font-icon-svg e-fas-angle-right\" viewbox=\"0 0 256 512\" xmlns=\"http:\/\/www.w3.org\/2000\/svg\"><path d=\"M224.3 273l-136 136c-9.4 9.4-24.6 9.4-33.9 0l-22.6-22.6c-9.4-9.4-9.4-24.6 0-33.9l96.4-96.4-96.4-96.4c-9.4-9.4-9.4-24.6 0-33.9L54.3 103c9.4-9.4 24.6-9.4 33.9 0l136 136c9.5 9.4 9.5 24.6.1 34z\"><\/path><\/svg>\n\t\t\t\t<\/span>\n\t\t\t\t\t<\/a>\n\t\t\t\t<\/div>\n\n\t\t\t\t\t\t\t<div class=\"bdt-post-grid-meta bdt-subnav bdt-flex-inline bdt-flex-middle\">\n\t\t\t\t\t<span class=\"bdt-post-grid-author\"><a href=\"https:\/\/benditoser.com.br\/en\/author\/paulo\/\">Paulo Vasconcelos<\/a><\/span>\t\t\t\t\t\t\t\t\t\t<div class=\"bdt-post-grid-comments bdt-inline-block\"><span><i class=\"ep-icon-bubble\" aria-hidden=\"true\"><\/i> 0<\/span><\/div>\t\t\t\t\t\t\t\t\t<\/div>\n\t\t\t\n\t\t\t\t\t<\/div>\n\t\t\t\t\t\t\t<\/div>\n\t\t\t\t\t  \t\t\t\n\t\t  \t\t\t<div class=\"bdt-width-1-3@m bdt-width-1-2@s bdt-width-1-1 bdt-secondary\">\n\t\t\t\t\t\t\t\t<div onclick=\"window.open(&#039;https:\/\/benditoser.com.br\/en\/perigo-terceirizar-a-propria-alma\/&#039;, &#039;_self&#039;)\" class=\"bdt-post-grid-item bdt-transition-toggle bdt-position-relative bdt-box-shadow-small\">\t\t\t\t\t\t\t\t\n\t\t\t<div class=\"bdt-post-grid-img-wrap bdt-overflow-hidden\">\n\t\t\t\t<a href=\"https:\/\/benditoser.com.br\/en\/perigo-terceirizar-a-propria-alma\/\" class=\"bdt-transition-scale-up bdt-background-cover bdt-transition-opaque bdt-flex\" title=\"O perigo de terceirizar a pr\u00f3pria alma\" style=\"background-image: url(https:\/\/benditoser.com.br\/wp-content\/uploads\/2026\/07\/espiritualidade-consciente-individuacao-jung-benditoser-300x158.jpg)\">\n  \t\t\t\t<\/a>\n\t\t\t<\/div>\n\t  \t\t\n\t  \t\t<div class=\"bdt-post-grid-desc bdt-padding\">\n\t\t\t\t<h2 class=\"bdt-post-grid-title bdt-post-grid-title bdt-post-grid-title bdt-post-grid-title\" >\n\t\t\t\t<a href=\"https:\/\/benditoser.com.br\/en\/perigo-terceirizar-a-propria-alma\/\" class=\"bdt-post-grid-link\" title=\"O perigo de terceirizar a pr\u00f3pria alma\">\n\t\t\t\t\tO perigo de terceirizar a pr\u00f3pria alma\n\t\t\t\t<\/a>\n\t\t\t<\/h2>\n\t\t\t\t\t\t<div class=\"bdt-post-grid-excerpt\">\n\t\t\t<p>Quando a prote\u00e7\u00e3o se torna mais importante do que a verdade, h\u00e1 uma pergunta que<\/p>\n\t\t<\/div>\n\n\t\t\t\t\t\n\t\t<a href=\"https:\/\/benditoser.com.br\/en\/perigo-terceirizar-a-propria-alma\/\" class=\"bdt-post-grid-readmore bdt-display-inline-block\">\n\t\t\tver blog\n\t\t\t\t\t\t\t<span class=\"bdt-button-icon-align-right\">\n\n\t\t\t\t\t<svg aria-hidden=\"true\" class=\"fa-fw e-font-icon-svg e-fas-angle-right\" viewbox=\"0 0 256 512\" xmlns=\"http:\/\/www.w3.org\/2000\/svg\"><path d=\"M224.3 273l-136 136c-9.4 9.4-24.6 9.4-33.9 0l-22.6-22.6c-9.4-9.4-9.4-24.6 0-33.9l96.4-96.4-96.4-96.4c-9.4-9.4-9.4-24.6 0-33.9L54.3 103c9.4-9.4 24.6-9.4 33.9 0l136 136c9.5 9.4 9.5 24.6.1 34z\"><\/path><\/svg>\n\t\t\t\t<\/span>\n\t\t\t\t\t<\/a>\n\t\t\t\t<\/div>\n\n\t\t\t\t\t\t\t<div class=\"bdt-post-grid-meta bdt-subnav bdt-flex-inline bdt-flex-middle\">\n\t\t\t\t\t<span class=\"bdt-post-grid-author\"><a href=\"https:\/\/benditoser.com.br\/en\/author\/paulo\/\">Paulo Vasconcelos<\/a><\/span>\t\t\t\t\t\t\t\t\t\t<div class=\"bdt-post-grid-comments bdt-inline-block\"><span><i class=\"ep-icon-bubble\" aria-hidden=\"true\"><\/i> 0<\/span><\/div>\t\t\t\t\t\t\t\t\t<\/div>\n\t\t\t\n\t\t\t\t\t<\/div>\n\t\t\t\t\t\t\t<\/div>\n\t\t\t\t\t  \t\t\t\n\t\t  \t\t\t<div class=\"bdt-width-1-3@m bdt-width-1-2@s bdt-width-1-1 bdt-secondary\">\n\t\t\t\t\t\t\t\t<div onclick=\"window.open(&#039;https:\/\/benditoser.com.br\/en\/culpa-e-prazer\/&#039;, &#039;_self&#039;)\" class=\"bdt-post-grid-item bdt-transition-toggle bdt-position-relative bdt-box-shadow-small\">\t\t\t\t\t\t\t\t\n\t\t\t<div class=\"bdt-post-grid-img-wrap bdt-overflow-hidden\">\n\t\t\t\t<a href=\"https:\/\/benditoser.com.br\/en\/culpa-e-prazer\/\" class=\"bdt-transition-scale-up bdt-background-cover bdt-transition-opaque bdt-flex\" title=\"Quem ensinou voc\u00ea que sentir prazer era perigoso?\" style=\"background-image: url(https:\/\/benditoser.com.br\/wp-content\/uploads\/2026\/07\/culpa-e-prazer-corpo-feminino-benditoser-clinica-do-invisivel-300x158.jpg)\">\n  \t\t\t\t<\/a>\n\t\t\t<\/div>\n\t  \t\t\n\t  \t\t<div class=\"bdt-post-grid-desc bdt-padding\">\n\t\t\t\t<h2 class=\"bdt-post-grid-title bdt-post-grid-title bdt-post-grid-title bdt-post-grid-title bdt-post-grid-title\" >\n\t\t\t\t<a href=\"https:\/\/benditoser.com.br\/en\/culpa-e-prazer\/\" class=\"bdt-post-grid-link\" title=\"Quem ensinou voc\u00ea que sentir prazer era perigoso?\">\n\t\t\t\t\tQuem ensinou voc\u00ea que sentir prazer era perigoso?\n\t\t\t\t<\/a>\n\t\t\t<\/h2>\n\t\t\t\t\t\t<div class=\"bdt-post-grid-excerpt\">\n\t\t\t<p>Quando o prazer \u00e9 expulso do corpo e da alma. A culpa nem sempre parece<\/p>\n\t\t<\/div>\n\n\t\t\t\t\t\n\t\t<a href=\"https:\/\/benditoser.com.br\/en\/culpa-e-prazer\/\" class=\"bdt-post-grid-readmore bdt-display-inline-block\">\n\t\t\tver blog\n\t\t\t\t\t\t\t<span class=\"bdt-button-icon-align-right\">\n\n\t\t\t\t\t<svg aria-hidden=\"true\" class=\"fa-fw e-font-icon-svg e-fas-angle-right\" viewbox=\"0 0 256 512\" xmlns=\"http:\/\/www.w3.org\/2000\/svg\"><path d=\"M224.3 273l-136 136c-9.4 9.4-24.6 9.4-33.9 0l-22.6-22.6c-9.4-9.4-9.4-24.6 0-33.9l96.4-96.4-96.4-96.4c-9.4-9.4-9.4-24.6 0-33.9L54.3 103c9.4-9.4 24.6-9.4 33.9 0l136 136c9.5 9.4 9.5 24.6.1 34z\"><\/path><\/svg>\n\t\t\t\t<\/span>\n\t\t\t\t\t<\/a>\n\t\t\t\t<\/div>\n\n\t\t\t\t\t\t\t<div class=\"bdt-post-grid-meta bdt-subnav bdt-flex-inline bdt-flex-middle\">\n\t\t\t\t\t<span class=\"bdt-post-grid-author\"><a href=\"https:\/\/benditoser.com.br\/en\/author\/paulo\/\">Paulo Vasconcelos<\/a><\/span>\t\t\t\t\t\t\t\t\t\t<div class=\"bdt-post-grid-comments bdt-inline-block\"><span><i class=\"ep-icon-bubble\" aria-hidden=\"true\"><\/i> 0<\/span><\/div>\t\t\t\t\t\t\t\t\t<\/div>\n\t\t\t\n\t\t\t\t\t<\/div>\n\t\t\t\t\t\t\t<\/div>\n\t\t\t\t\t  \t\t\t\n\t\t  \t\t\t<div class=\"bdt-width-1-3@m bdt-width-1-2@s bdt-width-1-1 bdt-secondary\">\n\t\t\t\t\t\t\t\t<div onclick=\"window.open(&#039;https:\/\/benditoser.com.br\/en\/como-se-proteger-espiritualmente\/&#039;, &#039;_self&#039;)\" class=\"bdt-post-grid-item bdt-transition-toggle bdt-position-relative bdt-box-shadow-small\">\t\t\t\t\t\t\t\t\n\t\t\t<div class=\"bdt-post-grid-img-wrap bdt-overflow-hidden\">\n\t\t\t\t<a href=\"https:\/\/benditoser.com.br\/en\/como-se-proteger-espiritualmente\/\" class=\"bdt-transition-scale-up bdt-background-cover bdt-transition-opaque bdt-flex\" title=\"Como se Proteger Espiritualmente? O Papel do Campo Vibrat\u00f3rio Pessoal na Defesa Energ\u00e9tica\" style=\"background-image: url(https:\/\/benditoser.com.br\/wp-content\/uploads\/2026\/06\/Midia_jun26_Protecao-Espiritual-300x158.jpg)\">\n  \t\t\t\t<\/a>\n\t\t\t<\/div>\n\t  \t\t\n\t  \t\t<div class=\"bdt-post-grid-desc bdt-padding\">\n\t\t\t\t<h2 class=\"bdt-post-grid-title bdt-post-grid-title bdt-post-grid-title bdt-post-grid-title bdt-post-grid-title bdt-post-grid-title\" >\n\t\t\t\t<a href=\"https:\/\/benditoser.com.br\/en\/como-se-proteger-espiritualmente\/\" class=\"bdt-post-grid-link\" title=\"Como se Proteger Espiritualmente? O Papel do Campo Vibrat\u00f3rio Pessoal na Defesa Energ\u00e9tica\">\n\t\t\t\t\tComo se Proteger Espiritualmente? O Papel do Campo Vibrat\u00f3rio Pessoal na Defesa Energ\u00e9tica\n\t\t\t\t<\/a>\n\t\t\t<\/h2>\n\t\t\t\t\t\t<div class=\"bdt-post-grid-excerpt\">\n\t\t\t<p>Voc\u00ea j\u00e1 se perguntou como se proteger espiritualmente diante de ambientes pesados, pessoas que parecem<\/p>\n\t\t<\/div>\n\n\t\t\t\t\t\n\t\t<a href=\"https:\/\/benditoser.com.br\/en\/como-se-proteger-espiritualmente\/\" class=\"bdt-post-grid-readmore bdt-display-inline-block\">\n\t\t\tver blog\n\t\t\t\t\t\t\t<span class=\"bdt-button-icon-align-right\">\n\n\t\t\t\t\t<svg aria-hidden=\"true\" class=\"fa-fw e-font-icon-svg e-fas-angle-right\" viewbox=\"0 0 256 512\" xmlns=\"http:\/\/www.w3.org\/2000\/svg\"><path d=\"M224.3 273l-136 136c-9.4 9.4-24.6 9.4-33.9 0l-22.6-22.6c-9.4-9.4-9.4-24.6 0-33.9l96.4-96.4-96.4-96.4c-9.4-9.4-9.4-24.6 0-33.9L54.3 103c9.4-9.4 24.6-9.4 33.9 0l136 136c9.5 9.4 9.5 24.6.1 34z\"><\/path><\/svg>\n\t\t\t\t<\/span>\n\t\t\t\t\t<\/a>\n\t\t\t\t<\/div>\n\n\t\t\t\t\t\t\t<div class=\"bdt-post-grid-meta bdt-subnav bdt-flex-inline bdt-flex-middle\">\n\t\t\t\t\t<span class=\"bdt-post-grid-author\"><a href=\"https:\/\/benditoser.com.br\/en\/author\/paulo\/\">Paulo Vasconcelos<\/a><\/span>\t\t\t\t\t\t\t\t\t\t<div class=\"bdt-post-grid-comments bdt-inline-block\"><span><i class=\"ep-icon-bubble\" aria-hidden=\"true\"><\/i> 0<\/span><\/div>\t\t\t\t\t\t\t\t\t<\/div>\n\t\t\t\n\t\t\t\t\t<\/div>\n\t\t\t\t\t\t\t<\/div>\n\t\t\t\t\t  \t\t\t\n\t\t  \t\t\t<div class=\"bdt-width-1-3@m bdt-width-1-2@s bdt-width-1-1 bdt-secondary\">\n\t\t\t\t\t\t\t\t<div onclick=\"window.open(&#039;https:\/\/benditoser.com.br\/en\/medo-de-decepcionar\/&#039;, &#039;_self&#039;)\" class=\"bdt-post-grid-item bdt-transition-toggle bdt-position-relative bdt-box-shadow-small\">\t\t\t\t\t\t\t\t\n\t\t\t<div class=\"bdt-post-grid-img-wrap bdt-overflow-hidden\">\n\t\t\t\t<a href=\"https:\/\/benditoser.com.br\/en\/medo-de-decepcionar\/\" class=\"bdt-transition-scale-up bdt-background-cover bdt-transition-opaque bdt-flex\" title=\"Voc\u00ea toma decis\u00f5es pela sua verdade ou pelo medo de decepcionar?\" style=\"background-image: url(https:\/\/benditoser.com.br\/wp-content\/uploads\/2026\/06\/Midia_jun26_Medo-de-Descepcionar-300x158.jpg)\">\n  \t\t\t\t<\/a>\n\t\t\t<\/div>\n\t  \t\t\n\t  \t\t<div class=\"bdt-post-grid-desc bdt-padding\">\n\t\t\t\t<h2 class=\"bdt-post-grid-title bdt-post-grid-title bdt-post-grid-title bdt-post-grid-title bdt-post-grid-title bdt-post-grid-title bdt-post-grid-title\" >\n\t\t\t\t<a href=\"https:\/\/benditoser.com.br\/en\/medo-de-decepcionar\/\" class=\"bdt-post-grid-link\" title=\"Voc\u00ea toma decis\u00f5es pela sua verdade ou pelo medo de decepcionar?\">\n\t\t\t\t\tVoc\u00ea toma decis\u00f5es pela sua verdade ou pelo medo de decepcionar?\n\t\t\t\t<\/a>\n\t\t\t<\/h2>\n\t\t\t\t\t\t<div class=\"bdt-post-grid-excerpt\">\n\t\t\t<p>Quantas das suas escolhas s\u00e3o realmente suas? Talvez voc\u00ea conhe\u00e7a essa sensa\u00e7\u00e3o: Voc\u00ea est\u00e1 prestes<\/p>\n\t\t<\/div>\n\n\t\t\t\t\t\n\t\t<a href=\"https:\/\/benditoser.com.br\/en\/medo-de-decepcionar\/\" class=\"bdt-post-grid-readmore bdt-display-inline-block\">\n\t\t\tver blog\n\t\t\t\t\t\t\t<span class=\"bdt-button-icon-align-right\">\n\n\t\t\t\t\t<svg aria-hidden=\"true\" class=\"fa-fw e-font-icon-svg e-fas-angle-right\" viewbox=\"0 0 256 512\" xmlns=\"http:\/\/www.w3.org\/2000\/svg\"><path d=\"M224.3 273l-136 136c-9.4 9.4-24.6 9.4-33.9 0l-22.6-22.6c-9.4-9.4-9.4-24.6 0-33.9l96.4-96.4-96.4-96.4c-9.4-9.4-9.4-24.6 0-33.9L54.3 103c9.4-9.4 24.6-9.4 33.9 0l136 136c9.5 9.4 9.5 24.6.1 34z\"><\/path><\/svg>\n\t\t\t\t<\/span>\n\t\t\t\t\t<\/a>\n\t\t\t\t<\/div>\n\n\t\t\t\t\t\t\t<div class=\"bdt-post-grid-meta bdt-subnav bdt-flex-inline bdt-flex-middle\">\n\t\t\t\t\t<span class=\"bdt-post-grid-author\"><a href=\"https:\/\/benditoser.com.br\/en\/author\/paulo\/\">Paulo Vasconcelos<\/a><\/span>\t\t\t\t\t\t\t\t\t\t<div class=\"bdt-post-grid-comments bdt-inline-block\"><span><i class=\"ep-icon-bubble\" aria-hidden=\"true\"><\/i> 1<\/span><\/div>\t\t\t\t\t\t\t\t\t<\/div>\n\t\t\t\n\t\t\t\t\t<\/div>\n\t\t\t\t\t\t\t<\/div>\n\t\t\t\t\t\t\t<\/div>\n\t\t<\/div>\t\n \t\t\t\t\t<div class=\"ep-pagination\">\n\t\t\t\t<ul class=\"bdt-pagination bdt-flex-center\">\n<li class=\"bdt-active\"><a href=\"https:\/\/benditoser.com.br\/en\/wp-json\/wp\/v2\/pages\/6358\/\">1<\/a><\/li>\n<li><a href=\"https:\/\/benditoser.com.br\/en\/wp-json\/wp\/v2\/pages\/6358\/page\/2\/\">2<\/a><\/li>\n<li><a href=\"https:\/\/benditoser.com.br\/en\/wp-json\/wp\/v2\/pages\/6358\/page\/3\/\">3<\/a><\/li>\n<li class=\"bdt-pagination-dot-dot\"><span>...<\/span><\/li>\n<li><a href=\"https:\/\/benditoser.com.br\/en\/wp-json\/wp\/v2\/pages\/6358\/page\/9\/\">9<\/a><\/li>\n<\/ul>\n\t\t\t<\/div>\n\t\t\t\t\t\t\t<\/div>\n\t\t\t\t<\/div>\n\t\t\t\t\t<\/div>\n\t\t\t\t<\/div>\n\t\t\t\t<\/div>","protected":false},"excerpt":{"rendered":"<p>\u00a0 O Significado Espiritual das Borboletas O Significado Espiritual das Borboletas e Sua Conex\u00e3o com Terapias Hol\u00edsticas As borboletas sempre despertaram fasc\u00ednio e admira\u00e7\u00e3o em diferentes culturas. Muito al\u00e9m de sua beleza, esses seres alados possuem um profundo simbolismo espiritual, frequentemente associados a transforma\u00e7\u00e3o, renascimento [&hellip;]<\/p>\n","protected":false},"author":2,"featured_media":0,"parent":0,"menu_order":0,"comment_status":"closed","ping_status":"closed","template":"","meta":{"om_disable_all_campaigns":false,"_monsterinsights_skip_tracking":false,"_uf_show_specific_survey":0,"_uf_disable_surveys":false,"footnotes":""},"class_list":["post-6358","page","type-page","status-publish","hentry"],"yoast_head":"<!-- This site is optimized with the Yoast SEO plugin v28.3 - https:\/\/yoast.com\/product\/yoast-seo-wordpress\/ -->\n<title>Blog Grid - Benditoser<\/title>\n<meta name=\"robots\" content=\"index, follow, max-snippet:-1, max-image-preview:large, max-video-preview:-1\" \/>\n<link rel=\"canonical\" href=\"https:\/\/benditoser.com.br\/en\/blog-benditoser\/\" \/>\n<meta property=\"og:locale\" content=\"en_US\" \/>\n<meta property=\"og:type\" content=\"article\" \/>\n<meta property=\"og:title\" content=\"Blog Grid - Benditoser\" \/>\n<meta property=\"og:description\" content=\"\u00a0 O Significado Espiritual das Borboletas O Significado Espiritual das Borboletas e Sua Conex\u00e3o com Terapias Hol\u00edsticas As borboletas sempre despertaram fasc\u00ednio e admira\u00e7\u00e3o em diferentes culturas. Muito al\u00e9m de sua beleza, esses seres alados possuem um profundo simbolismo espiritual, frequentemente associados a transforma\u00e7\u00e3o, renascimento [&hellip;]\" \/>\n<meta property=\"og:url\" content=\"https:\/\/benditoser.com.br\/en\/blog-benditoser\/\" \/>\n<meta property=\"og:site_name\" content=\"Benditoser\" \/>\n<meta property=\"article:publisher\" content=\"https:\/\/www.facebook.com\/benditoser.com.br\" \/>\n<meta property=\"article:modified_time\" content=\"2025-09-24T16:03:15+00:00\" \/>\n<meta name=\"twitter:card\" content=\"summary_large_image\" \/>\n<meta name=\"twitter:label1\" content=\"Est. reading time\" \/>\n\t<meta name=\"twitter:data1\" content=\"2 minutes\" \/>\n<script type=\"application\/ld+json\" class=\"yoast-schema-graph\">{\"@context\":\"https:\\\/\\\/schema.org\",\"@graph\":[{\"@type\":\"WebPage\",\"@id\":\"https:\\\/\\\/benditoser.com.br\\\/blog-benditoser\\\/\",\"url\":\"https:\\\/\\\/benditoser.com.br\\\/blog-benditoser\\\/\",\"name\":\"Blog Grid - Benditoser\",\"isPartOf\":{\"@id\":\"https:\\\/\\\/benditoser.com.br\\\/#website\"},\"datePublished\":\"2021-02-17T01:03:47+00:00\",\"dateModified\":\"2025-09-24T16:03:15+00:00\",\"breadcrumb\":{\"@id\":\"https:\\\/\\\/benditoser.com.br\\\/blog-benditoser\\\/#breadcrumb\"},\"inLanguage\":\"en-US\",\"potentialAction\":[{\"@type\":\"ReadAction\",\"target\":[\"https:\\\/\\\/benditoser.com.br\\\/blog-benditoser\\\/\"]}]},{\"@type\":\"BreadcrumbList\",\"@id\":\"https:\\\/\\\/benditoser.com.br\\\/blog-benditoser\\\/#breadcrumb\",\"itemListElement\":[{\"@type\":\"ListItem\",\"position\":1,\"name\":\"In\u00edcio\",\"item\":\"https:\\\/\\\/benditoser.com.br\\\/\"},{\"@type\":\"ListItem\",\"position\":2,\"name\":\"Blog Grid\"}]},{\"@type\":\"WebSite\",\"@id\":\"https:\\\/\\\/benditoser.com.br\\\/#website\",\"url\":\"https:\\\/\\\/benditoser.com.br\\\/\",\"name\":\"Benditoser\",\"description\":\"Terapias\",\"publisher\":{\"@id\":\"https:\\\/\\\/benditoser.com.br\\\/#organization\"},\"potentialAction\":[{\"@type\":\"SearchAction\",\"target\":{\"@type\":\"EntryPoint\",\"urlTemplate\":\"https:\\\/\\\/benditoser.com.br\\\/?s={search_term_string}\"},\"query-input\":{\"@type\":\"PropertyValueSpecification\",\"valueRequired\":true,\"valueName\":\"search_term_string\"}}],\"inLanguage\":\"en-US\"},{\"@type\":\"Organization\",\"@id\":\"https:\\\/\\\/benditoser.com.br\\\/#organization\",\"name\":\"Benditoser\",\"url\":\"https:\\\/\\\/benditoser.com.br\\\/\",\"logo\":{\"@type\":\"ImageObject\",\"inLanguage\":\"en-US\",\"@id\":\"https:\\\/\\\/benditoser.com.br\\\/#\\\/schema\\\/logo\\\/image\\\/\",\"url\":\"https:\\\/\\\/benditoser.com.br\\\/wp-content\\\/uploads\\\/2025\\\/05\\\/cropped-logo-bendito-ser-site.png\",\"contentUrl\":\"https:\\\/\\\/benditoser.com.br\\\/wp-content\\\/uploads\\\/2025\\\/05\\\/cropped-logo-bendito-ser-site.png\",\"width\":220,\"height\":44,\"caption\":\"Benditoser\"},\"image\":{\"@id\":\"https:\\\/\\\/benditoser.com.br\\\/#\\\/schema\\\/logo\\\/image\\\/\"},\"sameAs\":[\"https:\\\/\\\/www.facebook.com\\\/benditoser.com.br\",\"https:\\\/\\\/www.instagram.com\\\/benditoser.com.br\\\/\"]}]}<\/script>\n<!-- \/ Yoast SEO plugin. -->","yoast_head_json":{"title":"Blog Grid - Benditoser","robots":{"index":"index","follow":"follow","max-snippet":"max-snippet:-1","max-image-preview":"max-image-preview:large","max-video-preview":"max-video-preview:-1"},"canonical":"https:\/\/benditoser.com.br\/en\/blog-benditoser\/","og_locale":"en_US","og_type":"article","og_title":"Blog Grid - Benditoser","og_description":"\u00a0 O Significado Espiritual das Borboletas O Significado Espiritual das Borboletas e Sua Conex\u00e3o com Terapias Hol\u00edsticas As borboletas sempre despertaram fasc\u00ednio e admira\u00e7\u00e3o em diferentes culturas. Muito al\u00e9m de sua beleza, esses seres alados possuem um profundo simbolismo espiritual, frequentemente associados a transforma\u00e7\u00e3o, renascimento [&hellip;]","og_url":"https:\/\/benditoser.com.br\/en\/blog-benditoser\/","og_site_name":"Benditoser","article_publisher":"https:\/\/www.facebook.com\/benditoser.com.br","article_modified_time":"2025-09-24T16:03:15+00:00","twitter_card":"summary_large_image","twitter_misc":{"Est. reading time":"2 minutes"},"schema":{"@context":"https:\/\/schema.org","@graph":[{"@type":"WebPage","@id":"https:\/\/benditoser.com.br\/blog-benditoser\/","url":"https:\/\/benditoser.com.br\/blog-benditoser\/","name":"Blog Grid - Benditoser","isPartOf":{"@id":"https:\/\/benditoser.com.br\/#website"},"datePublished":"2021-02-17T01:03:47+00:00","dateModified":"2025-09-24T16:03:15+00:00","breadcrumb":{"@id":"https:\/\/benditoser.com.br\/blog-benditoser\/#breadcrumb"},"inLanguage":"en-US","potentialAction":[{"@type":"ReadAction","target":["https:\/\/benditoser.com.br\/blog-benditoser\/"]}]},{"@type":"BreadcrumbList","@id":"https:\/\/benditoser.com.br\/blog-benditoser\/#breadcrumb","itemListElement":[{"@type":"ListItem","position":1,"name":"In\u00edcio","item":"https:\/\/benditoser.com.br\/"},{"@type":"ListItem","position":2,"name":"Blog Grid"}]},{"@type":"WebSite","@id":"https:\/\/benditoser.com.br\/#website","url":"https:\/\/benditoser.com.br\/","name":"Benditoser","description":"Terapias","publisher":{"@id":"https:\/\/benditoser.com.br\/#organization"},"potentialAction":[{"@type":"SearchAction","target":{"@type":"EntryPoint","urlTemplate":"https:\/\/benditoser.com.br\/?s={search_term_string}"},"query-input":{"@type":"PropertyValueSpecification","valueRequired":true,"valueName":"search_term_string"}}],"inLanguage":"en-US"},{"@type":"Organization","@id":"https:\/\/benditoser.com.br\/#organization","name":"Benditoser","url":"https:\/\/benditoser.com.br\/","logo":{"@type":"ImageObject","inLanguage":"en-US","@id":"https:\/\/benditoser.com.br\/#\/schema\/logo\/image\/","url":"https:\/\/benditoser.com.br\/wp-content\/uploads\/2025\/05\/cropped-logo-bendito-ser-site.png","contentUrl":"https:\/\/benditoser.com.br\/wp-content\/uploads\/2025\/05\/cropped-logo-bendito-ser-site.png","width":220,"height":44,"caption":"Benditoser"},"image":{"@id":"https:\/\/benditoser.com.br\/#\/schema\/logo\/image\/"},"sameAs":["https:\/\/www.facebook.com\/benditoser.com.br","https:\/\/www.instagram.com\/benditoser.com.br\/"]}]}},"publishpress_future_action":{"enabled":false,"date":"2026-09-07 21:20:42","action":"change-status","newStatus":"draft","terms":[],"taxonomy":"","extraData":[]},"publishpress_future_workflow_manual_trigger":{"enabledWorkflows":[]},"_links":{"self":[{"href":"https:\/\/benditoser.com.br\/en\/wp-json\/wp\/v2\/pages\/6358","targetHints":{"allow":["GET"]}}],"collection":[{"href":"https:\/\/benditoser.com.br\/en\/wp-json\/wp\/v2\/pages"}],"about":[{"href":"https:\/\/benditoser.com.br\/en\/wp-json\/wp\/v2\/types\/page"}],"author":[{"embeddable":true,"href":"https:\/\/benditoser.com.br\/en\/wp-json\/wp\/v2\/users\/2"}],"replies":[{"embeddable":true,"href":"https:\/\/benditoser.com.br\/en\/wp-json\/wp\/v2\/comments?post=6358"}],"version-history":[{"count":5,"href":"https:\/\/benditoser.com.br\/en\/wp-json\/wp\/v2\/pages\/6358\/revisions"}],"predecessor-version":[{"id":13959,"href":"https:\/\/benditoser.com.br\/en\/wp-json\/wp\/v2\/pages\/6358\/revisions\/13959"}],"wp:attachment":[{"href":"https:\/\/benditoser.com.br\/en\/wp-json\/wp\/v2\/media?parent=6358"}],"curies":[{"name":"wp","href":"https:\/\/api.w.org\/{rel}","templated":true}]}}